{"id":100,"date":"2023-02-19T00:28:28","date_gmt":"2023-02-18T23:28:28","guid":{"rendered":"https:\/\/ie.uek.krakow.pl\/ke\/?page_id=100"},"modified":"2024-10-08T12:31:59","modified_gmt":"2024-10-08T10:31:59","slug":"aktualnosci-2","status":"publish","type":"page","link":"https:\/\/igpsm.uek.krakow.pl\/kgp\/aktualnosci-2\/","title":{"rendered":"Aktualno\u015bci-2"},"content":{"rendered":"\t\t<div data-elementor-type=\"wp-page\" data-elementor-id=\"100\" class=\"elementor elementor-100\">\n\t\t\t\t\t\t<section data-particle_enable=\"false\" data-particle-mobile-disabled=\"false\" class=\"elementor-section elementor-top-section elementor-element elementor-element-ac44ab2 elementor-section-boxed elementor-section-height-default elementor-section-height-default\" data-id=\"ac44ab2\" data-element_type=\"section\" data-settings=\"{&quot;jet_parallax_layout_list&quot;:[]}\">\n\t\t\t\t\t\t<div class=\"elementor-container elementor-column-gap-default\">\n\t\t\t\t\t<div class=\"elementor-column elementor-col-100 elementor-top-column elementor-element elementor-element-26830b9\" data-id=\"26830b9\" data-element_type=\"column\">\n\t\t\t<div class=\"elementor-widget-wrap elementor-element-populated\">\n\t\t\t\t\t\t<div class=\"elementor-element elementor-element-eed4d13 elementor-widget elementor-widget-heading\" data-id=\"eed4d13\" data-element_type=\"widget\" data-widget_type=\"heading.default\">\n\t\t\t\t<div class=\"elementor-widget-container\">\n\t\t\t<h2 class=\"elementor-heading-title elementor-size-default\">Nowe w\u0142adze uczelni (Dziekan, Dyrektor Instytut oraz Kierownik Katedry) <\/h2>\t\t<\/div>\n\t\t\t\t<\/div>\n\t\t\t\t\t<\/div>\n\t\t<\/div>\n\t\t\t\t\t<\/div>\n\t\t<\/section>\n\t\t\t\t<section data-particle_enable=\"false\" data-particle-mobile-disabled=\"false\" class=\"elementor-section elementor-top-section elementor-element elementor-element-2ed0849 elementor-section-boxed elementor-section-height-default elementor-section-height-default\" data-id=\"2ed0849\" data-element_type=\"section\" data-settings=\"{&quot;jet_parallax_layout_list&quot;:[]}\">\n\t\t\t\t\t\t<div class=\"elementor-container elementor-column-gap-default\">\n\t\t\t\t\t<div class=\"elementor-column elementor-col-100 elementor-top-column elementor-element elementor-element-d25a534\" data-id=\"d25a534\" data-element_type=\"column\">\n\t\t\t<div class=\"elementor-widget-wrap elementor-element-populated\">\n\t\t\t\t\t\t<div class=\"elementor-element elementor-element-122ade2 elementor-widget elementor-widget-text-editor\" data-id=\"122ade2\" data-element_type=\"widget\" data-widget_type=\"text-editor.default\">\n\t\t\t\t<div class=\"elementor-widget-container\">\n\t\t\t\t\t\t\t<p>W dniu 16 wrze\u015bnia 2024 r. na stanowisko Dziekana Kolegium Gospodarki i Administracji Publicznej w kadencji 2024-2028 zosta\u0142 powo\u0142any dr hab. Piotr Lity\u0144ski, prof. UEK. Z tej okazji w tym samym dniu odby\u0142o si\u0119 uroczyste przekazanie obowi\u0105zk\u00f3w nowo powo\u0142anemu Dziekanowi przez ko\u0144cz\u0105cego prac\u0119 na tym stanowisku dr hab. Marcina Zawickiego, prof. UEK.<\/p><p>Na stanowisko Dyrektora Instytut Gospodarki Przestrzennej i Studi\u00f3w Miejskich powo\u0142ano prof. dr. hab. Andrzeja Laskowskiego.<\/p><p>https:\/\/uek.krakow.pl\/artykuly\/aktualnosci\/powolano-nowych-dyrektorow-instytutow\u00a0<\/p><p>R\u00f3wnocze\u015bnie dokona\u0142a si\u0119 zmiana Kierownika Katedry Gospodarki Przestrzennej.\u00a0 Informujemy, \u017ce Pan Rektor powo\u0142a\u0142 od 1 pa\u017adziernika 2024 r. na to stanowisko dra hab. Piotra Lity\u0144skiego,\u00a0 prof. UEK.<\/p><p>Poprzednikowi prof. dr hab. in\u017c. arch. Aleksandrowi Nowor\u00f3lowi dzi\u0119kujemy za dotychczas pe\u0142nione funkcj\u0119 Kierownika i Dyrektora Instytutu Gospodarki Przestrzennej i Studi\u00f3w Miejskich.\u00a0<\/p><p><blockquote class=\"wp-embedded-content\" data-secret=\"mUfAO8Zh6n\"><a href=\"https:\/\/gap.uek.krakow.pl\/blog\/2024\/09\/17\/dr-hab-piotr-litynski-prof-uek-dziekanem-kolegium-gospodarki-i-administracji-publicznej-w-kadencji-2024-2028\/\">Dr hab. Piotr Lity\u0144ski, prof. UEK Dziekanem Kolegium Gospodarki i Administracji Publicznej w kadencji 2024-2028<\/a><\/blockquote><iframe class=\"wp-embedded-content\" sandbox=\"allow-scripts\" security=\"restricted\" style=\"position: absolute; visibility: hidden;\" title=\"&#8222;Dr hab. Piotr Lity\u0144ski, prof. UEK Dziekanem Kolegium Gospodarki i Administracji Publicznej w kadencji 2024-2028&#8221; &#8212; Kolegium Gospodarki i Administracji Publicznej UEK\" src=\"https:\/\/gap.uek.krakow.pl\/blog\/2024\/09\/17\/dr-hab-piotr-litynski-prof-uek-dziekanem-kolegium-gospodarki-i-administracji-publicznej-w-kadencji-2024-2028\/embed\/#?secret=WQKKf1PIR1#?secret=mUfAO8Zh6n\" data-secret=\"mUfAO8Zh6n\" width=\"600\" height=\"338\" frameborder=\"0\" marginwidth=\"0\" marginheight=\"0\" scrolling=\"no\"><\/iframe><\/p><p><img fetchpriority=\"high\" decoding=\"async\" class=\"size-medium wp-image-2316 alignnone\" src=\"https:\/\/igpsm.uek.krakow.pl\/kgp\/wp-content\/uploads\/sites\/3\/2024\/10\/IMG_2261-2048x1872-1-300x274.jpeg\" alt=\"\" width=\"300\" height=\"274\" srcset=\"https:\/\/igpsm.uek.krakow.pl\/kgp\/wp-content\/uploads\/sites\/3\/2024\/10\/IMG_2261-2048x1872-1-300x274.jpeg 300w, https:\/\/igpsm.uek.krakow.pl\/kgp\/wp-content\/uploads\/sites\/3\/2024\/10\/IMG_2261-2048x1872-1-1024x936.jpeg 1024w, https:\/\/igpsm.uek.krakow.pl\/kgp\/wp-content\/uploads\/sites\/3\/2024\/10\/IMG_2261-2048x1872-1-768x702.jpeg 768w, https:\/\/igpsm.uek.krakow.pl\/kgp\/wp-content\/uploads\/sites\/3\/2024\/10\/IMG_2261-2048x1872-1-1536x1404.jpeg 1536w, https:\/\/igpsm.uek.krakow.pl\/kgp\/wp-content\/uploads\/sites\/3\/2024\/10\/IMG_2261-2048x1872-1-1140x1042.jpeg 1140w, https:\/\/igpsm.uek.krakow.pl\/kgp\/wp-content\/uploads\/sites\/3\/2024\/10\/IMG_2261-2048x1872-1.jpeg 2048w\" sizes=\"(max-width: 300px) 100vw, 300px\" \/> <img decoding=\"async\" class=\"alignnone size-medium wp-image-2319\" src=\"https:\/\/igpsm.uek.krakow.pl\/kgp\/wp-content\/uploads\/sites\/3\/2024\/10\/Przechwytywanie2-1-300x200.jpg\" alt=\"\" width=\"300\" height=\"200\" srcset=\"https:\/\/igpsm.uek.krakow.pl\/kgp\/wp-content\/uploads\/sites\/3\/2024\/10\/Przechwytywanie2-1-300x200.jpg 300w, https:\/\/igpsm.uek.krakow.pl\/kgp\/wp-content\/uploads\/sites\/3\/2024\/10\/Przechwytywanie2-1-768x512.jpg 768w, https:\/\/igpsm.uek.krakow.pl\/kgp\/wp-content\/uploads\/sites\/3\/2024\/10\/Przechwytywanie2-1.jpg 967w\" sizes=\"(max-width: 300px) 100vw, 300px\" \/><\/p>\t\t\t\t\t\t<\/div>\n\t\t\t\t<\/div>\n\t\t\t\t<div class=\"elementor-element elementor-element-c37ec0e elementor-widget elementor-widget-heading\" data-id=\"c37ec0e\" data-element_type=\"widget\" data-widget_type=\"heading.default\">\n\t\t\t\t<div class=\"elementor-widget-container\">\n\t\t\t<h2 class=\"elementor-heading-title elementor-size-default\">Ognisko integracyjne pracownik\u00f3w i student\u00f3w GP - kolejna edycja czerwiec 2024<\/h2>\t\t<\/div>\n\t\t\t\t<\/div>\n\t\t\t\t\t<\/div>\n\t\t<\/div>\n\t\t\t\t\t<\/div>\n\t\t<\/section>\n\t\t\t\t<section data-particle_enable=\"false\" data-particle-mobile-disabled=\"false\" class=\"elementor-section elementor-top-section elementor-element elementor-element-2f37e6a elementor-section-boxed elementor-section-height-default elementor-section-height-default\" data-id=\"2f37e6a\" data-element_type=\"section\" data-settings=\"{&quot;jet_parallax_layout_list&quot;:[]}\">\n\t\t\t\t\t\t<div class=\"elementor-container elementor-column-gap-default\">\n\t\t\t\t\t<div class=\"elementor-column elementor-col-100 elementor-top-column elementor-element elementor-element-4868701\" data-id=\"4868701\" data-element_type=\"column\">\n\t\t\t<div class=\"elementor-widget-wrap elementor-element-populated\">\n\t\t\t\t\t\t<div class=\"elementor-element elementor-element-1965f1c elementor-widget elementor-widget-heading\" data-id=\"1965f1c\" data-element_type=\"widget\" data-widget_type=\"heading.default\">\n\t\t\t\t<div class=\"elementor-widget-container\">\n\t\t\t<h2 class=\"elementor-heading-title elementor-size-default\">Nasz kierunek otrzyma\u0142 presti\u017cow\u0105 akredytacj\u0119 AESOP <\/h2>\t\t<\/div>\n\t\t\t\t<\/div>\n\t\t\t\t\t<\/div>\n\t\t<\/div>\n\t\t\t\t\t<\/div>\n\t\t<\/section>\n\t\t\t\t<section data-particle_enable=\"false\" data-particle-mobile-disabled=\"false\" class=\"elementor-section elementor-top-section elementor-element elementor-element-65b2baa elementor-section-boxed elementor-section-height-default elementor-section-height-default\" data-id=\"65b2baa\" data-element_type=\"section\" data-settings=\"{&quot;jet_parallax_layout_list&quot;:[]}\">\n\t\t\t\t\t\t<div class=\"elementor-container elementor-column-gap-default\">\n\t\t\t\t\t<div class=\"elementor-column elementor-col-100 elementor-top-column elementor-element elementor-element-5f74df9\" data-id=\"5f74df9\" data-element_type=\"column\">\n\t\t\t<div class=\"elementor-widget-wrap elementor-element-populated\">\n\t\t\t\t\t\t<div class=\"elementor-element elementor-element-c3b926c elementor-widget elementor-widget-text-editor\" data-id=\"c3b926c\" data-element_type=\"widget\" data-widget_type=\"text-editor.default\">\n\t\t\t\t<div class=\"elementor-widget-container\">\n\t\t\t\t\t\t\t<p>Stowarzyszenie Europejskich Szk\u00f3\u0142 Planowania (AESOP) jest sieci\u0105 europejskich uniwersytet\u00f3w, ich wydzia\u0142\u00f3w i szk\u00f3\u0142 partnerskich, kt\u00f3re zajmuj\u0105 si\u0119 kszta\u0142ceniem i prowadzeniem bada\u0144 w dziedzinie planowania miejskiego i regionalnego.<\/p><p>Szczeg\u00f3lne podzi\u0119kowania dr in\u017c. arch. Dorocie Jopek za koordynacje przedsi\u0119wzi\u0119cia.\u00a0<\/p><p>https:\/\/aesop-planning.eu\/<\/p>\t\t\t\t\t\t<\/div>\n\t\t\t\t<\/div>\n\t\t\t\t\t<\/div>\n\t\t<\/div>\n\t\t\t\t\t<\/div>\n\t\t<\/section>\n\t\t\t\t<section data-particle_enable=\"false\" data-particle-mobile-disabled=\"false\" class=\"elementor-section elementor-top-section elementor-element elementor-element-3e19988 elementor-section-boxed elementor-section-height-default elementor-section-height-default\" data-id=\"3e19988\" data-element_type=\"section\" data-settings=\"{&quot;jet_parallax_layout_list&quot;:[]}\">\n\t\t\t\t\t\t<div class=\"elementor-container elementor-column-gap-default\">\n\t\t\t\t\t<div class=\"elementor-column elementor-col-100 elementor-top-column elementor-element elementor-element-6ff264c\" data-id=\"6ff264c\" data-element_type=\"column\">\n\t\t\t<div class=\"elementor-widget-wrap elementor-element-populated\">\n\t\t\t\t\t\t<div class=\"elementor-element elementor-element-19f3c2d elementor-widget elementor-widget-heading\" data-id=\"19f3c2d\" data-element_type=\"widget\" data-widget_type=\"heading.default\">\n\t\t\t\t<div class=\"elementor-widget-container\">\n\t\t\t<h2 class=\"elementor-heading-title elementor-size-default\"><span style=\"color: var( --e-global-color-primary );font-family: var( --e-global-typography-primary-font-family ), Sans-serif;font-weight: var( --e-global-typography-primary-font-weight );letter-spacing: 0px\">Dr in\u017c arch. Dorota Jopek oraz dr in\u017c. arch. kraj Laura Kochel wsp\u00f3\u0142organizuj\u0105 mi\u0119dzynarodowe warsztaty <\/span><span style=\"color: var( --e-global-color-primary );font-family: var( --e-global-typography-primary-font-family ), Sans-serif;font-weight: var( --e-global-typography-primary-font-weight );letter-spacing: 0px\">w Lizbonie  24-28.06.2024. <\/span><span style=\"color: var( --e-global-color-primary );font-family: var( --e-global-typography-primary-font-family ), Sans-serif;font-weight: var( --e-global-typography-primary-font-weight );letter-spacing: 0px\"> R\u00f3wnie\u017c nasi studenci uczestnicz\u0105 w Sensorial Workshop<\/span><span style=\"color: var( --e-global-color-primary );font-family: var( --e-global-typography-primary-font-family ), Sans-serif;font-weight: var( --e-global-typography-primary-font-weight );letter-spacing: 0px\"><\/span><br><\/h2>\t\t<\/div>\n\t\t\t\t<\/div>\n\t\t\t\t<div class=\"elementor-element elementor-element-4bef804 elementor-widget elementor-widget-text-editor\" data-id=\"4bef804\" data-element_type=\"widget\" data-widget_type=\"text-editor.default\">\n\t\t\t\t<div class=\"elementor-widget-container\">\n\t\t\t\t\t\t\t<p><img decoding=\"async\" class=\"alignnone size-medium wp-image-2311\" src=\"https:\/\/igpsm.uek.krakow.pl\/kgp\/wp-content\/uploads\/sites\/3\/2024\/10\/Przechwytywanie2-271x300.jpg\" alt=\"\" width=\"271\" height=\"300\" srcset=\"https:\/\/igpsm.uek.krakow.pl\/kgp\/wp-content\/uploads\/sites\/3\/2024\/10\/Przechwytywanie2-271x300.jpg 271w, https:\/\/igpsm.uek.krakow.pl\/kgp\/wp-content\/uploads\/sites\/3\/2024\/10\/Przechwytywanie2.jpg 688w\" sizes=\"(max-width: 271px) 100vw, 271px\" \/> <img loading=\"lazy\" decoding=\"async\" class=\"alignnone size-medium wp-image-2312\" src=\"https:\/\/igpsm.uek.krakow.pl\/kgp\/wp-content\/uploads\/sites\/3\/2024\/10\/Przechwytywanie-300x182.jpg\" alt=\"\" width=\"300\" height=\"182\" srcset=\"https:\/\/igpsm.uek.krakow.pl\/kgp\/wp-content\/uploads\/sites\/3\/2024\/10\/Przechwytywanie-300x182.jpg 300w, https:\/\/igpsm.uek.krakow.pl\/kgp\/wp-content\/uploads\/sites\/3\/2024\/10\/Przechwytywanie-1024x622.jpg 1024w, https:\/\/igpsm.uek.krakow.pl\/kgp\/wp-content\/uploads\/sites\/3\/2024\/10\/Przechwytywanie-768x467.jpg 768w, https:\/\/igpsm.uek.krakow.pl\/kgp\/wp-content\/uploads\/sites\/3\/2024\/10\/Przechwytywanie-1536x933.jpg 1536w, https:\/\/igpsm.uek.krakow.pl\/kgp\/wp-content\/uploads\/sites\/3\/2024\/10\/Przechwytywanie-1140x693.jpg 1140w, https:\/\/igpsm.uek.krakow.pl\/kgp\/wp-content\/uploads\/sites\/3\/2024\/10\/Przechwytywanie.jpg 1588w\" sizes=\"(max-width: 300px) 100vw, 300px\" \/>https:\/\/sensorial-workshop.com\/<\/p>\t\t\t\t\t\t<\/div>\n\t\t\t\t<\/div>\n\t\t\t\t\t<\/div>\n\t\t<\/div>\n\t\t\t\t\t<\/div>\n\t\t<\/section>\n\t\t\t\t<section data-particle_enable=\"false\" data-particle-mobile-disabled=\"false\" class=\"elementor-section elementor-top-section elementor-element elementor-element-22edf6c elementor-section-boxed elementor-section-height-default elementor-section-height-default\" data-id=\"22edf6c\" data-element_type=\"section\" data-settings=\"{&quot;jet_parallax_layout_list&quot;:[]}\">\n\t\t\t\t\t\t<div class=\"elementor-container elementor-column-gap-default\">\n\t\t\t\t\t<div class=\"elementor-column elementor-col-100 elementor-top-column elementor-element elementor-element-9515495\" data-id=\"9515495\" data-element_type=\"column\">\n\t\t\t<div class=\"elementor-widget-wrap elementor-element-populated\">\n\t\t\t\t\t\t<div class=\"elementor-element elementor-element-8ba5785 elementor-widget elementor-widget-heading\" data-id=\"8ba5785\" data-element_type=\"widget\" data-widget_type=\"heading.default\">\n\t\t\t\t<div class=\"elementor-widget-container\">\n\t\t\t<h2 class=\"elementor-heading-title elementor-size-default\">VIII Mi\u0119dzynarodowe warsztaty urbanistyczne 03-07.06.2024 <br>Polska- Francja- Lubljana<br><\/h2>\t\t<\/div>\n\t\t\t\t<\/div>\n\t\t\t\t\t<\/div>\n\t\t<\/div>\n\t\t\t\t\t<\/div>\n\t\t<\/section>\n\t\t\t\t<section data-particle_enable=\"false\" data-particle-mobile-disabled=\"false\" class=\"elementor-section elementor-top-section elementor-element elementor-element-4228b48 elementor-section-boxed elementor-section-height-default elementor-section-height-default\" data-id=\"4228b48\" data-element_type=\"section\" data-settings=\"{&quot;jet_parallax_layout_list&quot;:[]}\">\n\t\t\t\t\t\t<div class=\"elementor-container elementor-column-gap-default\">\n\t\t\t\t\t<div class=\"elementor-column elementor-col-100 elementor-top-column elementor-element elementor-element-5ecafe3\" data-id=\"5ecafe3\" data-element_type=\"column\">\n\t\t\t<div class=\"elementor-widget-wrap elementor-element-populated\">\n\t\t\t\t\t\t<div class=\"elementor-element elementor-element-9eade5e elementor-widget elementor-widget-heading\" data-id=\"9eade5e\" data-element_type=\"widget\" data-widget_type=\"heading.default\">\n\t\t\t\t<div class=\"elementor-widget-container\">\n\t\t\t<h2 class=\"elementor-heading-title elementor-size-default\">Wyjazd do Berlina - zaj\u0119cia terenowe 05.2024 z Planowania Przestrzennego II organizowane przez  dr in\u017c. arch. kraj. Laur\u0119 Kochel oraz dr in\u017c. arch. Dorot\u0119 Jopek <\/h2>\t\t<\/div>\n\t\t\t\t<\/div>\n\t\t\t\t\t<\/div>\n\t\t<\/div>\n\t\t\t\t\t<\/div>\n\t\t<\/section>\n\t\t\t\t<section data-particle_enable=\"false\" data-particle-mobile-disabled=\"false\" class=\"elementor-section elementor-top-section elementor-element elementor-element-b3a7b78 elementor-section-boxed elementor-section-height-default elementor-section-height-default\" data-id=\"b3a7b78\" data-element_type=\"section\" data-settings=\"{&quot;jet_parallax_layout_list&quot;:[]}\">\n\t\t\t\t\t\t<div class=\"elementor-container elementor-column-gap-default\">\n\t\t\t\t\t<div class=\"elementor-column elementor-col-100 elementor-top-column elementor-element elementor-element-be617e9\" data-id=\"be617e9\" data-element_type=\"column\">\n\t\t\t<div class=\"elementor-widget-wrap elementor-element-populated\">\n\t\t\t\t\t\t<div class=\"elementor-element elementor-element-858161b elementor-widget elementor-widget-heading\" data-id=\"858161b\" data-element_type=\"widget\" data-widget_type=\"heading.default\">\n\t\t\t\t<div class=\"elementor-widget-container\">\n\t\t\t<h2 class=\"elementor-heading-title elementor-size-default\"><a href=\"https:\/\/salezjanie.com\/warsztaty-logiczne-miasto-zrozumiec-przestrzen\/\">Warsztaty urbanistyczno - architektoniczne dla licealist\u00f3w w ramach klasy partnerskiej UEK-IV LO. w Krakowie 17.03.2023 prowadzone przez dr in\u017c. arch. Dorota Jopek i dr in\u017c. arch. kraj. Laura Kochel oraz dr in\u017c. Piotr W\u0119grzynowicz<\/a><\/h2>\t\t<\/div>\n\t\t\t\t<\/div>\n\t\t\t\t\t<\/div>\n\t\t<\/div>\n\t\t\t\t\t<\/div>\n\t\t<\/section>\n\t\t\t\t<section data-particle_enable=\"false\" data-particle-mobile-disabled=\"false\" class=\"elementor-section elementor-top-section elementor-element elementor-element-d6aefaa elementor-section-boxed elementor-section-height-default elementor-section-height-default\" data-id=\"d6aefaa\" data-element_type=\"section\" data-settings=\"{&quot;jet_parallax_layout_list&quot;:[]}\">\n\t\t\t\t\t\t<div class=\"elementor-container elementor-column-gap-default\">\n\t\t\t\t\t<div class=\"elementor-column elementor-col-100 elementor-top-column elementor-element elementor-element-d1fb141\" data-id=\"d1fb141\" data-element_type=\"column\">\n\t\t\t<div class=\"elementor-widget-wrap elementor-element-populated\">\n\t\t\t\t\t\t<div class=\"elementor-element elementor-element-3161ec6 elementor-widget elementor-widget-heading\" data-id=\"3161ec6\" data-element_type=\"widget\" data-widget_type=\"heading.default\">\n\t\t\t\t<div class=\"elementor-widget-container\">\n\t\t\t<h2 class=\"elementor-heading-title elementor-size-default\">Seminarium dydaktyczno- naukowe \"Reforma planowania przestrzennego 2023\" - 12.12.2023<\/h2>\t\t<\/div>\n\t\t\t\t<\/div>\n\t\t\t\t<div class=\"elementor-element elementor-element-6e08821 elementor-widget elementor-widget-image\" data-id=\"6e08821\" data-element_type=\"widget\" data-widget_type=\"image.default\">\n\t\t\t\t<div class=\"elementor-widget-container\">\n\t\t\t\t\t\t\t\t\t\t\t\t\t<img loading=\"lazy\" decoding=\"async\" width=\"212\" height=\"300\" src=\"https:\/\/igpsm.uek.krakow.pl\/kgp\/wp-content\/uploads\/sites\/3\/2024\/01\/seminarium-pp-212x300.png\" class=\"attachment-medium size-medium wp-image-2271\" alt=\"\" srcset=\"https:\/\/igpsm.uek.krakow.pl\/kgp\/wp-content\/uploads\/sites\/3\/2024\/01\/seminarium-pp-212x300.png 212w, https:\/\/igpsm.uek.krakow.pl\/kgp\/wp-content\/uploads\/sites\/3\/2024\/01\/seminarium-pp-724x1024.png 724w, https:\/\/igpsm.uek.krakow.pl\/kgp\/wp-content\/uploads\/sites\/3\/2024\/01\/seminarium-pp-768x1086.png 768w, https:\/\/igpsm.uek.krakow.pl\/kgp\/wp-content\/uploads\/sites\/3\/2024\/01\/seminarium-pp-1086x1536.png 1086w, https:\/\/igpsm.uek.krakow.pl\/kgp\/wp-content\/uploads\/sites\/3\/2024\/01\/seminarium-pp-1448x2048.png 1448w, https:\/\/igpsm.uek.krakow.pl\/kgp\/wp-content\/uploads\/sites\/3\/2024\/01\/seminarium-pp-1140x1613.png 1140w, https:\/\/igpsm.uek.krakow.pl\/kgp\/wp-content\/uploads\/sites\/3\/2024\/01\/seminarium-pp.png 1587w\" sizes=\"(max-width: 212px) 100vw, 212px\" \/>\t\t\t\t\t\t\t\t\t\t\t\t\t<\/div>\n\t\t\t\t<\/div>\n\t\t\t\t\t<\/div>\n\t\t<\/div>\n\t\t\t\t\t<\/div>\n\t\t<\/section>\n\t\t\t\t<section data-particle_enable=\"false\" data-particle-mobile-disabled=\"false\" class=\"elementor-section elementor-top-section elementor-element elementor-element-4b0b301 elementor-section-boxed elementor-section-height-default elementor-section-height-default\" data-id=\"4b0b301\" data-element_type=\"section\" data-settings=\"{&quot;jet_parallax_layout_list&quot;:[]}\">\n\t\t\t\t\t\t<div class=\"elementor-container elementor-column-gap-default\">\n\t\t\t\t\t<div class=\"elementor-column elementor-col-100 elementor-top-column elementor-element elementor-element-ca90155\" data-id=\"ca90155\" data-element_type=\"column\">\n\t\t\t<div class=\"elementor-widget-wrap elementor-element-populated\">\n\t\t\t\t\t\t<div class=\"elementor-element elementor-element-0366926 elementor-widget elementor-widget-text-editor\" data-id=\"0366926\" data-element_type=\"widget\" data-widget_type=\"text-editor.default\">\n\t\t\t\t<div class=\"elementor-widget-container\">\n\t\t\t\t\t\t\t<section class=\"elementor-section elementor-top-section elementor-element elementor-element-26805ce elementor-section-boxed elementor-section-height-default elementor-section-height-default\" data-particle_enable=\"false\" data-particle-mobile-disabled=\"false\" data-id=\"26805ce\" data-element_type=\"section\" data-settings=\"{&quot;jet_parallax_layout_list&quot;:[]}\"><div class=\"elementor-container elementor-column-gap-default\"><div class=\"elementor-column elementor-col-100 elementor-top-column elementor-element elementor-element-6592809\" data-id=\"6592809\" data-element_type=\"column\"><div class=\"elementor-widget-wrap elementor-element-populated\"><div class=\"elementor-element elementor-element-8b11365 elementor-widget elementor-widget-heading\" data-id=\"8b11365\" data-element_type=\"widget\" data-widget_type=\"heading.default\"><div class=\"elementor-widget-container\"><h4 class=\"elementor-heading-title elementor-size-default\">W dniu 12.12. 2023 r. odby\u0142o si\u0119 seminarium dydaktyczno-naukowe pt.: Reforma planowania przestrzennego 2023 organizowane dla student\u00f3w kierunku Gospodarka przestrzenna. G\u0142\u00f3wnym celem wydarzenia by\u0142o przedstawienie zmian prawnych oraz ich konsekwencji w praktyce planowania regulacyjnego i strategicznego. Omawiane zmiany prawne dotyczy\u0142y nowelizacji ustawy o planowaniu przestrzennym oraz o ustawy zasadach prowadzenia polityki rozwoju.<\/h4><\/div><\/div><\/div><\/div><\/div><\/section><section class=\"elementor-section elementor-top-section elementor-element elementor-element-6e4af8b elementor-section-boxed elementor-section-height-default elementor-section-height-default\" data-particle_enable=\"false\" data-particle-mobile-disabled=\"false\" data-id=\"6e4af8b\" data-element_type=\"section\" data-settings=\"{&quot;jet_parallax_layout_list&quot;:[]}\"><div class=\"elementor-container elementor-column-gap-default\"><div class=\"elementor-column elementor-col-100 elementor-top-column elementor-element elementor-element-f927cba\" data-id=\"f927cba\" data-element_type=\"column\"><div class=\"elementor-widget-wrap elementor-element-populated\"><div class=\"elementor-element elementor-element-bf91240 elementor-widget elementor-widget-text-editor\" data-id=\"bf91240\" data-element_type=\"widget\" data-widget_type=\"text-editor.default\"><div class=\"elementor-widget-container\"><p>Wyk\u0142ad wprowadzaj\u0105cy w tematyk\u0119 seminarium wyg\u0142osi\u0142 go\u015b\u0107 specjalny dr hab.\u00a0<strong>Maciej Nowak<\/strong>, profesor ZUT, radca prawny, Kierownik Katedry Nieruchomo\u015bci na Wydziale Ekonomicznym Zachodniopomorskiego Uniwersytetu Technologicznego w Szczecinie, Cz\u0142onek KPZK PAN i Przewodnicz\u0105cy Zespo\u0142u Prawno-Urbanistycznego KPZK. W swoim referacie, prof. Maciej Nowak przedstawi\u0142 m.in. kontekst oraz uwarunkowania nowelizacji ustawy oraz om\u00f3wi\u0142 zasadnicze zmiany w zakresie nowych akt\u00f3w i narz\u0119dzi planistycznych. Zwr\u00f3ci\u0142 on r\u00f3wnie\u017c uwag\u0119 na nowe definicje ustawowe oraz now\u0105 struktur\u0119 planowania przestrzennego na poziomie lokalnym.<\/p><p>Nast\u0119pnie, temat za\u0142o\u017ce\u0144 planu og\u00f3lnego kt\u00f3ry zast\u0105pi\u0142 studium uwarunkowa\u0144 i kierunk\u00f3w zagospodarowania przestrzennego gminy, przedstawi\u0142 cz\u0142onek Zarz\u0105du Towarzystwa Urbanist\u00f3w Polskich oddzia\u0142 Krak\u00f3w, mgr in\u017c. arch.\u00a0<strong>Tomasz Babicz<\/strong>. Om\u00f3wi\u0142 on zakres dokumentu czyli obligatoryjne i fakultatywne elementy planu og\u00f3lnego, uzasadnienie do projektu oraz relacje mi\u0119dzy planem og\u00f3lnym, planami miejscowymi i decyzjami o warunkach zabudowy.<\/p><p>W kolejnym wyst\u0105pieniu, cz\u0142onkini Towarzystwa Urbanist\u00f3w Polskich oddzia\u0142 Krak\u00f3w dr in\u017c. arch. kraj.\u00a0<strong>Agata Walczak<\/strong>\u00a0zwr\u00f3ci\u0142a uwag\u0119 na zmiany w klasach i przeznaczeniach w akcie prawa \u2013 miejscowym planie zagospodarowania przestrzennego co jest szczeg\u00f3lnie wa\u017cnym aspektem praktyki projektowej.<\/p><p>Zmiany legislacyjne dotycz\u0105ce ustawy o planowaniu i zagospodarowaniu przestrzennym wprowadzi\u0142y nowy porz\u0105dek prawny, kt\u00f3ry kreuje wyzwania w codziennej pracy planisty. Problemy praktyczne zwi\u0105zane z opracowywaniem dokument\u00f3w planistycznych przedstawi\u0142a mgr\u00a0<strong>Dorota Szlenk-Dziubek<\/strong>, kierownik Zespo\u0142u Planowania Przestrzennego i Komunikacji w Instytucie Rozwoju Miast i Region\u00f3w w Krakowie. Dodatkowo, om\u00f3wi\u0142a ona m.in. przepisy przej\u015bciowe w uj\u0119ciu praktycznym, w\u0105tpliwo\u015bci co dalej z rozpocz\u0119tymi procedurami planistycznymi, kwesti\u0119 cyfryzacji danych przestrzennych w dokumentach planistycznych, pozosta\u0142e zmiany w przepisach i ich wp\u0142yw na praktyk\u0119 planistyczn\u0105 oraz zmiany zakresu i formy konsultacje spo\u0142eczne w procesie sporz\u0105dzania dokument\u00f3w planistycznych po nowelizacji.<\/p><p>W drugiej cz\u0119\u015bci seminarium, kt\u00f3ra dotyczy\u0142a zmian w ustawie o zasadach prowadzenia polityki rozwoju, absolwent kierunku Gospodarka przestrzenna i doktorant Uniwersytetu Ekonomicznego \u2013 mgr in\u017c<strong>. Piotr Windak<\/strong>\u00a0jako podinspektor w Wydziale Strategii, Planowania i Monitorowania Inwestycji, Referat Zarz\u0105dzania Strategicznego Urz\u0119du Miasta Krakowa, om\u00f3wi\u0142 nowe zasady polityki rozwoju gminy w \u015bwietle zmian prawnych w tym zakresie.<\/p><p>Nast\u0119pny prelegent prof. dr hab. in\u017c. arch.\u00a0<strong>Aleksander Nowor\u00f3l<\/strong>, Dyrektor Instytutu Gospodarki Przestrzennej i Studi\u00f3w Miejskich UEK, Gospodarki Przestrzennej i Studi\u00f3w Miejskich UEK, Kierownik Katedry Gospodarki Przestrzennej w Uniwersytecie Ekonomicznym w Krakowie, scharakteryzowa\u0142 nowy model struktury funkcjonalno-przestrzennej w strategii rozwoju lokalnego. Jako wsp\u00f3\u0142autor projektu Strategii Rozwoju Krakowa. Tu chc\u0119 \u017cy\u0107. Krak\u00f3w 2030\/2050, Pan Profesor przedstawi\u0142 przyj\u0119te w dokumencie cele strategiczne rozwoju Krakowa w powi\u0105zaniu z ich przestrzennym wymiarem zawartym w modelu struktury funkcjonalno-przestrzennej.<\/p><p>Referat podsumowuj\u0105cy omawiane zagadnienia pt.: Rola Strategii Rozwoju Gminy w strukturze dokument\u00f3w planistycznych wp\u0142ywaj\u0105cych na kszta\u0142t polskiej przestrzeni wyg\u0142osi\u0142 dr in\u017c. arch.\u00a0<strong>Marceli \u0141asocha<\/strong>, Prezes Towarzystwa Urbanist\u00f3w Polskich oddzia\u0142 Krak\u00f3w, planista i pracownik naukowo-dydaktyczny Wydzia\u0142u Architektury Politechniki Krakowskiej. Wskaza\u0142 on na wi\u0119ksz\u0105 integracj\u0119 cel\u00f3w strategicznych rozwoju gmin z wymiarem przestrzennym, dokumentami planistycznymi oraz przedstawi\u0142 korzy\u015bci i wyzwania zwi\u0105zane z tym nowym podej\u015bciem.<\/p><p>W wydarzeniu uczestniczyli pracownicy Katedry Gospodarki Przestrzennej, Katedry Geografii Spo\u0142eczno-Ekonomicznej, Katedry Historii Gospodarczej i Spo\u0142ecznej, Katedry Ekonomiki Nieruchomo\u015bci i Procesu Inwestycyjnego oraz studenci kierunku Gospodarka przestrzenna i Studia Miejskie.<\/p><p>Organizatorem wydarzenia byli pracownicy Katedry Gospodarki Przestrzennej \u2013 dr in\u017c. arch. Dorota Jopek, dr in\u017c. arch. kraj. Laura Kochel oraz dr in\u017c. Artur Ho\u0142uj.\u00a0<\/p><p><blockquote class=\"wp-embedded-content\" data-secret=\"r6NcZimwjE\"><a href=\"https:\/\/gap.uek.krakow.pl\/blog\/2023\/12\/14\/seminarium-dydaktyczno-naukowe-pt-reforma-planowania-przestrzennego-2023\/\">Seminarium dydaktyczno-naukowe pt.: Reforma planowania przestrzennego 2023<\/a><\/blockquote><iframe class=\"wp-embedded-content\" sandbox=\"allow-scripts\" security=\"restricted\" style=\"position: absolute; visibility: hidden;\" title=\"&#8222;Seminarium dydaktyczno-naukowe pt.: Reforma planowania przestrzennego 2023&#8221; &#8212; Kolegium Gospodarki i Administracji Publicznej UEK\" src=\"https:\/\/gap.uek.krakow.pl\/blog\/2023\/12\/14\/seminarium-dydaktyczno-naukowe-pt-reforma-planowania-przestrzennego-2023\/embed\/#?secret=WasnRr4bpM#?secret=r6NcZimwjE\" data-secret=\"r6NcZimwjE\" width=\"600\" height=\"338\" frameborder=\"0\" marginwidth=\"0\" marginheight=\"0\" scrolling=\"no\"><\/iframe><\/p><\/div><\/div><\/div><\/div><\/div><\/section>\t\t\t\t\t\t<\/div>\n\t\t\t\t<\/div>\n\t\t\t\t\t<\/div>\n\t\t<\/div>\n\t\t\t\t\t<\/div>\n\t\t<\/section>\n\t\t\t\t<section data-particle_enable=\"false\" data-particle-mobile-disabled=\"false\" class=\"elementor-section elementor-top-section elementor-element elementor-element-e351326 elementor-section-boxed elementor-section-height-default elementor-section-height-default\" data-id=\"e351326\" data-element_type=\"section\" data-settings=\"{&quot;jet_parallax_layout_list&quot;:[]}\">\n\t\t\t\t\t\t<div class=\"elementor-container elementor-column-gap-default\">\n\t\t\t\t\t<div class=\"elementor-column elementor-col-100 elementor-top-column elementor-element elementor-element-7b513b8\" data-id=\"7b513b8\" data-element_type=\"column\">\n\t\t\t<div class=\"elementor-widget-wrap elementor-element-populated\">\n\t\t\t\t\t\t<div class=\"elementor-element elementor-element-5943252 elementor-widget elementor-widget-heading\" data-id=\"5943252\" data-element_type=\"widget\" data-widget_type=\"heading.default\">\n\t\t\t\t<div class=\"elementor-widget-container\">\n\t\t\t<h2 class=\"elementor-heading-title elementor-size-default\"><a href=\"https:\/\/geoforum.pl\/news\/34396\/dzien-gis-juz-jutro-przedstawiamy-liste-imprez-w-polsce\">\u015awiatowy Dzie\u0144 Gis-u 15 listopada 2023<\/a><\/h2>\t\t<\/div>\n\t\t\t\t<\/div>\n\t\t\t\t\t<\/div>\n\t\t<\/div>\n\t\t\t\t\t<\/div>\n\t\t<\/section>\n\t\t\t\t<section data-particle_enable=\"false\" data-particle-mobile-disabled=\"false\" class=\"elementor-section elementor-top-section elementor-element elementor-element-1df5a07 elementor-section-boxed elementor-section-height-default elementor-section-height-default\" data-id=\"1df5a07\" data-element_type=\"section\" data-settings=\"{&quot;jet_parallax_layout_list&quot;:[]}\">\n\t\t\t\t\t\t<div class=\"elementor-container elementor-column-gap-default\">\n\t\t\t\t\t<div class=\"elementor-column elementor-col-100 elementor-top-column elementor-element elementor-element-6c50c44\" data-id=\"6c50c44\" data-element_type=\"column\">\n\t\t\t<div class=\"elementor-widget-wrap elementor-element-populated\">\n\t\t\t\t\t\t<div class=\"elementor-element elementor-element-d5d7a64 elementor-widget elementor-widget-text-editor\" data-id=\"d5d7a64\" data-element_type=\"widget\" data-widget_type=\"text-editor.default\">\n\t\t\t\t<div class=\"elementor-widget-container\">\n\t\t\t\t\t\t\t<p>Krakowskie uczelnie i UMWM zapraszaj\u0105 na Ma\u0142opolski GIS day 16 listopada.&nbsp;<\/p>\n<p>Wi\u0119cej informacji pod linkie&nbsp;https:\/\/gisplay.pl\/gis\/10346-krakowskie-uczelnie-i-umwm-zapraszaja-na-malopolski-gisday.htm<\/p>\t\t\t\t\t\t<\/div>\n\t\t\t\t<\/div>\n\t\t\t\t<div class=\"elementor-element elementor-element-95d0bca elementor-widget elementor-widget-heading\" data-id=\"95d0bca\" data-element_type=\"widget\" data-widget_type=\"heading.default\">\n\t\t\t\t<div class=\"elementor-widget-container\">\n\t\t\t<h2 class=\"elementor-heading-title elementor-size-default\"><a href=\"https:\/\/msap.uek.krakow.pl\/publikacje\/pm\/\">Nowa publikacja: Polityka miejska \u2013 wybrane aspekty zarz\u0105dzania rozwojem\n\n<\/a><\/h2>\t\t<\/div>\n\t\t\t\t<\/div>\n\t\t\t\t<div class=\"elementor-element elementor-element-4349e45 elementor-widget elementor-widget-text-editor\" data-id=\"4349e45\" data-element_type=\"widget\" data-widget_type=\"text-editor.default\">\n\t\t\t\t<div class=\"elementor-widget-container\">\n\t\t\t\t\t\t\t<p>Zapraszamy do zapoznania si\u0119 z now\u0105 publikacj\u0105 przygotowan\u0105 przez pracownik\u00f3w Instytutu Gospodarki Przestrzennej i Studi\u00f3w Miejskich Uniwersytetu Ekonomicznego w Krakowie. Monografia zatytu\u0142owana \u201e<b>Polityka miejska \u2013 wybrane aspekty zarz\u0105dzania rozwojem<\/b>\u201d jest zbiorem sze\u015bciu tekst\u00f3w poruszaj\u0105cych r\u00f3\u017cne aspekty tej polityki, kt\u00f3rych autorzy reprezentuj\u0105 kilka pokole\u0144 badaczy i praktyk\u00f3w zajmuj\u0105cych si\u0119 szeroko rozumian\u0105 problematyk\u0105 rozwoju miast.<\/p><p>Dost\u0119p do publikacji mo\u017cliwy jest poprzez link:\u00a0<a id=\"LPlnk598713\" href=\"https:\/\/msap.uek.krakow.pl\/publikacje\/pm\/\" target=\"_blank\" rel=\"noopener noreferrer\" data-auth=\"NotApplicable\" data-linkindex=\"0\">https:\/\/msap.uek.krakow.pl\/publikacje\/pm\/<\/a><\/p><p>Zach\u0119camy do lektury!<\/p>\t\t\t\t\t\t<\/div>\n\t\t\t\t<\/div>\n\t\t\t\t\t<\/div>\n\t\t<\/div>\n\t\t\t\t\t<\/div>\n\t\t<\/section>\n\t\t\t\t<section data-particle_enable=\"false\" data-particle-mobile-disabled=\"false\" class=\"elementor-section elementor-top-section elementor-element elementor-element-ce431b7 elementor-section-boxed elementor-section-height-default elementor-section-height-default\" data-id=\"ce431b7\" data-element_type=\"section\" data-settings=\"{&quot;jet_parallax_layout_list&quot;:[]}\">\n\t\t\t\t\t\t<div class=\"elementor-container elementor-column-gap-default\">\n\t\t\t\t\t<div class=\"elementor-column elementor-col-100 elementor-top-column elementor-element elementor-element-a82201e\" data-id=\"a82201e\" data-element_type=\"column\">\n\t\t\t<div class=\"elementor-widget-wrap elementor-element-populated\">\n\t\t\t\t\t\t<div class=\"elementor-element elementor-element-a0dc5fe elementor-widget elementor-widget-heading\" data-id=\"a0dc5fe\" data-element_type=\"widget\" data-widget_type=\"heading.default\">\n\t\t\t\t<div class=\"elementor-widget-container\">\n\t\t\t<h2 class=\"elementor-heading-title elementor-size-default\"><a href=\"https:\/\/www.krakow.pl\/otofotokronika\/222101,2518,0,2524,otofoto.html\">Relacja z Ma\u0142ego Arsena\u0142u <\/a><\/h2>\t\t<\/div>\n\t\t\t\t<\/div>\n\t\t\t\t\t<\/div>\n\t\t<\/div>\n\t\t\t\t\t<\/div>\n\t\t<\/section>\n\t\t\t\t<section data-particle_enable=\"false\" data-particle-mobile-disabled=\"false\" class=\"elementor-section elementor-top-section elementor-element elementor-element-7f953a5 elementor-section-boxed elementor-section-height-default elementor-section-height-default\" data-id=\"7f953a5\" data-element_type=\"section\" data-settings=\"{&quot;jet_parallax_layout_list&quot;:[]}\">\n\t\t\t\t\t\t<div class=\"elementor-container elementor-column-gap-default\">\n\t\t\t\t\t<div class=\"elementor-column elementor-col-100 elementor-top-column elementor-element elementor-element-cbf6369\" data-id=\"cbf6369\" data-element_type=\"column\">\n\t\t\t<div class=\"elementor-widget-wrap elementor-element-populated\">\n\t\t\t\t\t\t<div class=\"elementor-element elementor-element-85d3236 elementor-widget elementor-widget-image\" data-id=\"85d3236\" data-element_type=\"widget\" data-widget_type=\"image.default\">\n\t\t\t\t<div class=\"elementor-widget-container\">\n\t\t\t\t\t\t\t\t\t\t\t\t\t<img loading=\"lazy\" decoding=\"async\" width=\"215\" height=\"300\" src=\"https:\/\/igpsm.uek.krakow.pl\/kgp\/wp-content\/uploads\/sites\/3\/2023\/11\/4-215x300.png\" class=\"attachment-medium size-medium wp-image-2221\" alt=\"\" srcset=\"https:\/\/igpsm.uek.krakow.pl\/kgp\/wp-content\/uploads\/sites\/3\/2023\/11\/4-215x300.png 215w, https:\/\/igpsm.uek.krakow.pl\/kgp\/wp-content\/uploads\/sites\/3\/2023\/11\/4.png 547w\" sizes=\"(max-width: 215px) 100vw, 215px\" \/>\t\t\t\t\t\t\t\t\t\t\t\t\t<\/div>\n\t\t\t\t<\/div>\n\t\t\t\t\t<\/div>\n\t\t<\/div>\n\t\t\t\t\t<\/div>\n\t\t<\/section>\n\t\t\t\t<section data-particle_enable=\"false\" data-particle-mobile-disabled=\"false\" class=\"elementor-section elementor-top-section elementor-element elementor-element-6263e14 elementor-section-boxed elementor-section-height-default elementor-section-height-default\" data-id=\"6263e14\" data-element_type=\"section\" data-settings=\"{&quot;jet_parallax_layout_list&quot;:[]}\">\n\t\t\t\t\t\t<div class=\"elementor-container elementor-column-gap-default\">\n\t\t\t\t\t<div class=\"elementor-column elementor-col-100 elementor-top-column elementor-element elementor-element-26b30b4\" data-id=\"26b30b4\" data-element_type=\"column\">\n\t\t\t<div class=\"elementor-widget-wrap elementor-element-populated\">\n\t\t\t\t\t\t<div class=\"elementor-element elementor-element-b5a66d8 elementor-widget elementor-widget-heading\" data-id=\"b5a66d8\" data-element_type=\"widget\" data-widget_type=\"heading.default\">\n\t\t\t\t<div class=\"elementor-widget-container\">\n\t\t\t<h2 class=\"elementor-heading-title elementor-size-default\">Gospodarka przestrzenna  - in\u017cynieria przysz\u0142o\u015bci<\/h2>\t\t<\/div>\n\t\t\t\t<\/div>\n\t\t\t\t<div class=\"elementor-element elementor-element-8eaee04 elementor-widget elementor-widget-text-editor\" data-id=\"8eaee04\" data-element_type=\"widget\" data-widget_type=\"text-editor.default\">\n\t\t\t\t<div class=\"elementor-widget-container\">\n\t\t\t\t\t\t\t<p>W ramach zaj\u0119\u0107 terenowych z przedmiotu <em>Ekologistyka sieci osadniczych <\/em>prowadzonego przez dr in\u017c. Agnieszk\u0119 Petryk studenci IV roku kierunku Gospodarka przestrzenna o profilu in\u017cynierskim mieli mo\u017cliwo\u015b\u0107 \u00a0w dniach 3 i 10 pa\u017adziernika 2023roku skonfrontowania wiedzy i umiej\u0119tno\u015bci nabytych na wyk\u0142adach z praktyk\u0105, uczestnicz\u0105c w zaj\u0119ciach terenowych w Ekologicznej Spalarni Odpad\u00f3w w Krakowie. Pod opiek\u0105 dr in\u017c. Agnieszki Petryk studenci przeszli ca\u0142\u0105 \u015bcie\u017ck\u0119 edukacyjn\u0105, przedstawiaj\u0105c\u0105 poszczeg\u00f3lne etapy termicznego przekszta\u0142cania odpad\u00f3w. Krakowska ekospalarnia rozpocz\u0119\u0142a swoj\u0105 dzia\u0142alno\u015b\u0107 w grudniu 2015 r. Zaj\u0119cia terenowe, przygotowuj\u0105ce student\u00f3w do praktyk in\u017cynierskich, stanowi\u0105 znakomit\u0105 okazj\u0119 do rozpoznania przedsi\u0119biorstw b\u0119d\u0105cych potencjalnym miejscem pracy absolwent\u00f3w kierunku Gospodarka przestrzenna. Studenci mog\u0105 bezpo\u015brednio rozpozna\u0107 warunki pracy, zakres obowi\u0105zk\u00f3w, wymagane umiej\u0119tno\u015bci i kryteria zatrudnienia na danym stanowisku stawiane kandydatom. Zostaj\u0105 wyposa\u017ceni w unikaln\u0105 wiedz\u0119 dotycz\u0105c\u0105 nowoczesnego procesu technologicznego i organizacji pracy zak\u0142ad\u00f3w specjalizuj\u0105cych si\u0119 w r\u00f3\u017cnych ga\u0142\u0119ziach przemys\u0142u. Wypracowane na Wydziale Gospodarki i Administracji Publicznej UEK efekty kszta\u0142cenia osi\u0105gane przez student\u00f3w Gospodarki przestrzennej, zak\u0142adaj\u0105, i\u017c absolwent\u00a0 kierunku b\u0119dzie pracownikiem wiedzy, nale\u017cycie stosuj\u0105cym specjalistyczn\u0105 wiedz\u0105 i umiej\u0119tno\u015bci w praktyce zawodowej. Realizowane w toku kszta\u0142cenia zaj\u0119cia terenowe, s\u0105 jednym z instrument\u00f3w osi\u0105gania za\u0142o\u017conych efekt\u00f3w kszta\u0142cenia w zakresie wiedzy, umiej\u0119tno\u015bci i kompetencji spo\u0142ecznych przysz\u0142ych in\u017cynier\u00f3w gospodarki przestrzennej, specjalizuj\u0105cych si\u0119 w strategii rozwoju regionalnego i zarz\u0105dzaniu miastem.<\/p><p>\u00a0<\/p>\t\t\t\t\t\t<\/div>\n\t\t\t\t<\/div>\n\t\t\t\t<div class=\"elementor-element elementor-element-102f793 elementor-widget elementor-widget-image\" data-id=\"102f793\" data-element_type=\"widget\" data-widget_type=\"image.default\">\n\t\t\t\t<div class=\"elementor-widget-container\">\n\t\t\t\t\t\t\t\t\t\t\t\t\t<img loading=\"lazy\" decoding=\"async\" width=\"300\" height=\"183\" src=\"https:\/\/igpsm.uek.krakow.pl\/kgp\/wp-content\/uploads\/sites\/3\/2023\/11\/1-300x183.png\" class=\"attachment-medium size-medium wp-image-2205\" alt=\"\" srcset=\"https:\/\/igpsm.uek.krakow.pl\/kgp\/wp-content\/uploads\/sites\/3\/2023\/11\/1-300x183.png 300w, https:\/\/igpsm.uek.krakow.pl\/kgp\/wp-content\/uploads\/sites\/3\/2023\/11\/1-1024x625.png 1024w, https:\/\/igpsm.uek.krakow.pl\/kgp\/wp-content\/uploads\/sites\/3\/2023\/11\/1-768x469.png 768w, https:\/\/igpsm.uek.krakow.pl\/kgp\/wp-content\/uploads\/sites\/3\/2023\/11\/1-1140x696.png 1140w, https:\/\/igpsm.uek.krakow.pl\/kgp\/wp-content\/uploads\/sites\/3\/2023\/11\/1.png 1145w\" sizes=\"(max-width: 300px) 100vw, 300px\" \/>\t\t\t\t\t\t\t\t\t\t\t\t\t<\/div>\n\t\t\t\t<\/div>\n\t\t\t\t<div class=\"elementor-element elementor-element-bc1d737 elementor-widget elementor-widget-image\" data-id=\"bc1d737\" data-element_type=\"widget\" data-widget_type=\"image.default\">\n\t\t\t\t<div class=\"elementor-widget-container\">\n\t\t\t\t\t\t\t\t\t\t\t\t\t<img loading=\"lazy\" decoding=\"async\" width=\"300\" height=\"236\" src=\"https:\/\/igpsm.uek.krakow.pl\/kgp\/wp-content\/uploads\/sites\/3\/2023\/11\/2-300x236.png\" class=\"attachment-medium size-medium wp-image-2206\" alt=\"\" srcset=\"https:\/\/igpsm.uek.krakow.pl\/kgp\/wp-content\/uploads\/sites\/3\/2023\/11\/2-300x236.png 300w, https:\/\/igpsm.uek.krakow.pl\/kgp\/wp-content\/uploads\/sites\/3\/2023\/11\/2.png 766w\" sizes=\"(max-width: 300px) 100vw, 300px\" \/>\t\t\t\t\t\t\t\t\t\t\t\t\t<\/div>\n\t\t\t\t<\/div>\n\t\t\t\t<div class=\"elementor-element elementor-element-26bfbf4 elementor-widget elementor-widget-image\" data-id=\"26bfbf4\" data-element_type=\"widget\" data-widget_type=\"image.default\">\n\t\t\t\t<div class=\"elementor-widget-container\">\n\t\t\t\t\t\t\t\t\t\t\t\t\t<img loading=\"lazy\" decoding=\"async\" width=\"226\" height=\"300\" src=\"https:\/\/igpsm.uek.krakow.pl\/kgp\/wp-content\/uploads\/sites\/3\/2023\/11\/3-226x300.png\" class=\"attachment-medium size-medium wp-image-2207\" alt=\"\" srcset=\"https:\/\/igpsm.uek.krakow.pl\/kgp\/wp-content\/uploads\/sites\/3\/2023\/11\/3-226x300.png 226w, https:\/\/igpsm.uek.krakow.pl\/kgp\/wp-content\/uploads\/sites\/3\/2023\/11\/3.png 593w\" sizes=\"(max-width: 226px) 100vw, 226px\" \/>\t\t\t\t\t\t\t\t\t\t\t\t\t<\/div>\n\t\t\t\t<\/div>\n\t\t\t\t\t<\/div>\n\t\t<\/div>\n\t\t\t\t\t<\/div>\n\t\t<\/section>\n\t\t\t\t<section data-particle_enable=\"false\" data-particle-mobile-disabled=\"false\" class=\"elementor-section elementor-top-section elementor-element elementor-element-2cf3ffb elementor-section-boxed elementor-section-height-default elementor-section-height-default\" data-id=\"2cf3ffb\" data-element_type=\"section\" data-settings=\"{&quot;jet_parallax_layout_list&quot;:[]}\">\n\t\t\t\t\t\t<div class=\"elementor-container elementor-column-gap-default\">\n\t\t\t\t\t<div class=\"elementor-column elementor-col-100 elementor-top-column elementor-element elementor-element-33b24d0\" data-id=\"33b24d0\" data-element_type=\"column\">\n\t\t\t<div class=\"elementor-widget-wrap elementor-element-populated\">\n\t\t\t\t\t\t<div class=\"elementor-element elementor-element-baff6a1 elementor-widget elementor-widget-heading\" data-id=\"baff6a1\" data-element_type=\"widget\" data-widget_type=\"heading.default\">\n\t\t\t\t<div class=\"elementor-widget-container\">\n\t\t\t<h2 class=\"elementor-heading-title elementor-size-default\"><a href=\"https:\/\/www.planning.org\/international\/worldtown\/\">World Town Planning Day 8.11. 2023 <\/a><\/h2>\t\t<\/div>\n\t\t\t\t<\/div>\n\t\t\t\t<div class=\"elementor-element elementor-element-a4140be elementor-widget elementor-widget-text-editor\" data-id=\"a4140be\" data-element_type=\"widget\" data-widget_type=\"text-editor.default\">\n\t\t\t\t<div class=\"elementor-widget-container\">\n\t\t\t\t\t\t\t<p>Planist\u00f3w, urbanist\u00f3w i tw\u00f3rc\u00f3w przestrzeni publicznych zaprasza si\u0119 na wirtualn\u0105 konferencj\u0119 internetow\u0105 z okazji 74. \u015awiatowego Dnia Planowania Miast 2023. Tegoroczne has\u0142o brzmi: Ucz si\u0119 globalnie, aplikuj lokalnie i koncentruje si\u0119 na warto\u015bci uczenia si\u0119 o planowaniu przestrzennym wspieraj\u0105c innowacyjne, zr\u00f3wnowa\u017cone i sprawiedliwe rozwi\u0105zania w celu sprostania globalnym wyzwaniom.<\/p><p>Mo\u017cliwo\u015b\u0107 rejestracji na konferencj\u0119 online znajduje si\u0119 na stronie American Planning Association\u00a0 https:\/\/www.planning.org\/international\/worldtown\/<\/p>\t\t\t\t\t\t<\/div>\n\t\t\t\t<\/div>\n\t\t\t\t\t<\/div>\n\t\t<\/div>\n\t\t\t\t\t<\/div>\n\t\t<\/section>\n\t\t\t\t<section data-particle_enable=\"false\" data-particle-mobile-disabled=\"false\" class=\"elementor-section elementor-top-section elementor-element elementor-element-322da1f elementor-section-boxed elementor-section-height-default elementor-section-height-default\" data-id=\"322da1f\" data-element_type=\"section\" data-settings=\"{&quot;jet_parallax_layout_list&quot;:[]}\">\n\t\t\t\t\t\t<div class=\"elementor-container elementor-column-gap-default\">\n\t\t\t\t\t<div class=\"elementor-column elementor-col-100 elementor-top-column elementor-element elementor-element-4fe16f6\" data-id=\"4fe16f6\" data-element_type=\"column\">\n\t\t\t<div class=\"elementor-widget-wrap\">\n\t\t\t\t\t\t\t<\/div>\n\t\t<\/div>\n\t\t\t\t\t<\/div>\n\t\t<\/section>\n\t\t\t\t<section data-particle_enable=\"false\" data-particle-mobile-disabled=\"false\" class=\"elementor-section elementor-top-section elementor-element elementor-element-de50d14 elementor-section-boxed elementor-section-height-default elementor-section-height-default\" data-id=\"de50d14\" data-element_type=\"section\" data-settings=\"{&quot;jet_parallax_layout_list&quot;:[]}\">\n\t\t\t\t\t\t<div class=\"elementor-container elementor-column-gap-default\">\n\t\t\t\t\t<div class=\"elementor-column elementor-col-100 elementor-top-column elementor-element elementor-element-3d3aed9\" data-id=\"3d3aed9\" data-element_type=\"column\">\n\t\t\t<div class=\"elementor-widget-wrap elementor-element-populated\">\n\t\t\t\t\t\t<div class=\"elementor-element elementor-element-e5631e1 elementor-widget elementor-widget-heading\" data-id=\"e5631e1\" data-element_type=\"widget\" data-widget_type=\"heading.default\">\n\t\t\t\t<div class=\"elementor-widget-container\">\n\t\t\t<h2 class=\"elementor-heading-title elementor-size-default\"><a href=\"https:\/\/tup.org.pl\/maly-arsenal\/\"><span style=\"color: var( --e-global-color-primary );font-family: var( --e-global-typography-primary-font-family ), Sans-serif;font-weight: var( --e-global-typography-primary-font-weight );letter-spacing: 0px\">Ma\u0142y Arsena\u0142 - 08.11.2023 - nasi pracownicy w ramach Towarzystwa Urbanist\u00f3w Polskich wsp\u00f3\u0142organizuj\u0105 wydarzenie<\/span><\/a><\/h2>\t\t<\/div>\n\t\t\t\t<\/div>\n\t\t\t\t<div class=\"elementor-element elementor-element-75c59a4 elementor-widget elementor-widget-image\" data-id=\"75c59a4\" data-element_type=\"widget\" data-widget_type=\"image.default\">\n\t\t\t\t<div class=\"elementor-widget-container\">\n\t\t\t\t\t\t\t\t\t\t\t\t\t<img loading=\"lazy\" decoding=\"async\" width=\"214\" height=\"300\" src=\"https:\/\/igpsm.uek.krakow.pl\/kgp\/wp-content\/uploads\/sites\/3\/2023\/10\/plakat-arsenal_5-214x300.png\" class=\"attachment-medium size-medium wp-image-2116\" alt=\"\" srcset=\"https:\/\/igpsm.uek.krakow.pl\/kgp\/wp-content\/uploads\/sites\/3\/2023\/10\/plakat-arsenal_5-214x300.png 214w, https:\/\/igpsm.uek.krakow.pl\/kgp\/wp-content\/uploads\/sites\/3\/2023\/10\/plakat-arsenal_5-731x1024.png 731w, https:\/\/igpsm.uek.krakow.pl\/kgp\/wp-content\/uploads\/sites\/3\/2023\/10\/plakat-arsenal_5-768x1075.png 768w, https:\/\/igpsm.uek.krakow.pl\/kgp\/wp-content\/uploads\/sites\/3\/2023\/10\/plakat-arsenal_5-1097x1536.png 1097w, https:\/\/igpsm.uek.krakow.pl\/kgp\/wp-content\/uploads\/sites\/3\/2023\/10\/plakat-arsenal_5-1463x2048.png 1463w, https:\/\/igpsm.uek.krakow.pl\/kgp\/wp-content\/uploads\/sites\/3\/2023\/10\/plakat-arsenal_5-1140x1596.png 1140w\" sizes=\"(max-width: 214px) 100vw, 214px\" \/>\t\t\t\t\t\t\t\t\t\t\t\t\t<\/div>\n\t\t\t\t<\/div>\n\t\t\t\t\t<\/div>\n\t\t<\/div>\n\t\t\t\t\t<\/div>\n\t\t<\/section>\n\t\t\t\t<section data-particle_enable=\"false\" data-particle-mobile-disabled=\"false\" class=\"elementor-section elementor-top-section elementor-element elementor-element-e78b713 elementor-section-boxed elementor-section-height-default elementor-section-height-default\" data-id=\"e78b713\" data-element_type=\"section\" data-settings=\"{&quot;jet_parallax_layout_list&quot;:[]}\">\n\t\t\t\t\t\t<div class=\"elementor-container elementor-column-gap-default\">\n\t\t\t\t\t<div class=\"elementor-column elementor-col-100 elementor-top-column elementor-element elementor-element-c35d322\" data-id=\"c35d322\" data-element_type=\"column\">\n\t\t\t<div class=\"elementor-widget-wrap elementor-element-populated\">\n\t\t\t\t\t\t<div class=\"elementor-element elementor-element-62d0df9 elementor-widget elementor-widget-text-editor\" data-id=\"62d0df9\" data-element_type=\"widget\" data-widget_type=\"text-editor.default\">\n\t\t\t\t<div class=\"elementor-widget-container\">\n\t\t\t\t\t\t\t<p>Ma\u0142y Arsena\u0142, czyli przegl\u0105d nagrodzonych opracowa\u0144 planistycznych Krakowa z ostatnich dwudziestu lat<\/p><p>8 listopada 2023 r. (Dzie\u0144 Urbanisty) godz. 18:00<\/p><p>Nowohuckie Centrum Kultury, al. Jana Paw\u0142a II 232, Krak\u00f3w, sala kameralna<\/p><p>Zapisy:<\/p><p>https:\/\/docs.google.com\/forms\/d\/e\/1FAIpQLSfRve2MFDfGlS1KTCHGpZUaD6yJs1sQJDSrmnm8oEFvoRhViw\/viewform<\/p><p>Wydarzenie organizowane w nawi\u0105zaniu do obchod\u00f3w dwudziestolecia Wydzia\u0142u Planowania Przestrzennego Urz\u0119du Miasta Krakowa oraz stulecia Towarzystwa Urbanist\u00f3w Polskich. Obowi\u0105zuje rejestracja!<\/p><p><blockquote class=\"wp-embedded-content\" data-secret=\"6G93XS7Om2\"><a href=\"https:\/\/tup.org.pl\/maly-arsenal\/\">Ma\u0142y Arsena\u0142<\/a><\/blockquote><iframe class=\"wp-embedded-content\" sandbox=\"allow-scripts\" security=\"restricted\" style=\"position: absolute; visibility: hidden;\" title=\"&#8222;Ma\u0142y Arsena\u0142&#8221; &#8212; TUP\" src=\"https:\/\/tup.org.pl\/maly-arsenal\/embed\/#?secret=goMQUqKMEo#?secret=6G93XS7Om2\" data-secret=\"6G93XS7Om2\" width=\"600\" height=\"338\" frameborder=\"0\" marginwidth=\"0\" marginheight=\"0\" scrolling=\"no\"><\/iframe><\/p><p>W ramach dzia\u0142alno\u015bci TUP wsp\u00f3\u0142organizatorami s\u0105 dr in\u017c. arch. kraj. Laura Kochel, dr in\u017c. arch. Dorota Jopek.<\/p>\t\t\t\t\t\t<\/div>\n\t\t\t\t<\/div>\n\t\t\t\t\t<\/div>\n\t\t<\/div>\n\t\t\t\t\t<\/div>\n\t\t<\/section>\n\t\t\t\t<section data-particle_enable=\"false\" data-particle-mobile-disabled=\"false\" class=\"elementor-section elementor-top-section elementor-element elementor-element-bbf8f65 elementor-section-boxed elementor-section-height-default elementor-section-height-default\" data-id=\"bbf8f65\" data-element_type=\"section\" data-settings=\"{&quot;jet_parallax_layout_list&quot;:[]}\">\n\t\t\t\t\t\t<div class=\"elementor-container elementor-column-gap-default\">\n\t\t\t\t\t<div class=\"elementor-column elementor-col-100 elementor-top-column elementor-element elementor-element-65b6e98\" data-id=\"65b6e98\" data-element_type=\"column\">\n\t\t\t<div class=\"elementor-widget-wrap elementor-element-populated\">\n\t\t\t\t\t\t<div class=\"elementor-element elementor-element-425b041 elementor-widget elementor-widget-heading\" data-id=\"425b041\" data-element_type=\"widget\" data-widget_type=\"heading.default\">\n\t\t\t\t<div class=\"elementor-widget-container\">\n\t\t\t<h2 class=\"elementor-heading-title elementor-size-default\">Studenci kierunku Gospodarka Przestrzenna wraz z dr in\u017c. arch. Agnieszk\u0105 W\u0142och-Szymla w Tychach - relacja z wyjazdu studyjnego<\/h2>\t\t<\/div>\n\t\t\t\t<\/div>\n\t\t\t\t\t<\/div>\n\t\t<\/div>\n\t\t\t\t\t<\/div>\n\t\t<\/section>\n\t\t\t\t<section data-particle_enable=\"false\" data-particle-mobile-disabled=\"false\" class=\"elementor-section elementor-top-section elementor-element elementor-element-f9b041f elementor-section-boxed elementor-section-height-default elementor-section-height-default\" data-id=\"f9b041f\" data-element_type=\"section\" data-settings=\"{&quot;jet_parallax_layout_list&quot;:[]}\">\n\t\t\t\t\t\t<div class=\"elementor-container elementor-column-gap-default\">\n\t\t\t\t\t<div class=\"elementor-column elementor-col-100 elementor-top-column elementor-element elementor-element-25d56f8\" data-id=\"25d56f8\" data-element_type=\"column\">\n\t\t\t<div class=\"elementor-widget-wrap elementor-element-populated\">\n\t\t\t\t\t\t<div class=\"elementor-element elementor-element-834ab4d elementor-widget elementor-widget-text-editor\" data-id=\"834ab4d\" data-element_type=\"widget\" data-widget_type=\"text-editor.default\">\n\t\t\t\t<div class=\"elementor-widget-container\">\n\t\t\t\t\t\t\t<p>Szlakiem budowy Nowych Tych\u00f3w w stron\u0119 centrum poprowadzi\u0142 nas dr Patryk Oczko. Poznali\u015bmy osiedle E z r\u00f3\u017cnorodn\u0105 zabudow\u0105 mieszkaniow\u0105, Park Miejski Solidarno\u015bci wraz z pomnikiem Walki i Pracy \u201e\u017byrafa\u201d, centrum administracyjne, o\u015b zielon\u0105, tereny cz\u0119\u015bciowo zrealizowanego centrum handlowo-us\u0142ugowego oraz osiedla M i H.<\/p><p>Autor rewitalizacji nabrze\u017ca Jeziora Paproca\u0144skiego architekt Robert Skitek RS+ opowiedzia\u0142 nam o ciekawych szczeg\u00f3\u0142ach swojej realizacji wodnego placu zabaw, promenady, przystani kajakarskiej i kawiarni. Projekt przebudowy teren\u00f3w rekreacyjnych nad jeziorem Paprocie\u0144skim by\u0142 nominowany do Europejskiej Nagrody 2015 im. Mies van der Rohe za najlepsz\u0105 wsp\u00f3\u0142czesn\u0105 architektur\u0119.<\/p>\t\t\t\t\t\t<\/div>\n\t\t\t\t<\/div>\n\t\t\t\t<div class=\"elementor-element elementor-element-47adedb elementor-widget elementor-widget-image\" data-id=\"47adedb\" data-element_type=\"widget\" data-widget_type=\"image.default\">\n\t\t\t\t<div class=\"elementor-widget-container\">\n\t\t\t\t\t\t\t\t\t\t\t\t\t<img loading=\"lazy\" decoding=\"async\" width=\"300\" height=\"225\" src=\"https:\/\/igpsm.uek.krakow.pl\/kgp\/wp-content\/uploads\/sites\/3\/2023\/11\/Tychy-1_AWSz-300x225.jpg\" class=\"attachment-medium size-medium wp-image-2174\" alt=\"\" srcset=\"https:\/\/igpsm.uek.krakow.pl\/kgp\/wp-content\/uploads\/sites\/3\/2023\/11\/Tychy-1_AWSz-300x225.jpg 300w, https:\/\/igpsm.uek.krakow.pl\/kgp\/wp-content\/uploads\/sites\/3\/2023\/11\/Tychy-1_AWSz-1024x768.jpg 1024w, https:\/\/igpsm.uek.krakow.pl\/kgp\/wp-content\/uploads\/sites\/3\/2023\/11\/Tychy-1_AWSz-768x576.jpg 768w, https:\/\/igpsm.uek.krakow.pl\/kgp\/wp-content\/uploads\/sites\/3\/2023\/11\/Tychy-1_AWSz-1140x855.jpg 1140w, https:\/\/igpsm.uek.krakow.pl\/kgp\/wp-content\/uploads\/sites\/3\/2023\/11\/Tychy-1_AWSz.jpg 1209w\" sizes=\"(max-width: 300px) 100vw, 300px\" \/>\t\t\t\t\t\t\t\t\t\t\t\t\t<\/div>\n\t\t\t\t<\/div>\n\t\t\t\t\t<\/div>\n\t\t<\/div>\n\t\t\t\t\t<\/div>\n\t\t<\/section>\n\t\t\t\t<section data-particle_enable=\"false\" data-particle-mobile-disabled=\"false\" class=\"elementor-section elementor-top-section elementor-element elementor-element-64ddec6 elementor-section-boxed elementor-section-height-default elementor-section-height-default\" data-id=\"64ddec6\" data-element_type=\"section\" data-settings=\"{&quot;jet_parallax_layout_list&quot;:[]}\">\n\t\t\t\t\t\t<div class=\"elementor-container elementor-column-gap-default\">\n\t\t\t\t\t<div class=\"elementor-column elementor-col-100 elementor-top-column elementor-element elementor-element-5fa4088\" data-id=\"5fa4088\" data-element_type=\"column\">\n\t\t\t<div class=\"elementor-widget-wrap elementor-element-populated\">\n\t\t\t\t\t\t<div class=\"elementor-element elementor-element-ec3a0b7 elementor-widget elementor-widget-image\" data-id=\"ec3a0b7\" data-element_type=\"widget\" data-widget_type=\"image.default\">\n\t\t\t\t<div class=\"elementor-widget-container\">\n\t\t\t\t\t\t\t\t\t\t\t\t\t<img loading=\"lazy\" decoding=\"async\" width=\"300\" height=\"225\" src=\"https:\/\/igpsm.uek.krakow.pl\/kgp\/wp-content\/uploads\/sites\/3\/2023\/11\/Tychy-2_AWSz-300x225.jpg\" class=\"attachment-medium size-medium wp-image-2173\" alt=\"\" srcset=\"https:\/\/igpsm.uek.krakow.pl\/kgp\/wp-content\/uploads\/sites\/3\/2023\/11\/Tychy-2_AWSz-300x225.jpg 300w, https:\/\/igpsm.uek.krakow.pl\/kgp\/wp-content\/uploads\/sites\/3\/2023\/11\/Tychy-2_AWSz-1024x768.jpg 1024w, https:\/\/igpsm.uek.krakow.pl\/kgp\/wp-content\/uploads\/sites\/3\/2023\/11\/Tychy-2_AWSz-768x576.jpg 768w, https:\/\/igpsm.uek.krakow.pl\/kgp\/wp-content\/uploads\/sites\/3\/2023\/11\/Tychy-2_AWSz-1140x855.jpg 1140w, https:\/\/igpsm.uek.krakow.pl\/kgp\/wp-content\/uploads\/sites\/3\/2023\/11\/Tychy-2_AWSz.jpg 1209w\" sizes=\"(max-width: 300px) 100vw, 300px\" \/>\t\t\t\t\t\t\t\t\t\t\t\t\t<\/div>\n\t\t\t\t<\/div>\n\t\t\t\t\t<\/div>\n\t\t<\/div>\n\t\t\t\t\t<\/div>\n\t\t<\/section>\n\t\t\t\t<section data-particle_enable=\"false\" data-particle-mobile-disabled=\"false\" class=\"elementor-section elementor-top-section elementor-element elementor-element-ee7fd0f elementor-section-boxed elementor-section-height-default elementor-section-height-default\" data-id=\"ee7fd0f\" data-element_type=\"section\" data-settings=\"{&quot;jet_parallax_layout_list&quot;:[]}\">\n\t\t\t\t\t\t<div class=\"elementor-container elementor-column-gap-default\">\n\t\t\t\t\t<div class=\"elementor-column elementor-col-100 elementor-top-column elementor-element elementor-element-6bde40c\" data-id=\"6bde40c\" data-element_type=\"column\">\n\t\t\t<div class=\"elementor-widget-wrap\">\n\t\t\t\t\t\t\t<\/div>\n\t\t<\/div>\n\t\t\t\t\t<\/div>\n\t\t<\/section>\n\t\t\t\t<section data-particle_enable=\"false\" data-particle-mobile-disabled=\"false\" class=\"elementor-section elementor-top-section elementor-element elementor-element-be30a78 elementor-section-boxed elementor-section-height-default elementor-section-height-default\" data-id=\"be30a78\" data-element_type=\"section\" data-settings=\"{&quot;jet_parallax_layout_list&quot;:[]}\">\n\t\t\t\t\t\t<div class=\"elementor-container elementor-column-gap-default\">\n\t\t\t\t\t<div class=\"elementor-column elementor-col-100 elementor-top-column elementor-element elementor-element-339a482\" data-id=\"339a482\" data-element_type=\"column\">\n\t\t\t<div class=\"elementor-widget-wrap elementor-element-populated\">\n\t\t\t\t\t\t<div class=\"elementor-element elementor-element-f4482c1 elementor-widget elementor-widget-image\" data-id=\"f4482c1\" data-element_type=\"widget\" data-widget_type=\"image.default\">\n\t\t\t\t<div class=\"elementor-widget-container\">\n\t\t\t\t\t\t\t\t\t\t\t\t\t<img loading=\"lazy\" decoding=\"async\" width=\"300\" height=\"225\" src=\"https:\/\/igpsm.uek.krakow.pl\/kgp\/wp-content\/uploads\/sites\/3\/2023\/11\/Tychy-3__AWSz-300x225.jpg\" class=\"attachment-medium size-medium wp-image-2172\" alt=\"\" srcset=\"https:\/\/igpsm.uek.krakow.pl\/kgp\/wp-content\/uploads\/sites\/3\/2023\/11\/Tychy-3__AWSz-300x225.jpg 300w, https:\/\/igpsm.uek.krakow.pl\/kgp\/wp-content\/uploads\/sites\/3\/2023\/11\/Tychy-3__AWSz-1024x768.jpg 1024w, https:\/\/igpsm.uek.krakow.pl\/kgp\/wp-content\/uploads\/sites\/3\/2023\/11\/Tychy-3__AWSz-768x576.jpg 768w, https:\/\/igpsm.uek.krakow.pl\/kgp\/wp-content\/uploads\/sites\/3\/2023\/11\/Tychy-3__AWSz-1140x855.jpg 1140w, https:\/\/igpsm.uek.krakow.pl\/kgp\/wp-content\/uploads\/sites\/3\/2023\/11\/Tychy-3__AWSz.jpg 1209w\" sizes=\"(max-width: 300px) 100vw, 300px\" \/>\t\t\t\t\t\t\t\t\t\t\t\t\t<\/div>\n\t\t\t\t<\/div>\n\t\t\t\t\t<\/div>\n\t\t<\/div>\n\t\t\t\t\t<\/div>\n\t\t<\/section>\n\t\t\t\t<section data-particle_enable=\"false\" data-particle-mobile-disabled=\"false\" class=\"elementor-section elementor-top-section elementor-element elementor-element-a78f1e3 elementor-section-boxed elementor-section-height-default elementor-section-height-default\" data-id=\"a78f1e3\" data-element_type=\"section\" data-settings=\"{&quot;jet_parallax_layout_list&quot;:[]}\">\n\t\t\t\t\t\t<div class=\"elementor-container elementor-column-gap-default\">\n\t\t\t\t\t<div class=\"elementor-column elementor-col-100 elementor-top-column elementor-element elementor-element-2422bdd\" data-id=\"2422bdd\" data-element_type=\"column\">\n\t\t\t<div class=\"elementor-widget-wrap elementor-element-populated\">\n\t\t\t\t\t\t<div class=\"elementor-element elementor-element-1e6cb12 elementor-widget elementor-widget-heading\" data-id=\"1e6cb12\" data-element_type=\"widget\" data-widget_type=\"heading.default\">\n\t\t\t\t<div class=\"elementor-widget-container\">\n\t\t\t<h2 class=\"elementor-heading-title elementor-size-default\"><a href=\"https:\/\/www.mbp.chrzanow.pl\/2023\/10\/wyklad-jak-wybieramy-naszych-przedstawicieli-i-co-z-tego-wynika-krotka-historia-systemow-wyborczych\/\">Wyk\u0142ad dr Jeremiasza Salomona w Miejskiej Bibliotece Publicznej w Chrzanowie - 5 pa\u017adziernika 2023 \u201eJak wybieramy naszych przedstawicieli i co z tego wynika? Kr\u00f3tka historia system\u00f3w wyborczych\u201d<\/a><\/a><\/h2>\t\t<\/div>\n\t\t\t\t<\/div>\n\t\t\t\t\t<\/div>\n\t\t<\/div>\n\t\t\t\t\t<\/div>\n\t\t<\/section>\n\t\t\t\t<section data-particle_enable=\"false\" data-particle-mobile-disabled=\"false\" class=\"elementor-section elementor-top-section elementor-element elementor-element-90b9889 elementor-section-boxed elementor-section-height-default elementor-section-height-default\" data-id=\"90b9889\" data-element_type=\"section\" data-settings=\"{&quot;jet_parallax_layout_list&quot;:[]}\">\n\t\t\t\t\t\t<div class=\"elementor-container elementor-column-gap-default\">\n\t\t\t\t\t<div class=\"elementor-column elementor-col-100 elementor-top-column elementor-element elementor-element-887ee4d\" data-id=\"887ee4d\" data-element_type=\"column\">\n\t\t\t<div class=\"elementor-widget-wrap elementor-element-populated\">\n\t\t\t\t\t\t<div class=\"elementor-element elementor-element-3d9c1ac elementor-widget elementor-widget-text-editor\" data-id=\"3d9c1ac\" data-element_type=\"widget\" data-widget_type=\"text-editor.default\">\n\t\t\t\t<div class=\"elementor-widget-container\">\n\t\t\t\t\t\t\t<p><strong>5 pa\u017adziernika 2023<\/strong>\u00a0o godz.<strong>\u00a017:00<\/strong>\u00a0w\u00a0<strong>Miejskiej Bibliotece Publicznej w Chrzanowie<\/strong>\u00a0go\u015bci\u0142\u00a0<strong>dr<\/strong>\u00a0<strong>Jeremiasz Salamon<\/strong>\u00a0z Uniwersytetu Ekonomicznego w Krakowie. Podczas wyk\u0142adu przedstawi\u0142 kr\u00f3tk\u0105 histori\u0119 system\u00f3w wyborczych i opowiedzia\u0142 m.in. o twierdzeniu Arrowa (o niemo\u017cno\u015bci) oraz postaci Elbridge\u2019a Gerry\u2019ego, kt\u00f3rego nazwisko kojarzone jest dzisiaj z manipulowaniem granicami okr\u0119g\u00f3w wyborczych. Wydarzenie odby\u0142o si\u0119 w nawi\u0105zaniu do projektu NAWA, kt\u00f3rego koordynatorem jest dr in\u017c. ach. Dorota Jopek\u00a0<\/p>\t\t\t\t\t\t<\/div>\n\t\t\t\t<\/div>\n\t\t\t\t\t<\/div>\n\t\t<\/div>\n\t\t\t\t\t<\/div>\n\t\t<\/section>\n\t\t\t\t<section data-particle_enable=\"false\" data-particle-mobile-disabled=\"false\" class=\"elementor-section elementor-top-section elementor-element elementor-element-eb1431e elementor-section-boxed elementor-section-height-default elementor-section-height-default\" data-id=\"eb1431e\" data-element_type=\"section\" data-settings=\"{&quot;jet_parallax_layout_list&quot;:[]}\">\n\t\t\t\t\t\t<div class=\"elementor-container elementor-column-gap-default\">\n\t\t\t\t\t<div class=\"elementor-column elementor-col-100 elementor-top-column elementor-element elementor-element-505b6d7\" data-id=\"505b6d7\" data-element_type=\"column\">\n\t\t\t<div class=\"elementor-widget-wrap elementor-element-populated\">\n\t\t\t\t\t\t<div class=\"elementor-element elementor-element-ab81568 elementor-widget elementor-widget-image\" data-id=\"ab81568\" data-element_type=\"widget\" data-widget_type=\"image.default\">\n\t\t\t\t<div class=\"elementor-widget-container\">\n\t\t\t\t\t\t\t\t\t\t\t\t\t<img loading=\"lazy\" decoding=\"async\" width=\"300\" height=\"225\" src=\"https:\/\/igpsm.uek.krakow.pl\/kgp\/wp-content\/uploads\/sites\/3\/2023\/10\/relacja_IMG_20231005_170253-1320x990-1-300x225.jpg\" class=\"attachment-medium size-medium wp-image-1917\" alt=\"\" srcset=\"https:\/\/igpsm.uek.krakow.pl\/kgp\/wp-content\/uploads\/sites\/3\/2023\/10\/relacja_IMG_20231005_170253-1320x990-1-300x225.jpg 300w, https:\/\/igpsm.uek.krakow.pl\/kgp\/wp-content\/uploads\/sites\/3\/2023\/10\/relacja_IMG_20231005_170253-1320x990-1-1024x768.jpg 1024w, https:\/\/igpsm.uek.krakow.pl\/kgp\/wp-content\/uploads\/sites\/3\/2023\/10\/relacja_IMG_20231005_170253-1320x990-1-768x576.jpg 768w, https:\/\/igpsm.uek.krakow.pl\/kgp\/wp-content\/uploads\/sites\/3\/2023\/10\/relacja_IMG_20231005_170253-1320x990-1-1140x855.jpg 1140w, https:\/\/igpsm.uek.krakow.pl\/kgp\/wp-content\/uploads\/sites\/3\/2023\/10\/relacja_IMG_20231005_170253-1320x990-1.jpg 1320w\" sizes=\"(max-width: 300px) 100vw, 300px\" \/>\t\t\t\t\t\t\t\t\t\t\t\t\t<\/div>\n\t\t\t\t<\/div>\n\t\t\t\t\t<\/div>\n\t\t<\/div>\n\t\t\t\t\t<\/div>\n\t\t<\/section>\n\t\t\t\t<section data-particle_enable=\"false\" data-particle-mobile-disabled=\"false\" class=\"elementor-section elementor-top-section elementor-element elementor-element-d5e7387 elementor-section-boxed elementor-section-height-default elementor-section-height-default\" data-id=\"d5e7387\" data-element_type=\"section\" data-settings=\"{&quot;jet_parallax_layout_list&quot;:[]}\">\n\t\t\t\t\t\t<div class=\"elementor-container elementor-column-gap-default\">\n\t\t\t\t\t<div class=\"elementor-column elementor-col-100 elementor-top-column elementor-element elementor-element-e847844\" data-id=\"e847844\" data-element_type=\"column\">\n\t\t\t<div class=\"elementor-widget-wrap elementor-element-populated\">\n\t\t\t\t\t\t<div class=\"elementor-element elementor-element-3816e8b elementor-widget elementor-widget-heading\" data-id=\"3816e8b\" data-element_type=\"widget\" data-widget_type=\"heading.default\">\n\t\t\t\t<div class=\"elementor-widget-container\">\n\t\t\t<h2 class=\"elementor-heading-title elementor-size-default\"><a href=\"https:\/\/www.mbp.chrzanow.pl\/2023\/09\/projektowanie-przestrzeni-miasta-warsztaty-dla-mlodziezy\/\">Warsztaty urbanistyczne w Miejskiej Bibliotece Publicznej w Chrzanowie - 17 wrze\u015bnia 2023 w ramach Europejskiego Tygodnia Mobilno\u015bci 2023<\/a><\/h2>\t\t<\/div>\n\t\t\t\t<\/div>\n\t\t\t\t\t<\/div>\n\t\t<\/div>\n\t\t\t\t\t<\/div>\n\t\t<\/section>\n\t\t\t\t<section data-particle_enable=\"false\" data-particle-mobile-disabled=\"false\" class=\"elementor-section elementor-top-section elementor-element elementor-element-51afc56 elementor-section-boxed elementor-section-height-default elementor-section-height-default\" data-id=\"51afc56\" data-element_type=\"section\" data-settings=\"{&quot;jet_parallax_layout_list&quot;:[]}\">\n\t\t\t\t\t\t<div class=\"elementor-container elementor-column-gap-default\">\n\t\t\t\t\t<div class=\"elementor-column elementor-col-100 elementor-top-column elementor-element elementor-element-51d4e2f\" data-id=\"51d4e2f\" data-element_type=\"column\">\n\t\t\t<div class=\"elementor-widget-wrap elementor-element-populated\">\n\t\t\t\t\t\t<div class=\"elementor-element elementor-element-b604520 elementor-widget elementor-widget-text-editor\" data-id=\"b604520\" data-element_type=\"widget\" data-widget_type=\"text-editor.default\">\n\t\t\t\t<div class=\"elementor-widget-container\">\n\t\t\t\t\t\t\t<p>Dnia 17 pa\u017adziernika odby\u0142y si\u0119 warsztaty urbanistyczne prowadzone przez zesp\u00f3\u0142 pracownik\u00f3w Uniwersytetu Ekonomicznego w Krakowie oraz Politechniki Krakowskiej\u00a0 sk\u0142adaj\u0105cy si\u0119 z prof. dr hab. Anny Kawi\u0144skiej oraz dr. in\u017c. arch. kraj. Laury Kochel, dr in\u017c. arch. Doroty Jopek, dr in\u017c. arch. kraj. Agaty Walczak. Uczestnicy badali przestrze\u0144 Chrzanowa w kontek\u015bcie miasta przyjaznego dzieciom i m\u0142odzie\u017cy.\u00a0 Koncentrowali si\u0119 nie tylko na miejscach ale i ca\u0142ych uk\u0142adach przestrzennych. &#8222;Pod lup\u0119&#8221; brana by\u0142a droga do szko\u0142y oraz przyjazne przestrzenie publiczne.\u00a0<\/p><p>Warsztaty realizowane by\u0142y w nawi\u0105zaniu do projektu NAWA -Child-friendly City: a comparison of Polish and German Cities, kt\u00f3rego koordynatorem jest dr in\u017c. arch. Dorota Jopek.\u00a0<\/p>\t\t\t\t\t\t<\/div>\n\t\t\t\t<\/div>\n\t\t\t\t\t<\/div>\n\t\t<\/div>\n\t\t\t\t\t<\/div>\n\t\t<\/section>\n\t\t\t\t<section data-particle_enable=\"false\" data-particle-mobile-disabled=\"false\" class=\"elementor-section elementor-top-section elementor-element elementor-element-37d32f1 elementor-section-boxed elementor-section-height-default elementor-section-height-default\" data-id=\"37d32f1\" data-element_type=\"section\" data-settings=\"{&quot;jet_parallax_layout_list&quot;:[]}\">\n\t\t\t\t\t\t<div class=\"elementor-container elementor-column-gap-default\">\n\t\t\t\t\t<div class=\"elementor-column elementor-col-100 elementor-top-column elementor-element elementor-element-9c22d0f\" data-id=\"9c22d0f\" data-element_type=\"column\">\n\t\t\t<div class=\"elementor-widget-wrap elementor-element-populated\">\n\t\t\t\t\t\t<div class=\"elementor-element elementor-element-739d86a elementor-widget elementor-widget-image\" data-id=\"739d86a\" data-element_type=\"widget\" data-widget_type=\"image.default\">\n\t\t\t\t<div class=\"elementor-widget-container\">\n\t\t\t\t\t\t\t\t\t\t\t\t\t<img loading=\"lazy\" decoding=\"async\" width=\"213\" height=\"300\" src=\"https:\/\/igpsm.uek.krakow.pl\/kgp\/wp-content\/uploads\/sites\/3\/2023\/10\/PLAKAT_WARSZTATY_PROJEKTOWANIE-PRZESTRZENI-MIASTA_ETM_2023_NW_WWW_zm_ak-213x300.jpg\" class=\"attachment-medium size-medium wp-image-1963\" alt=\"\" srcset=\"https:\/\/igpsm.uek.krakow.pl\/kgp\/wp-content\/uploads\/sites\/3\/2023\/10\/PLAKAT_WARSZTATY_PROJEKTOWANIE-PRZESTRZENI-MIASTA_ETM_2023_NW_WWW_zm_ak-213x300.jpg 213w, https:\/\/igpsm.uek.krakow.pl\/kgp\/wp-content\/uploads\/sites\/3\/2023\/10\/PLAKAT_WARSZTATY_PROJEKTOWANIE-PRZESTRZENI-MIASTA_ETM_2023_NW_WWW_zm_ak.jpg 652w\" sizes=\"(max-width: 213px) 100vw, 213px\" \/>\t\t\t\t\t\t\t\t\t\t\t\t\t<\/div>\n\t\t\t\t<\/div>\n\t\t\t\t\t<\/div>\n\t\t<\/div>\n\t\t\t\t\t<\/div>\n\t\t<\/section>\n\t\t\t\t<section data-particle_enable=\"false\" data-particle-mobile-disabled=\"false\" class=\"elementor-section elementor-top-section elementor-element elementor-element-7480b46 elementor-section-boxed elementor-section-height-default elementor-section-height-default\" data-id=\"7480b46\" data-element_type=\"section\" data-settings=\"{&quot;jet_parallax_layout_list&quot;:[]}\">\n\t\t\t\t\t\t<div class=\"elementor-container elementor-column-gap-default\">\n\t\t\t\t\t<div class=\"elementor-column elementor-col-100 elementor-top-column elementor-element elementor-element-60eb93b\" data-id=\"60eb93b\" data-element_type=\"column\">\n\t\t\t<div class=\"elementor-widget-wrap elementor-element-populated\">\n\t\t\t\t\t\t<div class=\"elementor-element elementor-element-1e4b942 elementor-widget elementor-widget-heading\" data-id=\"1e4b942\" data-element_type=\"widget\" data-widget_type=\"heading.default\">\n\t\t\t\t<div class=\"elementor-widget-container\">\n\t\t\t<h2 class=\"elementor-heading-title elementor-size-default\"><a href=\"https:\/\/www.mbp.chrzanow.pl\/2023\/09\/chrzanow-dzis-i-za-20-lat-my-i-nasze-miasto-warsztaty-dla-dzieci-i-dla-mlodziezy\/\">Warsztaty ekologiczne \u201cChrzan\u00f3w dzi\u015b i za 20 lat. My i nasze miasto\u201d w Miejskiej Bibliotece Publicznej w Chrzanowie 17 wrze\u015bnia 2023<\/a><\/h2>\t\t<\/div>\n\t\t\t\t<\/div>\n\t\t\t\t\t<\/div>\n\t\t<\/div>\n\t\t\t\t\t<\/div>\n\t\t<\/section>\n\t\t\t\t<section data-particle_enable=\"false\" data-particle-mobile-disabled=\"false\" class=\"elementor-section elementor-top-section elementor-element elementor-element-073692e elementor-section-boxed elementor-section-height-default elementor-section-height-default\" data-id=\"073692e\" data-element_type=\"section\" data-settings=\"{&quot;jet_parallax_layout_list&quot;:[]}\">\n\t\t\t\t\t\t<div class=\"elementor-container elementor-column-gap-default\">\n\t\t\t\t\t<div class=\"elementor-column elementor-col-100 elementor-top-column elementor-element elementor-element-05d772e\" data-id=\"05d772e\" data-element_type=\"column\">\n\t\t\t<div class=\"elementor-widget-wrap elementor-element-populated\">\n\t\t\t\t\t\t<div class=\"elementor-element elementor-element-04c1758 elementor-widget elementor-widget-text-editor\" data-id=\"04c1758\" data-element_type=\"widget\" data-widget_type=\"text-editor.default\">\n\t\t\t\t<div class=\"elementor-widget-container\">\n\t\t\t\t\t\t\t<p>Dnia 17 pa\u017adziernika odby\u0142y si\u0119 warsztaty urbanistyczne prowadzone przez zesp\u00f3\u0142 pracownik\u00f3w Uniwersytetu Ekonomicznego w Krakowie oraz Politechniki Krakowskiej\u00a0 sk\u0142adaj\u0105cy si\u0119 z prof. dr hab. Anny Kawi\u0144skiej oraz dr. in\u017c. arch. kraj. Laury Kochel, dr in\u017c. arch. Doroty Jopek, dr in\u017c. arch. kraj. Agaty Walczak. Uczestnicy traktowali o przysz\u0142o\u015bci Chrzanowa.\u00a0<\/p><p>Warsztaty realizowane by\u0142y w nawi\u0105zaniu do projektu NAWA -Child-friendly City: a comparison of Polish and German Cities, kt\u00f3rego koordynatorem jest dr in\u017c. arch. Dorota Jopek.<\/p>\t\t\t\t\t\t<\/div>\n\t\t\t\t<\/div>\n\t\t\t\t\t<\/div>\n\t\t<\/div>\n\t\t\t\t\t<\/div>\n\t\t<\/section>\n\t\t\t\t<section data-particle_enable=\"false\" data-particle-mobile-disabled=\"false\" class=\"elementor-section elementor-top-section elementor-element elementor-element-0915907 elementor-section-boxed elementor-section-height-default elementor-section-height-default\" data-id=\"0915907\" data-element_type=\"section\" data-settings=\"{&quot;jet_parallax_layout_list&quot;:[]}\">\n\t\t\t\t\t\t<div class=\"elementor-container elementor-column-gap-default\">\n\t\t\t\t\t<div class=\"elementor-column elementor-col-100 elementor-top-column elementor-element elementor-element-91c01b4\" data-id=\"91c01b4\" data-element_type=\"column\">\n\t\t\t<div class=\"elementor-widget-wrap elementor-element-populated\">\n\t\t\t\t\t\t<div class=\"elementor-element elementor-element-494e30c elementor-widget elementor-widget-image\" data-id=\"494e30c\" data-element_type=\"widget\" data-widget_type=\"image.default\">\n\t\t\t\t<div class=\"elementor-widget-container\">\n\t\t\t\t\t\t\t\t\t\t\t\t\t<img loading=\"lazy\" decoding=\"async\" width=\"212\" height=\"300\" src=\"https:\/\/igpsm.uek.krakow.pl\/kgp\/wp-content\/uploads\/sites\/3\/2023\/10\/warsztaty-212x300.jpg\" class=\"attachment-medium size-medium wp-image-1961\" alt=\"\" srcset=\"https:\/\/igpsm.uek.krakow.pl\/kgp\/wp-content\/uploads\/sites\/3\/2023\/10\/warsztaty-212x300.jpg 212w, https:\/\/igpsm.uek.krakow.pl\/kgp\/wp-content\/uploads\/sites\/3\/2023\/10\/warsztaty.jpg 693w\" sizes=\"(max-width: 212px) 100vw, 212px\" \/>\t\t\t\t\t\t\t\t\t\t\t\t\t<\/div>\n\t\t\t\t<\/div>\n\t\t\t\t\t<\/div>\n\t\t<\/div>\n\t\t\t\t\t<\/div>\n\t\t<\/section>\n\t\t\t\t<section data-particle_enable=\"false\" data-particle-mobile-disabled=\"false\" class=\"elementor-section elementor-top-section elementor-element elementor-element-258aef7 elementor-section-boxed elementor-section-height-default elementor-section-height-default\" data-id=\"258aef7\" data-element_type=\"section\" data-settings=\"{&quot;jet_parallax_layout_list&quot;:[]}\">\n\t\t\t\t\t\t<div class=\"elementor-container elementor-column-gap-default\">\n\t\t\t\t\t<div class=\"elementor-column elementor-col-100 elementor-top-column elementor-element elementor-element-324013d\" data-id=\"324013d\" data-element_type=\"column\">\n\t\t\t<div class=\"elementor-widget-wrap elementor-element-populated\">\n\t\t\t\t\t\t<div class=\"elementor-element elementor-element-02fe00d elementor-widget elementor-widget-heading\" data-id=\"02fe00d\" data-element_type=\"widget\" data-widget_type=\"heading.default\">\n\t\t\t\t<div class=\"elementor-widget-container\">\n\t\t\t<h2 class=\"elementor-heading-title elementor-size-default\">Spotkania z praktykiem - ekspertem po raz III w ramach projektu Power<\/h2>\t\t<\/div>\n\t\t\t\t<\/div>\n\t\t\t\t\t<\/div>\n\t\t<\/div>\n\t\t\t\t\t<\/div>\n\t\t<\/section>\n\t\t\t\t<section data-particle_enable=\"false\" data-particle-mobile-disabled=\"false\" class=\"elementor-section elementor-top-section elementor-element elementor-element-6120458 elementor-section-boxed elementor-section-height-default elementor-section-height-default\" data-id=\"6120458\" data-element_type=\"section\" data-settings=\"{&quot;jet_parallax_layout_list&quot;:[]}\">\n\t\t\t\t\t\t<div class=\"elementor-container elementor-column-gap-default\">\n\t\t\t\t\t<div class=\"elementor-column elementor-col-100 elementor-top-column elementor-element elementor-element-f177d44\" data-id=\"f177d44\" data-element_type=\"column\">\n\t\t\t<div class=\"elementor-widget-wrap elementor-element-populated\">\n\t\t\t\t\t\t<div class=\"elementor-element elementor-element-6bf672b elementor-widget elementor-widget-text-editor\" data-id=\"6bf672b\" data-element_type=\"widget\" data-widget_type=\"text-editor.default\">\n\t\t\t\t<div class=\"elementor-widget-container\">\n\t\t\t\t\t\t\t<p>Prelegentami byli praktycy z otoczenia spo\u0142eczno-gospodarczego, kt\u00f3rzy wiedz\u0119 opieraj\u0105 na stanie faktycznym. \u00a0Szkolenie odby\u0142o si\u0119 w 19 i 22 czerwca 2023 i dedykowane by\u0142o studentom 2 i 3 roku kierunku Gospodarka Przestrzenna. Oko\u0142o 60 os\u00f3b. Zaproszeni go\u015bcie to prezes Towarzystwa Urbanist\u00f3w Polskich\u00a0 dr in\u017c. arch. Marceli \u0141asocha, mgr in\u017c. \u0141ukasz Janawa &#8211; absolwent GP &#8211; specjalista ds. nieruchomo\u015bci, in\u017c. Jakub D\u0142ugi &#8211; absolwent GP, Kierownik Dzia\u0142u Planowania i Analizy GIS w firmie Alseva zajmuj\u0105cej si\u0119 OZE oraz dr in\u017c arch. kraj Kasper Jakubowski -specjalista od szeroko poj\u0119tej zieleni.<\/p><p>Wydarzenie organizowane by\u0142o po raz trzeci przez dr in\u017c. arch. kraj. Laur\u0119 Kochel oraz dr in\u017c. arch. Dorot\u0119 Jopek. Celem jest zapoznanie uczestnik\u00f3w z rynkiem pracy, podniesienie kompetencji zawodowych przez uzupe\u0142nienie ich wiedzy akademickiej o praktyczn\u0105. \u00a0<\/p>\t\t\t\t\t\t<\/div>\n\t\t\t\t<\/div>\n\t\t\t\t\t<\/div>\n\t\t<\/div>\n\t\t\t\t\t<\/div>\n\t\t<\/section>\n\t\t\t\t<section data-particle_enable=\"false\" data-particle-mobile-disabled=\"false\" class=\"elementor-section elementor-top-section elementor-element elementor-element-3a7a6d3 elementor-section-boxed elementor-section-height-default elementor-section-height-default\" data-id=\"3a7a6d3\" data-element_type=\"section\" data-settings=\"{&quot;jet_parallax_layout_list&quot;:[]}\">\n\t\t\t\t\t\t<div class=\"elementor-container elementor-column-gap-default\">\n\t\t\t\t\t<div class=\"elementor-column elementor-col-100 elementor-top-column elementor-element elementor-element-569a779\" data-id=\"569a779\" data-element_type=\"column\">\n\t\t\t<div class=\"elementor-widget-wrap elementor-element-populated\">\n\t\t\t\t\t\t<div class=\"elementor-element elementor-element-331b461 elementor-widget elementor-widget-image\" data-id=\"331b461\" data-element_type=\"widget\" data-widget_type=\"image.default\">\n\t\t\t\t<div class=\"elementor-widget-container\">\n\t\t\t\t\t\t\t\t\t\t\t\t\t<img loading=\"lazy\" decoding=\"async\" width=\"300\" height=\"135\" src=\"https:\/\/igpsm.uek.krakow.pl\/kgp\/wp-content\/uploads\/sites\/3\/2023\/10\/356733625_647178176986544_809709949969221780_n-300x135.jpg\" class=\"attachment-medium size-medium wp-image-2047\" alt=\"\" srcset=\"https:\/\/igpsm.uek.krakow.pl\/kgp\/wp-content\/uploads\/sites\/3\/2023\/10\/356733625_647178176986544_809709949969221780_n-300x135.jpg 300w, https:\/\/igpsm.uek.krakow.pl\/kgp\/wp-content\/uploads\/sites\/3\/2023\/10\/356733625_647178176986544_809709949969221780_n-1024x461.jpg 1024w, https:\/\/igpsm.uek.krakow.pl\/kgp\/wp-content\/uploads\/sites\/3\/2023\/10\/356733625_647178176986544_809709949969221780_n-768x345.jpg 768w, https:\/\/igpsm.uek.krakow.pl\/kgp\/wp-content\/uploads\/sites\/3\/2023\/10\/356733625_647178176986544_809709949969221780_n-1536x691.jpg 1536w, https:\/\/igpsm.uek.krakow.pl\/kgp\/wp-content\/uploads\/sites\/3\/2023\/10\/356733625_647178176986544_809709949969221780_n-1140x513.jpg 1140w, https:\/\/igpsm.uek.krakow.pl\/kgp\/wp-content\/uploads\/sites\/3\/2023\/10\/356733625_647178176986544_809709949969221780_n.jpg 2048w\" sizes=\"(max-width: 300px) 100vw, 300px\" \/>\t\t\t\t\t\t\t\t\t\t\t\t\t<\/div>\n\t\t\t\t<\/div>\n\t\t\t\t\t<\/div>\n\t\t<\/div>\n\t\t\t\t\t<\/div>\n\t\t<\/section>\n\t\t\t\t<section data-particle_enable=\"false\" data-particle-mobile-disabled=\"false\" class=\"elementor-section elementor-top-section elementor-element elementor-element-a4893bd elementor-section-boxed elementor-section-height-default elementor-section-height-default\" data-id=\"a4893bd\" data-element_type=\"section\" data-settings=\"{&quot;jet_parallax_layout_list&quot;:[]}\">\n\t\t\t\t\t\t<div class=\"elementor-container elementor-column-gap-default\">\n\t\t\t\t\t<div class=\"elementor-column elementor-col-100 elementor-top-column elementor-element elementor-element-9b263da\" data-id=\"9b263da\" data-element_type=\"column\">\n\t\t\t<div class=\"elementor-widget-wrap elementor-element-populated\">\n\t\t\t\t\t\t<div class=\"elementor-element elementor-element-701422a elementor-widget elementor-widget-image\" data-id=\"701422a\" data-element_type=\"widget\" data-widget_type=\"image.default\">\n\t\t\t\t<div class=\"elementor-widget-container\">\n\t\t\t\t\t\t\t\t\t\t\t\t\t<img loading=\"lazy\" decoding=\"async\" width=\"300\" height=\"135\" src=\"https:\/\/igpsm.uek.krakow.pl\/kgp\/wp-content\/uploads\/sites\/3\/2023\/10\/354275186_255728930414625_8153414530551490009_n-1-300x135.jpg\" class=\"attachment-medium size-medium wp-image-2046\" alt=\"\" srcset=\"https:\/\/igpsm.uek.krakow.pl\/kgp\/wp-content\/uploads\/sites\/3\/2023\/10\/354275186_255728930414625_8153414530551490009_n-1-300x135.jpg 300w, https:\/\/igpsm.uek.krakow.pl\/kgp\/wp-content\/uploads\/sites\/3\/2023\/10\/354275186_255728930414625_8153414530551490009_n-1-1024x461.jpg 1024w, https:\/\/igpsm.uek.krakow.pl\/kgp\/wp-content\/uploads\/sites\/3\/2023\/10\/354275186_255728930414625_8153414530551490009_n-1-768x345.jpg 768w, https:\/\/igpsm.uek.krakow.pl\/kgp\/wp-content\/uploads\/sites\/3\/2023\/10\/354275186_255728930414625_8153414530551490009_n-1-1536x691.jpg 1536w, https:\/\/igpsm.uek.krakow.pl\/kgp\/wp-content\/uploads\/sites\/3\/2023\/10\/354275186_255728930414625_8153414530551490009_n-1-1140x513.jpg 1140w, https:\/\/igpsm.uek.krakow.pl\/kgp\/wp-content\/uploads\/sites\/3\/2023\/10\/354275186_255728930414625_8153414530551490009_n-1.jpg 2048w\" sizes=\"(max-width: 300px) 100vw, 300px\" \/>\t\t\t\t\t\t\t\t\t\t\t\t\t<\/div>\n\t\t\t\t<\/div>\n\t\t\t\t\t<\/div>\n\t\t<\/div>\n\t\t\t\t\t<\/div>\n\t\t<\/section>\n\t\t\t\t<section data-particle_enable=\"false\" data-particle-mobile-disabled=\"false\" class=\"elementor-section elementor-top-section elementor-element elementor-element-0e55b08 elementor-section-boxed elementor-section-height-default elementor-section-height-default\" data-id=\"0e55b08\" data-element_type=\"section\" data-settings=\"{&quot;jet_parallax_layout_list&quot;:[]}\">\n\t\t\t\t\t\t<div class=\"elementor-container elementor-column-gap-default\">\n\t\t\t\t\t<div class=\"elementor-column elementor-col-100 elementor-top-column elementor-element elementor-element-ac926a6\" data-id=\"ac926a6\" data-element_type=\"column\">\n\t\t\t<div class=\"elementor-widget-wrap elementor-element-populated\">\n\t\t\t\t\t\t<div class=\"elementor-element elementor-element-7abffe5 elementor-widget elementor-widget-image\" data-id=\"7abffe5\" data-element_type=\"widget\" data-widget_type=\"image.default\">\n\t\t\t\t<div class=\"elementor-widget-container\">\n\t\t\t\t\t\t\t\t\t\t\t\t\t<img loading=\"lazy\" decoding=\"async\" width=\"300\" height=\"225\" src=\"https:\/\/igpsm.uek.krakow.pl\/kgp\/wp-content\/uploads\/sites\/3\/2023\/10\/357210317_225662700393511_7836487317131937675_n-300x225.jpg\" class=\"attachment-medium size-medium wp-image-2058\" alt=\"\" srcset=\"https:\/\/igpsm.uek.krakow.pl\/kgp\/wp-content\/uploads\/sites\/3\/2023\/10\/357210317_225662700393511_7836487317131937675_n-300x225.jpg 300w, https:\/\/igpsm.uek.krakow.pl\/kgp\/wp-content\/uploads\/sites\/3\/2023\/10\/357210317_225662700393511_7836487317131937675_n-1024x768.jpg 1024w, https:\/\/igpsm.uek.krakow.pl\/kgp\/wp-content\/uploads\/sites\/3\/2023\/10\/357210317_225662700393511_7836487317131937675_n-768x576.jpg 768w, https:\/\/igpsm.uek.krakow.pl\/kgp\/wp-content\/uploads\/sites\/3\/2023\/10\/357210317_225662700393511_7836487317131937675_n-1536x1152.jpg 1536w, https:\/\/igpsm.uek.krakow.pl\/kgp\/wp-content\/uploads\/sites\/3\/2023\/10\/357210317_225662700393511_7836487317131937675_n-1140x855.jpg 1140w, https:\/\/igpsm.uek.krakow.pl\/kgp\/wp-content\/uploads\/sites\/3\/2023\/10\/357210317_225662700393511_7836487317131937675_n.jpg 2000w\" sizes=\"(max-width: 300px) 100vw, 300px\" \/>\t\t\t\t\t\t\t\t\t\t\t\t\t<\/div>\n\t\t\t\t<\/div>\n\t\t\t\t<div class=\"elementor-element elementor-element-fe5c606 elementor-widget elementor-widget-heading\" data-id=\"fe5c606\" data-element_type=\"widget\" data-widget_type=\"heading.default\">\n\t\t\t\t<div class=\"elementor-widget-container\">\n\t\t\t<h2 class=\"elementor-heading-title elementor-size-default\">HERE GIS workshops dla student\u00f3w III roku kierunku Gospodarka przestrzenna<\/h2>\t\t<\/div>\n\t\t\t\t<\/div>\n\t\t\t\t\t<\/div>\n\t\t<\/div>\n\t\t\t\t\t<\/div>\n\t\t<\/section>\n\t\t\t\t<section data-particle_enable=\"false\" data-particle-mobile-disabled=\"false\" class=\"elementor-section elementor-top-section elementor-element elementor-element-2e5fe7e elementor-section-boxed elementor-section-height-default elementor-section-height-default\" data-id=\"2e5fe7e\" data-element_type=\"section\" data-settings=\"{&quot;jet_parallax_layout_list&quot;:[]}\">\n\t\t\t\t\t\t<div class=\"elementor-container elementor-column-gap-default\">\n\t\t\t\t\t<div class=\"elementor-column elementor-col-100 elementor-top-column elementor-element elementor-element-8c93600\" data-id=\"8c93600\" data-element_type=\"column\">\n\t\t\t<div class=\"elementor-widget-wrap elementor-element-populated\">\n\t\t\t\t\t\t<div class=\"elementor-element elementor-element-530f9e8 elementor-widget elementor-widget-text-editor\" data-id=\"530f9e8\" data-element_type=\"widget\" data-widget_type=\"text-editor.default\">\n\t\t\t\t<div class=\"elementor-widget-container\">\n\t\t\t\t\t\t\t<p class=\"x_MsoNormal x_elementToProof\"><span class=\"x_elementToProof\">Mi\u0142o jest nam poinformowa\u0107, \u017ce w<span class=\"x_ContentPasted0\">\u00a0dniach 21 i 22 czerwca 2023 r. odby\u0142y si\u0119\u00a0<\/span>warsztaty pn.:\u00a0<\/span><span lang=\"EN-US\"><i>HERE\u00a0<\/i><\/span><span class=\"x_elementToProof\"><i>GIS workshops<\/i>\u00a0dla student\u00f3w III roku kierunku Gospodarka przestrzenna, grupy: GGGIS1-3611IP, GGGIS1-3612IP,\u00a0\u00a0<\/span><\/p><p class=\"x_MsoNormal x_elementToProof\"><span class=\"x_elementToProof\">Tematem przewodnim by\u0142o wykorzystanie nowoczesnych narz\u0119dzi GIS w planowaniu przestrzennym i wizualizacji 2D i 3D.\u00a0<\/span>Warsztaty odby\u0142y si\u0119 w ramach wsp\u00f3\u0142pracy Katedry Gospodarki Przestrzennej UEK z Partnerem HERE Sp. z o.o. jakiego przedstawicielem jest Pan Marcin Nejman. Przedsi\u0119wzi\u0119cie by\u0142o prowadzone przez przedstawicieli HERE: Marcina Nejmana, Martina Sveca i Mart\u0119 Piechal-Witkowsk\u0105 oraz pracownik\u00f3w UEK: Artura Ho\u0142uja i Marcina Semczuka. Dominuj\u0105cym j\u0119zykiem warsztat\u00f3w by\u0142 j. angielski.\u00a0<\/p><p class=\"x_MsoNormal x_elementToProof\">Wszyscy studenci uczestnicz\u0105cy w warsztatach otrzymali certyfikat potwierdzaj\u0105cy zaanga\u017cowanie w tym przedsi\u0119wzi\u0119ciu wystawiony przez HERE Europe B.V podpisany przez Pana Marcina Nejmana oraz Pani\u0105 Mart\u0119 Piechal-Witkowsk\u0105 &#8211; Data Acquisition &amp; Community Manager Central Europe (<i>Participation in the project consisted of 20 hours of practical classes in GIS theory, data analysis and processing geographical data, using QGIS software, HERE Studio service and MS Office<\/i>).<\/p>\t\t\t\t\t\t<\/div>\n\t\t\t\t<\/div>\n\t\t\t\t<div class=\"elementor-element elementor-element-54991b1 elementor-widget elementor-widget-image\" data-id=\"54991b1\" data-element_type=\"widget\" data-widget_type=\"image.default\">\n\t\t\t\t<div class=\"elementor-widget-container\">\n\t\t\t\t\t\t\t\t\t\t\t\t\t<img loading=\"lazy\" decoding=\"async\" width=\"300\" height=\"225\" src=\"https:\/\/igpsm.uek.krakow.pl\/kgp\/wp-content\/uploads\/sites\/3\/2023\/11\/IMG_1110-300x225.jpg\" class=\"attachment-medium size-medium wp-image-2254\" alt=\"\" srcset=\"https:\/\/igpsm.uek.krakow.pl\/kgp\/wp-content\/uploads\/sites\/3\/2023\/11\/IMG_1110-300x225.jpg 300w, https:\/\/igpsm.uek.krakow.pl\/kgp\/wp-content\/uploads\/sites\/3\/2023\/11\/IMG_1110-1024x768.jpg 1024w, https:\/\/igpsm.uek.krakow.pl\/kgp\/wp-content\/uploads\/sites\/3\/2023\/11\/IMG_1110-768x576.jpg 768w, https:\/\/igpsm.uek.krakow.pl\/kgp\/wp-content\/uploads\/sites\/3\/2023\/11\/IMG_1110-1536x1152.jpg 1536w, https:\/\/igpsm.uek.krakow.pl\/kgp\/wp-content\/uploads\/sites\/3\/2023\/11\/IMG_1110-2048x1536.jpg 2048w, https:\/\/igpsm.uek.krakow.pl\/kgp\/wp-content\/uploads\/sites\/3\/2023\/11\/IMG_1110-1140x855.jpg 1140w\" sizes=\"(max-width: 300px) 100vw, 300px\" \/>\t\t\t\t\t\t\t\t\t\t\t\t\t<\/div>\n\t\t\t\t<\/div>\n\t\t\t\t<div class=\"elementor-element elementor-element-a83f83c elementor-widget elementor-widget-image\" data-id=\"a83f83c\" data-element_type=\"widget\" data-widget_type=\"image.default\">\n\t\t\t\t<div class=\"elementor-widget-container\">\n\t\t\t\t\t\t\t\t\t\t\t\t\t<img loading=\"lazy\" decoding=\"async\" width=\"300\" height=\"225\" src=\"https:\/\/igpsm.uek.krakow.pl\/kgp\/wp-content\/uploads\/sites\/3\/2023\/11\/IMG_1168-300x225.jpg\" class=\"attachment-medium size-medium wp-image-2243\" alt=\"\" srcset=\"https:\/\/igpsm.uek.krakow.pl\/kgp\/wp-content\/uploads\/sites\/3\/2023\/11\/IMG_1168-300x225.jpg 300w, https:\/\/igpsm.uek.krakow.pl\/kgp\/wp-content\/uploads\/sites\/3\/2023\/11\/IMG_1168-1024x768.jpg 1024w, https:\/\/igpsm.uek.krakow.pl\/kgp\/wp-content\/uploads\/sites\/3\/2023\/11\/IMG_1168-768x576.jpg 768w, https:\/\/igpsm.uek.krakow.pl\/kgp\/wp-content\/uploads\/sites\/3\/2023\/11\/IMG_1168-1536x1152.jpg 1536w, https:\/\/igpsm.uek.krakow.pl\/kgp\/wp-content\/uploads\/sites\/3\/2023\/11\/IMG_1168-2048x1536.jpg 2048w, https:\/\/igpsm.uek.krakow.pl\/kgp\/wp-content\/uploads\/sites\/3\/2023\/11\/IMG_1168-1140x855.jpg 1140w\" sizes=\"(max-width: 300px) 100vw, 300px\" \/>\t\t\t\t\t\t\t\t\t\t\t\t\t<\/div>\n\t\t\t\t<\/div>\n\t\t\t\t\t<\/div>\n\t\t<\/div>\n\t\t\t\t\t<\/div>\n\t\t<\/section>\n\t\t\t\t<section data-particle_enable=\"false\" data-particle-mobile-disabled=\"false\" class=\"elementor-section elementor-top-section elementor-element elementor-element-3fcbb97 elementor-section-boxed elementor-section-height-default elementor-section-height-default\" data-id=\"3fcbb97\" data-element_type=\"section\" data-settings=\"{&quot;jet_parallax_layout_list&quot;:[]}\">\n\t\t\t\t\t\t<div class=\"elementor-container elementor-column-gap-default\">\n\t\t\t\t\t<div class=\"elementor-column elementor-col-100 elementor-top-column elementor-element elementor-element-8be8616\" data-id=\"8be8616\" data-element_type=\"column\">\n\t\t\t<div class=\"elementor-widget-wrap elementor-element-populated\">\n\t\t\t\t\t\t<div class=\"elementor-element elementor-element-ce75be9 elementor-widget elementor-widget-heading\" data-id=\"ce75be9\" data-element_type=\"widget\" data-widget_type=\"heading.default\">\n\t\t\t\t<div class=\"elementor-widget-container\">\n\t\t\t<h2 class=\"elementor-heading-title elementor-size-default\"><a href=\"https:\/\/tup.org.pl\/konkurs-na-najlepsza-prace-dyplomowa\/\">KONKURS O DOROCZNE NAGRODY TUP ZA PRACE DYPLOMOWE Z ZAKRESU URBANISTYKI, PLANOWANIA I GOSPODARKI PRZESTRZENNEJ OBRONIONE W 2022 ROKU - nasi pracownicy organizuj\u0105 wydarzenie oraz s\u0105 w jury<\/a><\/h2>\t\t<\/div>\n\t\t\t\t<\/div>\n\t\t\t\t\t<\/div>\n\t\t<\/div>\n\t\t\t\t\t<\/div>\n\t\t<\/section>\n\t\t\t\t<section data-particle_enable=\"false\" data-particle-mobile-disabled=\"false\" class=\"elementor-section elementor-top-section elementor-element elementor-element-58086af elementor-section-boxed elementor-section-height-default elementor-section-height-default\" data-id=\"58086af\" data-element_type=\"section\" data-settings=\"{&quot;jet_parallax_layout_list&quot;:[]}\">\n\t\t\t\t\t\t<div class=\"elementor-container elementor-column-gap-default\">\n\t\t\t\t\t<div class=\"elementor-column elementor-col-100 elementor-top-column elementor-element elementor-element-3df93e0\" data-id=\"3df93e0\" data-element_type=\"column\">\n\t\t\t<div class=\"elementor-widget-wrap elementor-element-populated\">\n\t\t\t\t\t\t<div class=\"elementor-element elementor-element-b17992b elementor-widget elementor-widget-text-editor\" data-id=\"b17992b\" data-element_type=\"widget\" data-widget_type=\"text-editor.default\">\n\t\t\t\t<div class=\"elementor-widget-container\">\n\t\t\t\t\t\t\t<p>Dzi\u0119ki pracownikom Katedry w konkursie po raz pierwszy analizowane by\u0142y prace dyplomowe z zakresu Gospodarki Przestrzennej. Przyczyni\u0142y si\u0119 do tego dr in\u017c. arch. Dorota Jopek (wsp\u00f3\u0142organizator) oraz dr in\u017c. ach. kraj. Laura Kochel (Jury).\u00a0<\/p>\t\t\t\t\t\t<\/div>\n\t\t\t\t<\/div>\n\t\t\t\t\t<\/div>\n\t\t<\/div>\n\t\t\t\t\t<\/div>\n\t\t<\/section>\n\t\t\t\t<section data-particle_enable=\"false\" data-particle-mobile-disabled=\"false\" class=\"elementor-section elementor-top-section elementor-element elementor-element-8f342ef elementor-section-boxed elementor-section-height-default elementor-section-height-default\" data-id=\"8f342ef\" data-element_type=\"section\" data-settings=\"{&quot;jet_parallax_layout_list&quot;:[]}\">\n\t\t\t\t\t\t<div class=\"elementor-container elementor-column-gap-default\">\n\t\t\t\t\t<div class=\"elementor-column elementor-col-100 elementor-top-column elementor-element elementor-element-1b023c6\" data-id=\"1b023c6\" data-element_type=\"column\">\n\t\t\t<div class=\"elementor-widget-wrap elementor-element-populated\">\n\t\t\t\t\t\t<div class=\"elementor-element elementor-element-79f2d7e elementor-widget elementor-widget-heading\" data-id=\"79f2d7e\" data-element_type=\"widget\" data-widget_type=\"heading.default\">\n\t\t\t\t<div class=\"elementor-widget-container\">\n\t\t\t<h2 class=\"elementor-heading-title elementor-size-default\">VII Mi\u0119dzynarodowe warsztaty urbanistyczne: Uniwersytet Ekonomiczny w Krakowie, Universit\u00e9 Grenoble Alpes (Francja) oraz University of Ljubljana (S\u0142owenia) 29.05-2.06.2023<span style=\"color: var( --e-global-color-primary );font-family: var( --e-global-typography-primary-font-family ), Sans-serif;font-weight: var( --e-global-typography-primary-font-weight );letter-spacing: 0px\"><\/span><br><\/h2>\t\t<\/div>\n\t\t\t\t<\/div>\n\t\t\t\t\t<\/div>\n\t\t<\/div>\n\t\t\t\t\t<\/div>\n\t\t<\/section>\n\t\t\t\t<section data-particle_enable=\"false\" data-particle-mobile-disabled=\"false\" class=\"elementor-section elementor-top-section elementor-element elementor-element-e566cf2 elementor-section-boxed elementor-section-height-default elementor-section-height-default\" data-id=\"e566cf2\" data-element_type=\"section\" data-settings=\"{&quot;jet_parallax_layout_list&quot;:[]}\">\n\t\t\t\t\t\t<div class=\"elementor-container elementor-column-gap-default\">\n\t\t\t\t\t<div class=\"elementor-column elementor-col-100 elementor-top-column elementor-element elementor-element-b741506\" data-id=\"b741506\" data-element_type=\"column\">\n\t\t\t<div class=\"elementor-widget-wrap elementor-element-populated\">\n\t\t\t\t\t\t<div class=\"elementor-element elementor-element-04c3866 elementor-widget elementor-widget-text-editor\" data-id=\"04c3866\" data-element_type=\"widget\" data-widget_type=\"text-editor.default\">\n\t\t\t\t<div class=\"elementor-widget-container\">\n\t\t\t\t\t\t\t<p>Warsztaty organizowane s\u0105 przez pracownik\u00f3w Katedry Gospodarki Przestrzennej i Katedry Geografii Spo\u0142eczno-Ekonomicznej w ramach wsp\u00f3\u0142pracy mi\u0119dzynarodowej z Francja i S\u0142oweni\u0105. Na studium przypadku wybrano obszar\u00a0<span style=\"color: var( --e-global-color-text );font-family: var( --e-global-typography-text-font-family ), Sans-serif;font-weight: var( --e-global-typography-text-font-weight );letter-spacing: 0px\">P\u0142asz\u00f3w na\u00a0<\/span><span style=\"color: var( --e-global-color-text );font-family: var( --e-global-typography-text-font-family ), Sans-serif;font-weight: var( --e-global-typography-text-font-weight );letter-spacing: 0px\">Podg\u00f3rzu w Krakowie gdzie \u015bcieraj\u0105 si\u0119 rozmaite uwarunkowania przyrodnicze, kulturowe oraz wsp\u00f3\u0142czesne oczekiwania u\u017cytkownik\u00f3w. Wyzwaniu podo\u0142ali studenci Gospodarki Przestrzennej UEK oraz z zaproszonych uczelni.<\/span><\/p><p>Koordynatorami ze strony UEK byli dr in\u017c. arch. Dorota Jopek, dr in\u017c. arch. kraj. Laura Kochel, dr in\u017c. Piotr W\u0119grzynowicz i dr in\u017c. arch. Agnieszka W\u0142och Szymla. Mi\u0119dzynarodowym parterem wydarzenia jest Instytut Urbanistyki Grenoble a po raz pierwszy do warsztat\u00f3w do\u0142\u0105czy\u0142a kadra z University of Lubljana. Warsztaty by\u0142y organizowane w ramach dw\u00f3ch przedmiot\u00f3w: Projektowania urbanistycznego oraz Przyrodniczych uwarunkowa\u0144.\u00a0<\/p><p>Poprzednia edycje:\u00a0<\/p><p>2023<\/p><p><span style=\"color: var( --e-global-color-text );font-family: var( --e-global-typography-text-font-family ), Sans-serif;font-weight: var( --e-global-typography-text-font-weight );letter-spacing: 0px\">https:\/\/issuu.com\/uek_krakow\/docs\/kurier_lato_2022_cz._2\/34\u00a0<\/span><\/p><p>\u00a0<\/p><p>\u00a0<\/p><p>\u00a0<\/p>\t\t\t\t\t\t<\/div>\n\t\t\t\t<\/div>\n\t\t\t\t\t<\/div>\n\t\t<\/div>\n\t\t\t\t\t<\/div>\n\t\t<\/section>\n\t\t\t\t<\/div>\n\t\t","protected":false},"excerpt":{"rendered":"<p>\/*! elementor &#8211; v3.21.0 &#8211; 26-05-2024 *\/ .elementor-heading-title{padding:0;margin:0;line-height:1}.elementor-widget-heading .elementor-heading-title[class*=elementor-size-]&gt;a{color:inherit;font-size:inherit;line-height:inherit}.elementor-widget-heading .elementor-heading-title.elementor-size-small{font-size:15px}.elementor-widget-heading .elementor-heading-title.elementor-size-medium{font-size:19px}.elementor-widget-heading .elementor-heading-title.elementor-size-large{font-size:29px}.elementor-widget-heading .elementor-heading-title.elementor-size-xl{font-size:39px}.elementor-widget-heading .elementor-heading-title.elementor-size-xxl{font-size:59px} Nowe w\u0142adze uczelni (Dziekan, Dyrektor Instytut oraz Kierownik Katedry) W dniu 16 wrze\u015bnia 2024 r. na stanowisko Dziekana Kolegium Gospodarki i Administracji Publicznej w kadencji 2024-2028 zosta\u0142 powo\u0142any dr hab. Piotr Lity\u0144ski, prof. UEK. Z tej okazji w tym samym dniu odby\u0142o si\u0119 uroczyste przekazanie obowi\u0105zk\u00f3w nowo powo\u0142anemu Dziekanowi przez ko\u0144cz\u0105cego prac\u0119 na tym stanowisku dr hab. Marcina Zawickiego, prof. UEK. Na stanowisko Dyrektora Instytut Gospodarki Przestrzennej i Studi\u00f3w Miejskich powo\u0142ano prof. dr. hab. Andrzeja Laskowskiego. https:\/\/uek.krakow.pl\/artykuly\/aktualnosci\/powolano-nowych-dyrektorow-instytutow\u00a0 R\u00f3wnocze\u015bnie dokona\u0142a si\u0119 zmiana Kierownika Katedry Gospodarki Przestrzennej.\u00a0 Informujemy, \u017ce Pan Rektor powo\u0142a\u0142 od 1 pa\u017adziernika 2024 r. na to stanowisko dra hab. Piotra Lity\u0144skiego,\u00a0 prof. UEK. Poprzednikowi prof. dr hab. in\u017c. arch. Aleksandrowi Nowor\u00f3lowi dzi\u0119kujemy za dotychczas pe\u0142nione funkcj\u0119 Kierownika i Dyrektora Instytutu Gospodarki Przestrzennej i Studi\u00f3w Miejskich.\u00a0 Dr hab. Piotr Lity\u0144ski, prof. UEK Dziekanem Kolegium Gospodarki i Administracji Publicznej w kadencji 2024-2028 Ognisko integracyjne pracownik\u00f3w i student\u00f3w GP &#8211; kolejna edycja czerwiec 2024 Nasz kierunek otrzyma\u0142 presti\u017cow\u0105 akredytacj\u0119 AESOP Stowarzyszenie Europejskich Szk\u00f3\u0142 Planowania (AESOP) jest sieci\u0105 europejskich uniwersytet\u00f3w, ich wydzia\u0142\u00f3w i szk\u00f3\u0142 partnerskich, kt\u00f3re zajmuj\u0105 si\u0119 kszta\u0142ceniem i prowadzeniem bada\u0144 w dziedzinie planowania miejskiego i regionalnego. Szczeg\u00f3lne podzi\u0119kowania dr in\u017c. arch. Dorocie Jopek za koordynacje przedsi\u0119wzi\u0119cia.\u00a0 https:\/\/aesop-planning.eu\/ Dr in\u017c arch. Dorota Jopek oraz dr in\u017c. arch. kraj Laura Kochel wsp\u00f3\u0142organizuj\u0105 mi\u0119dzynarodowe warsztaty w Lizbonie 24-28.06.2024. R\u00f3wnie\u017c nasi studenci uczestnicz\u0105 w Sensorial Workshop https:\/\/sensorial-workshop.com\/ VIII Mi\u0119dzynarodowe warsztaty urbanistyczne 03-07.06.2024 Polska- Francja- Lubljana Wyjazd do Berlina &#8211; zaj\u0119cia terenowe 05.2024 z Planowania Przestrzennego II organizowane przez dr in\u017c. arch. kraj. Laur\u0119 Kochel oraz dr in\u017c. arch. Dorot\u0119 Jopek Warsztaty urbanistyczno &#8211; architektoniczne dla licealist\u00f3w w ramach klasy partnerskiej UEK-IV LO. w Krakowie 17.03.2023 prowadzone przez dr in\u017c. arch. Dorota Jopek i dr in\u017c. arch. kraj. Laura Kochel oraz dr in\u017c. Piotr W\u0119grzynowicz Seminarium dydaktyczno- naukowe &#8222;Reforma planowania przestrzennego 2023&#8221; &#8211; 12.12.2023 \/*! elementor &#8211; v3.21.0 &#8211; 26-05-2024 *\/ .elementor-widget-image{text-align:center}.elementor-widget-image a{display:inline-block}.elementor-widget-image a img[src$=&#8221;.svg&#8221;]{width:48px}.elementor-widget-image img{vertical-align:middle;display:inline-block} W dniu 12.12. 2023 r. odby\u0142o si\u0119 seminarium dydaktyczno-naukowe pt.: Reforma planowania przestrzennego 2023 organizowane dla student\u00f3w kierunku Gospodarka przestrzenna. G\u0142\u00f3wnym celem wydarzenia by\u0142o przedstawienie zmian prawnych oraz ich konsekwencji w praktyce planowania regulacyjnego i strategicznego. Omawiane zmiany prawne dotyczy\u0142y nowelizacji ustawy o planowaniu przestrzennym oraz o ustawy zasadach prowadzenia polityki rozwoju. Wyk\u0142ad wprowadzaj\u0105cy w tematyk\u0119 seminarium wyg\u0142osi\u0142 go\u015b\u0107 specjalny dr hab.\u00a0Maciej Nowak, profesor ZUT, radca prawny, Kierownik Katedry Nieruchomo\u015bci na Wydziale Ekonomicznym Zachodniopomorskiego Uniwersytetu Technologicznego w Szczecinie, Cz\u0142onek KPZK PAN i Przewodnicz\u0105cy Zespo\u0142u Prawno-Urbanistycznego KPZK. W swoim referacie, prof. Maciej Nowak przedstawi\u0142 m.in. kontekst oraz uwarunkowania nowelizacji ustawy oraz om\u00f3wi\u0142 zasadnicze zmiany w zakresie nowych akt\u00f3w i narz\u0119dzi planistycznych. Zwr\u00f3ci\u0142 on r\u00f3wnie\u017c uwag\u0119 na nowe definicje ustawowe oraz now\u0105 struktur\u0119 planowania przestrzennego na poziomie lokalnym. Nast\u0119pnie, temat za\u0142o\u017ce\u0144 planu og\u00f3lnego kt\u00f3ry zast\u0105pi\u0142 studium uwarunkowa\u0144 i kierunk\u00f3w zagospodarowania przestrzennego gminy, przedstawi\u0142 cz\u0142onek Zarz\u0105du Towarzystwa Urbanist\u00f3w Polskich oddzia\u0142 Krak\u00f3w, mgr in\u017c. arch.\u00a0Tomasz Babicz. Om\u00f3wi\u0142 on zakres dokumentu czyli obligatoryjne i fakultatywne elementy planu og\u00f3lnego, uzasadnienie do projektu oraz relacje mi\u0119dzy planem og\u00f3lnym, planami miejscowymi i decyzjami o warunkach zabudowy. W kolejnym wyst\u0105pieniu, cz\u0142onkini Towarzystwa Urbanist\u00f3w Polskich oddzia\u0142 Krak\u00f3w dr in\u017c. arch. kraj.\u00a0Agata Walczak\u00a0zwr\u00f3ci\u0142a uwag\u0119 na zmiany w klasach i przeznaczeniach w akcie prawa \u2013 miejscowym planie zagospodarowania przestrzennego co jest szczeg\u00f3lnie wa\u017cnym aspektem praktyki projektowej. Zmiany legislacyjne dotycz\u0105ce ustawy o planowaniu i zagospodarowaniu przestrzennym wprowadzi\u0142y nowy porz\u0105dek prawny, kt\u00f3ry kreuje wyzwania w codziennej pracy planisty. Problemy praktyczne zwi\u0105zane z opracowywaniem dokument\u00f3w planistycznych przedstawi\u0142a mgr\u00a0Dorota Szlenk-Dziubek, kierownik Zespo\u0142u Planowania Przestrzennego i Komunikacji w Instytucie Rozwoju Miast i Region\u00f3w w Krakowie. Dodatkowo, om\u00f3wi\u0142a ona m.in. przepisy przej\u015bciowe w uj\u0119ciu praktycznym, w\u0105tpliwo\u015bci co dalej z rozpocz\u0119tymi procedurami planistycznymi, kwesti\u0119 cyfryzacji danych przestrzennych w dokumentach planistycznych, pozosta\u0142e zmiany w przepisach i ich wp\u0142yw na praktyk\u0119 planistyczn\u0105 oraz zmiany zakresu i formy konsultacje spo\u0142eczne w procesie sporz\u0105dzania dokument\u00f3w planistycznych po nowelizacji. W drugiej cz\u0119\u015bci seminarium, kt\u00f3ra dotyczy\u0142a zmian w ustawie o zasadach prowadzenia polityki rozwoju, absolwent kierunku Gospodarka przestrzenna i doktorant Uniwersytetu Ekonomicznego \u2013 mgr in\u017c. Piotr Windak\u00a0jako podinspektor w Wydziale Strategii, Planowania i Monitorowania Inwestycji, Referat Zarz\u0105dzania Strategicznego Urz\u0119du Miasta Krakowa, om\u00f3wi\u0142 nowe zasady polityki rozwoju gminy w \u015bwietle zmian prawnych w tym zakresie. Nast\u0119pny prelegent prof. dr hab. in\u017c. arch.\u00a0Aleksander Nowor\u00f3l, Dyrektor Instytutu Gospodarki Przestrzennej i Studi\u00f3w Miejskich UEK, Gospodarki Przestrzennej i Studi\u00f3w Miejskich UEK, Kierownik Katedry Gospodarki Przestrzennej w Uniwersytecie Ekonomicznym w Krakowie, scharakteryzowa\u0142 nowy model struktury funkcjonalno-przestrzennej w strategii rozwoju lokalnego. Jako wsp\u00f3\u0142autor projektu Strategii Rozwoju Krakowa. Tu chc\u0119 \u017cy\u0107. Krak\u00f3w 2030\/2050, Pan Profesor przedstawi\u0142 przyj\u0119te w dokumencie cele strategiczne rozwoju Krakowa w powi\u0105zaniu z ich przestrzennym wymiarem zawartym w modelu struktury funkcjonalno-przestrzennej. Referat podsumowuj\u0105cy omawiane zagadnienia pt.: Rola Strategii Rozwoju Gminy w strukturze dokument\u00f3w planistycznych wp\u0142ywaj\u0105cych na kszta\u0142t polskiej przestrzeni wyg\u0142osi\u0142 dr in\u017c. arch.\u00a0Marceli \u0141asocha, Prezes Towarzystwa Urbanist\u00f3w Polskich oddzia\u0142 Krak\u00f3w, planista i pracownik naukowo-dydaktyczny Wydzia\u0142u Architektury Politechniki Krakowskiej. Wskaza\u0142 on na wi\u0119ksz\u0105 integracj\u0119 cel\u00f3w strategicznych rozwoju gmin z wymiarem przestrzennym, dokumentami planistycznymi oraz przedstawi\u0142 korzy\u015bci i wyzwania zwi\u0105zane z tym nowym podej\u015bciem. W wydarzeniu uczestniczyli pracownicy Katedry Gospodarki Przestrzennej, Katedry Geografii Spo\u0142eczno-Ekonomicznej, Katedry Historii Gospodarczej i Spo\u0142ecznej, Katedry Ekonomiki Nieruchomo\u015bci i Procesu Inwestycyjnego oraz studenci kierunku Gospodarka przestrzenna i Studia Miejskie. Organizatorem wydarzenia byli pracownicy Katedry Gospodarki Przestrzennej \u2013 dr in\u017c. arch. Dorota Jopek, dr in\u017c. arch. kraj. Laura Kochel oraz dr in\u017c. Artur Ho\u0142uj.\u00a0 Seminarium dydaktyczno-naukowe pt.: Reforma planowania przestrzennego 2023 \u015awiatowy Dzie\u0144 Gis-u 15 listopada 2023 Krakowskie uczelnie i UMWM zapraszaj\u0105 na Ma\u0142opolski GIS day 16 listopada.&nbsp; Wi\u0119cej informacji pod linkie&nbsp;https:\/\/gisplay.pl\/gis\/10346-krakowskie-uczelnie-i-umwm-zapraszaja-na-malopolski-gisday.htm Nowa publikacja: Polityka miejska \u2013 wybrane aspekty zarz\u0105dzania rozwojem Zapraszamy do zapoznania si\u0119 z now\u0105 publikacj\u0105 przygotowan\u0105 przez pracownik\u00f3w Instytutu Gospodarki Przestrzennej i Studi\u00f3w Miejskich Uniwersytetu Ekonomicznego w Krakowie. Monografia zatytu\u0142owana \u201ePolityka miejska \u2013 wybrane aspekty zarz\u0105dzania rozwojem\u201d jest zbiorem sze\u015bciu tekst\u00f3w poruszaj\u0105cych r\u00f3\u017cne aspekty tej polityki, kt\u00f3rych autorzy reprezentuj\u0105 kilka pokole\u0144 badaczy i praktyk\u00f3w zajmuj\u0105cych si\u0119 szeroko rozumian\u0105 problematyk\u0105 rozwoju miast. Dost\u0119p do publikacji mo\u017cliwy jest poprzez link:\u00a0https:\/\/msap.uek.krakow.pl\/publikacje\/pm\/ Zach\u0119camy do lektury! Relacja z Ma\u0142ego Arsena\u0142u Gospodarka przestrzenna &#8211; in\u017cynieria przysz\u0142o\u015bci W ramach zaj\u0119\u0107 terenowych z przedmiotu Ekologistyka sieci osadniczych prowadzonego przez dr in\u017c. Agnieszk\u0119 Petryk studenci IV roku kierunku Gospodarka przestrzenna o profilu in\u017cynierskim mieli mo\u017cliwo\u015b\u0107 \u00a0w dniach 3 i 10 pa\u017adziernika 2023roku skonfrontowania wiedzy i umiej\u0119tno\u015bci nabytych na wyk\u0142adach z praktyk\u0105, uczestnicz\u0105c w zaj\u0119ciach terenowych w Ekologicznej Spalarni Odpad\u00f3w w Krakowie. Pod opiek\u0105 dr in\u017c. Agnieszki Petryk studenci przeszli ca\u0142\u0105 \u015bcie\u017ck\u0119 edukacyjn\u0105, przedstawiaj\u0105c\u0105 poszczeg\u00f3lne etapy termicznego przekszta\u0142cania odpad\u00f3w. Krakowska ekospalarnia rozpocz\u0119\u0142a swoj\u0105 dzia\u0142alno\u015b\u0107 w grudniu 2015 r. Zaj\u0119cia terenowe, przygotowuj\u0105ce student\u00f3w do praktyk in\u017cynierskich, stanowi\u0105 znakomit\u0105 okazj\u0119 do rozpoznania przedsi\u0119biorstw b\u0119d\u0105cych potencjalnym miejscem pracy absolwent\u00f3w kierunku Gospodarka przestrzenna. Studenci mog\u0105 bezpo\u015brednio rozpozna\u0107 warunki pracy, zakres obowi\u0105zk\u00f3w, wymagane umiej\u0119tno\u015bci i kryteria zatrudnienia na danym stanowisku stawiane kandydatom. Zostaj\u0105 wyposa\u017ceni w unikaln\u0105 wiedz\u0119 dotycz\u0105c\u0105 nowoczesnego procesu technologicznego i organizacji pracy zak\u0142ad\u00f3w specjalizuj\u0105cych si\u0119 w r\u00f3\u017cnych ga\u0142\u0119ziach przemys\u0142u. Wypracowane na Wydziale Gospodarki i Administracji Publicznej UEK efekty kszta\u0142cenia osi\u0105gane przez student\u00f3w Gospodarki przestrzennej, zak\u0142adaj\u0105, i\u017c absolwent\u00a0 kierunku b\u0119dzie pracownikiem wiedzy, nale\u017cycie stosuj\u0105cym specjalistyczn\u0105 wiedz\u0105 i umiej\u0119tno\u015bci w praktyce zawodowej. Realizowane w toku kszta\u0142cenia zaj\u0119cia terenowe, s\u0105 jednym z instrument\u00f3w osi\u0105gania za\u0142o\u017conych efekt\u00f3w kszta\u0142cenia w zakresie wiedzy, umiej\u0119tno\u015bci i kompetencji spo\u0142ecznych przysz\u0142ych in\u017cynier\u00f3w gospodarki przestrzennej, specjalizuj\u0105cych si\u0119 w strategii rozwoju regionalnego i zarz\u0105dzaniu miastem. \u00a0 World Town Planning Day 8.11. 2023 Planist\u00f3w, urbanist\u00f3w i tw\u00f3rc\u00f3w przestrzeni publicznych zaprasza si\u0119 na wirtualn\u0105 konferencj\u0119 internetow\u0105 z okazji 74. \u015awiatowego Dnia Planowania Miast 2023. Tegoroczne has\u0142o brzmi: Ucz si\u0119 globalnie, aplikuj lokalnie i koncentruje si\u0119 na warto\u015bci uczenia si\u0119 o planowaniu przestrzennym wspieraj\u0105c innowacyjne, zr\u00f3wnowa\u017cone i sprawiedliwe rozwi\u0105zania w celu sprostania globalnym wyzwaniom. Mo\u017cliwo\u015b\u0107 rejestracji na konferencj\u0119 online znajduje si\u0119 na stronie American Planning Association\u00a0 https:\/\/www.planning.org\/international\/worldtown\/ Ma\u0142y Arsena\u0142 &#8211; 08.11.2023 &#8211; nasi pracownicy w ramach Towarzystwa Urbanist\u00f3w Polskich wsp\u00f3\u0142organizuj\u0105 wydarzenie Ma\u0142y Arsena\u0142, czyli przegl\u0105d nagrodzonych opracowa\u0144 planistycznych Krakowa z ostatnich dwudziestu lat 8 listopada 2023 r. (Dzie\u0144 Urbanisty) godz. 18:00 Nowohuckie Centrum Kultury, al. Jana Paw\u0142a II 232, Krak\u00f3w, sala kameralna Zapisy: https:\/\/docs.google.com\/forms\/d\/e\/1FAIpQLSfRve2MFDfGlS1KTCHGpZUaD6yJs1sQJDSrmnm8oEFvoRhViw\/viewform Wydarzenie organizowane w nawi\u0105zaniu do obchod\u00f3w dwudziestolecia Wydzia\u0142u Planowania Przestrzennego Urz\u0119du Miasta Krakowa oraz stulecia Towarzystwa Urbanist\u00f3w Polskich. Obowi\u0105zuje rejestracja! Ma\u0142y Arsena\u0142 W ramach dzia\u0142alno\u015bci TUP wsp\u00f3\u0142organizatorami s\u0105 dr in\u017c. arch. kraj. Laura Kochel, dr in\u017c. arch. Dorota Jopek. Studenci kierunku Gospodarka Przestrzenna wraz z dr in\u017c. arch. Agnieszk\u0105 W\u0142och-Szymla w Tychach &#8211; relacja z wyjazdu studyjnego Szlakiem budowy Nowych Tych\u00f3w w stron\u0119 centrum poprowadzi\u0142 nas dr Patryk Oczko. Poznali\u015bmy osiedle E z r\u00f3\u017cnorodn\u0105 zabudow\u0105 mieszkaniow\u0105, Park Miejski Solidarno\u015bci wraz z pomnikiem Walki i Pracy \u201e\u017byrafa\u201d, centrum administracyjne, o\u015b zielon\u0105, tereny cz\u0119\u015bciowo zrealizowanego centrum handlowo-us\u0142ugowego oraz osiedla M i H. Autor rewitalizacji nabrze\u017ca Jeziora Paproca\u0144skiego architekt Robert Skitek RS+ opowiedzia\u0142 nam o ciekawych szczeg\u00f3\u0142ach swojej realizacji wodnego placu zabaw, promenady, przystani kajakarskiej i kawiarni. Projekt przebudowy teren\u00f3w rekreacyjnych nad jeziorem Paprocie\u0144skim by\u0142 nominowany do Europejskiej Nagrody 2015 im. Mies van der Rohe za najlepsz\u0105 wsp\u00f3\u0142czesn\u0105 architektur\u0119. Wyk\u0142ad dr Jeremiasza Salomona w Miejskiej Bibliotece Publicznej w Chrzanowie &#8211; 5 pa\u017adziernika 2023 \u201eJak wybieramy naszych przedstawicieli i co z tego wynika? Kr\u00f3tka historia system\u00f3w wyborczych\u201d 5 pa\u017adziernika 2023\u00a0o godz.\u00a017:00\u00a0w\u00a0Miejskiej Bibliotece Publicznej w Chrzanowie\u00a0go\u015bci\u0142\u00a0dr\u00a0Jeremiasz Salamon\u00a0z Uniwersytetu Ekonomicznego w Krakowie. Podczas wyk\u0142adu przedstawi\u0142 kr\u00f3tk\u0105 histori\u0119 system\u00f3w wyborczych i opowiedzia\u0142 m.in. o twierdzeniu Arrowa (o niemo\u017cno\u015bci) oraz postaci Elbridge\u2019a Gerry\u2019ego, kt\u00f3rego nazwisko kojarzone jest dzisiaj z manipulowaniem granicami okr\u0119g\u00f3w wyborczych. Wydarzenie odby\u0142o si\u0119 w nawi\u0105zaniu do projektu NAWA, kt\u00f3rego koordynatorem jest dr in\u017c. ach. Dorota Jopek\u00a0 Warsztaty urbanistyczne w Miejskiej Bibliotece Publicznej w Chrzanowie &#8211; 17 wrze\u015bnia 2023 w ramach Europejskiego Tygodnia Mobilno\u015bci 2023 Dnia 17 pa\u017adziernika odby\u0142y si\u0119 warsztaty urbanistyczne prowadzone przez zesp\u00f3\u0142 pracownik\u00f3w Uniwersytetu Ekonomicznego w Krakowie oraz Politechniki Krakowskiej\u00a0 sk\u0142adaj\u0105cy si\u0119 z prof. dr hab. Anny Kawi\u0144skiej oraz dr. in\u017c. arch. kraj. Laury Kochel, dr in\u017c. arch. Doroty Jopek, dr in\u017c. arch. kraj. Agaty Walczak. Uczestnicy badali przestrze\u0144 Chrzanowa w kontek\u015bcie miasta przyjaznego dzieciom i m\u0142odzie\u017cy.\u00a0 Koncentrowali si\u0119 nie tylko na miejscach ale i ca\u0142ych uk\u0142adach przestrzennych. &#8222;Pod lup\u0119&#8221; brana by\u0142a droga do szko\u0142y oraz przyjazne przestrzenie publiczne.\u00a0 Warsztaty realizowane by\u0142y w nawi\u0105zaniu do projektu NAWA -Child-friendly City: a comparison of Polish and German Cities, kt\u00f3rego koordynatorem jest dr in\u017c. arch. Dorota Jopek.\u00a0 Warsztaty ekologiczne \u201cChrzan\u00f3w dzi\u015b i za 20 lat. My i nasze miasto\u201d w Miejskiej Bibliotece Publicznej w Chrzanowie 17 wrze\u015bnia 2023 Dnia 17 pa\u017adziernika odby\u0142y si\u0119 warsztaty urbanistyczne prowadzone przez zesp\u00f3\u0142 pracownik\u00f3w Uniwersytetu Ekonomicznego w Krakowie oraz Politechniki Krakowskiej\u00a0 sk\u0142adaj\u0105cy si\u0119 z prof. dr hab. Anny Kawi\u0144skiej oraz dr. in\u017c. arch. kraj. Laury Kochel, dr in\u017c. arch. Doroty Jopek, dr in\u017c. arch. kraj. Agaty Walczak. Uczestnicy traktowali o przysz\u0142o\u015bci Chrzanowa.\u00a0 Warsztaty realizowane by\u0142y w nawi\u0105zaniu do projektu NAWA -Child-friendly City: a comparison of Polish and German Cities, kt\u00f3rego koordynatorem jest dr in\u017c. arch. Dorota Jopek. Spotkania z praktykiem &#8211; ekspertem po raz III w ramach projektu Power Prelegentami byli praktycy z otoczenia spo\u0142eczno-gospodarczego, kt\u00f3rzy wiedz\u0119 opieraj\u0105 na stanie faktycznym. \u00a0Szkolenie odby\u0142o si\u0119 w 19 i 22 czerwca 2023 i dedykowane by\u0142o studentom 2 i 3 roku kierunku Gospodarka Przestrzenna. Oko\u0142o 60 os\u00f3b. Zaproszeni go\u015bcie to prezes Towarzystwa Urbanist\u00f3w Polskich\u00a0 dr in\u017c. arch. Marceli \u0141asocha, mgr in\u017c. \u0141ukasz Janawa &#8211; absolwent GP &#8211; specjalista ds. nieruchomo\u015bci, in\u017c. Jakub D\u0142ugi &#8211; absolwent GP, Kierownik Dzia\u0142u Planowania i Analizy GIS w firmie Alseva zajmuj\u0105cej si\u0119 OZE oraz dr in\u017c arch. kraj Kasper Jakubowski -specjalista od szeroko poj\u0119tej zieleni. Wydarzenie organizowane by\u0142o po raz trzeci przez dr in\u017c. arch. kraj. Laur\u0119 Kochel oraz dr in\u017c. arch. Dorot\u0119 Jopek. Celem jest zapoznanie uczestnik\u00f3w z rynkiem pracy, podniesienie kompetencji zawodowych przez uzupe\u0142nienie ich wiedzy akademickiej o praktyczn\u0105. \u00a0 HERE GIS workshops dla student\u00f3w III roku kierunku Gospodarka przestrzenna Mi\u0142o jest nam poinformowa\u0107, \u017ce w\u00a0dniach 21 i 22 czerwca 2023 r. odby\u0142y si\u0119\u00a0warsztaty pn.:\u00a0HERE\u00a0GIS workshops\u00a0dla student\u00f3w III roku kierunku Gospodarka przestrzenna, grupy: GGGIS1-3611IP, GGGIS1-3612IP,\u00a0\u00a0 Tematem przewodnim by\u0142o wykorzystanie nowoczesnych narz\u0119dzi GIS w planowaniu przestrzennym i wizualizacji 2D i 3D.\u00a0Warsztaty odby\u0142y si\u0119 w ramach wsp\u00f3\u0142pracy Katedry Gospodarki Przestrzennej UEK z Partnerem HERE Sp. z o.o. jakiego przedstawicielem jest Pan Marcin Nejman. Przedsi\u0119wzi\u0119cie by\u0142o prowadzone przez przedstawicieli HERE: Marcina Nejmana, Martina Sveca i Mart\u0119 Piechal-Witkowsk\u0105 oraz pracownik\u00f3w UEK: Artura Ho\u0142uja i Marcina Semczuka. Dominuj\u0105cym j\u0119zykiem warsztat\u00f3w by\u0142 j. angielski.\u00a0 Wszyscy studenci uczestnicz\u0105cy w warsztatach otrzymali certyfikat potwierdzaj\u0105cy zaanga\u017cowanie w tym przedsi\u0119wzi\u0119ciu wystawiony przez HERE Europe B.V podpisany przez Pana Marcina Nejmana oraz Pani\u0105&#8230;<\/p>\n","protected":false},"author":1,"featured_media":0,"parent":0,"menu_order":0,"comment_status":"closed","ping_status":"closed","template":"elementor_header_footer","meta":{"footnotes":""},"class_list":["post-100","page","type-page","status-publish","hentry"],"_links":{"self":[{"href":"https:\/\/igpsm.uek.krakow.pl\/kgp\/wp-json\/wp\/v2\/pages\/100"}],"collection":[{"href":"https:\/\/igpsm.uek.krakow.pl\/kgp\/wp-json\/wp\/v2\/pages"}],"about":[{"href":"https:\/\/igpsm.uek.krakow.pl\/kgp\/wp-json\/wp\/v2\/types\/page"}],"author":[{"embeddable":true,"href":"https:\/\/igpsm.uek.krakow.pl\/kgp\/wp-json\/wp\/v2\/users\/1"}],"replies":[{"embeddable":true,"href":"https:\/\/igpsm.uek.krakow.pl\/kgp\/wp-json\/wp\/v2\/comments?post=100"}],"version-history":[{"count":247,"href":"https:\/\/igpsm.uek.krakow.pl\/kgp\/wp-json\/wp\/v2\/pages\/100\/revisions"}],"predecessor-version":[{"id":2474,"href":"https:\/\/igpsm.uek.krakow.pl\/kgp\/wp-json\/wp\/v2\/pages\/100\/revisions\/2474"}],"wp:attachment":[{"href":"https:\/\/igpsm.uek.krakow.pl\/kgp\/wp-json\/wp\/v2\/media?parent=100"}],"curies":[{"name":"wp","href":"https:\/\/api.w.org\/{rel}","templated":true}]}}