{"id":174,"date":"2023-02-19T01:50:07","date_gmt":"2023-02-19T00:50:07","guid":{"rendered":"https:\/\/ie.uek.krakow.pl\/ke\/?page_id=174"},"modified":"2024-10-08T12:48:25","modified_gmt":"2024-10-08T10:48:25","slug":"pracownicy-uek","status":"publish","type":"page","link":"https:\/\/igpsm.uek.krakow.pl\/kgp\/pracownicy-uek\/","title":{"rendered":"Pracownicy"},"content":{"rendered":"\t\t<div data-elementor-type=\"wp-page\" data-elementor-id=\"174\" class=\"elementor elementor-174\">\n\t\t\t\t\t\t<section data-particle_enable=\"false\" data-particle-mobile-disabled=\"false\" class=\"elementor-section elementor-top-section elementor-element elementor-element-be20bad elementor-section-boxed elementor-section-height-default elementor-section-height-default\" data-id=\"be20bad\" data-element_type=\"section\" data-settings=\"{&quot;jet_parallax_layout_list&quot;:[]}\">\n\t\t\t\t\t\t<div class=\"elementor-container elementor-column-gap-default\">\n\t\t\t\t\t<div class=\"elementor-column elementor-col-100 elementor-top-column elementor-element elementor-element-c099fef\" data-id=\"c099fef\" data-element_type=\"column\">\n\t\t\t<div class=\"elementor-widget-wrap elementor-element-populated\">\n\t\t\t\t\t\t<div class=\"elementor-element elementor-element-a114a1c elementor-widget elementor-widget-eael-post-list\" data-id=\"a114a1c\" data-element_type=\"widget\" data-widget_type=\"eael-post-list.default\">\n\t\t\t\t<div class=\"elementor-widget-container\">\n\t\t\t<div class=\"eael-post-list-container preset-2 layout-preset-2\"><div class=\"eael-post-list-header\"><div class=\"header-title\">\n                            <h2 class=\"title\">Dziekan Kolegium Gospodarki i Administracji Publicznej  <\/h2>\n                        <\/div><\/div><div class=\"eael-post-list-wrap\"><div class=\"eael-post-list-posts-wrap eael-post-appender eael-post-appender-a114a1c\"><div class=\"eael-post-list-post \"><div class=\"eael-post-list-thumbnail \"><a href=\"https:\/\/igpsm.uek.krakow.pl\/kgp\/pracownicy\/pracownik-3\/\">\n                <img decoding=\"async\" src=\"https:\/\/igpsm.uek.krakow.pl\/kgp\/wp-content\/uploads\/sites\/3\/2023\/02\/Przechwytywanie.jpg\" alt=\"\">\n            <\/a><\/div><div class=\"eael-post-list-content\"><div class=\"meta-categories\"><a href=\"https:\/\/igpsm.uek.krakow.pl\/kgp\/en\/kategoria-pracownicy\/kierownik-katedry-pl\/\">Kierownik Katedry<\/a><\/div><h1 class=\"eael-post-list-title\"><a href=\"https:\/\/igpsm.uek.krakow.pl\/kgp\/pracownicy\/pracownik-3\/\" >DR HAB. PIOTR LITY\u0143SKI, PROF. UEK<\/a><\/h1><\/div><\/div><\/div><\/div>\n\t\t<\/div>\t\t<\/div>\n\t\t\t\t<\/div>\n\t\t\t\t<section data-particle_enable=\"false\" data-particle-mobile-disabled=\"false\" class=\"elementor-section elementor-inner-section elementor-element elementor-element-4f9f836 elementor-section-boxed elementor-section-height-default elementor-section-height-default\" data-id=\"4f9f836\" data-element_type=\"section\" data-settings=\"{&quot;jet_parallax_layout_list&quot;:[],&quot;background_background&quot;:&quot;classic&quot;,&quot;shape_divider_bottom&quot;:&quot;arrow&quot;,&quot;shape_divider_bottom_negative&quot;:&quot;yes&quot;}\">\n\t\t\t\t\t<div class=\"elementor-shape elementor-shape-bottom\" data-negative=\"true\">\n\t\t\t<svg xmlns=\"http:\/\/www.w3.org\/2000\/svg\" viewBox=\"0 0 700 10\" preserveAspectRatio=\"none\">\n\t<path class=\"elementor-shape-fill\" d=\"M360 0L350 9.9 340 0 0 0 0 10 700 10 700 0\"\/>\n<\/svg>\t\t<\/div>\n\t\t\t\t\t<div class=\"elementor-container elementor-column-gap-default\">\n\t\t\t\t\t<div class=\"elementor-column elementor-col-50 elementor-inner-column elementor-element elementor-element-7a9c1ea\" data-id=\"7a9c1ea\" data-element_type=\"column\">\n\t\t\t<div class=\"elementor-widget-wrap elementor-element-populated\">\n\t\t\t\t\t\t\t<\/div>\n\t\t<\/div>\n\t\t\t\t<div class=\"elementor-column elementor-col-50 elementor-inner-column elementor-element elementor-element-d1d5d6a\" data-id=\"d1d5d6a\" data-element_type=\"column\">\n\t\t\t<div class=\"elementor-widget-wrap\">\n\t\t\t\t\t\t\t<\/div>\n\t\t<\/div>\n\t\t\t\t\t<\/div>\n\t\t<\/section>\n\t\t\t\t<div class=\"elementor-element elementor-element-3b905d0 elementor-widget elementor-widget-eael-post-list\" data-id=\"3b905d0\" data-element_type=\"widget\" data-widget_type=\"eael-post-list.default\">\n\t\t\t\t<div class=\"elementor-widget-container\">\n\t\t\t<div class=\"eael-post-list-container default layout-default\"><div class=\"eael-post-list-wrap\"><div class=\"eael-post-list-posts-wrap eael-post-appender eael-post-appender-3b905d0\"><div class=\"eael-post-list-post \"><div class=\"eael-post-list-thumbnail \"><a href=\"https:\/\/igpsm.uek.krakow.pl\/kgp\/pracownicy\/dr-dominika-holuj\/\">\n                            <img decoding=\"async\" src=\"https:\/\/igpsm.uek.krakow.pl\/kgp\/wp-content\/uploads\/sites\/3\/2026\/03\/IMG_0933-scaled.jpeg\" alt=\"\">\n                        <\/a><\/div><div class=\"eael-post-list-content\"><h2 class=\"eael-post-list-title\"><a href=\"https:\/\/igpsm.uek.krakow.pl\/kgp\/pracownicy\/dr-dominika-holuj\/\" >DR DOMINIKA HO\u0141UJ<\/a><\/h2><\/div><\/div><div class=\"eael-post-list-post \"><div class=\"eael-post-list-thumbnail \"><a href=\"https:\/\/igpsm.uek.krakow.pl\/kgp\/pracownicy\/pracownik-1\/\">\n                            <img decoding=\"async\" src=\"https:\/\/igpsm.uek.krakow.pl\/kgp\/wp-content\/uploads\/sites\/3\/2023\/02\/prof-dr-hab-inz-arch-Aleksander-Noworol-Katedra-Gospodarki-Regionalnej-Wydzial-GAP.jpg\" alt=\"\">\n                        <\/a><\/div><div class=\"eael-post-list-content\"><h2 class=\"eael-post-list-title\"><a href=\"https:\/\/igpsm.uek.krakow.pl\/kgp\/pracownicy\/pracownik-1\/\" >PROF. DR HAB. IN\u017b. ARCH. ALEKSANDER NOWOR\u00d3L<\/a><\/h2><\/div><\/div><div class=\"eael-post-list-post \"><div class=\"eael-post-list-thumbnail \"><a href=\"https:\/\/igpsm.uek.krakow.pl\/kgp\/pracownicy\/pracownik-2\/\">\n                            <img decoding=\"async\" src=\"https:\/\/igpsm.uek.krakow.pl\/kgp\/wp-content\/uploads\/sites\/3\/2023\/02\/foto-AHoluj-167x250-1.jpg\" alt=\"\">\n                        <\/a><\/div><div class=\"eael-post-list-content\"><h2 class=\"eael-post-list-title\"><a href=\"https:\/\/igpsm.uek.krakow.pl\/kgp\/pracownicy\/pracownik-2\/\" >DR IN\u017b. ARTUR HO\u0141UJ<\/a><\/h2><\/div><\/div><div class=\"eael-post-list-post \"><div class=\"eael-post-list-thumbnail \"><a href=\"https:\/\/igpsm.uek.krakow.pl\/kgp\/pracownicy\/dr-inz-arch-dorota-jopek-2\/\">\n                            <img decoding=\"async\" src=\"https:\/\/igpsm.uek.krakow.pl\/kgp\/wp-content\/uploads\/sites\/3\/2023\/10\/dr-Dorota-Jopek-Katedra-Gospodarki-Regionalnej-Wydzial-GAP-167x250-1.jpg\" alt=\"\">\n                        <\/a><\/div><div class=\"eael-post-list-content\"><h2 class=\"eael-post-list-title\"><a href=\"https:\/\/igpsm.uek.krakow.pl\/kgp\/pracownicy\/dr-inz-arch-dorota-jopek-2\/\" >DR IN\u017b. ARCH. DOROTA JOPEK<\/a><\/h2><\/div><\/div><div class=\"eael-post-list-post \"><div class=\"eael-post-list-thumbnail \"><a href=\"https:\/\/igpsm.uek.krakow.pl\/kgp\/pracownicy\/dr-inz-arch-krajobrazu-laura-kochel\/\">\n                            <img decoding=\"async\" src=\"https:\/\/igpsm.uek.krakow.pl\/kgp\/wp-content\/uploads\/sites\/3\/2023\/10\/dr-Laura-Kochel2.jpg\" alt=\"\">\n                        <\/a><\/div><div class=\"eael-post-list-content\"><h2 class=\"eael-post-list-title\"><a href=\"https:\/\/igpsm.uek.krakow.pl\/kgp\/pracownicy\/dr-inz-arch-krajobrazu-laura-kochel\/\" >DR IN\u017b. ARCH. KRAJ. LAURA KOCHEL<\/a><\/h2><\/div><\/div><div class=\"eael-post-list-post \"><div class=\"eael-post-list-thumbnail \"><a href=\"https:\/\/igpsm.uek.krakow.pl\/kgp\/pracownicy\/dr-inz-paulina-sliz\/\">\n                            <img decoding=\"async\" src=\"https:\/\/igpsm.uek.krakow.pl\/kgp\/wp-content\/uploads\/sites\/3\/2023\/10\/dr-inz-Paulina-Sliz-Katedra-Gospodarki-Regionalnej-Wydzial-GAP-UEK-200x300-1.jpg\" alt=\"\">\n                        <\/a><\/div><div class=\"eael-post-list-content\"><h2 class=\"eael-post-list-title\"><a href=\"https:\/\/igpsm.uek.krakow.pl\/kgp\/pracownicy\/dr-inz-paulina-sliz\/\" >DR IN\u017b. PAULINA \u015aLIZ<\/a><\/h2><\/div><\/div><div class=\"eael-post-list-post \"><div class=\"eael-post-list-thumbnail \"><a href=\"https:\/\/igpsm.uek.krakow.pl\/kgp\/pracownicy\/dr-michal-broniszewski\/\">\n                            <img decoding=\"async\" src=\"https:\/\/igpsm.uek.krakow.pl\/kgp\/wp-content\/uploads\/sites\/3\/2023\/10\/dr-Broniszewski.jpg\" alt=\"\">\n                        <\/a><\/div><div class=\"eael-post-list-content\"><h2 class=\"eael-post-list-title\"><a href=\"https:\/\/igpsm.uek.krakow.pl\/kgp\/pracownicy\/dr-michal-broniszewski\/\" >DR MICHA\u0141 BRONISZEWSKI<\/a><\/h2><\/div><\/div><div class=\"eael-post-list-post \"><div class=\"eael-post-list-thumbnail \"><a href=\"https:\/\/igpsm.uek.krakow.pl\/kgp\/pracownicy\/dr-inz-agnieszka-petryk\/\">\n                            <img decoding=\"async\" src=\"https:\/\/igpsm.uek.krakow.pl\/kgp\/wp-content\/uploads\/sites\/3\/2023\/10\/dr-inz.-Agniesza_Petryk_zdjecia_20191020-167x250-1.jpg\" alt=\"\">\n                        <\/a><\/div><div class=\"eael-post-list-content\"><h2 class=\"eael-post-list-title\"><a href=\"https:\/\/igpsm.uek.krakow.pl\/kgp\/pracownicy\/dr-inz-agnieszka-petryk\/\" >DR IN\u017b. AGNIESZKA PETRYK<\/a><\/h2><\/div><\/div><div class=\"eael-post-list-post \"><div class=\"eael-post-list-thumbnail \"><a href=\"https:\/\/igpsm.uek.krakow.pl\/kgp\/pracownicy\/dr-inz-arch-agnieszka-wloch-szymla\/\">\n                            <img decoding=\"async\" src=\"https:\/\/igpsm.uek.krakow.pl\/kgp\/wp-content\/uploads\/sites\/3\/2023\/10\/mgr-inz-arch-Agnieszka-Wloch-Szymla-Katedra-Gospodarki-Regionalnej-Wydzial-GAP-167x239-1.jpg\" alt=\"\">\n                        <\/a><\/div><div class=\"eael-post-list-content\"><h2 class=\"eael-post-list-title\"><a href=\"https:\/\/igpsm.uek.krakow.pl\/kgp\/pracownicy\/dr-inz-arch-agnieszka-wloch-szymla\/\" >DR IN\u017b. ARCH. AGNIESZKA W\u0141OCH-SZYMLA<\/a><\/h2><\/div><\/div><div class=\"eael-post-list-post \"><div class=\"eael-post-list-thumbnail \"><a href=\"https:\/\/igpsm.uek.krakow.pl\/kgp\/pracownicy\/dr-jeremiasz-salamon\/\">\n                            <img decoding=\"async\" src=\"https:\/\/igpsm.uek.krakow.pl\/kgp\/wp-content\/uploads\/sites\/3\/2023\/10\/J.Salamon-167x250-1.jpg\" alt=\"\">\n                        <\/a><\/div><div class=\"eael-post-list-content\"><h2 class=\"eael-post-list-title\"><a href=\"https:\/\/igpsm.uek.krakow.pl\/kgp\/pracownicy\/dr-jeremiasz-salamon\/\" >DR JEREMIASZ SALAMON<\/a><\/h2><\/div><\/div><\/div><\/div>\n\t\t<\/div>\t\t<\/div>\n\t\t\t\t<\/div>\n\t\t\t\t\t<\/div>\n\t\t<\/div>\n\t\t\t\t\t<\/div>\n\t\t<\/section>\n\t\t\t\t<\/div>\n\t\t","protected":false},"excerpt":{"rendered":"<p>Dziekan Kolegium Gospodarki i Administracji Publicznej Kierownik Katedry DR HAB. PIOTR LITY\u0143SKI, PROF. UEK DR MICHA\u0141 BRONISZEWSKI DR IN\u017b. PAULINA \u015aLIZ DR IN\u017b. ARCH. AGNIESZKA W\u0141OCH-SZYMLA DR JEREMIASZ SALAMON DR IN\u017b. AGNIESZKA PETRYK DR IN\u017b. ARCH. KRAJ. LAURA KOCHEL DR IN\u017b. ARCH. DOROTA JOPEK DR IN\u017b. ARTUR HO\u0141UJ PROF. DR HAB. IN\u017b. ARCH. ALEKSANDER NOWOR\u00d3L<\/p>\n","protected":false},"author":1,"featured_media":0,"parent":0,"menu_order":0,"comment_status":"closed","ping_status":"closed","template":"elementor_header_footer","meta":{"footnotes":""},"class_list":["post-174","page","type-page","status-publish","hentry"],"_links":{"self":[{"href":"https:\/\/igpsm.uek.krakow.pl\/kgp\/wp-json\/wp\/v2\/pages\/174"}],"collection":[{"href":"https:\/\/igpsm.uek.krakow.pl\/kgp\/wp-json\/wp\/v2\/pages"}],"about":[{"href":"https:\/\/igpsm.uek.krakow.pl\/kgp\/wp-json\/wp\/v2\/types\/page"}],"author":[{"embeddable":true,"href":"https:\/\/igpsm.uek.krakow.pl\/kgp\/wp-json\/wp\/v2\/users\/1"}],"replies":[{"embeddable":true,"href":"https:\/\/igpsm.uek.krakow.pl\/kgp\/wp-json\/wp\/v2\/comments?post=174"}],"version-history":[{"count":16,"href":"https:\/\/igpsm.uek.krakow.pl\/kgp\/wp-json\/wp\/v2\/pages\/174\/revisions"}],"predecessor-version":[{"id":2483,"href":"https:\/\/igpsm.uek.krakow.pl\/kgp\/wp-json\/wp\/v2\/pages\/174\/revisions\/2483"}],"wp:attachment":[{"href":"https:\/\/igpsm.uek.krakow.pl\/kgp\/wp-json\/wp\/v2\/media?parent=174"}],"curies":[{"name":"wp","href":"https:\/\/api.w.org\/{rel}","templated":true}]}}