{"id":2429,"date":"2024-10-08T12:10:19","date_gmt":"2024-10-08T10:10:19","guid":{"rendered":"https:\/\/igpsm.uek.krakow.pl\/kgp\/?page_id=2429"},"modified":"2024-10-08T12:22:38","modified_gmt":"2024-10-08T10:22:38","slug":"aktualnosci","status":"publish","type":"page","link":"https:\/\/igpsm.uek.krakow.pl\/kgp\/aktualnosci\/","title":{"rendered":"Aktualno\u015bci"},"content":{"rendered":"\t\t<div data-elementor-type=\"wp-page\" data-elementor-id=\"2429\" class=\"elementor elementor-2429\">\n\t\t\t\t\t\t<section data-particle_enable=\"false\" data-particle-mobile-disabled=\"false\" class=\"elementor-section elementor-top-section elementor-element elementor-element-44684d3 elementor-section-boxed elementor-section-height-default elementor-section-height-default\" data-id=\"44684d3\" data-element_type=\"section\" data-settings=\"{&quot;jet_parallax_layout_list&quot;:[]}\">\n\t\t\t\t\t\t<div class=\"elementor-container elementor-column-gap-default\">\n\t\t\t\t\t<div class=\"elementor-column elementor-col-100 elementor-top-column elementor-element elementor-element-bf52e90\" data-id=\"bf52e90\" data-element_type=\"column\">\n\t\t\t<div class=\"elementor-widget-wrap elementor-element-populated\">\n\t\t\t\t\t\t<div class=\"elementor-element elementor-element-017dbae elementor-grid-tablet_extra-eael-col-4 elementor-grid-eael-col-3 elementor-grid-tablet-eael-col-2 elementor-grid-mobile-eael-col-1 elementor-widget elementor-widget-eael-post-grid\" data-id=\"017dbae\" data-element_type=\"widget\" data-settings=\"{&quot;eael_post_grid_columns_tablet_extra&quot;:&quot;eael-col-4&quot;,&quot;eael_post_grid_columns&quot;:&quot;eael-col-3&quot;,&quot;eael_post_grid_columns_tablet&quot;:&quot;eael-col-2&quot;,&quot;eael_post_grid_columns_mobile&quot;:&quot;eael-col-1&quot;}\" data-widget_type=\"eael-post-grid.default\">\n\t\t\t\t<div class=\"elementor-widget-container\">\n\t\t\t<div id=\"eael-post-grid-017dbae\" class=\"eael-post-grid-container\">\n            <div class=\"eael-post-grid eael-post-appender eael-post-appender-017dbae eael-post-grid-style-two\" data-layout-mode=\"grid\"><article class=\"eael-grid-post eael-post-grid-column\" data-id=\"2976\">\n        <div class=\"eael-grid-post-holder\">\n            <div class=\"eael-grid-post-holder-inner\"><div class=\"eael-entry-media\"><div class=\"eael-entry-overlay fade-in\"><i class=\"fas fa-long-arrow-alt-right\" aria-hidden=\"true\"><\/i><a href=\"https:\/\/igpsm.uek.krakow.pl\/kgp\/2026\/04\/07\/warsztaty-konsultacyjne-z-udzialem-studentow-gospodarki-przestrzennej\/\"><\/a><\/div><div class=\"eael-entry-thumbnail \">\n                                <img fetchpriority=\"high\" decoding=\"async\" width=\"1920\" height=\"1593\" src=\"https:\/\/igpsm.uek.krakow.pl\/kgp\/wp-content\/uploads\/sites\/3\/2026\/04\/214331d2-f2d3-4a04-9c9d-2701a2d92afb.jpg\" class=\"attachment-full size-full wp-image-2977\" alt=\"\" srcset=\"https:\/\/igpsm.uek.krakow.pl\/kgp\/wp-content\/uploads\/sites\/3\/2026\/04\/214331d2-f2d3-4a04-9c9d-2701a2d92afb.jpg 1920w, https:\/\/igpsm.uek.krakow.pl\/kgp\/wp-content\/uploads\/sites\/3\/2026\/04\/214331d2-f2d3-4a04-9c9d-2701a2d92afb-300x249.jpg 300w, https:\/\/igpsm.uek.krakow.pl\/kgp\/wp-content\/uploads\/sites\/3\/2026\/04\/214331d2-f2d3-4a04-9c9d-2701a2d92afb-1024x850.jpg 1024w, https:\/\/igpsm.uek.krakow.pl\/kgp\/wp-content\/uploads\/sites\/3\/2026\/04\/214331d2-f2d3-4a04-9c9d-2701a2d92afb-768x637.jpg 768w, https:\/\/igpsm.uek.krakow.pl\/kgp\/wp-content\/uploads\/sites\/3\/2026\/04\/214331d2-f2d3-4a04-9c9d-2701a2d92afb-1536x1274.jpg 1536w, https:\/\/igpsm.uek.krakow.pl\/kgp\/wp-content\/uploads\/sites\/3\/2026\/04\/214331d2-f2d3-4a04-9c9d-2701a2d92afb-1140x946.jpg 1140w\" sizes=\"(max-width: 1920px) 100vw, 1920px\" \/>\n                              <\/div>\n                      <\/div><div class=\"eael-entry-wrapper\"><header class=\"eael-entry-header\"><h2 class=\"eael-entry-title\"><a class=\"eael-grid-post-link\" href=\"https:\/\/igpsm.uek.krakow.pl\/kgp\/2026\/04\/07\/warsztaty-konsultacyjne-z-udzialem-studentow-gospodarki-przestrzennej\/\" title=\"Warsztaty konsultacyjne z udzia\u0142em student\u00f3w Gospodarki przestrzennej\">Warsztaty konsultacyjne z udzia\u0142em student\u00f3w Gospodarki przestrzennej<\/a><\/h2><\/header><div class=\"eael-entry-header-after style-two\"><div class=\"eael-entry-meta\"><span class=\"eael-posted-on eael-meta-posted-on\"><i class=\"far fa-clock\"><\/i><time datetime=\"2026-04-07\">2026-04-07<\/time><\/span><\/div><\/div><div class=\"eael-entry-content\">\n                                    <div class=\"eael-grid-post-excerpt\"><p>W ramach zaj\u0119\u0107 terenowych z przedmiotu \u201ePartycypacja spo\u0142eczna w zarz\u0105dzaniu...<\/p><a\n                                        href=\"https:\/\/igpsm.uek.krakow.pl\/kgp\/2026\/04\/07\/warsztaty-konsultacyjne-z-udzialem-studentow-gospodarki-przestrzennej\/\"\n                                        class=\"eael-post-elements-readmore-btn\">Czytaj wi\u0119cej  \u2013&gt;<\/a><\/div>\n                                <\/div><\/div><\/div>\n        <\/div>\n    <\/article><article class=\"eael-grid-post eael-post-grid-column\" data-id=\"2972\">\n        <div class=\"eael-grid-post-holder\">\n            <div class=\"eael-grid-post-holder-inner\"><div class=\"eael-entry-media\"><div class=\"eael-entry-overlay fade-in\"><i class=\"fas fa-long-arrow-alt-right\" aria-hidden=\"true\"><\/i><a href=\"https:\/\/igpsm.uek.krakow.pl\/kgp\/2026\/04\/07\/debata-na-temat-strefy-czystego-transportu\/\"><\/a><\/div><div class=\"eael-entry-thumbnail \">\n                                <img decoding=\"async\" width=\"1200\" height=\"850\" src=\"https:\/\/igpsm.uek.krakow.pl\/kgp\/wp-content\/uploads\/sites\/3\/2026\/04\/2025-12-05_11_15_23m.jpg\" class=\"attachment-full size-full wp-image-2973\" alt=\"\" srcset=\"https:\/\/igpsm.uek.krakow.pl\/kgp\/wp-content\/uploads\/sites\/3\/2026\/04\/2025-12-05_11_15_23m.jpg 1200w, https:\/\/igpsm.uek.krakow.pl\/kgp\/wp-content\/uploads\/sites\/3\/2026\/04\/2025-12-05_11_15_23m-300x213.jpg 300w, https:\/\/igpsm.uek.krakow.pl\/kgp\/wp-content\/uploads\/sites\/3\/2026\/04\/2025-12-05_11_15_23m-1024x725.jpg 1024w, https:\/\/igpsm.uek.krakow.pl\/kgp\/wp-content\/uploads\/sites\/3\/2026\/04\/2025-12-05_11_15_23m-768x544.jpg 768w, https:\/\/igpsm.uek.krakow.pl\/kgp\/wp-content\/uploads\/sites\/3\/2026\/04\/2025-12-05_11_15_23m-1140x808.jpg 1140w\" sizes=\"(max-width: 1200px) 100vw, 1200px\" \/>\n                              <\/div>\n                      <\/div><div class=\"eael-entry-wrapper\"><header class=\"eael-entry-header\"><h2 class=\"eael-entry-title\"><a class=\"eael-grid-post-link\" href=\"https:\/\/igpsm.uek.krakow.pl\/kgp\/2026\/04\/07\/debata-na-temat-strefy-czystego-transportu\/\" title=\"Dyskusja na temat Strefy Czystego Transportu\">Dyskusja na temat Strefy Czystego Transportu<\/a><\/h2><\/header><div class=\"eael-entry-header-after style-two\"><div class=\"eael-entry-meta\"><span class=\"eael-posted-on eael-meta-posted-on\"><i class=\"far fa-clock\"><\/i><time datetime=\"2026-04-07\">2026-04-07<\/time><\/span><\/div><\/div><div class=\"eael-entry-content\">\n                                    <div class=\"eael-grid-post-excerpt\"><p>Dyskusja o strefie czystego transportu w Krakowie \u2013 relacja z...<\/p><a\n                                        href=\"https:\/\/igpsm.uek.krakow.pl\/kgp\/2026\/04\/07\/debata-na-temat-strefy-czystego-transportu\/\"\n                                        class=\"eael-post-elements-readmore-btn\">Czytaj wi\u0119cej  \u2013&gt;<\/a><\/div>\n                                <\/div><\/div><\/div>\n        <\/div>\n    <\/article><article class=\"eael-grid-post eael-post-grid-column\" data-id=\"2935\">\n        <div class=\"eael-grid-post-holder\">\n            <div class=\"eael-grid-post-holder-inner\"><div class=\"eael-entry-media\"><div class=\"eael-entry-overlay fade-in\"><i class=\"fas fa-long-arrow-alt-right\" aria-hidden=\"true\"><\/i><a href=\"https:\/\/igpsm.uek.krakow.pl\/kgp\/2026\/03\/05\/nowy\/\"><\/a><\/div><div class=\"eael-entry-thumbnail \">\n                                <img decoding=\"async\" width=\"2400\" height=\"653\" src=\"https:\/\/igpsm.uek.krakow.pl\/kgp\/wp-content\/uploads\/sites\/3\/2023\/02\/konferencje-top.jpg\" class=\"attachment-full size-full wp-image-749\" alt=\"\" srcset=\"https:\/\/igpsm.uek.krakow.pl\/kgp\/wp-content\/uploads\/sites\/3\/2023\/02\/konferencje-top.jpg 2400w, https:\/\/igpsm.uek.krakow.pl\/kgp\/wp-content\/uploads\/sites\/3\/2023\/02\/konferencje-top-300x82.jpg 300w, https:\/\/igpsm.uek.krakow.pl\/kgp\/wp-content\/uploads\/sites\/3\/2023\/02\/konferencje-top-1024x279.jpg 1024w, https:\/\/igpsm.uek.krakow.pl\/kgp\/wp-content\/uploads\/sites\/3\/2023\/02\/konferencje-top-768x209.jpg 768w, https:\/\/igpsm.uek.krakow.pl\/kgp\/wp-content\/uploads\/sites\/3\/2023\/02\/konferencje-top-1536x418.jpg 1536w, https:\/\/igpsm.uek.krakow.pl\/kgp\/wp-content\/uploads\/sites\/3\/2023\/02\/konferencje-top-2048x557.jpg 2048w, https:\/\/igpsm.uek.krakow.pl\/kgp\/wp-content\/uploads\/sites\/3\/2023\/02\/konferencje-top-1140x310.jpg 1140w\" sizes=\"(max-width: 2400px) 100vw, 2400px\" \/>\n                              <\/div>\n                      <\/div><div class=\"eael-entry-wrapper\"><header class=\"eael-entry-header\"><h2 class=\"eael-entry-title\"><a class=\"eael-grid-post-link\" href=\"https:\/\/igpsm.uek.krakow.pl\/kgp\/2026\/03\/05\/nowy\/\" title=\"Nowy pracownik w Katedrze Gospodarki Przestrzennej\">Nowy pracownik w Katedrze Gospodarki Przestrzennej<\/a><\/h2><\/header><div class=\"eael-entry-header-after style-two\"><div class=\"eael-entry-meta\"><span class=\"eael-posted-on eael-meta-posted-on\"><i class=\"far fa-clock\"><\/i><time datetime=\"2026-03-05\">2026-03-05<\/time><\/span><\/div><\/div><div class=\"eael-entry-content\">\n                                    <div class=\"eael-grid-post-excerpt\"><p>Z przyjemno\u015bci\u0105 informujemy, \u017ce od 01.03.2026 r. do grona pracownik\u00f3w...<\/p><a\n                                        href=\"https:\/\/igpsm.uek.krakow.pl\/kgp\/2026\/03\/05\/nowy\/\"\n                                        class=\"eael-post-elements-readmore-btn\">Czytaj wi\u0119cej  \u2013&gt;<\/a><\/div>\n                                <\/div><\/div><\/div>\n        <\/div>\n    <\/article><article class=\"eael-grid-post eael-post-grid-column\" data-id=\"2845\">\n        <div class=\"eael-grid-post-holder\">\n            <div class=\"eael-grid-post-holder-inner\"><div class=\"eael-entry-media\"><div class=\"eael-entry-overlay fade-in\"><i class=\"fas fa-long-arrow-alt-right\" aria-hidden=\"true\"><\/i><a href=\"https:\/\/igpsm.uek.krakow.pl\/kgp\/2026\/02\/02\/d\/\"><\/a><\/div><div class=\"eael-entry-thumbnail \">\n                                <img loading=\"lazy\" decoding=\"async\" width=\"809\" height=\"805\" src=\"https:\/\/igpsm.uek.krakow.pl\/kgp\/wp-content\/uploads\/sites\/3\/2026\/02\/Zrzut-ekranu-2026-03-04-103826.jpg\" class=\"attachment-full size-full wp-image-2888\" alt=\"\" srcset=\"https:\/\/igpsm.uek.krakow.pl\/kgp\/wp-content\/uploads\/sites\/3\/2026\/02\/Zrzut-ekranu-2026-03-04-103826.jpg 809w, https:\/\/igpsm.uek.krakow.pl\/kgp\/wp-content\/uploads\/sites\/3\/2026\/02\/Zrzut-ekranu-2026-03-04-103826-300x300.jpg 300w, https:\/\/igpsm.uek.krakow.pl\/kgp\/wp-content\/uploads\/sites\/3\/2026\/02\/Zrzut-ekranu-2026-03-04-103826-150x150.jpg 150w, https:\/\/igpsm.uek.krakow.pl\/kgp\/wp-content\/uploads\/sites\/3\/2026\/02\/Zrzut-ekranu-2026-03-04-103826-768x764.jpg 768w, https:\/\/igpsm.uek.krakow.pl\/kgp\/wp-content\/uploads\/sites\/3\/2026\/02\/Zrzut-ekranu-2026-03-04-103826-75x75.jpg 75w\" sizes=\"(max-width: 809px) 100vw, 809px\" \/>\n                              <\/div>\n                      <\/div><div class=\"eael-entry-wrapper\"><header class=\"eael-entry-header\"><h2 class=\"eael-entry-title\"><a class=\"eael-grid-post-link\" href=\"https:\/\/igpsm.uek.krakow.pl\/kgp\/2026\/02\/02\/d\/\" title=\"Debata oksfordzka Ko\u0142a Naukowego Gospodarki Przestrzennej\">Debata oksfordzka Ko\u0142a Naukowego Gospodarki Przestrzennej<\/a><\/h2><\/header><div class=\"eael-entry-header-after style-two\"><div class=\"eael-entry-meta\"><span class=\"eael-posted-on eael-meta-posted-on\"><i class=\"far fa-clock\"><\/i><time datetime=\"2026-02-02\">2026-02-02<\/time><\/span><\/div><\/div><div class=\"eael-entry-content\">\n                                    <div class=\"eael-grid-post-excerpt\"><p>Debata Oksfordzka \u2013 Relacja Debata oksfordzka Ko\u0142a Naukowego Gospodarki Przestrzennej...<\/p><a\n                                        href=\"https:\/\/igpsm.uek.krakow.pl\/kgp\/2026\/02\/02\/d\/\"\n                                        class=\"eael-post-elements-readmore-btn\">Czytaj wi\u0119cej  \u2013&gt;<\/a><\/div>\n                                <\/div><\/div><\/div>\n        <\/div>\n    <\/article><article class=\"eael-grid-post eael-post-grid-column\" data-id=\"2688\">\n        <div class=\"eael-grid-post-holder\">\n            <div class=\"eael-grid-post-holder-inner\"><div class=\"eael-entry-media\"><div class=\"eael-entry-overlay fade-in\"><i class=\"fas fa-long-arrow-alt-right\" aria-hidden=\"true\"><\/i><a href=\"https:\/\/igpsm.uek.krakow.pl\/kgp\/2025\/11\/03\/gospodarka-przestrzenna-%cc%b6-inzynieria-przyszlosci\/\"><\/a><\/div><div class=\"eael-entry-thumbnail \">\n                                <img loading=\"lazy\" decoding=\"async\" width=\"1536\" height=\"2048\" src=\"https:\/\/igpsm.uek.krakow.pl\/kgp\/wp-content\/uploads\/sites\/3\/2026\/01\/fot.-Izabela-Staszowska-i-Dagmara-Pieronek-2.jpg\" class=\"attachment-full size-full wp-image-2701\" alt=\"\" srcset=\"https:\/\/igpsm.uek.krakow.pl\/kgp\/wp-content\/uploads\/sites\/3\/2026\/01\/fot.-Izabela-Staszowska-i-Dagmara-Pieronek-2.jpg 1536w, https:\/\/igpsm.uek.krakow.pl\/kgp\/wp-content\/uploads\/sites\/3\/2026\/01\/fot.-Izabela-Staszowska-i-Dagmara-Pieronek-2-225x300.jpg 225w, https:\/\/igpsm.uek.krakow.pl\/kgp\/wp-content\/uploads\/sites\/3\/2026\/01\/fot.-Izabela-Staszowska-i-Dagmara-Pieronek-2-768x1024.jpg 768w, https:\/\/igpsm.uek.krakow.pl\/kgp\/wp-content\/uploads\/sites\/3\/2026\/01\/fot.-Izabela-Staszowska-i-Dagmara-Pieronek-2-1152x1536.jpg 1152w, https:\/\/igpsm.uek.krakow.pl\/kgp\/wp-content\/uploads\/sites\/3\/2026\/01\/fot.-Izabela-Staszowska-i-Dagmara-Pieronek-2-1140x1520.jpg 1140w\" sizes=\"(max-width: 1536px) 100vw, 1536px\" \/>\n                              <\/div>\n                      <\/div><div class=\"eael-entry-wrapper\"><header class=\"eael-entry-header\"><h2 class=\"eael-entry-title\"><a class=\"eael-grid-post-link\" href=\"https:\/\/igpsm.uek.krakow.pl\/kgp\/2025\/11\/03\/gospodarka-przestrzenna-%cc%b6-inzynieria-przyszlosci\/\" title=\"Gospodarka przestrzenna \u0336 in\u017cynieria przysz\u0142o\u015bci\">Gospodarka przestrzenna \u0336 in\u017cynieria przysz\u0142o\u015bci<\/a><\/h2><\/header><div class=\"eael-entry-header-after style-two\"><div class=\"eael-entry-meta\"><span class=\"eael-posted-on eael-meta-posted-on\"><i class=\"far fa-clock\"><\/i><time datetime=\"2025-11-03\">2025-11-03<\/time><\/span><\/div><\/div><div class=\"eael-entry-content\">\n                                    <div class=\"eael-grid-post-excerpt\"><p>W ramach zaj\u0119\u0107 terenowych z przedmiotu Ekologistyka sieci osadniczych studenci...<\/p><a\n                                        href=\"https:\/\/igpsm.uek.krakow.pl\/kgp\/2025\/11\/03\/gospodarka-przestrzenna-%cc%b6-inzynieria-przyszlosci\/\"\n                                        class=\"eael-post-elements-readmore-btn\">Czytaj wi\u0119cej  \u2013&gt;<\/a><\/div>\n                                <\/div><\/div><\/div>\n        <\/div>\n    <\/article><article class=\"eael-grid-post eael-post-grid-column\" data-id=\"2681\">\n        <div class=\"eael-grid-post-holder\">\n            <div class=\"eael-grid-post-holder-inner\"><div class=\"eael-entry-media\"><div class=\"eael-entry-overlay fade-in\"><i class=\"fas fa-long-arrow-alt-right\" aria-hidden=\"true\"><\/i><a href=\"https:\/\/igpsm.uek.krakow.pl\/kgp\/2025\/10\/28\/stowarzyszenie-metropolia-krakowska\/\"><\/a><\/div><div class=\"eael-entry-thumbnail \">\n                                <img loading=\"lazy\" decoding=\"async\" width=\"474\" height=\"148\" src=\"https:\/\/igpsm.uek.krakow.pl\/kgp\/wp-content\/uploads\/sites\/3\/2025\/10\/met0.jpg\" class=\"attachment-full size-full wp-image-2750\" alt=\"\" srcset=\"https:\/\/igpsm.uek.krakow.pl\/kgp\/wp-content\/uploads\/sites\/3\/2025\/10\/met0.jpg 474w, https:\/\/igpsm.uek.krakow.pl\/kgp\/wp-content\/uploads\/sites\/3\/2025\/10\/met0-300x94.jpg 300w\" sizes=\"(max-width: 474px) 100vw, 474px\" \/>\n                              <\/div>\n                      <\/div><div class=\"eael-entry-wrapper\"><header class=\"eael-entry-header\"><h2 class=\"eael-entry-title\"><a class=\"eael-grid-post-link\" href=\"https:\/\/igpsm.uek.krakow.pl\/kgp\/2025\/10\/28\/stowarzyszenie-metropolia-krakowska\/\" title=\"Stowarzyszenie Metropolia Krakowska\">Stowarzyszenie Metropolia Krakowska<\/a><\/h2><\/header><div class=\"eael-entry-header-after style-two\"><div class=\"eael-entry-meta\"><span class=\"eael-posted-on eael-meta-posted-on\"><i class=\"far fa-clock\"><\/i><time datetime=\"2025-10-28\">2025-10-28<\/time><\/span><\/div><\/div><div class=\"eael-entry-content\">\n                                    <div class=\"eael-grid-post-excerpt\"><p>Pracownicy Katedry Gospodarki Przestrzennej UEK w Krakowie \u2013 dr Laura...<\/p><a\n                                        href=\"https:\/\/igpsm.uek.krakow.pl\/kgp\/2025\/10\/28\/stowarzyszenie-metropolia-krakowska\/\"\n                                        class=\"eael-post-elements-readmore-btn\">Czytaj wi\u0119cej  \u2013&gt;<\/a><\/div>\n                                <\/div><\/div><\/div>\n        <\/div>\n    <\/article><article class=\"eael-grid-post eael-post-grid-column\" data-id=\"2674\">\n        <div class=\"eael-grid-post-holder\">\n            <div class=\"eael-grid-post-holder-inner\"><div class=\"eael-entry-media\"><div class=\"eael-entry-overlay fade-in\"><i class=\"fas fa-long-arrow-alt-right\" aria-hidden=\"true\"><\/i><a href=\"https:\/\/igpsm.uek.krakow.pl\/kgp\/2025\/10\/15\/ogloszenie-wynikow-konkursu-tup-na-najlepsze-pracy-dyplomowe-na-biennale-architektury\/\"><\/a><\/div><div class=\"eael-entry-thumbnail \">\n                                <img loading=\"lazy\" decoding=\"async\" width=\"2048\" height=\"1536\" src=\"https:\/\/igpsm.uek.krakow.pl\/kgp\/wp-content\/uploads\/sites\/3\/2025\/11\/tup-2025.jpg\" class=\"attachment-full size-full wp-image-2680\" alt=\"\" srcset=\"https:\/\/igpsm.uek.krakow.pl\/kgp\/wp-content\/uploads\/sites\/3\/2025\/11\/tup-2025.jpg 2048w, https:\/\/igpsm.uek.krakow.pl\/kgp\/wp-content\/uploads\/sites\/3\/2025\/11\/tup-2025-300x225.jpg 300w, https:\/\/igpsm.uek.krakow.pl\/kgp\/wp-content\/uploads\/sites\/3\/2025\/11\/tup-2025-1024x768.jpg 1024w, https:\/\/igpsm.uek.krakow.pl\/kgp\/wp-content\/uploads\/sites\/3\/2025\/11\/tup-2025-768x576.jpg 768w, https:\/\/igpsm.uek.krakow.pl\/kgp\/wp-content\/uploads\/sites\/3\/2025\/11\/tup-2025-1536x1152.jpg 1536w, https:\/\/igpsm.uek.krakow.pl\/kgp\/wp-content\/uploads\/sites\/3\/2025\/11\/tup-2025-1140x855.jpg 1140w\" sizes=\"(max-width: 2048px) 100vw, 2048px\" \/>\n                              <\/div>\n                      <\/div><div class=\"eael-entry-wrapper\"><header class=\"eael-entry-header\"><h2 class=\"eael-entry-title\"><a class=\"eael-grid-post-link\" href=\"https:\/\/igpsm.uek.krakow.pl\/kgp\/2025\/10\/15\/ogloszenie-wynikow-konkursu-tup-na-najlepsze-pracy-dyplomowe-na-biennale-architektury\/\" title=\"Og\u0142oszenie wynik\u00f3w konkursu TUP na najlepsze pracy dyplomowe na Biennale Architektury\">Og\u0142oszenie wynik\u00f3w konkursu TUP na najlepsze pracy dyplomowe na Biennale Architektury<\/a><\/h2><\/header><div class=\"eael-entry-header-after style-two\"><div class=\"eael-entry-meta\"><span class=\"eael-posted-on eael-meta-posted-on\"><i class=\"far fa-clock\"><\/i><time datetime=\"2025-10-15\">2025-10-15<\/time><\/span><\/div><\/div><div class=\"eael-entry-content\">\n                                    <div class=\"eael-grid-post-excerpt\"><p>Na Mi\u0119dzynarodowym Biennale Architektury w Krakowie odby\u0142 si\u0119 panel Towarzystwa...<\/p><a\n                                        href=\"https:\/\/igpsm.uek.krakow.pl\/kgp\/2025\/10\/15\/ogloszenie-wynikow-konkursu-tup-na-najlepsze-pracy-dyplomowe-na-biennale-architektury\/\"\n                                        class=\"eael-post-elements-readmore-btn\">Czytaj wi\u0119cej  \u2013&gt;<\/a><\/div>\n                                <\/div><\/div><\/div>\n        <\/div>\n    <\/article><article class=\"eael-grid-post eael-post-grid-column\" data-id=\"2663\">\n        <div class=\"eael-grid-post-holder\">\n            <div class=\"eael-grid-post-holder-inner\"><div class=\"eael-entry-media\"><div class=\"eael-entry-overlay fade-in\"><i class=\"fas fa-long-arrow-alt-right\" aria-hidden=\"true\"><\/i><a href=\"https:\/\/igpsm.uek.krakow.pl\/kgp\/2025\/07\/14\/aesop-congress-instanbul\/\"><\/a><\/div><div class=\"eael-entry-thumbnail \">\n                                <img loading=\"lazy\" decoding=\"async\" width=\"906\" height=\"411\" src=\"https:\/\/igpsm.uek.krakow.pl\/kgp\/wp-content\/uploads\/sites\/3\/2025\/11\/ISTANBUL.jpg\" class=\"attachment-full size-full wp-image-2664\" alt=\"\" srcset=\"https:\/\/igpsm.uek.krakow.pl\/kgp\/wp-content\/uploads\/sites\/3\/2025\/11\/ISTANBUL.jpg 906w, https:\/\/igpsm.uek.krakow.pl\/kgp\/wp-content\/uploads\/sites\/3\/2025\/11\/ISTANBUL-300x136.jpg 300w, https:\/\/igpsm.uek.krakow.pl\/kgp\/wp-content\/uploads\/sites\/3\/2025\/11\/ISTANBUL-768x348.jpg 768w\" sizes=\"(max-width: 906px) 100vw, 906px\" \/>\n                              <\/div>\n                      <\/div><div class=\"eael-entry-wrapper\"><header class=\"eael-entry-header\"><h2 class=\"eael-entry-title\"><a class=\"eael-grid-post-link\" href=\"https:\/\/igpsm.uek.krakow.pl\/kgp\/2025\/07\/14\/aesop-congress-instanbul\/\" title=\"AESOP CONGRESS INSTANBUL\">AESOP CONGRESS INSTANBUL<\/a><\/h2><\/header><div class=\"eael-entry-header-after style-two\"><div class=\"eael-entry-meta\"><span class=\"eael-posted-on eael-meta-posted-on\"><i class=\"far fa-clock\"><\/i><time datetime=\"2025-07-14\">2025-07-14<\/time><\/span><\/div><\/div><div class=\"eael-entry-content\">\n                                    <div class=\"eael-grid-post-excerpt\"><p>Planning as a transformative action in an age of planetary...<\/p><a\n                                        href=\"https:\/\/igpsm.uek.krakow.pl\/kgp\/2025\/07\/14\/aesop-congress-instanbul\/\"\n                                        class=\"eael-post-elements-readmore-btn\">Czytaj wi\u0119cej  \u2013&gt;<\/a><\/div>\n                                <\/div><\/div><\/div>\n        <\/div>\n    <\/article><article class=\"eael-grid-post eael-post-grid-column\" data-id=\"2604\">\n        <div class=\"eael-grid-post-holder\">\n            <div class=\"eael-grid-post-holder-inner\"><div class=\"eael-entry-media\"><div class=\"eael-entry-overlay fade-in\"><i class=\"fas fa-long-arrow-alt-right\" aria-hidden=\"true\"><\/i><a href=\"https:\/\/igpsm.uek.krakow.pl\/kgp\/2025\/06\/25\/wystawa-prac-studenckich\/\"><\/a><\/div><div class=\"eael-entry-thumbnail \">\n                                <img loading=\"lazy\" decoding=\"async\" width=\"1587\" height=\"2245\" src=\"https:\/\/igpsm.uek.krakow.pl\/kgp\/wp-content\/uploads\/sites\/3\/2025\/06\/Wystawa_14_06.png\" class=\"attachment-full size-full wp-image-2626\" alt=\"\" srcset=\"https:\/\/igpsm.uek.krakow.pl\/kgp\/wp-content\/uploads\/sites\/3\/2025\/06\/Wystawa_14_06.png 1587w, https:\/\/igpsm.uek.krakow.pl\/kgp\/wp-content\/uploads\/sites\/3\/2025\/06\/Wystawa_14_06-212x300.png 212w, https:\/\/igpsm.uek.krakow.pl\/kgp\/wp-content\/uploads\/sites\/3\/2025\/06\/Wystawa_14_06-724x1024.png 724w, https:\/\/igpsm.uek.krakow.pl\/kgp\/wp-content\/uploads\/sites\/3\/2025\/06\/Wystawa_14_06-768x1086.png 768w, https:\/\/igpsm.uek.krakow.pl\/kgp\/wp-content\/uploads\/sites\/3\/2025\/06\/Wystawa_14_06-1086x1536.png 1086w, https:\/\/igpsm.uek.krakow.pl\/kgp\/wp-content\/uploads\/sites\/3\/2025\/06\/Wystawa_14_06-1448x2048.png 1448w, https:\/\/igpsm.uek.krakow.pl\/kgp\/wp-content\/uploads\/sites\/3\/2025\/06\/Wystawa_14_06-1140x1613.png 1140w\" sizes=\"(max-width: 1587px) 100vw, 1587px\" \/>\n                              <\/div>\n                      <\/div><div class=\"eael-entry-wrapper\"><header class=\"eael-entry-header\"><h2 class=\"eael-entry-title\"><a class=\"eael-grid-post-link\" href=\"https:\/\/igpsm.uek.krakow.pl\/kgp\/2025\/06\/25\/wystawa-prac-studenckich\/\" title=\"Wystawa prac studenckich\">Wystawa prac studenckich<\/a><\/h2><\/header><div class=\"eael-entry-header-after style-two\"><div class=\"eael-entry-meta\"><span class=\"eael-posted-on eael-meta-posted-on\"><i class=\"far fa-clock\"><\/i><time datetime=\"2025-06-25\">2025-06-25<\/time><\/span><\/div><\/div><div class=\"eael-entry-content\">\n                                    <div class=\"eael-grid-post-excerpt\"><p>W dniach 17\u201324 czerwca 2025 r. w holu Pawilonu Sportowo-Dydaktycznego...<\/p><a\n                                        href=\"https:\/\/igpsm.uek.krakow.pl\/kgp\/2025\/06\/25\/wystawa-prac-studenckich\/\"\n                                        class=\"eael-post-elements-readmore-btn\">Czytaj wi\u0119cej  \u2013&gt;<\/a><\/div>\n                                <\/div><\/div><\/div>\n        <\/div>\n    <\/article><article class=\"eael-grid-post eael-post-grid-column\" data-id=\"2600\">\n        <div class=\"eael-grid-post-holder\">\n            <div class=\"eael-grid-post-holder-inner\"><div class=\"eael-entry-media\"><div class=\"eael-entry-overlay fade-in\"><i class=\"fas fa-long-arrow-alt-right\" aria-hidden=\"true\"><\/i><a href=\"https:\/\/igpsm.uek.krakow.pl\/kgp\/2025\/06\/25\/urban-workshop-marketplaces-as-places-of-local-activities-strategy-design-people\/\"><\/a><\/div><div class=\"eael-entry-thumbnail \">\n                                <img loading=\"lazy\" decoding=\"async\" width=\"1587\" height=\"2245\" src=\"https:\/\/igpsm.uek.krakow.pl\/kgp\/wp-content\/uploads\/sites\/3\/2025\/06\/thumbnail_warsztaty-targowiska.png\" class=\"attachment-full size-full wp-image-2601\" alt=\"\" srcset=\"https:\/\/igpsm.uek.krakow.pl\/kgp\/wp-content\/uploads\/sites\/3\/2025\/06\/thumbnail_warsztaty-targowiska.png 1587w, https:\/\/igpsm.uek.krakow.pl\/kgp\/wp-content\/uploads\/sites\/3\/2025\/06\/thumbnail_warsztaty-targowiska-212x300.png 212w, https:\/\/igpsm.uek.krakow.pl\/kgp\/wp-content\/uploads\/sites\/3\/2025\/06\/thumbnail_warsztaty-targowiska-724x1024.png 724w, https:\/\/igpsm.uek.krakow.pl\/kgp\/wp-content\/uploads\/sites\/3\/2025\/06\/thumbnail_warsztaty-targowiska-768x1086.png 768w, https:\/\/igpsm.uek.krakow.pl\/kgp\/wp-content\/uploads\/sites\/3\/2025\/06\/thumbnail_warsztaty-targowiska-1086x1536.png 1086w, https:\/\/igpsm.uek.krakow.pl\/kgp\/wp-content\/uploads\/sites\/3\/2025\/06\/thumbnail_warsztaty-targowiska-1448x2048.png 1448w, https:\/\/igpsm.uek.krakow.pl\/kgp\/wp-content\/uploads\/sites\/3\/2025\/06\/thumbnail_warsztaty-targowiska-1140x1613.png 1140w\" sizes=\"(max-width: 1587px) 100vw, 1587px\" \/>\n                              <\/div>\n                      <\/div><div class=\"eael-entry-wrapper\"><header class=\"eael-entry-header\"><h2 class=\"eael-entry-title\"><a class=\"eael-grid-post-link\" href=\"https:\/\/igpsm.uek.krakow.pl\/kgp\/2025\/06\/25\/urban-workshop-marketplaces-as-places-of-local-activities-strategy-design-people\/\" title=\"Urban workshop MARKETPLACES AS PLACES OF LOCAL ACTIVITIES \u2013 STRATEGY, DESIGN, PEOPLE\">Urban workshop MARKETPLACES AS PLACES OF LOCAL ACTIVITIES \u2013 STRATEGY, DESIGN, PEOPLE<\/a><\/h2><\/header><div class=\"eael-entry-header-after style-two\"><div class=\"eael-entry-meta\"><span class=\"eael-posted-on eael-meta-posted-on\"><i class=\"far fa-clock\"><\/i><time datetime=\"2025-06-25\">2025-06-25<\/time><\/span><\/div><\/div><div class=\"eael-entry-content\">\n                                    <div class=\"eael-grid-post-excerpt\"><p>Relacja z mi\u0119dzynarodowych studenckich warsztat\u00f3w urbanistycznych:MARKETPLACES AS PLACES OF LOCAL...<\/p><a\n                                        href=\"https:\/\/igpsm.uek.krakow.pl\/kgp\/2025\/06\/25\/urban-workshop-marketplaces-as-places-of-local-activities-strategy-design-people\/\"\n                                        class=\"eael-post-elements-readmore-btn\">Czytaj wi\u0119cej  \u2013&gt;<\/a><\/div>\n                                <\/div><\/div><\/div>\n        <\/div>\n    <\/article><\/div>\n            <div class=\"clearfix\"><\/div>\n        <\/div>            <div class=\"eael-load-more-button-wrap eael-force-hide\">\n                <button class=\"eael-load-more-button\" id=\"eael-load-more-btn-017dbae\" data-widget-id=\"017dbae\" data-widget=\"017dbae\" data-page-id=\"2429\" data-template=\"{&quot;dir&quot;:&quot;lite&quot;,&quot;file_name&quot;:&quot;default.php&quot;,&quot;name&quot;:&quot;Post-Grid&quot;}\" data-class=\"Essential_Addons_Elementor\\Elements\\Post_Grid\" data-layout=\"grid\" data-page=\"1\" data-args=\"orderby=date&amp;order=desc&amp;ignore_sticky_posts=1&amp;post_status=publish&amp;posts_per_page=&amp;offset=0&amp;post_type=post&amp;tax_query%5B0%5D%5Btaxonomy%5D=category&amp;tax_query%5B0%5D%5Bfield%5D=term_id&amp;tax_query%5B0%5D%5Bterms%5D%5B0%5D=113&amp;tax_query%5Brelation%5D=AND\" data-max-page=\"26\">\n                    <span class=\"eael-btn-loader button__loader\"><\/span>\n                    <span class=\"eael_load_more_text\">Wi\u0119cej aktualno\u015bci<\/span>\n                <\/button>\n            <\/div>\n            \t\t<\/div>\n\t\t\t\t<\/div>\n\t\t\t\t\t<\/div>\n\t\t<\/div>\n\t\t\t\t\t<\/div>\n\t\t<\/section>\n\t\t\t\t<\/div>\n\t\t","protected":false},"excerpt":{"rendered":"<p>Nowe w\u0142adze uczelni (Dziekan, Dyrektor Instytut oraz Kierownik Katedry) 2024-10-08 W dniu 16 wrze\u015bnia 2024 r. na stanowisko Dziekana Kolegium&#8230; Czytaj wi\u0119cej \u2013&gt; Ora et labora 2023-10-24 Czytaj wi\u0119cej \u2013&gt; Wi\u0119cej aktualno\u015bci<\/p>\n","protected":false},"author":9,"featured_media":0,"parent":0,"menu_order":0,"comment_status":"closed","ping_status":"closed","template":"elementor_header_footer","meta":{"footnotes":""},"class_list":["post-2429","page","type-page","status-publish","hentry"],"_links":{"self":[{"href":"https:\/\/igpsm.uek.krakow.pl\/kgp\/wp-json\/wp\/v2\/pages\/2429"}],"collection":[{"href":"https:\/\/igpsm.uek.krakow.pl\/kgp\/wp-json\/wp\/v2\/pages"}],"about":[{"href":"https:\/\/igpsm.uek.krakow.pl\/kgp\/wp-json\/wp\/v2\/types\/page"}],"author":[{"embeddable":true,"href":"https:\/\/igpsm.uek.krakow.pl\/kgp\/wp-json\/wp\/v2\/users\/9"}],"replies":[{"embeddable":true,"href":"https:\/\/igpsm.uek.krakow.pl\/kgp\/wp-json\/wp\/v2\/comments?post=2429"}],"version-history":[{"count":28,"href":"https:\/\/igpsm.uek.krakow.pl\/kgp\/wp-json\/wp\/v2\/pages\/2429\/revisions"}],"predecessor-version":[{"id":2461,"href":"https:\/\/igpsm.uek.krakow.pl\/kgp\/wp-json\/wp\/v2\/pages\/2429\/revisions\/2461"}],"wp:attachment":[{"href":"https:\/\/igpsm.uek.krakow.pl\/kgp\/wp-json\/wp\/v2\/media?parent=2429"}],"curies":[{"name":"wp","href":"https:\/\/api.w.org\/{rel}","templated":true}]}}