{"id":313,"date":"2023-02-19T16:10:53","date_gmt":"2023-02-19T15:10:53","guid":{"rendered":"https:\/\/ie.uek.krakow.pl\/ke\/?page_id=313"},"modified":"2023-11-07T11:45:06","modified_gmt":"2023-11-07T10:45:06","slug":"badania-naukowe","status":"publish","type":"page","link":"https:\/\/igpsm.uek.krakow.pl\/kgp\/badania-naukowe\/","title":{"rendered":"Badania naukowe"},"content":{"rendered":"\t\t<div data-elementor-type=\"wp-page\" data-elementor-id=\"313\" class=\"elementor elementor-313\">\n\t\t\t\t\t\t<section data-particle_enable=\"false\" data-particle-mobile-disabled=\"false\" class=\"elementor-section elementor-top-section elementor-element elementor-element-1d441e8 elementor-section-boxed elementor-section-height-default elementor-section-height-default\" data-id=\"1d441e8\" data-element_type=\"section\" data-settings=\"{&quot;jet_parallax_layout_list&quot;:[]}\">\n\t\t\t\t\t\t<div class=\"elementor-container elementor-column-gap-default\">\n\t\t\t\t\t<div class=\"elementor-column elementor-col-100 elementor-top-column elementor-element elementor-element-c4658e4\" data-id=\"c4658e4\" data-element_type=\"column\">\n\t\t\t<div class=\"elementor-widget-wrap elementor-element-populated\">\n\t\t\t\t\t\t<div class=\"elementor-element elementor-element-860b63f elementor-widget elementor-widget-heading\" data-id=\"860b63f\" data-element_type=\"widget\" data-widget_type=\"heading.default\">\n\t\t\t\t<div class=\"elementor-widget-container\">\n\t\t\t<h2 class=\"elementor-heading-title elementor-size-default\">badania naukowe<\/h2>\t\t<\/div>\n\t\t\t\t<\/div>\n\t\t\t\t<div class=\"elementor-element elementor-element-a561ad0 elementor-widget elementor-widget-text-editor\" data-id=\"a561ad0\" data-element_type=\"widget\" data-widget_type=\"text-editor.default\">\n\t\t\t\t<div class=\"elementor-widget-container\">\n\t\t\t\t\t\t\t<h5>W ramach bada\u0144 zespo\u0142owych pracownicy Katedry prowadz\u0105 szeroko zakrojone badania i realizuj\u0105 ekspertyzy naukowe.\u00a0<\/h5>\t\t\t\t\t\t<\/div>\n\t\t\t\t<\/div>\n\t\t\t\t\t<\/div>\n\t\t<\/div>\n\t\t\t\t\t<\/div>\n\t\t<\/section>\n\t\t\t\t<section data-particle_enable=\"false\" data-particle-mobile-disabled=\"false\" class=\"elementor-section elementor-top-section elementor-element elementor-element-9200e8b elementor-section-boxed elementor-section-height-default elementor-section-height-default\" data-id=\"9200e8b\" data-element_type=\"section\" data-settings=\"{&quot;jet_parallax_layout_list&quot;:[]}\">\n\t\t\t\t\t\t<div class=\"elementor-container elementor-column-gap-default\">\n\t\t\t\t\t<div class=\"elementor-column elementor-col-100 elementor-top-column elementor-element elementor-element-dd5d0cc\" data-id=\"dd5d0cc\" data-element_type=\"column\">\n\t\t\t<div class=\"elementor-widget-wrap elementor-element-populated\">\n\t\t\t\t\t\t<div class=\"elementor-element elementor-element-c46e6be elementor-widget elementor-widget-text-editor\" data-id=\"c46e6be\" data-element_type=\"widget\" data-widget_type=\"text-editor.default\">\n\t\t\t\t<div class=\"elementor-widget-container\">\n\t\t\t\t\t\t\t<p><u>Badania Narodowego Centrum Nauki<\/u><\/p><p><strong>Sonata 2017-2021<\/strong><\/p><p>Temat projektu: <em>Mechanizmy finansowe w gospodarce wynikaj\u0105ce ze zjawiska urban sprawl<\/em>, Nr rej.: 2016\/23\/D\/HS4\/02961; kierownik projektu: Prof. UEK dr hab. Piotr Lity\u0144ski. Wykonawcy: dr in\u017c. Artur Ho\u0142uj, dr Krzysztof Jak\u00f3bik, dr Piotr Serafin; warto\u015b\u0107 projektu: 200 tys. z\u0142.<\/p><p><strong>Wyniki projektu NCN:<\/strong><\/p><p><em>Mechanizmy finansowe w gospodarce wynikaj\u0105ce ze zjawiska urban sprawl; <\/em>(2016\/23\/D\/HS4\/02961)<\/p><p>\u017bywio\u0142owa suburbanizacji (ang. <em>urban sprawl<\/em>) jest procesem obserwowanym w obszarach miejskich ka\u017cdego regionu \u015bwiata. Pomimo, i\u017c od po\u0142owy ub.w. podejmowane s\u0105 badaniach nad konskewencjami ekonomicznymi suburbanizacji, to jednak dotychczas nie wypracowano metod identyfikacji \u017cywio\u0142owo\u015bci, koncentruj\u0105c si\u0119 na skutkach og\u00f3lnie operacjonalizowanej suburbanizacji. Jako spo\u0142ecze\u0144stwo, nie wiedzieli\u015bmy zatem, czy nieuporz\u0105dkowana przestrzennie lokalizacja zabudowy w suburbiach wykazuje inne oddzia\u0142ywanie ekonomiczne, ni\u017c zabudowa suburbi\u00f3w, kt\u00f3ra pozostaje zwarta. Prezentowane badania, jako pierwsze w\u0142\u0105czaj\u0105 do wielkoskalowych bada\u0144 ekonomicznych metody pomiaru morfologii przestrzeni identyfkuj\u0105ce \u017cywio\u0142owo\u015b\u0107 lokalizacji zabudowy. Badaniem morfologicznym objeto 382 gminy o \u0142\u0105cznej powierzchni 4,5 tys. km<sup>2<\/sup> tj. 15% powierzchni Polski. Obszar ten podzielono sieci\u0105 kwadrat\u00f3w (dwie siatki o boku 500 m i 1 km). W kwadratach zliczano budynki. Liczba budynk\u00f3w badanego obszaru to 3,8 mln obiekt\u00f3w (25% budynk\u00f3w kraju). Kwadraty z liczb\u0105 budynk\u00f3w s\u0142u\u017cy\u0142y do obliczenia wska\u017anik\u00f3w <em>urban sprawl<\/em>. Wska\u017aniki urban sprawl wykorzystano w analizach korelacyjnych z wska\u017anikami finansowymi. Metody morfologiczne stanowi\u0142y podstaw\u0119 dla bada\u0144 nad konsekwencjami <em>urban sprawl<\/em> p\u0142yn\u0105cymi dla: jednostek samorz\u0105du terytorialnego, pa\u0144stwa, gospodarstw domowych oraz przedsi\u0119biorstw.<\/p><p>Rezultaty bada\u0144 przenikaj\u0105 do trzech dyscyplin, wp\u0142ywaj\u0105c na ich rozw\u00f3j, tj. do: geografii spo\u0142eczno-ekonomicznej i gospodarki przestrzennej, ekonomii i finans\u00f3w oraz nauki o polityce i administracji. Rozw\u00f3j dyscyplin wyra\u017ca si\u0119 w pierwszej kolejno\u015bci w stworzeniu metody i pomiarze <em>urban sprawl<\/em> w du\u017cej skali przestrzennej w Polsce. Rezultaty bada\u0144 morfologicznych dostarczaj\u0105 liczbowego obrazu rozproszenia zabudowy w blisko czterystu gminach w dw\u00f3ch przedzia\u0142ach czasowych (2015 i 2017). Rezultaty te stanowi\u0107 mog\u0105 punkt wyj\u015bciowy zar\u00f3wno dla monitorowania przemian przestrzennych, ale r\u00f3wnie\u017c dla formu\u0142owania oceny zmian (pozytywna: zwi\u0119kszanie zwarto\u015bci przestrzennej; negatywna: powi\u0119kszanie rozproszenia).<\/p><p>W dalszej kolejno\u015bci, rozw\u00f3j dyscyplin wi\u0105\u017ce si\u0119 z rozwini\u0119ciem wiedzy na temat ekonomicznego wp\u0142ywu i mechanizm\u00f3w finansowych uruchamianych przez <em>urban sprawl<\/em>. Wnioski z bada\u0144 pozwalaj\u0105 stwierdzi\u0107, \u017ce <em>urban sprawl<\/em> niekorzystnie wp\u0142ywa na kondycj\u0119 finansow\u0105 jednosek samorz\u0105du terytorialnego oraz gospodarstw domowych. <em>Urban sprawl<\/em> wp\u0142ywa r\u00f3wnie\u017c na spowolnienie wzrostu gospodarczego na poziomie lokalnym i cz\u0119\u015bciowo r\u00f3wnie\u017c kraju. Z drugiej strony, stwierdzono zaobserwowano pozytywny wp\u0142yw zjawiska na kondycj\u0119 finansow\u0105 przedsi\u0119biorstw. Nie stwierdzono natomiast negatywnego oddzia\u0142ywania na bud\u017cet pa\u0144stwa. Wiedza ta ma istotne znaczenia dla zwi\u0119kszania trafno\u015bci formu\u0142owania cel\u00f3w dla polityki publicznej. Znajomo\u015b\u0107 mechanizm\u00f3w finansowych zwi\u0119ksza r\u00f3wnie\u017c skuteczno\u015b\u0107 i efektywno\u015b\u0107 realizacji tej\u017ce polityki. Zidentyfikowane straty i korzy\u015bci oraz mechanizmy finansowe winny bowiem niuansowa\u0107 polityk\u0119 publiczn\u0105 adresowan\u0105 do problem\u00f3w generowanych przez <em>urban sprawl<\/em>. Niuansowanie odnosi si\u0119 do odpowiedniego potraktowania omawianego zjawiska z perspektywy polityki centralnej i lokalnej. Polityka poziomu centralnego nie powinna bezwzgl\u0119dnie ogranicza\u0107 <em>urban sprawl<\/em>, bo on nie ma szkodliwego wp\u0142ywu bud\u017cet pa\u0144stwa. Polityka ta winna koncentrowa\u0107 si\u0119 na jego kierunkowaniu w formie rekomendacji dla lokalnych polityk przestrzennych. Kierunkowanie to polega\u0107 powinno na stymulowaniu powstawania podmiejskich osiedli o strukturze zwartej. Polityka lokalna winna natomiast restrykcyjnie traktowa\u0107 lokalizacj\u0119 rezydencjonaln\u0105 prowadz\u0105c\u0105 do pog\u0142\u0119biania rozproszenia zabudowy; wspiera\u0107 natomiast lokalizacj\u0119 rezydencjonaln\u0105 skutkuj\u0105c\u0105 zwarto\u015bci\u0105 struktury. Nieco bardziej liberalnie mo\u017cna traktowa\u0107 zabudow\u0119 gospodarcz\u0105. Niemniej struktury zwarte przestrzennie maja korzystny wp\u0142yw na obci\u0105\u017cenia bud\u017cetowe gmin umo\u017cliwiaj\u0105c im efektywne dostarczanie lokalnych d\u00f3br i us\u0142ug publicznych, dynamizuj\u0105 rozw\u00f3j gospodarczy, ale i wykazuj\u0105 wy\u017csz\u0105 efektywno\u015b\u0107 bud\u017cetow\u0105 jednostek samorz\u0105du terytorialnego i kraju. Powstawanie struktur zwartych przyczynia\u0107 si\u0119 b\u0119dzie do efektywnego wykorzystania potencja\u0142u gospodarczego gmin, kraju ale r\u00f3wnie\u017c realizacji preferencji mieszkaniowych gospodarstw domowych i ich kondycji finansowej.<\/p><p><u>Badania statutowe<\/u><\/p><p><strong>Badania statutowe 2012<\/strong><\/p><ul><li>Temat projektu: <em>Ekonomiczne aspekty gospodarowania przestrzeni\u0105 miasta i regionu<\/em> \u2013 cz\u0119\u015b\u0107 1, kierownik projektu: Prof. dr hab. Tadeusz Kud\u0142acz. Wykonawcy: dr hab. Aleksander Bohm, prof. dr hab. Anna Hara\u0144czyk, prof. dr hab. Zygmunt Szymla, prof. dr hab. Andrzej Wo\u017aniak, dr hab. Bogus\u0142aw Luchter, dr Patrycja Bra\u0144ka, dr Halina Guzik, dr Monika Musia\u0142 Malago, dr Artur Ho\u0142uj, dr Piotr Serafin, dr Bernadetta Zawili\u0144ska, dr Barbara Ostrowska, dr Dorota Jopek, dr Jerzy Wrona;<\/li><\/ul><p><strong>Badania statutowe 2013<\/strong><\/p><ul><li>Temat projektu: <em>Ekonomiczne aspekty gospodarowania przestrzeni\u0105 miasta i regionu \u2013 cz\u0119\u015b\u0107 2<\/em>; Kierownik projektu: prof. dr hab. Tadeusz Kud\u0142acz. Wykonawcy: dr Patrycja Bra\u0144ka, dr in\u017c. Artur Ho\u0142uj, dr Piotr Lity\u0144ski, dr Monika Musia\u0142-Malago, dr Piotr Serafin, dr in\u017c. Dorota Jopek, dr Bernadetta Zawili\u0144ska, prof. dr hab. Anna Hara\u0144czyk, dr hab. in\u017c. Aleksander Nowor\u00f3l, prof. dr hab. Zygmunt Szymla, prof. UEK dr hab. in\u017c. Andrzej Wo\u017aniak, dr hab. Bogus\u0142aw Luchter, dr Halina Guzik, dr Barbara Ostrowska, dr Jerzy Wrona, mgr Wojciech Strzelczyk.<\/li><\/ul><p><strong>Badanie statutowe 2014<\/strong><\/p><ul><li>Temat projektu: <em>Infrastruktura w rozwoju regionalnym i lokalnym \u2013 studium przypadku Wojew\u00f3dztwa Ma\u0142opolskiego<\/em>; Kierownik projektu: prof. dr hab. Tadeusz Kud\u0142acz. Wykonawcy: dr Patrycja Bra\u0144ka, dr Artur Ho\u0142uj, dr Piotr Lity\u0144ski, dr Monika Musia\u0142-Malago, dr Piotr Serafin, mgr in\u017c. arch. Dorota Jopek, dr Bernadetta Zawili\u0144ska, prof. dr hab. Anna Hara\u0144czyk; prof. dr hab. in\u017c. arch. Aleksander Bohm, prof. UEK dr hab. in\u017c. arch. Aleksander Nowor\u00f3l, prof. UEK dr. hab. in\u017c. Andrzej Wo\u017aniak, dr hab. Bogus\u0142aw Luchter, dr Halina Guzik, mgr in\u017c. Karol Kwiatek, mgr in\u017c. Magdalena Zdun, mgr Wojciech Strzelczyk.\u00a0\u00a0\u00a0\u00a0<\/li><\/ul><p><strong>Badania statutowe 2015<\/strong><\/p><ul><li>Temat projektu: <em>Spo\u0142eczno-ekonomiczne przemiany w strefie podmiejskiej miast polskich \u2013 studium przypadku Krakowskiego Obszaru Metropolitalnego<\/em>; Kierownik projektu: prof. dr hab. Tadeusz Kud\u0142acz. Wykonawcy: dr Patrycja Bra\u0144ka, dr in\u017c. Artur Ho\u0142uj, dr Piotr Lity\u0144ski, dr Piotr Serafin, dr Bernadetta Zawili\u0144ska, prof. UEK dr hab. in\u017c. Andrzej Wo\u017aniak, dr hab. Bogus\u0142aw Luchter, dr Halina Guzik, mgr in\u017c. Karol Kwiatek, prof. UEK dr hab. in\u017c. arch. Aleksander Nowor\u00f3l, mgr Elwira Pizo\u0144;<\/li><li>Temat projektu: <em>Miasta w polityce rozwoju. Wybrane dylematy. Cz\u0119\u015b\u0107 I \u2013 Uwarunkowania i\u00a0konsekwencje procesu kurczenia si\u0119 miast<\/em>; Kierownik projektu: prof. dr hab. Anna Hara\u0144czyk. Wykonawcy: dr Monika Musia\u0142-Malago, mgr in\u017c. arch. Dorota Jopek, dr in\u017c. Magdalena Zdun, prof. dr in\u017c. arch. Aleksander Bohm.<\/li><\/ul><p><strong>Badania ze \u015brodk\u00f3w UEK 2016 <\/strong><\/p><ul><li>Temat projektu: <em>Gospodarowanie przestrzeni\u0105 miast i region\u00f3w \u2013 teoria \u2013 teoria i praktyka rozwoju obszar\u00f3w funkcjonalnych<\/em>; Kierownik projektu: prof. dr hab. Tadeusz Kud\u0142acz; Wykonawcy: dr Patrycja Bra\u0144ka, dr in\u017c. Artur Ho\u0142uj, dr Piotr Lity\u0144ski, Prof. UEK dr hab. Bogus\u0142aw Luchter, dr in\u017c. Agnieszka Petryk, dr Piotr Serafin, dr Bernadetta Zawili\u0144ska;<\/li><li>Temat projektu: <em>Krakowski Obszar Funkcjonalny. Spo\u0142ecze\u0144stwo \u2013 Gospodarka \u2013 Przestrze\u0144<\/em>; Kierownik projektu: prof. dr hab. Anna Hara\u0144czyk. Wykonawcy: dr in\u017c. Magdalena Zdun, mgr in\u017c. arch. Laura Klimczak, dr Monika Musia\u0142-Malago, dr in\u017c. arch. Dorota Jopek.<\/li><\/ul><p><strong>Badania statutowe 2017<\/strong><\/p><ul><li>Temat projektu: <em>Funkcjonalne miasto w teorii i praktyce. Identyfikacja, pomiar, ocena<\/em>; kierownik projektu: Prof. dr hab. Tadeusz Kud\u0142acz. Wykonawcy: dr Patrycja Bra\u0144ka, prof. dr hab. Anna Hara\u0144czyk, prof. dr hab. Aleksander Nowor\u00f3l, prof. UEK dr hab. Bogus\u0142aw Luchter, dr Monika Musia\u0142 Malago, dr in\u017c. Artur Ho\u0142uj, dr Piotr Serafin, dr Bernadetta Zawili\u0144ska, dr in\u017c. Dorota Jopek, dr in\u017c. Agnieszka Petryk, dr Piotr Lity\u0144ski, dr in\u017c. Magdalena Zdun, mgr in\u017c. Mateusz Ilba, mgr in\u017c. Laura Klimczak, mgr Marcin Semczuk, mgr in\u017c. arch. Agnieszka W\u0142och-Szymla.<\/li><\/ul><p><strong>Badania statutowe 2018<\/strong><\/p><ul><li>Temat projektu: <em>Gospodarowanie przestrzenia miast i region\u00f3w \u2013 wsp\u00f3\u0142czesne teorie i\u00a0wyzwania praktyki<\/em>; Kierownik projektu: Prof. dr hab. Tadeusz Kud\u0142acz. Wykonawcy: prof. dr hab. Aleksander Nowor\u00f3l, prof. UEK dr hab. Bogus\u0142aw Luchter, dr Monika Musia\u0142 Malago, dr in\u017c. Artur Ho\u0142uj, dr Piotr Serafin, dr Bernadetta Zawili\u0144ska, dr in\u017c. Dorota Jopek, dr in\u017c. Agnieszka Petryk, dr Piotr Lity\u0144ski, dr in\u017c. Magdalena Zdun, dr in\u017c. Mateusz Ilba, mgr in\u017c. Laura Kochel, dr Marcin Semczuk, dr in\u017c. Paulina \u015aliz, mgr in\u017c. arch. Agnieszka W\u0142och-Szymla, mgr Piotr W\u0119grzynowicz.<\/li><\/ul><p>\u00a0<strong>Badania statutowe 2019<\/strong><\/p><ul><li>Temat projektu: <em>Miasto i wie\u015b \u2013 to\u017csamo\u015b\u0107 i przestrze\u0144 w XXI wieku<\/em>; Kierownik projektu: Prof. dr hab. Aleksander Nowor\u00f3l. Wykonawcy: prof. dr hab. Tadeusz Kud\u0142acz, prof. UEK dr hab. Bogus\u0142aw Luchter, dr Patrycja Bra\u0144ka, dr in\u017c. Artur Ho\u0142uj, dr in\u017c. Mateusz Ilba, dr in\u017c. arch. Dorota Jopek, mgr arch. kraj. Laura Kochel, dr Piotr Lity\u0144ski, dr Monika Musia\u0142 Malago, dr in\u017c. Agnieszka Petryk, dr Marcin Semczuk, dr Piotr Serafin, dr in\u017c. Paulina \u015aliz, mgr in\u017c. Piotr W\u0119grzynowicz, dr in\u017c. arch. Agnieszka W\u0142och \u2013 Szymla, dr Bernadetta Zawili\u0144ska, dr in\u017c. Magdalena Zdun, dr Mateusz Malinowski;<\/li><\/ul><p><strong>Program POTENCJA\u0141 2020<\/strong><\/p><ul><li>Temat projektu: <em>Definiowanie miasta \u2013 przesz\u0142o\u015b\u0107 i przysz\u0142o\u015b\u0107<\/em>; Kierownik projektu: p dr hab. Aleksander Nowor\u00f3l. Wykonawcy: prof. dr hab. Tadeusz Kud\u0142acz, prof. UEK dr hab. Bogus\u0142aw Luchter, dr in\u017c. arch. Dorota Jopek, dr in\u017c. arch. kraj. Laura Kochel, dr in\u017c. Paulina \u015aliz, dr in\u017c. arch. Agnieszka W\u0142och \u2013 Szymla, dr in\u017c. Agnieszka Petryk, dr Jeremiasz Salamon, dr Micha\u0142 Broniszewski;<\/li><\/ul><ul><li>Temat projektu: <em>Rozw\u00f3j spo\u0142eczno-gospodarczy w analizach teoretycznych i diagnostyce empirycznej<\/em>; Kierownik projektu: Prof. UEK dr hab. Magdalena Zdun. Wykonawcy: dr Patrycja Bra\u0144ka, dr Monika Musia\u0142 Malago, dr Bernadetta Zawili\u0144ska, dr in\u017c. Karol Majewski;<\/li><\/ul><ul><li>Temat projektu: <em>Miasta suburbia i peryferia w teorii i badaniach empirycznych<\/em>; Kierownik projektu: dr in\u017c. Artur Ho\u0142uj. Wykonawcy: dr in\u017c. Mateusz Ilba, Prof. UEK dr hab. Piotr Lity\u0144ski (g\u0142\u00f3wny wykonawca), dr Marcin Semczuk, dr Piotr Serafin oraz Associate Prof. Dr. Vasile Zotic i Ph.D. Diana-Elena Alexandru (Babe\u015f-Bolyai University, Faculty of Geography, Department of Human Geography and Tourism and Centre for Research on Settlements and Urbanism, Babes-Bolyai University Faculty of Geography, Cluj-Napoca w Rumuni).<\/li><\/ul><div>\u00a0<\/div><p><strong><u>Projekty finansowane z program\u00f3w Unii Europejskiej<\/u><\/strong><\/p><ul><li>projekt w ramach programu Unii Europejskiej, Europejski Fundusz Spo\u0142eczny \u2013 Program Operacyjny Kapita\u0142 Ludzki 2007-2013 (Priorytet VII, Dzia\u0142anie 8.2, Poddzia\u0142anie 8.2.1) \u2013 <em>Wiedza, praktyka, do\u015bwiadczenie \u2013 klucz do sukcesu w biznesie<\/em>; 01.06.2014-30.06.2015; Temat projektu: <em>Metodologia optymalnej delimitacji obszar\u00f3w w dokumentach planistycznych \u2013 zarz\u0105dz<\/em><em>anie polityk\u0105 rozwoju na terenach dotkni\u0119tych procesem \u201eurban sprawl\u201d w Polsce<\/em>; Nazwa instytucji: Ma\u0142opolska Agencja Rozwoju Regionalnego S.A. Kierownik: dr in\u017c. Artur Ho\u0142uj.<\/li><\/ul><div>\u00a0<\/div><p><strong><u>Inne projekty badawcze<\/u><\/strong><\/p><ul><li>dr in\u017c. Agnieszka Petryk; badanie indywidualne ze \u015brodk\u00f3w MNISW \u2013 stypendium dla M\u0142odych Naukowc\u00f3w; 2016; Temat projektu: <em>Bioindykacja zanieczyszczenia gleb metalami ci\u0119\u017ckimi przy pomocy ro\u015blinno\u015bci od\u0142og\u00f3w na terenie gminy Trzebinia<\/em>;<\/li><\/ul><ul><li>dr in\u017c. Agnieszka Petryk; projekt indywidualny \u2013 grant uczelniany Badania M\u0142odych Naukowc\u00f3w; 02.06.2017 \u2013 31.12.2017; Temat projektu: <em>Zanieczyszczenia powietrza \u2013 wp\u0142yw na jako\u015b\u0107 \u017cycia mieszka\u0144c\u00f3w po\u0142udniowej Polski<\/em>.<\/li><\/ul><ul><li>mgr in\u017c. Mateusz Ilba; projekt indywidualny \u2013 grant uczelniany Badania M\u0142odych Naukowc\u00f3w; 02.06.2017 \u2013 31.12.2017; Temat projektu: <em>Ocena modeli danych 3D opisuj\u0105cych tereny miejskie pod k\u0105tem mo\u017cliwo\u015bci ich zastosowania w analizach przestrzennych<\/em>.<\/li><\/ul><ul><li>Dr in\u017c. Mateusz Ilba; projekt indywidualny \u2013 grant uczelniany Badania M\u0142odych Naukowc\u00f3w; 01.10.2018 \u2013 30.04.2019; Temat projektu: <em>Modelowanie przysz\u0142ej zabudowy oraz jej dynamiki z\u00a0wykorzystaniem danych z RWDZ<\/em>.<\/li><\/ul><ul><li>dr in\u017c. Paulina \u015aliz; projekt indywidualny \u2013 grant uczelniany Badania M\u0142odych Naukowc\u00f3w; 10.04.2019 \u2013 31.05.2020;. Temat projektu: <em>Analiza wp\u0142ywu wybranych czynnik\u00f3w na skuteczno\u015b\u0107 usuwania zwi\u0105zk\u00f3w organicznych w reaktorze ze z\u0142o\u017cem ruchomym.<\/em><\/li><\/ul>\t\t\t\t\t\t<\/div>\n\t\t\t\t<\/div>\n\t\t\t\t\t<\/div>\n\t\t<\/div>\n\t\t\t\t\t<\/div>\n\t\t<\/section>\n\t\t\t\t<section data-particle_enable=\"false\" data-particle-mobile-disabled=\"false\" class=\"elementor-section elementor-top-section elementor-element elementor-element-424155d elementor-section-boxed elementor-section-height-default elementor-section-height-default\" data-id=\"424155d\" data-element_type=\"section\" data-settings=\"{&quot;jet_parallax_layout_list&quot;:[]}\">\n\t\t\t\t\t\t<div class=\"elementor-container elementor-column-gap-default\">\n\t\t\t\t\t<div class=\"elementor-column elementor-col-100 elementor-top-column elementor-element elementor-element-bee705e\" data-id=\"bee705e\" data-element_type=\"column\">\n\t\t\t<div class=\"elementor-widget-wrap\">\n\t\t\t\t\t\t\t<\/div>\n\t\t<\/div>\n\t\t\t\t\t<\/div>\n\t\t<\/section>\n\t\t\t\t<\/div>\n\t\t","protected":false},"excerpt":{"rendered":"<p>\/*! elementor &#8211; v3.16.0 &#8211; 20-09-2023 *\/ .elementor-heading-title{padding:0;margin:0;line-height:1}.elementor-widget-heading .elementor-heading-title[class*=elementor-size-]&gt;a{color:inherit;font-size:inherit;line-height:inherit}.elementor-widget-heading .elementor-heading-title.elementor-size-small{font-size:15px}.elementor-widget-heading .elementor-heading-title.elementor-size-medium{font-size:19px}.elementor-widget-heading .elementor-heading-title.elementor-size-large{font-size:29px}.elementor-widget-heading .elementor-heading-title.elementor-size-xl{font-size:39px}.elementor-widget-heading .elementor-heading-title.elementor-size-xxl{font-size:59px} badania naukowe W ramach bada\u0144 zespo\u0142owych pracownicy Katedry prowadz\u0105 szeroko zakrojone badania i realizuj\u0105 ekspertyzy naukowe.\u00a0 Badania Narodowego Centrum Nauki Sonata 2017-2021 Temat projektu: Mechanizmy finansowe w gospodarce wynikaj\u0105ce ze zjawiska urban sprawl, Nr rej.: 2016\/23\/D\/HS4\/02961; kierownik projektu: Prof. UEK dr hab. Piotr Lity\u0144ski. Wykonawcy: dr in\u017c. Artur Ho\u0142uj, dr Krzysztof Jak\u00f3bik, dr Piotr Serafin; warto\u015b\u0107 projektu: 200 tys. z\u0142. Wyniki projektu NCN: Mechanizmy finansowe w gospodarce wynikaj\u0105ce ze zjawiska urban sprawl; (2016\/23\/D\/HS4\/02961) \u017bywio\u0142owa suburbanizacji (ang. urban sprawl) jest procesem obserwowanym w obszarach miejskich ka\u017cdego regionu \u015bwiata. Pomimo, i\u017c od po\u0142owy ub.w. podejmowane s\u0105 badaniach nad konskewencjami ekonomicznymi suburbanizacji, to jednak dotychczas nie wypracowano metod identyfikacji \u017cywio\u0142owo\u015bci, koncentruj\u0105c si\u0119 na skutkach og\u00f3lnie operacjonalizowanej suburbanizacji. Jako spo\u0142ecze\u0144stwo, nie wiedzieli\u015bmy zatem, czy nieuporz\u0105dkowana przestrzennie lokalizacja zabudowy w suburbiach wykazuje inne oddzia\u0142ywanie ekonomiczne, ni\u017c zabudowa suburbi\u00f3w, kt\u00f3ra pozostaje zwarta. Prezentowane badania, jako pierwsze w\u0142\u0105czaj\u0105 do wielkoskalowych bada\u0144 ekonomicznych metody pomiaru morfologii przestrzeni identyfkuj\u0105ce \u017cywio\u0142owo\u015b\u0107 lokalizacji zabudowy. Badaniem morfologicznym objeto 382 gminy o \u0142\u0105cznej powierzchni 4,5 tys. km2 tj. 15% powierzchni Polski. Obszar ten podzielono sieci\u0105 kwadrat\u00f3w (dwie siatki o boku 500 m i 1 km). W kwadratach zliczano budynki. Liczba budynk\u00f3w badanego obszaru to 3,8 mln obiekt\u00f3w (25% budynk\u00f3w kraju). Kwadraty z liczb\u0105 budynk\u00f3w s\u0142u\u017cy\u0142y do obliczenia wska\u017anik\u00f3w urban sprawl. Wska\u017aniki urban sprawl wykorzystano w analizach korelacyjnych z wska\u017anikami finansowymi. Metody morfologiczne stanowi\u0142y podstaw\u0119 dla bada\u0144 nad konsekwencjami urban sprawl p\u0142yn\u0105cymi dla: jednostek samorz\u0105du terytorialnego, pa\u0144stwa, gospodarstw domowych oraz przedsi\u0119biorstw. Rezultaty bada\u0144 przenikaj\u0105 do trzech dyscyplin, wp\u0142ywaj\u0105c na ich rozw\u00f3j, tj. do: geografii spo\u0142eczno-ekonomicznej i gospodarki przestrzennej, ekonomii i finans\u00f3w oraz nauki o polityce i administracji. Rozw\u00f3j dyscyplin wyra\u017ca si\u0119 w pierwszej kolejno\u015bci w stworzeniu metody i pomiarze urban sprawl w du\u017cej skali przestrzennej w Polsce. Rezultaty bada\u0144 morfologicznych dostarczaj\u0105 liczbowego obrazu rozproszenia zabudowy w blisko czterystu gminach w dw\u00f3ch przedzia\u0142ach czasowych (2015 i 2017). Rezultaty te stanowi\u0107 mog\u0105 punkt wyj\u015bciowy zar\u00f3wno dla monitorowania przemian przestrzennych, ale r\u00f3wnie\u017c dla formu\u0142owania oceny zmian (pozytywna: zwi\u0119kszanie zwarto\u015bci przestrzennej; negatywna: powi\u0119kszanie rozproszenia). W dalszej kolejno\u015bci, rozw\u00f3j dyscyplin wi\u0105\u017ce si\u0119 z rozwini\u0119ciem wiedzy na temat ekonomicznego wp\u0142ywu i mechanizm\u00f3w finansowych uruchamianych przez urban sprawl. Wnioski z bada\u0144 pozwalaj\u0105 stwierdzi\u0107, \u017ce urban sprawl niekorzystnie wp\u0142ywa na kondycj\u0119 finansow\u0105 jednosek samorz\u0105du terytorialnego oraz gospodarstw domowych. Urban sprawl wp\u0142ywa r\u00f3wnie\u017c na spowolnienie wzrostu gospodarczego na poziomie lokalnym i cz\u0119\u015bciowo r\u00f3wnie\u017c kraju. Z drugiej strony, stwierdzono zaobserwowano pozytywny wp\u0142yw zjawiska na kondycj\u0119 finansow\u0105 przedsi\u0119biorstw. Nie stwierdzono natomiast negatywnego oddzia\u0142ywania na bud\u017cet pa\u0144stwa. Wiedza ta ma istotne znaczenia dla zwi\u0119kszania trafno\u015bci formu\u0142owania cel\u00f3w dla polityki publicznej. Znajomo\u015b\u0107 mechanizm\u00f3w finansowych zwi\u0119ksza r\u00f3wnie\u017c skuteczno\u015b\u0107 i efektywno\u015b\u0107 realizacji tej\u017ce polityki. Zidentyfikowane straty i korzy\u015bci oraz mechanizmy finansowe winny bowiem niuansowa\u0107 polityk\u0119 publiczn\u0105 adresowan\u0105 do problem\u00f3w generowanych przez urban sprawl. Niuansowanie odnosi si\u0119 do odpowiedniego potraktowania omawianego zjawiska z perspektywy polityki centralnej i lokalnej. Polityka poziomu centralnego nie powinna bezwzgl\u0119dnie ogranicza\u0107 urban sprawl, bo on nie ma szkodliwego wp\u0142ywu bud\u017cet pa\u0144stwa. Polityka ta winna koncentrowa\u0107 si\u0119 na jego kierunkowaniu w formie rekomendacji dla lokalnych polityk przestrzennych. Kierunkowanie to polega\u0107 powinno na stymulowaniu powstawania podmiejskich osiedli o strukturze zwartej. Polityka lokalna winna natomiast restrykcyjnie traktowa\u0107 lokalizacj\u0119 rezydencjonaln\u0105 prowadz\u0105c\u0105 do pog\u0142\u0119biania rozproszenia zabudowy; wspiera\u0107 natomiast lokalizacj\u0119 rezydencjonaln\u0105 skutkuj\u0105c\u0105 zwarto\u015bci\u0105 struktury. Nieco bardziej liberalnie mo\u017cna traktowa\u0107 zabudow\u0119 gospodarcz\u0105. Niemniej struktury zwarte przestrzennie maja korzystny wp\u0142yw na obci\u0105\u017cenia bud\u017cetowe gmin umo\u017cliwiaj\u0105c im efektywne dostarczanie lokalnych d\u00f3br i us\u0142ug publicznych, dynamizuj\u0105 rozw\u00f3j gospodarczy, ale i wykazuj\u0105 wy\u017csz\u0105 efektywno\u015b\u0107 bud\u017cetow\u0105 jednostek samorz\u0105du terytorialnego i kraju. Powstawanie struktur zwartych przyczynia\u0107 si\u0119 b\u0119dzie do efektywnego wykorzystania potencja\u0142u gospodarczego gmin, kraju ale r\u00f3wnie\u017c realizacji preferencji mieszkaniowych gospodarstw domowych i ich kondycji finansowej. Badania statutowe Badania statutowe 2012 Temat projektu: Ekonomiczne aspekty gospodarowania przestrzeni\u0105 miasta i regionu \u2013 cz\u0119\u015b\u0107 1, kierownik projektu: Prof. dr hab. Tadeusz Kud\u0142acz. Wykonawcy: dr hab. Aleksander Bohm, prof. dr hab. Anna Hara\u0144czyk, prof. dr hab. Zygmunt Szymla, prof. dr hab. Andrzej Wo\u017aniak, dr hab. Bogus\u0142aw Luchter, dr Patrycja Bra\u0144ka, dr Halina Guzik, dr Monika Musia\u0142 Malago, dr Artur Ho\u0142uj, dr Piotr Serafin, dr Bernadetta Zawili\u0144ska, dr Barbara Ostrowska, dr Dorota Jopek, dr Jerzy Wrona; Badania statutowe 2013 Temat projektu: Ekonomiczne aspekty gospodarowania przestrzeni\u0105 miasta i regionu \u2013 cz\u0119\u015b\u0107 2; Kierownik projektu: prof. dr hab. Tadeusz Kud\u0142acz. Wykonawcy: dr Patrycja Bra\u0144ka, dr in\u017c. Artur Ho\u0142uj, dr Piotr Lity\u0144ski, dr Monika Musia\u0142-Malago, dr Piotr Serafin, dr in\u017c. Dorota Jopek, dr Bernadetta Zawili\u0144ska, prof. dr hab. Anna Hara\u0144czyk, dr hab. in\u017c. Aleksander Nowor\u00f3l, prof. dr hab. Zygmunt Szymla, prof. UEK dr hab. in\u017c. Andrzej Wo\u017aniak, dr hab. Bogus\u0142aw Luchter, dr Halina Guzik, dr Barbara Ostrowska, dr Jerzy Wrona, mgr Wojciech Strzelczyk. Badanie statutowe 2014 Temat projektu: Infrastruktura w rozwoju regionalnym i lokalnym \u2013 studium przypadku Wojew\u00f3dztwa Ma\u0142opolskiego; Kierownik projektu: prof. dr hab. Tadeusz Kud\u0142acz. Wykonawcy: dr Patrycja Bra\u0144ka, dr Artur Ho\u0142uj, dr Piotr Lity\u0144ski, dr Monika Musia\u0142-Malago, dr Piotr Serafin, mgr in\u017c. arch. Dorota Jopek, dr Bernadetta Zawili\u0144ska, prof. dr hab. Anna Hara\u0144czyk; prof. dr hab. in\u017c. arch. Aleksander Bohm, prof. UEK dr hab. in\u017c. arch. Aleksander Nowor\u00f3l, prof. UEK dr. hab. in\u017c. Andrzej Wo\u017aniak, dr hab. Bogus\u0142aw Luchter, dr Halina Guzik, mgr in\u017c. Karol Kwiatek, mgr in\u017c. Magdalena Zdun, mgr Wojciech Strzelczyk.\u00a0\u00a0\u00a0\u00a0 Badania statutowe 2015 Temat projektu: Spo\u0142eczno-ekonomiczne przemiany w strefie podmiejskiej miast polskich \u2013 studium przypadku Krakowskiego Obszaru Metropolitalnego; Kierownik projektu: prof. dr hab. Tadeusz Kud\u0142acz. Wykonawcy: dr Patrycja Bra\u0144ka, dr in\u017c. Artur Ho\u0142uj, dr Piotr Lity\u0144ski, dr Piotr Serafin, dr Bernadetta Zawili\u0144ska, prof. UEK dr hab. in\u017c. Andrzej Wo\u017aniak, dr hab. Bogus\u0142aw Luchter, dr Halina Guzik, mgr in\u017c. Karol Kwiatek, prof. UEK dr hab. in\u017c. arch. Aleksander Nowor\u00f3l, mgr Elwira Pizo\u0144; Temat projektu: Miasta w polityce rozwoju. Wybrane dylematy. Cz\u0119\u015b\u0107 I \u2013 Uwarunkowania i\u00a0konsekwencje procesu kurczenia si\u0119 miast; Kierownik projektu: prof. dr hab. Anna Hara\u0144czyk. Wykonawcy: dr Monika Musia\u0142-Malago, mgr in\u017c. arch. Dorota Jopek, dr in\u017c. Magdalena Zdun, prof. dr in\u017c. arch. Aleksander Bohm. Badania ze \u015brodk\u00f3w UEK 2016 Temat projektu: Gospodarowanie przestrzeni\u0105 miast i region\u00f3w \u2013 teoria \u2013 teoria i praktyka rozwoju obszar\u00f3w funkcjonalnych; Kierownik projektu: prof. dr hab. Tadeusz Kud\u0142acz; Wykonawcy: dr Patrycja Bra\u0144ka, dr in\u017c. Artur Ho\u0142uj, dr Piotr Lity\u0144ski, Prof. UEK dr hab. Bogus\u0142aw Luchter, dr in\u017c. Agnieszka Petryk, dr Piotr Serafin, dr Bernadetta Zawili\u0144ska; Temat projektu: Krakowski Obszar Funkcjonalny. Spo\u0142ecze\u0144stwo \u2013 Gospodarka \u2013 Przestrze\u0144; Kierownik projektu: prof. dr hab. Anna Hara\u0144czyk. Wykonawcy: dr in\u017c. Magdalena Zdun, mgr in\u017c. arch. Laura Klimczak, dr Monika Musia\u0142-Malago, dr in\u017c. arch. Dorota Jopek. Badania statutowe 2017 Temat projektu: Funkcjonalne miasto w teorii i praktyce. Identyfikacja, pomiar, ocena; kierownik projektu: Prof. dr hab. Tadeusz Kud\u0142acz. Wykonawcy: dr Patrycja Bra\u0144ka, prof. dr hab. Anna Hara\u0144czyk, prof. dr hab. Aleksander Nowor\u00f3l, prof. UEK dr hab. Bogus\u0142aw Luchter, dr Monika Musia\u0142 Malago, dr in\u017c. Artur Ho\u0142uj, dr Piotr Serafin, dr Bernadetta Zawili\u0144ska, dr in\u017c. Dorota Jopek, dr in\u017c. Agnieszka Petryk, dr Piotr Lity\u0144ski, dr in\u017c. Magdalena Zdun, mgr in\u017c. Mateusz Ilba, mgr in\u017c. Laura Klimczak, mgr Marcin Semczuk, mgr in\u017c. arch. Agnieszka W\u0142och-Szymla. Badania statutowe 2018 Temat projektu: Gospodarowanie przestrzenia miast i region\u00f3w \u2013 wsp\u00f3\u0142czesne teorie i\u00a0wyzwania praktyki; Kierownik projektu: Prof. dr hab. Tadeusz Kud\u0142acz. Wykonawcy: prof. dr hab. Aleksander Nowor\u00f3l, prof. UEK dr hab. Bogus\u0142aw Luchter, dr Monika Musia\u0142 Malago, dr in\u017c. Artur Ho\u0142uj, dr Piotr Serafin, dr Bernadetta Zawili\u0144ska, dr in\u017c. Dorota Jopek, dr in\u017c. Agnieszka Petryk, dr Piotr Lity\u0144ski, dr in\u017c. Magdalena Zdun, dr in\u017c. Mateusz Ilba, mgr in\u017c. Laura Kochel, dr Marcin Semczuk, dr in\u017c. Paulina \u015aliz, mgr in\u017c. arch. Agnieszka W\u0142och-Szymla, mgr Piotr W\u0119grzynowicz. \u00a0Badania statutowe 2019 Temat projektu: Miasto i wie\u015b \u2013 to\u017csamo\u015b\u0107 i przestrze\u0144 w XXI wieku; Kierownik projektu: Prof. dr hab. Aleksander Nowor\u00f3l. Wykonawcy: prof. dr hab. Tadeusz Kud\u0142acz, prof. UEK dr hab. Bogus\u0142aw Luchter, dr Patrycja Bra\u0144ka, dr in\u017c. Artur Ho\u0142uj, dr in\u017c. Mateusz Ilba, dr in\u017c. arch. Dorota Jopek, mgr arch. kraj. Laura Kochel, dr Piotr Lity\u0144ski, dr Monika Musia\u0142 Malago, dr in\u017c. Agnieszka Petryk, dr Marcin Semczuk, dr Piotr Serafin, dr in\u017c. Paulina \u015aliz, mgr in\u017c. Piotr W\u0119grzynowicz, dr in\u017c. arch. Agnieszka W\u0142och \u2013 Szymla, dr Bernadetta Zawili\u0144ska, dr in\u017c. Magdalena Zdun, dr Mateusz Malinowski; Program POTENCJA\u0141 2020 Temat projektu: Definiowanie miasta \u2013 przesz\u0142o\u015b\u0107 i przysz\u0142o\u015b\u0107; Kierownik projektu: p dr hab. Aleksander Nowor\u00f3l. Wykonawcy: prof. dr hab. Tadeusz Kud\u0142acz, prof. UEK dr hab. Bogus\u0142aw Luchter, dr in\u017c. arch. Dorota Jopek, dr in\u017c. arch. kraj. Laura Kochel, dr in\u017c. Paulina \u015aliz, dr in\u017c. arch. Agnieszka W\u0142och \u2013 Szymla, dr in\u017c. Agnieszka Petryk, dr Jeremiasz Salamon, dr Micha\u0142 Broniszewski; Temat projektu: Rozw\u00f3j spo\u0142eczno-gospodarczy w analizach teoretycznych i diagnostyce empirycznej; Kierownik projektu: Prof. UEK dr hab. Magdalena Zdun. Wykonawcy: dr Patrycja Bra\u0144ka, dr Monika Musia\u0142 Malago, dr Bernadetta Zawili\u0144ska, dr in\u017c. Karol Majewski; Temat projektu: Miasta suburbia i peryferia w teorii i badaniach empirycznych; Kierownik projektu: dr in\u017c. Artur Ho\u0142uj. Wykonawcy: dr in\u017c. Mateusz Ilba, Prof. UEK dr hab. Piotr Lity\u0144ski (g\u0142\u00f3wny wykonawca), dr Marcin Semczuk, dr Piotr Serafin oraz Associate Prof. Dr. Vasile Zotic i Ph.D. Diana-Elena Alexandru (Babe\u015f-Bolyai University, Faculty of Geography, Department of Human Geography and Tourism and Centre for Research on Settlements and Urbanism, Babes-Bolyai University Faculty of Geography, Cluj-Napoca w Rumuni). \u00a0 Projekty finansowane z program\u00f3w Unii Europejskiej projekt w ramach programu Unii Europejskiej, Europejski Fundusz Spo\u0142eczny \u2013 Program Operacyjny Kapita\u0142 Ludzki 2007-2013 (Priorytet VII, Dzia\u0142anie 8.2, Poddzia\u0142anie 8.2.1) \u2013 Wiedza, praktyka, do\u015bwiadczenie \u2013 klucz do sukcesu w biznesie; 01.06.2014-30.06.2015; Temat projektu: Metodologia optymalnej delimitacji obszar\u00f3w w dokumentach planistycznych \u2013 zarz\u0105dzanie polityk\u0105 rozwoju na terenach dotkni\u0119tych procesem \u201eurban sprawl\u201d w Polsce; Nazwa instytucji: Ma\u0142opolska Agencja Rozwoju Regionalnego S.A. Kierownik: dr in\u017c. Artur Ho\u0142uj. \u00a0 Inne projekty badawcze dr in\u017c. Agnieszka Petryk; badanie indywidualne ze \u015brodk\u00f3w MNISW \u2013 stypendium dla M\u0142odych Naukowc\u00f3w; 2016; Temat projektu: Bioindykacja zanieczyszczenia gleb metalami ci\u0119\u017ckimi przy pomocy ro\u015blinno\u015bci od\u0142og\u00f3w na terenie gminy Trzebinia; dr in\u017c. Agnieszka Petryk; projekt indywidualny \u2013 grant uczelniany Badania M\u0142odych Naukowc\u00f3w; 02.06.2017 \u2013 31.12.2017; Temat projektu: Zanieczyszczenia powietrza \u2013 wp\u0142yw na jako\u015b\u0107 \u017cycia mieszka\u0144c\u00f3w po\u0142udniowej Polski. mgr in\u017c. Mateusz Ilba; projekt indywidualny \u2013 grant uczelniany Badania M\u0142odych Naukowc\u00f3w; 02.06.2017 \u2013 31.12.2017; Temat projektu: Ocena modeli danych 3D opisuj\u0105cych tereny miejskie pod k\u0105tem mo\u017cliwo\u015bci ich zastosowania w analizach przestrzennych. Dr in\u017c. Mateusz Ilba; projekt indywidualny \u2013 grant uczelniany Badania M\u0142odych Naukowc\u00f3w; 01.10.2018 \u2013 30.04.2019; Temat projektu: Modelowanie przysz\u0142ej zabudowy oraz jej dynamiki z\u00a0wykorzystaniem danych z RWDZ. dr in\u017c. Paulina \u015aliz; projekt indywidualny \u2013 grant uczelniany Badania M\u0142odych Naukowc\u00f3w; 10.04.2019 \u2013 31.05.2020;. Temat projektu: Analiza wp\u0142ywu wybranych czynnik\u00f3w na skuteczno\u015b\u0107 usuwania zwi\u0105zk\u00f3w organicznych w reaktorze ze z\u0142o\u017cem ruchomym.<\/p>\n","protected":false},"author":1,"featured_media":0,"parent":0,"menu_order":0,"comment_status":"closed","ping_status":"closed","template":"elementor_header_footer","meta":{"footnotes":""},"class_list":["post-313","page","type-page","status-publish","hentry"],"_links":{"self":[{"href":"https:\/\/igpsm.uek.krakow.pl\/kgp\/wp-json\/wp\/v2\/pages\/313"}],"collection":[{"href":"https:\/\/igpsm.uek.krakow.pl\/kgp\/wp-json\/wp\/v2\/pages"}],"about":[{"href":"https:\/\/igpsm.uek.krakow.pl\/kgp\/wp-json\/wp\/v2\/types\/page"}],"author":[{"embeddable":true,"href":"https:\/\/igpsm.uek.krakow.pl\/kgp\/wp-json\/wp\/v2\/users\/1"}],"replies":[{"embeddable":true,"href":"https:\/\/igpsm.uek.krakow.pl\/kgp\/wp-json\/wp\/v2\/comments?post=313"}],"version-history":[{"count":34,"href":"https:\/\/igpsm.uek.krakow.pl\/kgp\/wp-json\/wp\/v2\/pages\/313\/revisions"}],"predecessor-version":[{"id":1988,"href":"https:\/\/igpsm.uek.krakow.pl\/kgp\/wp-json\/wp\/v2\/pages\/313\/revisions\/1988"}],"wp:attachment":[{"href":"https:\/\/igpsm.uek.krakow.pl\/kgp\/wp-json\/wp\/v2\/media?parent=313"}],"curies":[{"name":"wp","href":"https:\/\/api.w.org\/{rel}","templated":true}]}}