{"id":1577,"date":"2023-10-24T04:12:05","date_gmt":"2023-10-24T02:12:05","guid":{"rendered":"https:\/\/igpsm.uek.krakow.pl\/kgp\/?post_type=pracownicy&#038;p=1577"},"modified":"2024-10-08T16:35:00","modified_gmt":"2024-10-08T14:35:00","slug":"dr-inz-arch-dorota-jopek-2","status":"publish","type":"pracownicy","link":"https:\/\/igpsm.uek.krakow.pl\/kgp\/pracownicy\/dr-inz-arch-dorota-jopek-2\/","title":{"rendered":"DR IN\u017b. ARCH. DOROTA JOPEK"},"content":{"rendered":"\t\t<div data-elementor-type=\"wp-post\" data-elementor-id=\"1577\" class=\"elementor elementor-1577\">\n\t\t\t\t\t\t<section data-particle_enable=\"false\" data-particle-mobile-disabled=\"false\" class=\"elementor-section elementor-top-section elementor-element elementor-element-3b9614d elementor-section-boxed elementor-section-height-default elementor-section-height-default\" data-id=\"3b9614d\" data-element_type=\"section\" data-settings=\"{&quot;jet_parallax_layout_list&quot;:[{&quot;_id&quot;:&quot;80d470e&quot;,&quot;jet_parallax_layout_image&quot;:{&quot;url&quot;:&quot;&quot;,&quot;id&quot;:&quot;&quot;,&quot;size&quot;:&quot;&quot;},&quot;jet_parallax_layout_image_laptop&quot;:{&quot;url&quot;:&quot;&quot;,&quot;id&quot;:&quot;&quot;,&quot;size&quot;:&quot;&quot;},&quot;jet_parallax_layout_image_tablet_extra&quot;:{&quot;url&quot;:&quot;&quot;,&quot;id&quot;:&quot;&quot;,&quot;size&quot;:&quot;&quot;},&quot;jet_parallax_layout_image_tablet&quot;:{&quot;url&quot;:&quot;&quot;,&quot;id&quot;:&quot;&quot;,&quot;size&quot;:&quot;&quot;},&quot;jet_parallax_layout_image_mobile_extra&quot;:{&quot;url&quot;:&quot;&quot;,&quot;id&quot;:&quot;&quot;,&quot;size&quot;:&quot;&quot;},&quot;jet_parallax_layout_image_mobile&quot;:{&quot;url&quot;:&quot;&quot;,&quot;id&quot;:&quot;&quot;,&quot;size&quot;:&quot;&quot;},&quot;jet_parallax_layout_speed&quot;:{&quot;unit&quot;:&quot;%&quot;,&quot;size&quot;:50,&quot;sizes&quot;:[]},&quot;jet_parallax_layout_type&quot;:&quot;scroll&quot;,&quot;jet_parallax_layout_direction&quot;:null,&quot;jet_parallax_layout_fx_direction&quot;:null,&quot;jet_parallax_layout_z_index&quot;:&quot;&quot;,&quot;jet_parallax_layout_bg_x&quot;:50,&quot;jet_parallax_layout_bg_x_laptop&quot;:&quot;&quot;,&quot;jet_parallax_layout_bg_x_tablet_extra&quot;:&quot;&quot;,&quot;jet_parallax_layout_bg_x_tablet&quot;:&quot;&quot;,&quot;jet_parallax_layout_bg_x_mobile_extra&quot;:&quot;&quot;,&quot;jet_parallax_layout_bg_x_mobile&quot;:&quot;&quot;,&quot;jet_parallax_layout_bg_y&quot;:50,&quot;jet_parallax_layout_bg_y_laptop&quot;:&quot;&quot;,&quot;jet_parallax_layout_bg_y_tablet_extra&quot;:&quot;&quot;,&quot;jet_parallax_layout_bg_y_tablet&quot;:&quot;&quot;,&quot;jet_parallax_layout_bg_y_mobile_extra&quot;:&quot;&quot;,&quot;jet_parallax_layout_bg_y_mobile&quot;:&quot;&quot;,&quot;jet_parallax_layout_bg_size&quot;:&quot;auto&quot;,&quot;jet_parallax_layout_bg_size_laptop&quot;:&quot;&quot;,&quot;jet_parallax_layout_bg_size_tablet_extra&quot;:&quot;&quot;,&quot;jet_parallax_layout_bg_size_tablet&quot;:&quot;&quot;,&quot;jet_parallax_layout_bg_size_mobile_extra&quot;:&quot;&quot;,&quot;jet_parallax_layout_bg_size_mobile&quot;:&quot;&quot;,&quot;jet_parallax_layout_animation_prop&quot;:&quot;transform&quot;,&quot;jet_parallax_layout_on&quot;:[&quot;desktop&quot;,&quot;tablet&quot;]}]}\">\n\t\t\t\t\t\t<div class=\"elementor-container elementor-column-gap-default\">\n\t\t\t\t\t<div class=\"elementor-column elementor-col-33 elementor-top-column elementor-element elementor-element-7901abea\" data-id=\"7901abea\" data-element_type=\"column\">\n\t\t\t<div class=\"elementor-widget-wrap elementor-element-populated\">\n\t\t\t\t\t\t<div class=\"elementor-element elementor-element-525ca7f7 elementor-mobile-align-center elementor-icon-list--layout-traditional elementor-list-item-link-full_width elementor-widget elementor-widget-icon-list\" data-id=\"525ca7f7\" data-element_type=\"widget\" data-widget_type=\"icon-list.default\">\n\t\t\t\t<div class=\"elementor-widget-container\">\n\t\t\t\t\t<ul class=\"elementor-icon-list-items\">\n\t\t\t\t\t\t\t<li class=\"elementor-icon-list-item\">\n\t\t\t\t\t\t\t\t\t\t\t<a href=\"mailto:mail@uek.krakow.pl\">\n\n\t\t\t\t\t\t\t\t\t\t\t\t<span class=\"elementor-icon-list-icon\">\n\t\t\t\t\t\t\t<i aria-hidden=\"true\" class=\"far fa-envelope\"><\/i>\t\t\t\t\t\t<\/span>\n\t\t\t\t\t\t\t\t\t\t<span class=\"elementor-icon-list-text\">jopekd@uek.krakow.pl<\/span>\n\t\t\t\t\t\t\t\t\t\t\t<\/a>\n\t\t\t\t\t\t\t\t\t<\/li>\n\t\t\t\t\t\t\t\t<li class=\"elementor-icon-list-item\">\n\t\t\t\t\t\t\t\t\t\t\t<a href=\"tel:(+48)%2012%20293%2000%2000\">\n\n\t\t\t\t\t\t\t\t\t\t\t\t<span class=\"elementor-icon-list-icon\">\n\t\t\t\t\t\t\t<i aria-hidden=\"true\" class=\"fas fa-phone-alt\"><\/i>\t\t\t\t\t\t<\/span>\n\t\t\t\t\t\t\t\t\t\t<span class=\"elementor-icon-list-text\">(+48) 12 293 59 72<\/span>\n\t\t\t\t\t\t\t\t\t\t\t<\/a>\n\t\t\t\t\t\t\t\t\t<\/li>\n\t\t\t\t\t\t\t\t<li class=\"elementor-icon-list-item\">\n\t\t\t\t\t\t\t\t\t\t\t<a href=\"https:\/\/e-uczelnia.uek.krakow.pl\/course\/view.php?id=493\" target=\"_blank\">\n\n\t\t\t\t\t\t\t\t\t\t\t\t<span class=\"elementor-icon-list-icon\">\n\t\t\t\t\t\t\t<i aria-hidden=\"true\" class=\"fas fa-comments\"><\/i>\t\t\t\t\t\t<\/span>\n\t\t\t\t\t\t\t\t\t\t<span class=\"elementor-icon-list-text\">Sprawd\u017a konsultacje<\/span>\n\t\t\t\t\t\t\t\t\t\t\t<\/a>\n\t\t\t\t\t\t\t\t\t<\/li>\n\t\t\t\t\t\t\t\t<li class=\"elementor-icon-list-item\">\n\t\t\t\t\t\t\t\t\t\t\t<span class=\"elementor-icon-list-icon\">\n\t\t\t\t\t\t\t<i aria-hidden=\"true\" class=\"fas fa-map-marker-alt\"><\/i>\t\t\t\t\t\t<\/span>\n\t\t\t\t\t\t\t\t\t\t<span class=\"elementor-icon-list-text\">Pawilon F, pok. 402<\/span>\n\t\t\t\t\t\t\t\t\t<\/li>\n\t\t\t\t\t\t<\/ul>\n\t\t\t\t<\/div>\n\t\t\t\t<\/div>\n\t\t\t\t<div class=\"elementor-element elementor-element-20d84377 elementor-widget elementor-widget-spacer\" data-id=\"20d84377\" data-element_type=\"widget\" data-widget_type=\"spacer.default\">\n\t\t\t\t<div class=\"elementor-widget-container\">\n\t\t\t\t\t<div class=\"elementor-spacer\">\n\t\t\t<div class=\"elementor-spacer-inner\"><\/div>\n\t\t<\/div>\n\t\t\t\t<\/div>\n\t\t\t\t<\/div>\n\t\t\t\t<div class=\"elementor-element elementor-element-40095c65 elementor-position-left elementor-vertical-align-top elementor-widget elementor-widget-image-box\" data-id=\"40095c65\" data-element_type=\"widget\" data-widget_type=\"image-box.default\">\n\t\t\t\t<div class=\"elementor-widget-container\">\n\t\t\t<div class=\"elementor-image-box-wrapper\"><figure class=\"elementor-image-box-img\"><a href=\"https:\/\/bazybg.uek.krakow.pl\/dorobek\/wyszukiwanie\/wyszukaj?termin=&#038;opcja0=and&#038;autor=Jopek+Dorota&#038;opcja1=and&#038;tytul=&#038;opcja2=and&#038;zrodlo=&#038;opcja3=and&#038;klucz=&#038;opcja4=and&#038;jednostka=all&#038;typ=all&#038;od=all&#038;do=all\" tabindex=\"-1\"><img fetchpriority=\"high\" decoding=\"async\" width=\"420\" height=\"445\" src=\"https:\/\/igpsm.uek.krakow.pl\/kgp\/wp-content\/uploads\/sites\/3\/2023\/02\/publikacje-dorobek.png\" class=\"elementor-animation-pulse attachment-full size-full wp-image-186\" alt=\"\" srcset=\"https:\/\/igpsm.uek.krakow.pl\/kgp\/wp-content\/uploads\/sites\/3\/2023\/02\/publikacje-dorobek.png 420w, https:\/\/igpsm.uek.krakow.pl\/kgp\/wp-content\/uploads\/sites\/3\/2023\/02\/publikacje-dorobek-283x300.png 283w\" sizes=\"(max-width: 420px) 100vw, 420px\" \/><\/a><\/figure><div class=\"elementor-image-box-content\"><h3 class=\"elementor-image-box-title\"><a href=\"https:\/\/bazybg.uek.krakow.pl\/dorobek\/wyszukiwanie\/wyszukaj?termin=&#038;opcja0=and&#038;autor=Jopek+Dorota&#038;opcja1=and&#038;tytul=&#038;opcja2=and&#038;zrodlo=&#038;opcja3=and&#038;klucz=&#038;opcja4=and&#038;jednostka=all&#038;typ=all&#038;od=all&#038;do=all\">Publikacje w bazie \u201eDorobek\u201d  \u00bb<\/a><\/h3><\/div><\/div>\t\t<\/div>\n\t\t\t\t<\/div>\n\t\t\t\t<div class=\"elementor-element elementor-element-6b18df31 elementor-position-left elementor-vertical-align-top elementor-widget elementor-widget-image-box\" data-id=\"6b18df31\" data-element_type=\"widget\" data-widget_type=\"image-box.default\">\n\t\t\t\t<div class=\"elementor-widget-container\">\n\t\t\t<div class=\"elementor-image-box-wrapper\"><figure class=\"elementor-image-box-img\"><a href=\"#\" tabindex=\"-1\"><img decoding=\"async\" width=\"100\" height=\"100\" src=\"https:\/\/igpsm.uek.krakow.pl\/kgp\/wp-content\/uploads\/sites\/3\/2023\/02\/ORCID-icon.png\" class=\"elementor-animation-pulse attachment-full size-full wp-image-187\" alt=\"\" srcset=\"https:\/\/igpsm.uek.krakow.pl\/kgp\/wp-content\/uploads\/sites\/3\/2023\/02\/ORCID-icon.png 100w, https:\/\/igpsm.uek.krakow.pl\/kgp\/wp-content\/uploads\/sites\/3\/2023\/02\/ORCID-icon-75x75.png 75w\" sizes=\"(max-width: 100px) 100vw, 100px\" \/><\/a><\/figure><div class=\"elementor-image-box-content\"><h3 class=\"elementor-image-box-title\"><a href=\"#\">ORCID \u00bb0000-0003-1504-771X<\/a><\/h3><\/div><\/div>\t\t<\/div>\n\t\t\t\t<\/div>\n\t\t\t\t\t<\/div>\n\t\t<\/div>\n\t\t\t\t<div class=\"elementor-column elementor-col-33 elementor-top-column elementor-element elementor-element-5910100c\" data-id=\"5910100c\" data-element_type=\"column\">\n\t\t\t<div class=\"elementor-widget-wrap\">\n\t\t\t\t\t\t\t<\/div>\n\t\t<\/div>\n\t\t\t\t<div class=\"elementor-column elementor-col-33 elementor-top-column elementor-element elementor-element-c9b68cd\" data-id=\"c9b68cd\" data-element_type=\"column\">\n\t\t\t<div class=\"elementor-widget-wrap elementor-element-populated\">\n\t\t\t\t\t\t<div class=\"elementor-element elementor-element-73235f3d elementor-widget elementor-widget-text-editor\" data-id=\"73235f3d\" data-element_type=\"widget\" data-widget_type=\"text-editor.default\">\n\t\t\t\t<div class=\"elementor-widget-container\">\n\t\t\t\t\t\t\t<table width=\"609\"><tbody><tr><td width=\"488\"><p>Doktor in\u017cynier architekt, adiunkt w Katedrze Gospodarki Przestrzennej Uniwersytetu Ekonomicznego w Krakowie. Absolwentka Wydzia\u0142u Architektury Politechniki Krakowskiej z uzyskan\u0105 akredytacj\u0105 The Royal Institute of British Architects (RIBA). Praca doktorska z wyr\u00f3\u017cnieniem pt.: <em>Wp\u0142yw lokalnych przepis\u00f3w prawnych na kszta\u0142towanie przestrzeni i krajobrazu miejskiego na przyk\u0142adzie Nowego Jorku<\/em>, opracowana pod kierunkiem prof. dr hab. in\u017c. arch. Aleksandera B\u00f6hma na Wydziale Architektury Politechniki Krakowskiej.<\/p><p>Autorka lub wsp\u00f3\u0142autorka kilkunastu publikacji zwi\u0105zanych g\u0142\u00f3wnie z\u00a0problematyk\u0105 rozwoju przestrzennego wielkich miast w zakresie projektowania urbanistycznego i planowania proces\u00f3w rewitalizacji. Wsp\u00f3\u0142autorka podr\u0119cznika pt.: <em>Podstawy planowania przestrzennego<\/em>.<em> Za\u0142o\u017cenia teoretyczne i \u0107wiczenia praktyczne.<\/em> W latach 2018 -2020 cz\u0142onek grupy ReUrban dzia\u0142aj\u0105cej przy Zarz\u0105dzie Zieleni Miejskiej. Uczestniczka zagranicznych stypendi\u00f3w naukowych (m.in. Francja, S\u0142owenia, Czechy), gdzie realizowa\u0142a r\u00f3wnie\u017c zaj\u0119cia dydaktyczne (wyk\u0142ady i warsztaty urbanistyczne).<\/p><p>Od 2005 roku posiada uprawnienia do projektowania architektonicznego bez ogranicze\u0144, wydanych przez Ma\u0142opolsk\u0105 Okr\u0119gow\u0105 Izb\u0119 Architekt\u00f3w.\u00a0 Praktyka zawodowa obejmuje kilkadziesi\u0105t projekt\u00f3w architektonicznych i\u00a0urbanistycznych realizowanych w polskich i zagranicznych pracowniach projektowych (m.in. w Nowym Jorku) jako autor lub wsp\u00f3\u0142autor. Wsp\u00f3\u0142praca przy sporz\u0105dzaniu gminnych program\u00f3w rewitalizacji. Cz\u0142onek Ma\u0142opolskiej Izby Architekt\u00f3w oraz The Society for Urban Ecology (SURE). Edukator w programach edukacyjnych dla m\u0142odzie\u017cy zwi\u0105zanych z kszta\u0142towaniem przestrzeni organizowanych przez m.in. Izb\u0119 Architekt\u00f3w. Organizatorka mi\u0119dzynarodowych warsztat\u00f3w urbanistycznych w ramach wsp\u00f3\u0142pracy mi\u0119dzyuczelnianych. Wsp\u00f3\u0142autorka ekspertyzy naukowej dotycz\u0105cej wyznaczenia jednostek SIM dla Krakowa, oraz innych opracowa\u0144 planistycznych.<\/p><p>Zainteresowania badawcze dotycz\u0105 zagadnie\u0144 rozwoju miast, planowania przestrzennego,\u00a0 kszta\u0142towania krajobrazu miejskiego, zarz\u0105dzania strategicznego w mie\u015bcie, adaptacji miast do zmian klimatycznych oraz rewitalizacji obszar\u00f3w zdegradowanych.<\/p><p>\u00a0<\/p><p>Prowadzone zaj\u0119cia: planowanie przestrzenne, projektowanie urbanistyczne,\u00a0 projektowanie przestrzeni publicznej, budownictwo.<\/p><\/td><\/tr><\/tbody><\/table>\t\t\t\t\t\t<\/div>\n\t\t\t\t<\/div>\n\t\t\t\t\t<\/div>\n\t\t<\/div>\n\t\t\t\t\t<\/div>\n\t\t<\/section>\n\t\t\t\t<\/div>\n\t\t","protected":false},"excerpt":{"rendered":"<p>jopekd@uek.krakow.pl (+48) 12 293 59 72 Sprawd\u017a konsultacje Pawilon F, pok. 402 \/*! elementor &#8211; v3.16.0 &#8211; 20-09-2023 *\/ .elementor-column .elementor-spacer-inner{height:var(&#8211;spacer-size)}.e-con{&#8211;container-widget-width:100%}.e-con-inner&gt;.elementor-widget-spacer,.e-con&gt;.elementor-widget-spacer{width:var(&#8211;container-widget-width,var(&#8211;spacer-size));&#8211;align-self:var(&#8211;container-widget-align-self,initial);&#8211;flex-shrink:0}.e-con-inner&gt;.elementor-widget-spacer&gt;.elementor-widget-container,.e-con&gt;.elementor-widget-spacer&gt;.elementor-widget-container{height:100%;width:100%}.e-con-inner&gt;.elementor-widget-spacer&gt;.elementor-widget-container&gt;.elementor-spacer,.e-con&gt;.elementor-widget-spacer&gt;.elementor-widget-container&gt;.elementor-spacer{height:100%}.e-con-inner&gt;.elementor-widget-spacer&gt;.elementor-widget-container&gt;.elementor-spacer&gt;.elementor-spacer-inner,.e-con&gt;.elementor-widget-spacer&gt;.elementor-widget-container&gt;.elementor-spacer&gt;.elementor-spacer-inner{height:var(&#8211;container-widget-height,var(&#8211;spacer-size))}.e-con-inner&gt;.elementor-widget-spacer.elementor-widget-empty,.e-con&gt;.elementor-widget-spacer.elementor-widget-empty{position:relative;min-height:22px;min-width:22px}.e-con-inner&gt;.elementor-widget-spacer.elementor-widget-empty .elementor-widget-empty-icon,.e-con&gt;.elementor-widget-spacer.elementor-widget-empty .elementor-widget-empty-icon{position:absolute;top:0;bottom:0;left:0;right:0;margin:auto;padding:0;width:22px;height:22px} .elementor-widget-image-box .elementor-image-box-content{width:100%}@media (min-width:768px){.elementor-widget-image-box.elementor-position-left .elementor-image-box-wrapper,.elementor-widget-image-box.elementor-position-right .elementor-image-box-wrapper{display:flex}.elementor-widget-image-box.elementor-position-right .elementor-image-box-wrapper{text-align:right;flex-direction:row-reverse}.elementor-widget-image-box.elementor-position-left .elementor-image-box-wrapper{text-align:left;flex-direction:row}.elementor-widget-image-box.elementor-position-top .elementor-image-box-img{margin:auto}.elementor-widget-image-box.elementor-vertical-align-top .elementor-image-box-wrapper{align-items:flex-start}.elementor-widget-image-box.elementor-vertical-align-middle .elementor-image-box-wrapper{align-items:center}.elementor-widget-image-box.elementor-vertical-align-bottom .elementor-image-box-wrapper{align-items:flex-end}}@media (max-width:767px){.elementor-widget-image-box .elementor-image-box-img{margin-left:auto!important;margin-right:auto!important;margin-bottom:15px}}.elementor-widget-image-box .elementor-image-box-img{display:inline-block}.elementor-widget-image-box .elementor-image-box-title a{color:inherit}.elementor-widget-image-box .elementor-image-box-wrapper{text-align:center}.elementor-widget-image-box .elementor-image-box-description{margin:0} Publikacje w bazie \u201eDorobek\u201d \u00bb ORCID \u00bb0000-0003-1504-771X Doktor in\u017cynier architekt, adiunkt w Katedrze Gospodarki Przestrzennej Uniwersytetu Ekonomicznego w Krakowie. Absolwentka Wydzia\u0142u Architektury Politechniki Krakowskiej z uzyskan\u0105 akredytacj\u0105 The Royal Institute of British Architects (RIBA). Praca doktorska z wyr\u00f3\u017cnieniem pt.: Wp\u0142yw lokalnych przepis\u00f3w prawnych na kszta\u0142towanie przestrzeni i krajobrazu miejskiego na przyk\u0142adzie Nowego Jorku, opracowana pod kierunkiem prof. dr hab. in\u017c. arch. Aleksandera B\u00f6hma na Wydziale Architektury Politechniki Krakowskiej. Autorka lub wsp\u00f3\u0142autorka kilkunastu publikacji zwi\u0105zanych g\u0142\u00f3wnie z\u00a0problematyk\u0105 rozwoju przestrzennego wielkich miast w zakresie projektowania urbanistycznego i planowania proces\u00f3w rewitalizacji. Wsp\u00f3\u0142autorka podr\u0119cznika pt.: Podstawy planowania przestrzennego. Za\u0142o\u017cenia teoretyczne i \u0107wiczenia praktyczne. W latach 2018 -2020 cz\u0142onek grupy ReUrban dzia\u0142aj\u0105cej przy Zarz\u0105dzie Zieleni Miejskiej. Uczestniczka zagranicznych stypendi\u00f3w naukowych (m.in. Francja, S\u0142owenia, Czechy), gdzie realizowa\u0142a r\u00f3wnie\u017c zaj\u0119cia dydaktyczne (wyk\u0142ady i warsztaty urbanistyczne). Od 2005 roku posiada uprawnienia do projektowania architektonicznego bez ogranicze\u0144, wydanych przez Ma\u0142opolsk\u0105 Okr\u0119gow\u0105 Izb\u0119 Architekt\u00f3w.\u00a0 Praktyka zawodowa obejmuje kilkadziesi\u0105t projekt\u00f3w architektonicznych i\u00a0urbanistycznych realizowanych w polskich i zagranicznych pracowniach projektowych (m.in. w Nowym Jorku) jako autor lub wsp\u00f3\u0142autor. Wsp\u00f3\u0142praca przy sporz\u0105dzaniu gminnych program\u00f3w rewitalizacji. Cz\u0142onek Ma\u0142opolskiej Izby Architekt\u00f3w oraz The Society for Urban Ecology (SURE). Edukator w programach edukacyjnych dla m\u0142odzie\u017cy zwi\u0105zanych z kszta\u0142towaniem przestrzeni organizowanych przez m.in. Izb\u0119 Architekt\u00f3w. Organizatorka mi\u0119dzynarodowych warsztat\u00f3w urbanistycznych w ramach wsp\u00f3\u0142pracy mi\u0119dzyuczelnianych. Wsp\u00f3\u0142autorka ekspertyzy naukowej dotycz\u0105cej wyznaczenia jednostek SIM dla Krakowa, oraz innych opracowa\u0144 planistycznych. Zainteresowania badawcze dotycz\u0105 zagadnie\u0144 rozwoju miast, planowania przestrzennego,\u00a0 kszta\u0142towania krajobrazu miejskiego, zarz\u0105dzania strategicznego w mie\u015bcie, adaptacji miast do zmian klimatycznych oraz rewitalizacji obszar\u00f3w zdegradowanych. Prowadzone zaj\u0119cia: planowanie przestrzenne, projektowanie urbanistyczne,\u00a0 projektowanie przestrzeni publicznej, budownictwo.<\/p>\n","protected":false},"author":5,"featured_media":1571,"parent":0,"menu_order":0,"template":"elementor_header_footer","format":"standard","meta":[],"tags":[],"kategoria-pracownicy":[100],"class_list":["post-1577","pracownicy","type-pracownicy","status-publish","format-standard","has-post-thumbnail","hentry","kategoria-pracownicy-pracownicy-pl"],"_links":{"self":[{"href":"https:\/\/igpsm.uek.krakow.pl\/kgp\/wp-json\/wp\/v2\/pracownicy\/1577"}],"collection":[{"href":"https:\/\/igpsm.uek.krakow.pl\/kgp\/wp-json\/wp\/v2\/pracownicy"}],"about":[{"href":"https:\/\/igpsm.uek.krakow.pl\/kgp\/wp-json\/wp\/v2\/types\/pracownicy"}],"author":[{"embeddable":true,"href":"https:\/\/igpsm.uek.krakow.pl\/kgp\/wp-json\/wp\/v2\/users\/5"}],"version-history":[{"count":24,"href":"https:\/\/igpsm.uek.krakow.pl\/kgp\/wp-json\/wp\/v2\/pracownicy\/1577\/revisions"}],"predecessor-version":[{"id":1742,"href":"https:\/\/igpsm.uek.krakow.pl\/kgp\/wp-json\/wp\/v2\/pracownicy\/1577\/revisions\/1742"}],"wp:featuredmedia":[{"embeddable":true,"href":"https:\/\/igpsm.uek.krakow.pl\/kgp\/wp-json\/wp\/v2\/media\/1571"}],"wp:attachment":[{"href":"https:\/\/igpsm.uek.krakow.pl\/kgp\/wp-json\/wp\/v2\/media?parent=1577"}],"wp:term":[{"taxonomy":"post_tag","embeddable":true,"href":"https:\/\/igpsm.uek.krakow.pl\/kgp\/wp-json\/wp\/v2\/tags?post=1577"},{"taxonomy":"kategoria-pracownicy","embeddable":true,"href":"https:\/\/igpsm.uek.krakow.pl\/kgp\/wp-json\/wp\/v2\/kategoria-pracownicy?post=1577"}],"curies":[{"name":"wp","href":"https:\/\/api.w.org\/{rel}","templated":true}]}}