{"id":137,"date":"2023-02-19T01:17:02","date_gmt":"2023-02-19T00:17:02","guid":{"rendered":"https:\/\/ie.uek.krakow.pl\/ke\/?page_id=137"},"modified":"2024-10-29T15:46:59","modified_gmt":"2024-10-29T14:46:59","slug":"publikacje","status":"publish","type":"page","link":"https:\/\/igpsm.uek.krakow.pl\/khgs\/publikacje\/","title":{"rendered":"Publikacje"},"content":{"rendered":"\t\t<div data-elementor-type=\"wp-page\" data-elementor-id=\"137\" class=\"elementor elementor-137\">\n\t\t\t\t\t\t<section data-particle_enable=\"false\" data-particle-mobile-disabled=\"false\" class=\"elementor-section elementor-top-section elementor-element elementor-element-4ae18dd elementor-section-content-middle elementor-section-boxed elementor-section-height-default elementor-section-height-default\" data-id=\"4ae18dd\" data-element_type=\"section\" data-settings=\"{&quot;jet_parallax_layout_list&quot;:[{&quot;_id&quot;:&quot;ec639b1&quot;,&quot;jet_parallax_layout_image&quot;:{&quot;url&quot;:&quot;&quot;,&quot;id&quot;:&quot;&quot;,&quot;size&quot;:&quot;&quot;},&quot;jet_parallax_layout_image_laptop&quot;:{&quot;url&quot;:&quot;&quot;,&quot;id&quot;:&quot;&quot;,&quot;size&quot;:&quot;&quot;},&quot;jet_parallax_layout_image_tablet_extra&quot;:{&quot;url&quot;:&quot;&quot;,&quot;id&quot;:&quot;&quot;,&quot;size&quot;:&quot;&quot;},&quot;jet_parallax_layout_image_tablet&quot;:{&quot;url&quot;:&quot;&quot;,&quot;id&quot;:&quot;&quot;,&quot;size&quot;:&quot;&quot;},&quot;jet_parallax_layout_image_mobile_extra&quot;:{&quot;url&quot;:&quot;&quot;,&quot;id&quot;:&quot;&quot;,&quot;size&quot;:&quot;&quot;},&quot;jet_parallax_layout_image_mobile&quot;:{&quot;url&quot;:&quot;&quot;,&quot;id&quot;:&quot;&quot;,&quot;size&quot;:&quot;&quot;},&quot;jet_parallax_layout_speed&quot;:{&quot;unit&quot;:&quot;%&quot;,&quot;size&quot;:50,&quot;sizes&quot;:[]},&quot;jet_parallax_layout_type&quot;:&quot;scroll&quot;,&quot;jet_parallax_layout_direction&quot;:null,&quot;jet_parallax_layout_fx_direction&quot;:null,&quot;jet_parallax_layout_z_index&quot;:&quot;&quot;,&quot;jet_parallax_layout_bg_x&quot;:50,&quot;jet_parallax_layout_bg_x_laptop&quot;:&quot;&quot;,&quot;jet_parallax_layout_bg_x_tablet_extra&quot;:&quot;&quot;,&quot;jet_parallax_layout_bg_x_tablet&quot;:&quot;&quot;,&quot;jet_parallax_layout_bg_x_mobile_extra&quot;:&quot;&quot;,&quot;jet_parallax_layout_bg_x_mobile&quot;:&quot;&quot;,&quot;jet_parallax_layout_bg_y&quot;:50,&quot;jet_parallax_layout_bg_y_laptop&quot;:&quot;&quot;,&quot;jet_parallax_layout_bg_y_tablet_extra&quot;:&quot;&quot;,&quot;jet_parallax_layout_bg_y_tablet&quot;:&quot;&quot;,&quot;jet_parallax_layout_bg_y_mobile_extra&quot;:&quot;&quot;,&quot;jet_parallax_layout_bg_y_mobile&quot;:&quot;&quot;,&quot;jet_parallax_layout_bg_size&quot;:&quot;auto&quot;,&quot;jet_parallax_layout_bg_size_laptop&quot;:&quot;&quot;,&quot;jet_parallax_layout_bg_size_tablet_extra&quot;:&quot;&quot;,&quot;jet_parallax_layout_bg_size_tablet&quot;:&quot;&quot;,&quot;jet_parallax_layout_bg_size_mobile_extra&quot;:&quot;&quot;,&quot;jet_parallax_layout_bg_size_mobile&quot;:&quot;&quot;,&quot;jet_parallax_layout_animation_prop&quot;:&quot;transform&quot;,&quot;jet_parallax_layout_on&quot;:[&quot;desktop&quot;,&quot;tablet&quot;]}],&quot;background_background&quot;:&quot;classic&quot;}\">\n\t\t\t\t\t\t\t<div class=\"elementor-background-overlay\"><\/div>\n\t\t\t\t\t\t\t<div class=\"elementor-container elementor-column-gap-default\">\n\t\t\t\t\t<div class=\"elementor-column elementor-col-100 elementor-top-column elementor-element elementor-element-84b8dae\" data-id=\"84b8dae\" data-element_type=\"column\">\n\t\t\t<div class=\"elementor-widget-wrap\">\n\t\t\t\t\t\t\t<\/div>\n\t\t<\/div>\n\t\t\t\t\t<\/div>\n\t\t<\/section>\n\t\t\t\t<section data-particle_enable=\"false\" data-particle-mobile-disabled=\"false\" class=\"elementor-section elementor-top-section elementor-element elementor-element-888a76f elementor-section-boxed elementor-section-height-default elementor-section-height-default\" data-id=\"888a76f\" data-element_type=\"section\" data-settings=\"{&quot;jet_parallax_layout_list&quot;:[],&quot;background_background&quot;:&quot;classic&quot;}\">\n\t\t\t\t\t\t<div class=\"elementor-container elementor-column-gap-default\">\n\t\t\t\t\t<div class=\"elementor-column elementor-col-50 elementor-top-column elementor-element elementor-element-ec67d07\" data-id=\"ec67d07\" data-element_type=\"column\" data-settings=\"{&quot;background_background&quot;:&quot;classic&quot;}\">\n\t\t\t<div class=\"elementor-widget-wrap elementor-element-populated\">\n\t\t\t\t\t\t<div class=\"elementor-element elementor-element-4f0932b elementor-widget elementor-widget-heading\" data-id=\"4f0932b\" data-element_type=\"widget\" data-widget_type=\"heading.default\">\n\t\t\t\t<div class=\"elementor-widget-container\">\n\t\t\t<h2 class=\"elementor-heading-title elementor-size-default\">Publikacje<\/h2>\t\t<\/div>\n\t\t\t\t<\/div>\n\t\t\t\t\t<\/div>\n\t\t<\/div>\n\t\t\t\t<div class=\"elementor-column elementor-col-50 elementor-top-column elementor-element elementor-element-9c8e38e\" data-id=\"9c8e38e\" data-element_type=\"column\" data-settings=\"{&quot;background_background&quot;:&quot;classic&quot;}\">\n\t\t\t<div class=\"elementor-widget-wrap\">\n\t\t\t\t\t\t\t<\/div>\n\t\t<\/div>\n\t\t\t\t\t<\/div>\n\t\t<\/section>\n\t\t\t\t<section data-particle_enable=\"false\" data-particle-mobile-disabled=\"false\" class=\"elementor-section elementor-top-section elementor-element elementor-element-c5f0764 elementor-section-boxed elementor-section-height-default elementor-section-height-default\" data-id=\"c5f0764\" data-element_type=\"section\" data-settings=\"{&quot;jet_parallax_layout_list&quot;:[{&quot;_id&quot;:&quot;c2f76e6&quot;,&quot;jet_parallax_layout_image&quot;:{&quot;url&quot;:&quot;&quot;,&quot;id&quot;:&quot;&quot;,&quot;size&quot;:&quot;&quot;},&quot;jet_parallax_layout_image_laptop&quot;:{&quot;url&quot;:&quot;&quot;,&quot;id&quot;:&quot;&quot;,&quot;size&quot;:&quot;&quot;},&quot;jet_parallax_layout_image_tablet_extra&quot;:{&quot;url&quot;:&quot;&quot;,&quot;id&quot;:&quot;&quot;,&quot;size&quot;:&quot;&quot;},&quot;jet_parallax_layout_image_tablet&quot;:{&quot;url&quot;:&quot;&quot;,&quot;id&quot;:&quot;&quot;,&quot;size&quot;:&quot;&quot;},&quot;jet_parallax_layout_image_mobile_extra&quot;:{&quot;url&quot;:&quot;&quot;,&quot;id&quot;:&quot;&quot;,&quot;size&quot;:&quot;&quot;},&quot;jet_parallax_layout_image_mobile&quot;:{&quot;url&quot;:&quot;&quot;,&quot;id&quot;:&quot;&quot;,&quot;size&quot;:&quot;&quot;},&quot;jet_parallax_layout_speed&quot;:{&quot;unit&quot;:&quot;%&quot;,&quot;size&quot;:50,&quot;sizes&quot;:[]},&quot;jet_parallax_layout_type&quot;:&quot;scroll&quot;,&quot;jet_parallax_layout_direction&quot;:null,&quot;jet_parallax_layout_fx_direction&quot;:null,&quot;jet_parallax_layout_z_index&quot;:&quot;&quot;,&quot;jet_parallax_layout_bg_x&quot;:50,&quot;jet_parallax_layout_bg_x_laptop&quot;:&quot;&quot;,&quot;jet_parallax_layout_bg_x_tablet_extra&quot;:&quot;&quot;,&quot;jet_parallax_layout_bg_x_tablet&quot;:&quot;&quot;,&quot;jet_parallax_layout_bg_x_mobile_extra&quot;:&quot;&quot;,&quot;jet_parallax_layout_bg_x_mobile&quot;:&quot;&quot;,&quot;jet_parallax_layout_bg_y&quot;:50,&quot;jet_parallax_layout_bg_y_laptop&quot;:&quot;&quot;,&quot;jet_parallax_layout_bg_y_tablet_extra&quot;:&quot;&quot;,&quot;jet_parallax_layout_bg_y_tablet&quot;:&quot;&quot;,&quot;jet_parallax_layout_bg_y_mobile_extra&quot;:&quot;&quot;,&quot;jet_parallax_layout_bg_y_mobile&quot;:&quot;&quot;,&quot;jet_parallax_layout_bg_size&quot;:&quot;auto&quot;,&quot;jet_parallax_layout_bg_size_laptop&quot;:&quot;&quot;,&quot;jet_parallax_layout_bg_size_tablet_extra&quot;:&quot;&quot;,&quot;jet_parallax_layout_bg_size_tablet&quot;:&quot;&quot;,&quot;jet_parallax_layout_bg_size_mobile_extra&quot;:&quot;&quot;,&quot;jet_parallax_layout_bg_size_mobile&quot;:&quot;&quot;,&quot;jet_parallax_layout_animation_prop&quot;:&quot;transform&quot;,&quot;jet_parallax_layout_on&quot;:[&quot;desktop&quot;,&quot;tablet&quot;]}],&quot;background_background&quot;:&quot;classic&quot;}\">\n\t\t\t\t\t\t<div class=\"elementor-container elementor-column-gap-default\">\n\t\t\t\t\t<div class=\"elementor-column elementor-col-100 elementor-top-column elementor-element elementor-element-5d4876a\" data-id=\"5d4876a\" data-element_type=\"column\">\n\t\t\t<div class=\"elementor-widget-wrap elementor-element-populated\">\n\t\t\t\t\t\t<div class=\"elementor-element elementor-element-77c16e0 jet-breadcrumbs-align-left elementor-widget elementor-widget-jet-breadcrumbs\" data-id=\"77c16e0\" data-element_type=\"widget\" data-widget_type=\"jet-breadcrumbs.default\">\n\t\t\t\t<div class=\"elementor-widget-container\">\n\t\t\t<div class=\"elementor-jet-breadcrumbs jet-blocks\">\n\t\t<div class=\"jet-breadcrumbs\">\n\t\t<div class=\"jet-breadcrumbs__content\">\n\t\t<div class=\"jet-breadcrumbs__wrap\"><div class=\"jet-breadcrumbs__item\"><a href=\"https:\/\/igpsm.uek.krakow.pl\/khgs\/\" class=\"jet-breadcrumbs__item-link is-home\" rel=\"home\" title=\"Katedra Szablon\">Katedra Szablon<\/a><\/div>\n\t\t<\/div>\n\t\t<\/div>\n\t\t<\/div><\/div>\t\t<\/div>\n\t\t\t\t<\/div>\n\t\t\t\t\t<\/div>\n\t\t<\/div>\n\t\t\t\t\t<\/div>\n\t\t<\/section>\n\t\t\t\t<section data-particle_enable=\"false\" data-particle-mobile-disabled=\"false\" class=\"elementor-section elementor-top-section elementor-element elementor-element-7d9296f elementor-section-boxed elementor-section-height-default elementor-section-height-default\" data-id=\"7d9296f\" data-element_type=\"section\" data-settings=\"{&quot;jet_parallax_layout_list&quot;:[]}\">\n\t\t\t\t\t\t<div class=\"elementor-container elementor-column-gap-extended\">\n\t\t\t\t\t<div class=\"elementor-column elementor-col-50 elementor-top-column elementor-element elementor-element-6400e6e\" data-id=\"6400e6e\" data-element_type=\"column\">\n\t\t\t<div class=\"elementor-widget-wrap elementor-element-populated\">\n\t\t\t\t\t\t<section data-particle_enable=\"false\" data-particle-mobile-disabled=\"false\" class=\"elementor-section elementor-inner-section elementor-element elementor-element-686a374 elementor-section-boxed elementor-section-height-default elementor-section-height-default\" data-id=\"686a374\" data-element_type=\"section\" data-settings=\"{&quot;jet_parallax_layout_list&quot;:[]}\">\n\t\t\t\t\t\t<div class=\"elementor-container elementor-column-gap-default\">\n\t\t\t\t\t<div class=\"elementor-column elementor-col-50 elementor-inner-column elementor-element elementor-element-7e59b5b\" data-id=\"7e59b5b\" data-element_type=\"column\">\n\t\t\t<div class=\"elementor-widget-wrap elementor-element-populated\">\n\t\t\t\t\t\t<div class=\"elementor-element elementor-element-7874d10 elementor-widget elementor-widget-image\" data-id=\"7874d10\" data-element_type=\"widget\" data-widget_type=\"image.default\">\n\t\t\t\t<div class=\"elementor-widget-container\">\n\t\t\t\t\t\t\t\t\t\t\t\t\t<img fetchpriority=\"high\" decoding=\"async\" width=\"1599\" height=\"2560\" src=\"https:\/\/igpsm.uek.krakow.pl\/khgs\/wp-content\/uploads\/sites\/5\/2024\/10\/Chlopi-z-poludniowej-malopolski-scaled.jpg\" class=\"attachment-full size-full wp-image-2775\" alt=\"\" srcset=\"https:\/\/igpsm.uek.krakow.pl\/khgs\/wp-content\/uploads\/sites\/5\/2024\/10\/Chlopi-z-poludniowej-malopolski-scaled.jpg 1599w, https:\/\/igpsm.uek.krakow.pl\/khgs\/wp-content\/uploads\/sites\/5\/2024\/10\/Chlopi-z-poludniowej-malopolski-187x300.jpg 187w, https:\/\/igpsm.uek.krakow.pl\/khgs\/wp-content\/uploads\/sites\/5\/2024\/10\/Chlopi-z-poludniowej-malopolski-640x1024.jpg 640w, https:\/\/igpsm.uek.krakow.pl\/khgs\/wp-content\/uploads\/sites\/5\/2024\/10\/Chlopi-z-poludniowej-malopolski-768x1229.jpg 768w, https:\/\/igpsm.uek.krakow.pl\/khgs\/wp-content\/uploads\/sites\/5\/2024\/10\/Chlopi-z-poludniowej-malopolski-959x1536.jpg 959w, https:\/\/igpsm.uek.krakow.pl\/khgs\/wp-content\/uploads\/sites\/5\/2024\/10\/Chlopi-z-poludniowej-malopolski-1279x2048.jpg 1279w, https:\/\/igpsm.uek.krakow.pl\/khgs\/wp-content\/uploads\/sites\/5\/2024\/10\/Chlopi-z-poludniowej-malopolski-1140x1825.jpg 1140w\" sizes=\"(max-width: 1599px) 100vw, 1599px\" \/>\t\t\t\t\t\t\t\t\t\t\t\t\t<\/div>\n\t\t\t\t<\/div>\n\t\t\t\t\t<\/div>\n\t\t<\/div>\n\t\t\t\t<div class=\"elementor-column elementor-col-50 elementor-inner-column elementor-element elementor-element-1aa798d\" data-id=\"1aa798d\" data-element_type=\"column\">\n\t\t\t<div class=\"elementor-widget-wrap elementor-element-populated\">\n\t\t\t\t\t\t<div class=\"elementor-element elementor-element-23e86f1 elementor-widget elementor-widget-heading\" data-id=\"23e86f1\" data-element_type=\"widget\" data-widget_type=\"heading.default\">\n\t\t\t\t<div class=\"elementor-widget-container\">\n\t\t\t<h2 class=\"elementor-heading-title elementor-size-default\">Ch\u0142opi po\u0142udniowej Ma\u0142opolski wobec kryzys\u00f3w \t\u017cywno\u015bciowych \tod XVII do po\u0142. XIX wieku \n\n\t<\/h2>\t\t<\/div>\n\t\t\t\t<\/div>\n\t\t\t\t<div class=\"elementor-element elementor-element-64e8b7d elementor-widget elementor-widget-text-editor\" data-id=\"64e8b7d\" data-element_type=\"widget\" data-widget_type=\"text-editor.default\">\n\t\t\t\t<div class=\"elementor-widget-container\">\n\t\t\t\t\t\t\t<p>Piotr Miodunka<br \/>2024<\/p>\t\t\t\t\t\t<\/div>\n\t\t\t\t<\/div>\n\t\t\t\t\t<\/div>\n\t\t<\/div>\n\t\t\t\t\t<\/div>\n\t\t<\/section>\n\t\t\t\t<div class=\"elementor-element elementor-element-aecd5e7 elementor-widget elementor-widget-text-editor\" data-id=\"aecd5e7\" data-element_type=\"widget\" data-widget_type=\"text-editor.default\">\n\t\t\t\t<div class=\"elementor-widget-container\">\n\t\t\t\t\t\t\t<p>Nieurodzaje, braki \u017cywno\u015bci, wreszcie kl\u0119ski g\u0142odu by\u0142y zjawiskiem powszechnym w przednowoczesnej Europie, ale s\u0142abo zbadanym w przypadku ziem polskich. Dzi\u0119ki wykorzystaniu wielu r\u00f3\u017cnorodnych materia\u0142\u00f3w archiwalnych, w tym ksi\u0105g metrykalnych, uda\u0142o si\u0119 ustali\u0107, \u017ce dla po\u0142udniowej Ma\u0142opolski nie tylko katastrofa roku 1847, b\u0119d\u0105ca efektem zarazy ziemniaczanej, ale te\u017c kl\u0119ski g\u0142odu z XVIII wieku skutkowa\u0142y ogromn\u0105 umieralno\u015bci\u0105 i spadkiem urodze\u0144. Ich skutki demograficzne i gospodarcze by\u0142y por\u00f3wnywalne co najmniej z epidemiami i bardziej dotkliwe ni\u017c zniszczenia wojenne. Paradoksem by\u0142o, \u017ce to ch\u0142opi, czyli producenci \u017cywno\u015bci, byli jednocze\u015bnie g\u0142\u00f3wnymi poszkodowanymi, mimo podejmowanych pr\u00f3b zwi\u0119kszenia bezpiecze\u0144stwa \u017cywno\u015bciowego.<\/p>\t\t\t\t\t\t<\/div>\n\t\t\t\t<\/div>\n\t\t\t\t<div class=\"elementor-element elementor-element-fc55115 elementor-align-right elementor-mobile-align-right elementor-widget elementor-widget-button\" data-id=\"fc55115\" data-element_type=\"widget\" data-widget_type=\"button.default\">\n\t\t\t\t<div class=\"elementor-widget-container\">\n\t\t\t\t\t<div class=\"elementor-button-wrapper\">\n\t\t\t<a class=\"elementor-button elementor-button-link elementor-size-sm\" href=\"https:\/\/www.universitas.com.pl\/pl\/ksiazki\/2125-3628-chlopi-poludniowej-malopolski.html#\/1-rodzaj_ksiazki-ksiazka_papierowa\" target=\"_blank\">\n\t\t\t\t\t\t<span class=\"elementor-button-content-wrapper\">\n\t\t\t\t\t\t\t\t\t<span class=\"elementor-button-text\">Kup teraz<\/span>\n\t\t\t\t\t<\/span>\n\t\t\t\t\t<\/a>\n\t\t<\/div>\n\t\t\t\t<\/div>\n\t\t\t\t<\/div>\n\t\t\t\t<div class=\"elementor-element elementor-element-1aa050e elementor-widget-divider--view-line elementor-widget elementor-widget-divider\" data-id=\"1aa050e\" data-element_type=\"widget\" data-widget_type=\"divider.default\">\n\t\t\t\t<div class=\"elementor-widget-container\">\n\t\t\t\t\t<div class=\"elementor-divider\">\n\t\t\t<span class=\"elementor-divider-separator\">\n\t\t\t\t\t\t<\/span>\n\t\t<\/div>\n\t\t\t\t<\/div>\n\t\t\t\t<\/div>\n\t\t\t\t\t<\/div>\n\t\t<\/div>\n\t\t\t\t<div class=\"elementor-column elementor-col-50 elementor-top-column elementor-element elementor-element-aebe293\" data-id=\"aebe293\" data-element_type=\"column\">\n\t\t\t<div class=\"elementor-widget-wrap elementor-element-populated\">\n\t\t\t\t\t\t<section data-particle_enable=\"false\" data-particle-mobile-disabled=\"false\" class=\"elementor-section elementor-inner-section elementor-element elementor-element-0ac8931 elementor-section-boxed elementor-section-height-default elementor-section-height-default\" data-id=\"0ac8931\" data-element_type=\"section\" data-settings=\"{&quot;jet_parallax_layout_list&quot;:[]}\">\n\t\t\t\t\t\t<div class=\"elementor-container elementor-column-gap-default\">\n\t\t\t\t\t<div class=\"elementor-column elementor-col-50 elementor-inner-column elementor-element elementor-element-82e756f\" data-id=\"82e756f\" data-element_type=\"column\">\n\t\t\t<div class=\"elementor-widget-wrap elementor-element-populated\">\n\t\t\t\t\t\t<div class=\"elementor-element elementor-element-efdd9d4 elementor-widget elementor-widget-image\" data-id=\"efdd9d4\" data-element_type=\"widget\" data-widget_type=\"image.default\">\n\t\t\t\t<div class=\"elementor-widget-container\">\n\t\t\t\t\t\t\t\t\t\t\t\t\t<img decoding=\"async\" width=\"334\" height=\"500\" src=\"https:\/\/igpsm.uek.krakow.pl\/khgs\/wp-content\/uploads\/sites\/5\/2024\/10\/Krakow-z-bliska-i-oddali.jpg\" class=\"attachment-full size-full wp-image-2779\" alt=\"\" srcset=\"https:\/\/igpsm.uek.krakow.pl\/khgs\/wp-content\/uploads\/sites\/5\/2024\/10\/Krakow-z-bliska-i-oddali.jpg 334w, https:\/\/igpsm.uek.krakow.pl\/khgs\/wp-content\/uploads\/sites\/5\/2024\/10\/Krakow-z-bliska-i-oddali-200x300.jpg 200w\" sizes=\"(max-width: 334px) 100vw, 334px\" \/>\t\t\t\t\t\t\t\t\t\t\t\t\t<\/div>\n\t\t\t\t<\/div>\n\t\t\t\t\t<\/div>\n\t\t<\/div>\n\t\t\t\t<div class=\"elementor-column elementor-col-50 elementor-inner-column elementor-element elementor-element-e861edb\" data-id=\"e861edb\" data-element_type=\"column\">\n\t\t\t<div class=\"elementor-widget-wrap elementor-element-populated\">\n\t\t\t\t\t\t<div class=\"elementor-element elementor-element-25e65a0 elementor-widget elementor-widget-heading\" data-id=\"25e65a0\" data-element_type=\"widget\" data-widget_type=\"heading.default\">\n\t\t\t\t<div class=\"elementor-widget-container\">\n\t\t\t<h2 class=\"elementor-heading-title elementor-size-default\">Krak\u00f3w z bliska i z oddali. Studia i szkice ofiarowane \tProfesorowi Jackowi Purchli z okazji 70. rocznicy  urodzin <\/h2>\t\t<\/div>\n\t\t\t\t<\/div>\n\t\t\t\t<div class=\"elementor-element elementor-element-22f6a6f elementor-widget elementor-widget-text-editor\" data-id=\"22f6a6f\" data-element_type=\"widget\" data-widget_type=\"text-editor.default\">\n\t\t\t\t<div class=\"elementor-widget-container\">\n\t\t\t\t\t\t\t<p>Redakcja Dominika Ho\u0142uj i Andrzej Laskowski<br \/>2024<\/p>\t\t\t\t\t\t<\/div>\n\t\t\t\t<\/div>\n\t\t\t\t\t<\/div>\n\t\t<\/div>\n\t\t\t\t\t<\/div>\n\t\t<\/section>\n\t\t\t\t<div class=\"elementor-element elementor-element-2da18ce elementor-widget elementor-widget-text-editor\" data-id=\"2da18ce\" data-element_type=\"widget\" data-widget_type=\"text-editor.default\">\n\t\t\t\t<div class=\"elementor-widget-container\">\n\t\t\t\t\t\t\t<p>\u201eIntencj\u0105 ka\u017cdego z autor\u00f3w tekst\u00f3w stanowi\u0105cych niniejszy zbi\u00f3r by\u0142o ukazanie Krakowa przez pryzmat zagadnie\u0144 podejmowanych w swej dzia\u0142alno\u015bci naukowej. Portretem tak postrzeganego Krakowa jest zbi\u00f3r artyku\u0142\u00f3w, z kt\u00f3rych ka\u017cdy stanowi nie tylko osobisty podarunek dla Jubilata i cegie\u0142k\u0119 do\u0142o\u017con\u0105 do bada\u0144 nad \u201eMatecznikiem Polski\u201d i jego relacjami z otoczeniem, ale te\u017c emanacj\u0119 samego Profesora, kt\u00f3ry \u2013 autorsko i konsekwentnie formuj\u0105c przez lata nasz zesp\u00f3\u0142 \u2013 inspirowa\u0142 i motywowa\u0142 partycypuj\u0105cych tu autor\u00f3w do podejmowania r\u00f3\u017cnorodnych temat\u00f3w i zg\u0142\u0119biania intryguj\u0105cych ka\u017cdego z nich obszar\u00f3w badawczych\u201d. (z <i>Wprowadzenia<\/i>)<\/p>\t\t\t\t\t\t<\/div>\n\t\t\t\t<\/div>\n\t\t\t\t<div class=\"elementor-element elementor-element-88bf612 elementor-align-right elementor-mobile-align-right elementor-widget elementor-widget-button\" data-id=\"88bf612\" data-element_type=\"widget\" data-widget_type=\"button.default\">\n\t\t\t\t<div class=\"elementor-widget-container\">\n\t\t\t\t\t<div class=\"elementor-button-wrapper\">\n\t\t\t<a class=\"elementor-button elementor-button-link elementor-size-sm\" href=\"https:\/\/akademicka.com.pl\/index.php?detale=1&#038;a=2&#038;id=76732\" target=\"_blank\">\n\t\t\t\t\t\t<span class=\"elementor-button-content-wrapper\">\n\t\t\t\t\t\t\t\t\t<span class=\"elementor-button-text\">Kup teraz<\/span>\n\t\t\t\t\t<\/span>\n\t\t\t\t\t<\/a>\n\t\t<\/div>\n\t\t\t\t<\/div>\n\t\t\t\t<\/div>\n\t\t\t\t<div class=\"elementor-element elementor-element-1015547 elementor-widget-divider--view-line elementor-widget elementor-widget-divider\" data-id=\"1015547\" data-element_type=\"widget\" data-widget_type=\"divider.default\">\n\t\t\t\t<div class=\"elementor-widget-container\">\n\t\t\t\t\t<div class=\"elementor-divider\">\n\t\t\t<span class=\"elementor-divider-separator\">\n\t\t\t\t\t\t<\/span>\n\t\t<\/div>\n\t\t\t\t<\/div>\n\t\t\t\t<\/div>\n\t\t\t\t\t<\/div>\n\t\t<\/div>\n\t\t\t\t\t<\/div>\n\t\t<\/section>\n\t\t\t\t<section data-particle_enable=\"false\" data-particle-mobile-disabled=\"false\" class=\"elementor-section elementor-top-section elementor-element elementor-element-5d09e15 elementor-section-boxed elementor-section-height-default elementor-section-height-default\" data-id=\"5d09e15\" data-element_type=\"section\" data-settings=\"{&quot;jet_parallax_layout_list&quot;:[]}\">\n\t\t\t\t\t\t<div class=\"elementor-container elementor-column-gap-extended\">\n\t\t\t\t\t<div class=\"elementor-column elementor-col-50 elementor-top-column elementor-element elementor-element-4ac88f6\" data-id=\"4ac88f6\" data-element_type=\"column\">\n\t\t\t<div class=\"elementor-widget-wrap elementor-element-populated\">\n\t\t\t\t\t\t<section data-particle_enable=\"false\" data-particle-mobile-disabled=\"false\" class=\"elementor-section elementor-inner-section elementor-element elementor-element-b2484d4 elementor-section-boxed elementor-section-height-default elementor-section-height-default\" data-id=\"b2484d4\" data-element_type=\"section\" data-settings=\"{&quot;jet_parallax_layout_list&quot;:[]}\">\n\t\t\t\t\t\t<div class=\"elementor-container elementor-column-gap-default\">\n\t\t\t\t\t<div class=\"elementor-column elementor-col-50 elementor-inner-column elementor-element elementor-element-d8b5b64\" data-id=\"d8b5b64\" data-element_type=\"column\">\n\t\t\t<div class=\"elementor-widget-wrap elementor-element-populated\">\n\t\t\t\t\t\t<div class=\"elementor-element elementor-element-1c4f48e elementor-widget elementor-widget-image\" data-id=\"1c4f48e\" data-element_type=\"widget\" data-widget_type=\"image.default\">\n\t\t\t\t<div class=\"elementor-widget-container\">\n\t\t\t\t\t\t\t\t\t\t\t\t\t<img decoding=\"async\" width=\"350\" height=\"536\" src=\"https:\/\/igpsm.uek.krakow.pl\/khgs\/wp-content\/uploads\/sites\/5\/2023\/10\/9781032180793.jpg\" class=\"attachment-full size-full wp-image-1723\" alt=\"\" srcset=\"https:\/\/igpsm.uek.krakow.pl\/khgs\/wp-content\/uploads\/sites\/5\/2023\/10\/9781032180793.jpg 350w, https:\/\/igpsm.uek.krakow.pl\/khgs\/wp-content\/uploads\/sites\/5\/2023\/10\/9781032180793-196x300.jpg 196w\" sizes=\"(max-width: 350px) 100vw, 350px\" \/>\t\t\t\t\t\t\t\t\t\t\t\t\t<\/div>\n\t\t\t\t<\/div>\n\t\t\t\t\t<\/div>\n\t\t<\/div>\n\t\t\t\t<div class=\"elementor-column elementor-col-50 elementor-inner-column elementor-element elementor-element-9f2bceb\" data-id=\"9f2bceb\" data-element_type=\"column\">\n\t\t\t<div class=\"elementor-widget-wrap elementor-element-populated\">\n\t\t\t\t\t\t<div class=\"elementor-element elementor-element-056d990 elementor-widget elementor-widget-heading\" data-id=\"056d990\" data-element_type=\"widget\" data-widget_type=\"heading.default\">\n\t\t\t\t<div class=\"elementor-widget-container\">\n\t\t\t<h2 class=\"elementor-heading-title elementor-size-default\">URBAN CHANGE IN CENTRAL EUROPE<\/h2>\t\t<\/div>\n\t\t\t\t<\/div>\n\t\t\t\t<div class=\"elementor-element elementor-element-2b74436 elementor-widget elementor-widget-text-editor\" data-id=\"2b74436\" data-element_type=\"widget\" data-widget_type=\"text-editor.default\">\n\t\t\t\t<div class=\"elementor-widget-container\">\n\t\t\t\t\t\t\t<p>Redakcja Jacek Purchla<br \/>2022<\/p>\t\t\t\t\t\t<\/div>\n\t\t\t\t<\/div>\n\t\t\t\t\t<\/div>\n\t\t<\/div>\n\t\t\t\t\t<\/div>\n\t\t<\/section>\n\t\t\t\t<div class=\"elementor-element elementor-element-39d3582 elementor-widget elementor-widget-text-editor\" data-id=\"39d3582\" data-element_type=\"widget\" data-widget_type=\"text-editor.default\">\n\t\t\t\t<div class=\"elementor-widget-container\">\n\t\t\t\t\t\t\t<p>Zmiany, jakie zasz\u0142y w miastach Europy \u015arodkowej po 1989 roku, zas\u0142uguj\u0105 na kompleksow\u0105, interdyscyplinarn\u0105 analiz\u0119, kt\u00f3ra oferuje g\u0142\u0119boki wgl\u0105d w specyfik\u0119 i charakter przemian zachodz\u0105cych w tym regionie. Niniejsza ksi\u0105\u017cka prezentuje wielowymiarowe i interdyscyplinarne studium przypadku Krakowa, skupiaj\u0105c si\u0119 na zmianach zachodz\u0105cych w Europie \u015arodkowej w ci\u0105gu ostatnich trzech dekad.<\/p><p>\u00a0<\/p>\t\t\t\t\t\t<\/div>\n\t\t\t\t<\/div>\n\t\t\t\t<div class=\"elementor-element elementor-element-c7fdb1a elementor-align-right elementor-mobile-align-right elementor-widget elementor-widget-button\" data-id=\"c7fdb1a\" data-element_type=\"widget\" data-widget_type=\"button.default\">\n\t\t\t\t<div class=\"elementor-widget-container\">\n\t\t\t\t\t<div class=\"elementor-button-wrapper\">\n\t\t\t<a class=\"elementor-button elementor-button-link elementor-size-sm\" href=\"https:\/\/www.universitas.com.pl\/produkt\/3854\/Miasto-i-polityka-Przypadki-Krakowa,Jacek+Purchla\" target=\"_blank\">\n\t\t\t\t\t\t<span class=\"elementor-button-content-wrapper\">\n\t\t\t\t\t\t\t\t\t<span class=\"elementor-button-text\">Kup teraz<\/span>\n\t\t\t\t\t<\/span>\n\t\t\t\t\t<\/a>\n\t\t<\/div>\n\t\t\t\t<\/div>\n\t\t\t\t<\/div>\n\t\t\t\t<div class=\"elementor-element elementor-element-b9753e8 elementor-widget-divider--view-line elementor-widget elementor-widget-divider\" data-id=\"b9753e8\" data-element_type=\"widget\" data-widget_type=\"divider.default\">\n\t\t\t\t<div class=\"elementor-widget-container\">\n\t\t\t\t\t<div class=\"elementor-divider\">\n\t\t\t<span class=\"elementor-divider-separator\">\n\t\t\t\t\t\t<\/span>\n\t\t<\/div>\n\t\t\t\t<\/div>\n\t\t\t\t<\/div>\n\t\t\t\t\t<\/div>\n\t\t<\/div>\n\t\t\t\t<div class=\"elementor-column elementor-col-50 elementor-top-column elementor-element elementor-element-ba428f8\" data-id=\"ba428f8\" data-element_type=\"column\">\n\t\t\t<div class=\"elementor-widget-wrap elementor-element-populated\">\n\t\t\t\t\t\t<section data-particle_enable=\"false\" data-particle-mobile-disabled=\"false\" class=\"elementor-section elementor-inner-section elementor-element elementor-element-1ab99a3 elementor-section-boxed elementor-section-height-default elementor-section-height-default\" data-id=\"1ab99a3\" data-element_type=\"section\" data-settings=\"{&quot;jet_parallax_layout_list&quot;:[]}\">\n\t\t\t\t\t\t<div class=\"elementor-container elementor-column-gap-default\">\n\t\t\t\t\t<div class=\"elementor-column elementor-col-50 elementor-inner-column elementor-element elementor-element-70ef13a\" data-id=\"70ef13a\" data-element_type=\"column\">\n\t\t\t<div class=\"elementor-widget-wrap elementor-element-populated\">\n\t\t\t\t\t\t<div class=\"elementor-element elementor-element-f83c8b2 elementor-widget elementor-widget-image\" data-id=\"f83c8b2\" data-element_type=\"widget\" data-widget_type=\"image.default\">\n\t\t\t\t<div class=\"elementor-widget-container\">\n\t\t\t\t\t\t\t\t\t\t\t\t\t<img loading=\"lazy\" decoding=\"async\" width=\"790\" height=\"1163\" src=\"https:\/\/igpsm.uek.krakow.pl\/khgs\/wp-content\/uploads\/sites\/5\/2023\/10\/Obraz1.jpg\" class=\"attachment-full size-full wp-image-2112\" alt=\"\" srcset=\"https:\/\/igpsm.uek.krakow.pl\/khgs\/wp-content\/uploads\/sites\/5\/2023\/10\/Obraz1.jpg 790w, https:\/\/igpsm.uek.krakow.pl\/khgs\/wp-content\/uploads\/sites\/5\/2023\/10\/Obraz1-204x300.jpg 204w, https:\/\/igpsm.uek.krakow.pl\/khgs\/wp-content\/uploads\/sites\/5\/2023\/10\/Obraz1-696x1024.jpg 696w, https:\/\/igpsm.uek.krakow.pl\/khgs\/wp-content\/uploads\/sites\/5\/2023\/10\/Obraz1-768x1131.jpg 768w\" sizes=\"(max-width: 790px) 100vw, 790px\" \/>\t\t\t\t\t\t\t\t\t\t\t\t\t<\/div>\n\t\t\t\t<\/div>\n\t\t\t\t\t<\/div>\n\t\t<\/div>\n\t\t\t\t<div class=\"elementor-column elementor-col-50 elementor-inner-column elementor-element elementor-element-c035d89\" data-id=\"c035d89\" data-element_type=\"column\">\n\t\t\t<div class=\"elementor-widget-wrap elementor-element-populated\">\n\t\t\t\t\t\t<div class=\"elementor-element elementor-element-a6bca73 elementor-widget elementor-widget-heading\" data-id=\"a6bca73\" data-element_type=\"widget\" data-widget_type=\"heading.default\">\n\t\t\t\t<div class=\"elementor-widget-container\">\n\t\t\t<h2 class=\"elementor-heading-title elementor-size-default\">Krak\u00f3w - Matropolia T. I<\/h2>\t\t<\/div>\n\t\t\t\t<\/div>\n\t\t\t\t<div class=\"elementor-element elementor-element-3f5ec4b elementor-widget elementor-widget-text-editor\" data-id=\"3f5ec4b\" data-element_type=\"widget\" data-widget_type=\"text-editor.default\">\n\t\t\t\t<div class=\"elementor-widget-container\">\n\t\t\t\t\t\t\t<p>Redakcja Jacek Purchla<br \/>2016<\/p>\t\t\t\t\t\t<\/div>\n\t\t\t\t<\/div>\n\t\t\t\t\t<\/div>\n\t\t<\/div>\n\t\t\t\t\t<\/div>\n\t\t<\/section>\n\t\t\t\t<div class=\"elementor-element elementor-element-0d2fcb2 elementor-widget elementor-widget-text-editor\" data-id=\"0d2fcb2\" data-element_type=\"widget\" data-widget_type=\"text-editor.default\">\n\t\t\t\t<div class=\"elementor-widget-container\">\n\t\t\t\t\t\t\t<p>Poszukiwanie odpowiedzi na pytanie o miejsce Krakowa w sieci osadniczej Europy \u015arodkowej pobudza do wielow\u0105tkowej refleksji. Wi\u0105\u017ce si\u0119 ona zar\u00f3wno z konieczno\u015bci\u0105 spojrzenia na miasto w szerokiej perspektywie historycznej, jak i przez pryzmat dylemat\u00f3w jego wsp\u00f3\u0142czesnego rozwoju. Jedn\u0105 z kluczowych kwestii w obu przypadkach staje si\u0119 pytanie o metropolitalno\u015b\u0107 Krakowa. Ten w\u0142a\u015bnie problem sta\u0142 si\u0119 tematem seminarium naukowego zorganizowanego w lipcu 2015 r. przez Katedr\u0119 Historii Gospodarczej i Spo\u0142ecznej Uniwersytetu Ekonomicznego w Krakowie. Wyb\u00f3r tematu nie by\u0142 przypadkowy. Od ponad p\u00f3\u0142 wieku badania nad dziejami i rozwojem miast zajmuj\u0105 szczeg\u00f3lne miejsce w kierunkach badawczych podejmowanych przez pracownik\u00f3w Katedry. Miasto jako z\u0142o\u017cony proces wymaga dzisiaj nie tylko umiej\u0119tno\u015bci analizy zjawisk d\u0142ugiego trwania, ale te\u017c podej\u015bcia interdyscyplinarnego. Ze wst\u0119pu prof. dr. Jacka Purchli<\/p><p>\u00a0<\/p>\t\t\t\t\t\t<\/div>\n\t\t\t\t<\/div>\n\t\t\t\t<div class=\"elementor-element elementor-element-fb52ab9 elementor-align-right elementor-mobile-align-right elementor-widget elementor-widget-button\" data-id=\"fb52ab9\" data-element_type=\"widget\" data-widget_type=\"button.default\">\n\t\t\t\t<div class=\"elementor-widget-container\">\n\t\t\t\t\t<div class=\"elementor-button-wrapper\">\n\t\t\t<a class=\"elementor-button elementor-button-link elementor-size-sm\" href=\"https:\/\/karakter.pl\/product-pol-533-Miejski-grunt-250-lat-polskiej-gry-z-nowoczesnoscia.html?gclid=EAIaIQobChMI7L_AofX8gQMV94ZoCR0pWAPFEAAYAiAAEgJyvfD_BwE\" target=\"_blank\">\n\t\t\t\t\t\t<span class=\"elementor-button-content-wrapper\">\n\t\t\t\t\t\t\t\t\t<span class=\"elementor-button-text\">Kup teraz<\/span>\n\t\t\t\t\t<\/span>\n\t\t\t\t\t<\/a>\n\t\t<\/div>\n\t\t\t\t<\/div>\n\t\t\t\t<\/div>\n\t\t\t\t<div class=\"elementor-element elementor-element-5735394 elementor-widget-divider--view-line elementor-widget elementor-widget-divider\" data-id=\"5735394\" data-element_type=\"widget\" data-widget_type=\"divider.default\">\n\t\t\t\t<div class=\"elementor-widget-container\">\n\t\t\t\t\t<div class=\"elementor-divider\">\n\t\t\t<span class=\"elementor-divider-separator\">\n\t\t\t\t\t\t<\/span>\n\t\t<\/div>\n\t\t\t\t<\/div>\n\t\t\t\t<\/div>\n\t\t\t\t\t<\/div>\n\t\t<\/div>\n\t\t\t\t\t<\/div>\n\t\t<\/section>\n\t\t\t\t<section data-particle_enable=\"false\" data-particle-mobile-disabled=\"false\" class=\"elementor-section elementor-top-section elementor-element elementor-element-8e1478c elementor-section-boxed elementor-section-height-default elementor-section-height-default\" data-id=\"8e1478c\" data-element_type=\"section\" data-settings=\"{&quot;jet_parallax_layout_list&quot;:[]}\">\n\t\t\t\t\t\t<div class=\"elementor-container elementor-column-gap-extended\">\n\t\t\t\t\t<div class=\"elementor-column elementor-col-50 elementor-top-column elementor-element elementor-element-6858f1d\" data-id=\"6858f1d\" data-element_type=\"column\">\n\t\t\t<div class=\"elementor-widget-wrap elementor-element-populated\">\n\t\t\t\t\t\t<section data-particle_enable=\"false\" data-particle-mobile-disabled=\"false\" class=\"elementor-section elementor-inner-section elementor-element elementor-element-bbaf985 elementor-section-boxed elementor-section-height-default elementor-section-height-default\" data-id=\"bbaf985\" data-element_type=\"section\" data-settings=\"{&quot;jet_parallax_layout_list&quot;:[]}\">\n\t\t\t\t\t\t<div class=\"elementor-container elementor-column-gap-default\">\n\t\t\t\t\t<div class=\"elementor-column elementor-col-50 elementor-inner-column elementor-element elementor-element-ee0b493\" data-id=\"ee0b493\" data-element_type=\"column\">\n\t\t\t<div class=\"elementor-widget-wrap elementor-element-populated\">\n\t\t\t\t\t\t<div class=\"elementor-element elementor-element-1d6609d elementor-widget elementor-widget-image\" data-id=\"1d6609d\" data-element_type=\"widget\" data-widget_type=\"image.default\">\n\t\t\t\t<div class=\"elementor-widget-container\">\n\t\t\t\t\t\t\t\t\t\t\t\t\t<img loading=\"lazy\" decoding=\"async\" width=\"792\" height=\"1163\" src=\"https:\/\/igpsm.uek.krakow.pl\/khgs\/wp-content\/uploads\/sites\/5\/2023\/10\/Obraz2.jpg\" class=\"attachment-full size-full wp-image-2113\" alt=\"\" srcset=\"https:\/\/igpsm.uek.krakow.pl\/khgs\/wp-content\/uploads\/sites\/5\/2023\/10\/Obraz2.jpg 792w, https:\/\/igpsm.uek.krakow.pl\/khgs\/wp-content\/uploads\/sites\/5\/2023\/10\/Obraz2-204x300.jpg 204w, https:\/\/igpsm.uek.krakow.pl\/khgs\/wp-content\/uploads\/sites\/5\/2023\/10\/Obraz2-697x1024.jpg 697w, https:\/\/igpsm.uek.krakow.pl\/khgs\/wp-content\/uploads\/sites\/5\/2023\/10\/Obraz2-768x1128.jpg 768w\" sizes=\"(max-width: 792px) 100vw, 792px\" \/>\t\t\t\t\t\t\t\t\t\t\t\t\t<\/div>\n\t\t\t\t<\/div>\n\t\t\t\t\t<\/div>\n\t\t<\/div>\n\t\t\t\t<div class=\"elementor-column elementor-col-50 elementor-inner-column elementor-element elementor-element-ca704ae\" data-id=\"ca704ae\" data-element_type=\"column\">\n\t\t\t<div class=\"elementor-widget-wrap elementor-element-populated\">\n\t\t\t\t\t\t<div class=\"elementor-element elementor-element-9b6dd97 elementor-widget elementor-widget-heading\" data-id=\"9b6dd97\" data-element_type=\"widget\" data-widget_type=\"heading.default\">\n\t\t\t\t<div class=\"elementor-widget-container\">\n\t\t\t<h2 class=\"elementor-heading-title elementor-size-default\">Krak\u00f3w - Metropolia T. II<\/h2>\t\t<\/div>\n\t\t\t\t<\/div>\n\t\t\t\t<div class=\"elementor-element elementor-element-5365177 elementor-widget elementor-widget-text-editor\" data-id=\"5365177\" data-element_type=\"widget\" data-widget_type=\"text-editor.default\">\n\t\t\t\t<div class=\"elementor-widget-container\">\n\t\t\t\t\t\t\t<p>Redakcja Jacek Purchla<br \/>2017<\/p><p>\u00a0<\/p>\t\t\t\t\t\t<\/div>\n\t\t\t\t<\/div>\n\t\t\t\t\t<\/div>\n\t\t<\/div>\n\t\t\t\t\t<\/div>\n\t\t<\/section>\n\t\t\t\t<div class=\"elementor-element elementor-element-73df375 elementor-widget elementor-widget-text-editor\" data-id=\"73df375\" data-element_type=\"widget\" data-widget_type=\"text-editor.default\">\n\t\t\t\t<div class=\"elementor-widget-container\">\n\t\t\t\t\t\t\t<p>Niniejsza ksi\u0105\u017cka stanowi zbi\u00f3r interesuj\u0105cych studi\u00f3w na\u015bwietlaj\u0105cych<br \/>temat rozwoju Krakowa z uwzgl\u0119dnieniem zar\u00f3wno perspektywy historycznej, jak te\u017c wyzwa\u0144 wsp\u00f3\u0142czesno\u015bci. Ka\u017cdy z tekst\u00f3w powsta\u0142 na podstawie ambitnych i bardzo zaawansowanych bada\u0144 naukowych. Dzi\u0119ki temu czytelnik otrzymuje spor\u0105 dawk\u0119 nowej wiedzy na temat Krakowa, a dotycz\u0105cej przede wszystkim takich zagadnie\u0144 jak rozw\u00f3j gospodarczy i terytorialny miasta oraz kszta\u0142towanie si\u0119 jego spo\u0142ecze\u0144stwa obywatelskiego.<br \/>Z recenzji profesora \u0141ukasza Tomasza Sroki<\/p><p>\u00a0<\/p>\t\t\t\t\t\t<\/div>\n\t\t\t\t<\/div>\n\t\t\t\t<div class=\"elementor-element elementor-element-614b047 elementor-align-right elementor-mobile-align-right elementor-widget elementor-widget-button\" data-id=\"614b047\" data-element_type=\"widget\" data-widget_type=\"button.default\">\n\t\t\t\t<div class=\"elementor-widget-container\">\n\t\t\t\t\t<div class=\"elementor-button-wrapper\">\n\t\t\t<a class=\"elementor-button elementor-button-link elementor-size-sm\" href=\"https:\/\/www.universitas.com.pl\/produkt\/3854\/Miasto-i-polityka-Przypadki-Krakowa,Jacek+Purchla\" target=\"_blank\">\n\t\t\t\t\t\t<span class=\"elementor-button-content-wrapper\">\n\t\t\t\t\t\t\t\t\t<span class=\"elementor-button-text\">Kup teraz<\/span>\n\t\t\t\t\t<\/span>\n\t\t\t\t\t<\/a>\n\t\t<\/div>\n\t\t\t\t<\/div>\n\t\t\t\t<\/div>\n\t\t\t\t<div class=\"elementor-element elementor-element-7e695fc elementor-widget-divider--view-line elementor-widget elementor-widget-divider\" data-id=\"7e695fc\" data-element_type=\"widget\" data-widget_type=\"divider.default\">\n\t\t\t\t<div class=\"elementor-widget-container\">\n\t\t\t\t\t<div class=\"elementor-divider\">\n\t\t\t<span class=\"elementor-divider-separator\">\n\t\t\t\t\t\t<\/span>\n\t\t<\/div>\n\t\t\t\t<\/div>\n\t\t\t\t<\/div>\n\t\t\t\t\t<\/div>\n\t\t<\/div>\n\t\t\t\t<div class=\"elementor-column elementor-col-50 elementor-top-column elementor-element elementor-element-dc59c51\" data-id=\"dc59c51\" data-element_type=\"column\">\n\t\t\t<div class=\"elementor-widget-wrap elementor-element-populated\">\n\t\t\t\t\t\t<section data-particle_enable=\"false\" data-particle-mobile-disabled=\"false\" class=\"elementor-section elementor-inner-section elementor-element elementor-element-7946f80 elementor-section-boxed elementor-section-height-default elementor-section-height-default\" data-id=\"7946f80\" data-element_type=\"section\" data-settings=\"{&quot;jet_parallax_layout_list&quot;:[]}\">\n\t\t\t\t\t\t<div class=\"elementor-container elementor-column-gap-default\">\n\t\t\t\t\t<div class=\"elementor-column elementor-col-50 elementor-inner-column elementor-element elementor-element-280ae99\" data-id=\"280ae99\" data-element_type=\"column\">\n\t\t\t<div class=\"elementor-widget-wrap elementor-element-populated\">\n\t\t\t\t\t\t<div class=\"elementor-element elementor-element-b97f579 elementor-widget elementor-widget-image\" data-id=\"b97f579\" data-element_type=\"widget\" data-widget_type=\"image.default\">\n\t\t\t\t<div class=\"elementor-widget-container\">\n\t\t\t\t\t\t\t\t\t\t\t\t\t<img loading=\"lazy\" decoding=\"async\" width=\"344\" height=\"511\" src=\"https:\/\/igpsm.uek.krakow.pl\/khgs\/wp-content\/uploads\/sites\/5\/2023\/10\/Obraz3.jpg\" class=\"attachment-full size-full wp-image-2119\" alt=\"\" srcset=\"https:\/\/igpsm.uek.krakow.pl\/khgs\/wp-content\/uploads\/sites\/5\/2023\/10\/Obraz3.jpg 344w, https:\/\/igpsm.uek.krakow.pl\/khgs\/wp-content\/uploads\/sites\/5\/2023\/10\/Obraz3-202x300.jpg 202w\" sizes=\"(max-width: 344px) 100vw, 344px\" \/>\t\t\t\t\t\t\t\t\t\t\t\t\t<\/div>\n\t\t\t\t<\/div>\n\t\t\t\t\t<\/div>\n\t\t<\/div>\n\t\t\t\t<div class=\"elementor-column elementor-col-50 elementor-inner-column elementor-element elementor-element-62e75f7\" data-id=\"62e75f7\" data-element_type=\"column\">\n\t\t\t<div class=\"elementor-widget-wrap elementor-element-populated\">\n\t\t\t\t\t\t<div class=\"elementor-element elementor-element-e2a7558 elementor-widget elementor-widget-heading\" data-id=\"e2a7558\" data-element_type=\"widget\" data-widget_type=\"heading.default\">\n\t\t\t\t<div class=\"elementor-widget-container\">\n\t\t\t<h2 class=\"elementor-heading-title elementor-size-default\">Krak\u00f3w - Metropolia T. III<\/h2>\t\t<\/div>\n\t\t\t\t<\/div>\n\t\t\t\t<div class=\"elementor-element elementor-element-c7971b5 elementor-widget elementor-widget-text-editor\" data-id=\"c7971b5\" data-element_type=\"widget\" data-widget_type=\"text-editor.default\">\n\t\t\t\t<div class=\"elementor-widget-container\">\n\t\t\t\t\t\t\t<p>Redakcja Jacek Purchla<br \/>2018<\/p><p>\u00a0<\/p>\t\t\t\t\t\t<\/div>\n\t\t\t\t<\/div>\n\t\t\t\t\t<\/div>\n\t\t<\/div>\n\t\t\t\t\t<\/div>\n\t\t<\/section>\n\t\t\t\t<div class=\"elementor-element elementor-element-8a9caf9 elementor-widget elementor-widget-text-editor\" data-id=\"8a9caf9\" data-element_type=\"widget\" data-widget_type=\"text-editor.default\">\n\t\t\t\t<div class=\"elementor-widget-container\">\n\t\t\t\t\t\t\t<p>Ksi\u0105\u017cka stanowi interesuj\u0105cy zbi\u00f3r nowoczesnych i interdyscyplinarnych studi\u00f3w. W ka\u017cdym z nich podj\u0119ta zosta\u0142a odr\u0119bna tematyka z zakresu historii, dziedzictwa kulturowego, kwestii spo\u0142ecznych i samorz\u0105dowych oraz innych dziedzin. Motywem spajaj\u0105cym ca\u0142o\u015b\u0107 s\u0105 metropolitalne funkcje i ambicje Krakowa w epokach dawnych i wsp\u00f3\u0142cze\u015bnie. Rzecz nie tylko w tym, \u017ce autorki i autorzy dostarczyli nam spor\u0105 dawk\u0119 nowej wiedzy na temat Krakowa. Donios\u0142\u0105 spraw\u0105 jest to, \u017ce zwie\u0144czona przez t\u0119 ksi\u0105\u017ck\u0119 trzytomowa seria tworzy now\u0105 jako\u015b\u0107 w polskiej nauce i mo\u017cemy zdefiniowa\u0107 j\u0105 jako urbanologiczn\u0105. To wpisuje ten tryptyk w najnowsze \u015bwiatowe trendy badania miast z wykorzystaniem narz\u0119dzi proponowanych przez r\u00f3\u017cne dyscypliny naukowe.<\/p><p><em>Z recenzji profesora \u0141ukasza Tomasza Sroki<\/em><\/p><p>\u00a0<\/p>\t\t\t\t\t\t<\/div>\n\t\t\t\t<\/div>\n\t\t\t\t<div class=\"elementor-element elementor-element-fe3cfe1 elementor-align-right elementor-mobile-align-right elementor-widget elementor-widget-button\" data-id=\"fe3cfe1\" data-element_type=\"widget\" data-widget_type=\"button.default\">\n\t\t\t\t<div class=\"elementor-widget-container\">\n\t\t\t\t\t<div class=\"elementor-button-wrapper\">\n\t\t\t<a class=\"elementor-button elementor-button-link elementor-size-sm\" href=\"https:\/\/karakter.pl\/product-pol-533-Miejski-grunt-250-lat-polskiej-gry-z-nowoczesnoscia.html?gclid=EAIaIQobChMI7L_AofX8gQMV94ZoCR0pWAPFEAAYAiAAEgJyvfD_BwE\" target=\"_blank\">\n\t\t\t\t\t\t<span class=\"elementor-button-content-wrapper\">\n\t\t\t\t\t\t\t\t\t<span class=\"elementor-button-text\">Kup teraz<\/span>\n\t\t\t\t\t<\/span>\n\t\t\t\t\t<\/a>\n\t\t<\/div>\n\t\t\t\t<\/div>\n\t\t\t\t<\/div>\n\t\t\t\t<div class=\"elementor-element elementor-element-a7ab4a4 elementor-widget-divider--view-line elementor-widget elementor-widget-divider\" data-id=\"a7ab4a4\" data-element_type=\"widget\" data-widget_type=\"divider.default\">\n\t\t\t\t<div class=\"elementor-widget-container\">\n\t\t\t\t\t<div class=\"elementor-divider\">\n\t\t\t<span class=\"elementor-divider-separator\">\n\t\t\t\t\t\t<\/span>\n\t\t<\/div>\n\t\t\t\t<\/div>\n\t\t\t\t<\/div>\n\t\t\t\t\t<\/div>\n\t\t<\/div>\n\t\t\t\t\t<\/div>\n\t\t<\/section>\n\t\t\t\t<section data-particle_enable=\"false\" data-particle-mobile-disabled=\"false\" class=\"elementor-section elementor-top-section elementor-element elementor-element-1035139 elementor-section-boxed elementor-section-height-default elementor-section-height-default\" data-id=\"1035139\" data-element_type=\"section\" data-settings=\"{&quot;jet_parallax_layout_list&quot;:[]}\">\n\t\t\t\t\t\t<div class=\"elementor-container elementor-column-gap-extended\">\n\t\t\t\t\t<div class=\"elementor-column elementor-col-50 elementor-top-column elementor-element elementor-element-69bbfeb\" data-id=\"69bbfeb\" data-element_type=\"column\">\n\t\t\t<div class=\"elementor-widget-wrap elementor-element-populated\">\n\t\t\t\t\t\t<section data-particle_enable=\"false\" data-particle-mobile-disabled=\"false\" class=\"elementor-section elementor-inner-section elementor-element elementor-element-96a3ab7 elementor-section-boxed elementor-section-height-default elementor-section-height-default\" data-id=\"96a3ab7\" data-element_type=\"section\" data-settings=\"{&quot;jet_parallax_layout_list&quot;:[]}\">\n\t\t\t\t\t\t<div class=\"elementor-container elementor-column-gap-default\">\n\t\t\t\t\t<div class=\"elementor-column elementor-col-50 elementor-inner-column elementor-element elementor-element-6214387\" data-id=\"6214387\" data-element_type=\"column\">\n\t\t\t<div class=\"elementor-widget-wrap elementor-element-populated\">\n\t\t\t\t\t\t<div class=\"elementor-element elementor-element-056d3de elementor-widget elementor-widget-image\" data-id=\"056d3de\" data-element_type=\"widget\" data-widget_type=\"image.default\">\n\t\t\t\t<div class=\"elementor-widget-container\">\n\t\t\t\t\t\t\t\t\t\t\t\t\t<img loading=\"lazy\" decoding=\"async\" width=\"515\" height=\"750\" src=\"https:\/\/igpsm.uek.krakow.pl\/khgs\/wp-content\/uploads\/sites\/5\/2023\/10\/purchla_Miasto.jpg\" class=\"attachment-full size-full wp-image-2114\" alt=\"\" srcset=\"https:\/\/igpsm.uek.krakow.pl\/khgs\/wp-content\/uploads\/sites\/5\/2023\/10\/purchla_Miasto.jpg 515w, https:\/\/igpsm.uek.krakow.pl\/khgs\/wp-content\/uploads\/sites\/5\/2023\/10\/purchla_Miasto-206x300.jpg 206w\" sizes=\"(max-width: 515px) 100vw, 515px\" \/>\t\t\t\t\t\t\t\t\t\t\t\t\t<\/div>\n\t\t\t\t<\/div>\n\t\t\t\t\t<\/div>\n\t\t<\/div>\n\t\t\t\t<div class=\"elementor-column elementor-col-50 elementor-inner-column elementor-element elementor-element-5886a4d\" data-id=\"5886a4d\" data-element_type=\"column\">\n\t\t\t<div class=\"elementor-widget-wrap elementor-element-populated\">\n\t\t\t\t\t\t<div class=\"elementor-element elementor-element-22382a4 elementor-widget elementor-widget-heading\" data-id=\"22382a4\" data-element_type=\"widget\" data-widget_type=\"heading.default\">\n\t\t\t\t<div class=\"elementor-widget-container\">\n\t\t\t<h2 class=\"elementor-heading-title elementor-size-default\">Miasto i Polityka<\/h2>\t\t<\/div>\n\t\t\t\t<\/div>\n\t\t\t\t<div class=\"elementor-element elementor-element-7a2c854 elementor-widget elementor-widget-text-editor\" data-id=\"7a2c854\" data-element_type=\"widget\" data-widget_type=\"text-editor.default\">\n\t\t\t\t<div class=\"elementor-widget-container\">\n\t\t\t\t\t\t\t<p>Jacek Purchla<br \/>2018<\/p>\t\t\t\t\t\t<\/div>\n\t\t\t\t<\/div>\n\t\t\t\t\t<\/div>\n\t\t<\/div>\n\t\t\t\t\t<\/div>\n\t\t<\/section>\n\t\t\t\t<div class=\"elementor-element elementor-element-33ea3c8 elementor-widget elementor-widget-text-editor\" data-id=\"33ea3c8\" data-element_type=\"widget\" data-widget_type=\"text-editor.default\">\n\t\t\t\t<div class=\"elementor-widget-container\">\n\t\t\t\t\t\t\t<p>Zawarte w ksi\u0105\u017cce refleksje dotycz\u0105 fenomenu Krakowa w ci\u0105gu ostatnich dw\u00f3ch stuleci. Trwa\u0142o\u015b\u0107 i si\u0142a stygmatu sto\u0142eczno\u015bci Krakowa to intryguj\u0105cy dla urbanologa przyk\u0142ad znaczenia dziedzictwa materialnego i niematerialnego jako czynnika rozwoju miasta. Tego niezwyk\u0142ego zjawiska nie mo\u017cna oderwa\u0107 od kontekstu politycznego. Relacja pomi\u0119dzy miastem a polityk\u0105 to w przypadku Krakowa nie tylko funkcja polskiego losu! Krak\u00f3w to tak\u017ce Europa \u015arodka, w kt\u00f3rej przez dwie\u015bcie ostatnich lat wiele razy zmienia\u0142y si\u0119 granice i systemy polityczne.<\/p>\t\t\t\t\t\t<\/div>\n\t\t\t\t<\/div>\n\t\t\t\t<div class=\"elementor-element elementor-element-d7692ed elementor-align-right elementor-mobile-align-right elementor-widget elementor-widget-button\" data-id=\"d7692ed\" data-element_type=\"widget\" data-widget_type=\"button.default\">\n\t\t\t\t<div class=\"elementor-widget-container\">\n\t\t\t\t\t<div class=\"elementor-button-wrapper\">\n\t\t\t<a class=\"elementor-button elementor-button-link elementor-size-sm\" href=\"https:\/\/www.universitas.com.pl\/produkt\/3854\/Miasto-i-polityka-Przypadki-Krakowa,Jacek+Purchla\" target=\"_blank\">\n\t\t\t\t\t\t<span class=\"elementor-button-content-wrapper\">\n\t\t\t\t\t\t\t\t\t<span class=\"elementor-button-text\">Kup teraz<\/span>\n\t\t\t\t\t<\/span>\n\t\t\t\t\t<\/a>\n\t\t<\/div>\n\t\t\t\t<\/div>\n\t\t\t\t<\/div>\n\t\t\t\t<div class=\"elementor-element elementor-element-e943049 elementor-widget-divider--view-line elementor-widget elementor-widget-divider\" data-id=\"e943049\" data-element_type=\"widget\" data-widget_type=\"divider.default\">\n\t\t\t\t<div class=\"elementor-widget-container\">\n\t\t\t\t\t<div class=\"elementor-divider\">\n\t\t\t<span class=\"elementor-divider-separator\">\n\t\t\t\t\t\t<\/span>\n\t\t<\/div>\n\t\t\t\t<\/div>\n\t\t\t\t<\/div>\n\t\t\t\t\t<\/div>\n\t\t<\/div>\n\t\t\t\t<div class=\"elementor-column elementor-col-50 elementor-top-column elementor-element elementor-element-a2bd20c\" data-id=\"a2bd20c\" data-element_type=\"column\">\n\t\t\t<div class=\"elementor-widget-wrap elementor-element-populated\">\n\t\t\t\t\t\t<section data-particle_enable=\"false\" data-particle-mobile-disabled=\"false\" class=\"elementor-section elementor-inner-section elementor-element elementor-element-2c43c61 elementor-section-boxed elementor-section-height-default elementor-section-height-default\" data-id=\"2c43c61\" data-element_type=\"section\" data-settings=\"{&quot;jet_parallax_layout_list&quot;:[]}\">\n\t\t\t\t\t\t<div class=\"elementor-container elementor-column-gap-default\">\n\t\t\t\t\t<div class=\"elementor-column elementor-col-50 elementor-inner-column elementor-element elementor-element-ef317ec\" data-id=\"ef317ec\" data-element_type=\"column\">\n\t\t\t<div class=\"elementor-widget-wrap elementor-element-populated\">\n\t\t\t\t\t\t<div class=\"elementor-element elementor-element-ccc4f5c elementor-widget elementor-widget-image\" data-id=\"ccc4f5c\" data-element_type=\"widget\" data-widget_type=\"image.default\">\n\t\t\t\t<div class=\"elementor-widget-container\">\n\t\t\t\t\t\t\t\t\t\t\t\t\t<img loading=\"lazy\" decoding=\"async\" width=\"1067\" height=\"1600\" src=\"https:\/\/igpsm.uek.krakow.pl\/khgs\/wp-content\/uploads\/sites\/5\/2023\/10\/Miejski-grunt-.jpg\" class=\"attachment-full size-full wp-image-1730\" alt=\"\" srcset=\"https:\/\/igpsm.uek.krakow.pl\/khgs\/wp-content\/uploads\/sites\/5\/2023\/10\/Miejski-grunt-.jpg 1067w, https:\/\/igpsm.uek.krakow.pl\/khgs\/wp-content\/uploads\/sites\/5\/2023\/10\/Miejski-grunt--200x300.jpg 200w, https:\/\/igpsm.uek.krakow.pl\/khgs\/wp-content\/uploads\/sites\/5\/2023\/10\/Miejski-grunt--683x1024.jpg 683w, https:\/\/igpsm.uek.krakow.pl\/khgs\/wp-content\/uploads\/sites\/5\/2023\/10\/Miejski-grunt--768x1152.jpg 768w, https:\/\/igpsm.uek.krakow.pl\/khgs\/wp-content\/uploads\/sites\/5\/2023\/10\/Miejski-grunt--1024x1536.jpg 1024w\" sizes=\"(max-width: 1067px) 100vw, 1067px\" \/>\t\t\t\t\t\t\t\t\t\t\t\t\t<\/div>\n\t\t\t\t<\/div>\n\t\t\t\t\t<\/div>\n\t\t<\/div>\n\t\t\t\t<div class=\"elementor-column elementor-col-50 elementor-inner-column elementor-element elementor-element-067bd13\" data-id=\"067bd13\" data-element_type=\"column\">\n\t\t\t<div class=\"elementor-widget-wrap elementor-element-populated\">\n\t\t\t\t\t\t<div class=\"elementor-element elementor-element-5a498ed elementor-widget elementor-widget-heading\" data-id=\"5a498ed\" data-element_type=\"widget\" data-widget_type=\"heading.default\">\n\t\t\t\t<div class=\"elementor-widget-container\">\n\t\t\t<h2 class=\"elementor-heading-title elementor-size-default\">Miejski grunt. 250 lat polskiej gry z nowoczesno\u015bci\u0105<\/h2>\t\t<\/div>\n\t\t\t\t<\/div>\n\t\t\t\t<div class=\"elementor-element elementor-element-fd57096 elementor-widget elementor-widget-text-editor\" data-id=\"fd57096\" data-element_type=\"widget\" data-widget_type=\"text-editor.default\">\n\t\t\t\t<div class=\"elementor-widget-container\">\n\t\t\t\t\t\t\t<p>Rafa\u0142 Matyja<br \/>2022<\/p>\t\t\t\t\t\t<\/div>\n\t\t\t\t<\/div>\n\t\t\t\t\t<\/div>\n\t\t<\/div>\n\t\t\t\t\t<\/div>\n\t\t<\/section>\n\t\t\t\t<div class=\"elementor-element elementor-element-377882e elementor-widget elementor-widget-text-editor\" data-id=\"377882e\" data-element_type=\"widget\" data-widget_type=\"text-editor.default\">\n\t\t\t\t<div class=\"elementor-widget-container\">\n\t\t\t\t\t\t\t<p>Rozwa\u017cania Autora cechuje rzadko spotykana szeroko\u015b\u0107 spojrzenia. Przedstawiaj\u0105c rozw\u00f3j sieci miejskiej nawi\u0105zuje do ustale\u0144 z dziedziny historii gospodarczej i spo\u0142ecznej, wykorzystuje ustalenia dotycz\u0105ce dziej\u00f3w urbanistyki, architektury i techniki. Jego analizy dokonywane s\u0105 nie tylko w perspektywie historycznej, ale tak\u017ce socjologicznej i<br \/>politologicznej. Na ich tle pojawiaj\u0105 si\u0119 interesuj\u0105ce refleksje uog\u00f3lniaj\u0105ce.<em><br \/><\/em><\/p>\t\t\t\t\t\t<\/div>\n\t\t\t\t<\/div>\n\t\t\t\t<div class=\"elementor-element elementor-element-89192a5 elementor-align-right elementor-mobile-align-right elementor-widget elementor-widget-button\" data-id=\"89192a5\" data-element_type=\"widget\" data-widget_type=\"button.default\">\n\t\t\t\t<div class=\"elementor-widget-container\">\n\t\t\t\t\t<div class=\"elementor-button-wrapper\">\n\t\t\t<a class=\"elementor-button elementor-button-link elementor-size-sm\" href=\"https:\/\/karakter.pl\/product-pol-533-Miejski-grunt-250-lat-polskiej-gry-z-nowoczesnoscia.html?gclid=EAIaIQobChMI7L_AofX8gQMV94ZoCR0pWAPFEAAYAiAAEgJyvfD_BwE\" target=\"_blank\">\n\t\t\t\t\t\t<span class=\"elementor-button-content-wrapper\">\n\t\t\t\t\t\t\t\t\t<span class=\"elementor-button-text\">Kup teraz<\/span>\n\t\t\t\t\t<\/span>\n\t\t\t\t\t<\/a>\n\t\t<\/div>\n\t\t\t\t<\/div>\n\t\t\t\t<\/div>\n\t\t\t\t<div class=\"elementor-element elementor-element-c139c7c elementor-widget-divider--view-line elementor-widget elementor-widget-divider\" data-id=\"c139c7c\" data-element_type=\"widget\" data-widget_type=\"divider.default\">\n\t\t\t\t<div class=\"elementor-widget-container\">\n\t\t\t\t\t<div class=\"elementor-divider\">\n\t\t\t<span class=\"elementor-divider-separator\">\n\t\t\t\t\t\t<\/span>\n\t\t<\/div>\n\t\t\t\t<\/div>\n\t\t\t\t<\/div>\n\t\t\t\t\t<\/div>\n\t\t<\/div>\n\t\t\t\t\t<\/div>\n\t\t<\/section>\n\t\t\t\t<section data-particle_enable=\"false\" data-particle-mobile-disabled=\"false\" class=\"elementor-section elementor-top-section elementor-element elementor-element-f5c514d elementor-section-boxed elementor-section-height-default elementor-section-height-default\" data-id=\"f5c514d\" data-element_type=\"section\" data-settings=\"{&quot;jet_parallax_layout_list&quot;:[]}\">\n\t\t\t\t\t\t<div class=\"elementor-container elementor-column-gap-extended\">\n\t\t\t\t\t<div class=\"elementor-column elementor-col-50 elementor-top-column elementor-element elementor-element-e19cabc\" data-id=\"e19cabc\" data-element_type=\"column\">\n\t\t\t<div class=\"elementor-widget-wrap elementor-element-populated\">\n\t\t\t\t\t\t<section data-particle_enable=\"false\" data-particle-mobile-disabled=\"false\" class=\"elementor-section elementor-inner-section elementor-element elementor-element-2f7e933 elementor-section-boxed elementor-section-height-default elementor-section-height-default\" data-id=\"2f7e933\" data-element_type=\"section\" data-settings=\"{&quot;jet_parallax_layout_list&quot;:[]}\">\n\t\t\t\t\t\t<div class=\"elementor-container elementor-column-gap-default\">\n\t\t\t\t\t<div class=\"elementor-column elementor-col-50 elementor-inner-column elementor-element elementor-element-70ac4d8\" data-id=\"70ac4d8\" data-element_type=\"column\">\n\t\t\t<div class=\"elementor-widget-wrap elementor-element-populated\">\n\t\t\t\t\t\t<div class=\"elementor-element elementor-element-a20f422 elementor-widget elementor-widget-image\" data-id=\"a20f422\" data-element_type=\"widget\" data-widget_type=\"image.default\">\n\t\t\t\t<div class=\"elementor-widget-container\">\n\t\t\t\t\t\t\t\t\t\t\t\t\t<img loading=\"lazy\" decoding=\"async\" width=\"515\" height=\"824\" src=\"https:\/\/igpsm.uek.krakow.pl\/khgs\/wp-content\/uploads\/sites\/5\/2023\/10\/miodunka_spolecznosc_malych.jpg\" class=\"attachment-full size-full wp-image-2093\" alt=\"\" srcset=\"https:\/\/igpsm.uek.krakow.pl\/khgs\/wp-content\/uploads\/sites\/5\/2023\/10\/miodunka_spolecznosc_malych.jpg 515w, https:\/\/igpsm.uek.krakow.pl\/khgs\/wp-content\/uploads\/sites\/5\/2023\/10\/miodunka_spolecznosc_malych-188x300.jpg 188w\" sizes=\"(max-width: 515px) 100vw, 515px\" \/>\t\t\t\t\t\t\t\t\t\t\t\t\t<\/div>\n\t\t\t\t<\/div>\n\t\t\t\t\t<\/div>\n\t\t<\/div>\n\t\t\t\t<div class=\"elementor-column elementor-col-50 elementor-inner-column elementor-element elementor-element-683598b\" data-id=\"683598b\" data-element_type=\"column\">\n\t\t\t<div class=\"elementor-widget-wrap elementor-element-populated\">\n\t\t\t\t\t\t<div class=\"elementor-element elementor-element-df788ae elementor-widget elementor-widget-heading\" data-id=\"df788ae\" data-element_type=\"widget\" data-widget_type=\"heading.default\">\n\t\t\t\t<div class=\"elementor-widget-container\">\n\t\t\t<h2 class=\"elementor-heading-title elementor-size-default\">Spo\u0142eczno\u015b\u0107 ma\u0142ych miast po\u0142udniowej Ma\u0142opolski od ko\u0144ca XVI do ko\u0144ca XVIII wieku<\/h2>\t\t<\/div>\n\t\t\t\t<\/div>\n\t\t\t\t<div class=\"elementor-element elementor-element-da0ee95 elementor-widget elementor-widget-text-editor\" data-id=\"da0ee95\" data-element_type=\"widget\" data-widget_type=\"text-editor.default\">\n\t\t\t\t<div class=\"elementor-widget-container\">\n\t\t\t\t\t\t\t<p>Piotr Miodunka<br \/>2021<\/p>\t\t\t\t\t\t<\/div>\n\t\t\t\t<\/div>\n\t\t\t\t\t<\/div>\n\t\t<\/div>\n\t\t\t\t\t<\/div>\n\t\t<\/section>\n\t\t\t\t<div class=\"elementor-element elementor-element-6a62f2d elementor-widget elementor-widget-text-editor\" data-id=\"6a62f2d\" data-element_type=\"widget\" data-widget_type=\"text-editor.default\">\n\t\t\t\t<div class=\"elementor-widget-container\">\n\t\t\t\t\t\t\t<p>&#8222;Ksi\u0105\u017cka jest pozycj\u0105 ze wszech miar warto\u015bciow\u0105 [\u2026]. Otrzymujemy bowiem monografi\u0119 maksymalnie \u2013 co podkre\u015blam z naciskiem \u2013 wielostronnie \u017ar\u00f3d\u0142ow\u0105, podejmuj\u0105c\u0105 istotne i ci\u0105gle aktualne problemy funkcjonowania spo\u0142eczno\u015bci ma\u0142ych organizm\u00f3w miejskich, kt\u00f3re, jak dobrze wiemy, dominowa\u0142y w pejza\u017cu urbanizacyjnym dawnej Rzeczypospolitej szlacheckiej. prof. zw. dr hab. Cezary Kuklo<\/p>\t\t\t\t\t\t<\/div>\n\t\t\t\t<\/div>\n\t\t\t\t<div class=\"elementor-element elementor-element-3b01376 elementor-align-right elementor-mobile-align-right elementor-widget elementor-widget-button\" data-id=\"3b01376\" data-element_type=\"widget\" data-widget_type=\"button.default\">\n\t\t\t\t<div class=\"elementor-widget-container\">\n\t\t\t\t\t<div class=\"elementor-button-wrapper\">\n\t\t\t<a class=\"elementor-button elementor-button-link elementor-size-sm\" href=\"http:\/\/Na%20podstawie%20obserwacji%20miast%20z%20terenu%20po\u0142udniowej%20Ma\u0142opolski%20nie%20wydaje%20si\u0119%20s\u0142uszne%20\u2013%20moim%20zdaniem%20\u2013%20sprowadzanie%20ma\u0142ych%20miast%20do%20roli%20swoistych%20twor\u00f3w%20po\u015brednich%20mi\u0119dzy%20wsiami%20a%20miastami.%20W%20spos\u00f3b%20zasadniczy%20ich%20struktura%20spo\u0142eczna%20i%20ekonomiczna%20nie%20r\u00f3\u017cni\u0142a%20si\u0119%20od%20miast%20wi\u0119kszych.%20By\u0142y%20to%20miasta%20w%20pe\u0142nym%20tego%20s\u0142owa%20znaczeniu%20\u2013%20tyle%20\u017ce%20w%20mniejszej%20skali.%20[\u2026]%20Mieszka\u0144cy%20owych%20mniejszych%20o\u015brodk\u00f3w%20mieli%20w%20pe\u0142ni%20\u015bwiadomo\u015b\u0107%20mieszcza\u0144skiej%20kondycji,%20a%20tak\u017ce%20negatywnych%20i%20pozytywnych%20stron%20swojej%20pozycji%20w%20ramach%20w\u0142asnego%20stanu%20i%20ca\u0142ego%20spo\u0142ecze\u0144stwa.%20Nie%20odbiega\u0142y%20one%20zbytnio%20od%20wsp\u00f3\u0142czesnych%20r\u00f3\u017cnic%20mi\u0119dzy%20mniejszym%20a%20wi\u0119kszym%20miastem.%20%20fragment%20ksi\u0105\u017cki\" target=\"_blank\">\n\t\t\t\t\t\t<span class=\"elementor-button-content-wrapper\">\n\t\t\t\t\t\t\t\t\t<span class=\"elementor-button-text\">Kup teraz<\/span>\n\t\t\t\t\t<\/span>\n\t\t\t\t\t<\/a>\n\t\t<\/div>\n\t\t\t\t<\/div>\n\t\t\t\t<\/div>\n\t\t\t\t<div class=\"elementor-element elementor-element-41a0670 elementor-widget-divider--view-line elementor-widget elementor-widget-divider\" data-id=\"41a0670\" data-element_type=\"widget\" data-widget_type=\"divider.default\">\n\t\t\t\t<div class=\"elementor-widget-container\">\n\t\t\t\t\t<div class=\"elementor-divider\">\n\t\t\t<span class=\"elementor-divider-separator\">\n\t\t\t\t\t\t<\/span>\n\t\t<\/div>\n\t\t\t\t<\/div>\n\t\t\t\t<\/div>\n\t\t\t\t\t<\/div>\n\t\t<\/div>\n\t\t\t\t<div class=\"elementor-column elementor-col-50 elementor-top-column elementor-element elementor-element-6d458f0\" data-id=\"6d458f0\" data-element_type=\"column\">\n\t\t\t<div class=\"elementor-widget-wrap elementor-element-populated\">\n\t\t\t\t\t\t<section data-particle_enable=\"false\" data-particle-mobile-disabled=\"false\" class=\"elementor-section elementor-inner-section elementor-element elementor-element-ea116bb elementor-section-boxed elementor-section-height-default elementor-section-height-default\" data-id=\"ea116bb\" data-element_type=\"section\" data-settings=\"{&quot;jet_parallax_layout_list&quot;:[]}\">\n\t\t\t\t\t\t<div class=\"elementor-container elementor-column-gap-default\">\n\t\t\t\t\t<div class=\"elementor-column elementor-col-50 elementor-inner-column elementor-element elementor-element-fb9de6e\" data-id=\"fb9de6e\" data-element_type=\"column\">\n\t\t\t<div class=\"elementor-widget-wrap elementor-element-populated\">\n\t\t\t\t\t\t<div class=\"elementor-element elementor-element-2cd751f elementor-widget elementor-widget-image\" data-id=\"2cd751f\" data-element_type=\"widget\" data-widget_type=\"image.default\">\n\t\t\t\t<div class=\"elementor-widget-container\">\n\t\t\t\t\t\t\t\t\t\t\t\t\t<img loading=\"lazy\" decoding=\"async\" width=\"346\" height=\"500\" src=\"https:\/\/igpsm.uek.krakow.pl\/khgs\/wp-content\/uploads\/sites\/5\/2023\/10\/58569_Budujac_system.jpg\" class=\"attachment-full size-full wp-image-2089\" alt=\"\" srcset=\"https:\/\/igpsm.uek.krakow.pl\/khgs\/wp-content\/uploads\/sites\/5\/2023\/10\/58569_Budujac_system.jpg 346w, https:\/\/igpsm.uek.krakow.pl\/khgs\/wp-content\/uploads\/sites\/5\/2023\/10\/58569_Budujac_system-208x300.jpg 208w\" sizes=\"(max-width: 346px) 100vw, 346px\" \/>\t\t\t\t\t\t\t\t\t\t\t\t\t<\/div>\n\t\t\t\t<\/div>\n\t\t\t\t\t<\/div>\n\t\t<\/div>\n\t\t\t\t<div class=\"elementor-column elementor-col-50 elementor-inner-column elementor-element elementor-element-a7f9726\" data-id=\"a7f9726\" data-element_type=\"column\">\n\t\t\t<div class=\"elementor-widget-wrap elementor-element-populated\">\n\t\t\t\t\t\t<div class=\"elementor-element elementor-element-7f8df09 elementor-widget elementor-widget-heading\" data-id=\"7f8df09\" data-element_type=\"widget\" data-widget_type=\"heading.default\">\n\t\t\t\t<div class=\"elementor-widget-container\">\n\t\t\t<h2 class=\"elementor-heading-title elementor-size-default\">Buduj\u0105c system. Ochrona zabytk\u00f3w sakralnych w diecezji tarnowskiej na prze\u0142omie XIX i XX wieku<\/h2>\t\t<\/div>\n\t\t\t\t<\/div>\n\t\t\t\t<div class=\"elementor-element elementor-element-a59447f elementor-widget elementor-widget-text-editor\" data-id=\"a59447f\" data-element_type=\"widget\" data-widget_type=\"text-editor.default\">\n\t\t\t\t<div class=\"elementor-widget-container\">\n\t\t\t\t\t\t\t<p>Andrzej Laskowski<br \/>2020<\/p>\t\t\t\t\t\t<\/div>\n\t\t\t\t<\/div>\n\t\t\t\t\t<\/div>\n\t\t<\/div>\n\t\t\t\t\t<\/div>\n\t\t<\/section>\n\t\t\t\t<div class=\"elementor-element elementor-element-905a8ef elementor-widget elementor-widget-text-editor\" data-id=\"905a8ef\" data-element_type=\"widget\" data-widget_type=\"text-editor.default\">\n\t\t\t\t<div class=\"elementor-widget-container\">\n\t\t\t\t\t\t\t<p>Ksi\u0105\u017cka stanowi zwie\u0144czenie wieloletnich bada\u0144 autora prowadzonych na obszarze diecezji tarnowskiej, obejmuj\u0105cych zar\u00f3wno badania archiwalne i biblioteczne, jak i prace terenowe. Om\u00f3wiono w niej nie tylko zagadnienia zwi\u0105zane z ochron\u0105 zabytk\u00f3w sakralnych diecezji u schy\u0142ku XIX i na pocz\u0105tku XX wieku, ale tak\u017ce pokazano szerokie t\u0142o historyczne, spo\u0142eczne i ekonomiczne omawianego terenu oraz dzia\u0142alno\u015b\u0107 najwybitniejszych jednostek Ko\u015bcio\u0142a tarnowskiego tego czasu, poczynaj\u0105c od postaci dw\u00f3ch rz\u0105dz\u0105cych w\u00f3wczas diecezj\u0105 hierarch\u00f3w: Ignacego \u0141obosa i Leona Wa\u0142\u0119gi.<\/p>\t\t\t\t\t\t<\/div>\n\t\t\t\t<\/div>\n\t\t\t\t<div class=\"elementor-element elementor-element-eab2371 elementor-align-right elementor-mobile-align-right elementor-widget elementor-widget-button\" data-id=\"eab2371\" data-element_type=\"widget\" data-widget_type=\"button.default\">\n\t\t\t\t<div class=\"elementor-widget-container\">\n\t\t\t\t\t<div class=\"elementor-button-wrapper\">\n\t\t\t<a class=\"elementor-button elementor-button-link elementor-size-sm\" href=\"https:\/\/akademicka.com.pl\/index.php?detale=1&#038;a=2&#038;id=58569\" target=\"_blank\">\n\t\t\t\t\t\t<span class=\"elementor-button-content-wrapper\">\n\t\t\t\t\t\t\t\t\t<span class=\"elementor-button-text\">Kup teraz<\/span>\n\t\t\t\t\t<\/span>\n\t\t\t\t\t<\/a>\n\t\t<\/div>\n\t\t\t\t<\/div>\n\t\t\t\t<\/div>\n\t\t\t\t<div class=\"elementor-element elementor-element-46f49f5 elementor-widget-divider--view-line elementor-widget elementor-widget-divider\" data-id=\"46f49f5\" data-element_type=\"widget\" data-widget_type=\"divider.default\">\n\t\t\t\t<div class=\"elementor-widget-container\">\n\t\t\t\t\t<div class=\"elementor-divider\">\n\t\t\t<span class=\"elementor-divider-separator\">\n\t\t\t\t\t\t<\/span>\n\t\t<\/div>\n\t\t\t\t<\/div>\n\t\t\t\t<\/div>\n\t\t\t\t\t<\/div>\n\t\t<\/div>\n\t\t\t\t\t<\/div>\n\t\t<\/section>\n\t\t\t\t<section data-particle_enable=\"false\" data-particle-mobile-disabled=\"false\" class=\"elementor-section elementor-top-section elementor-element elementor-element-1312128 elementor-section-boxed elementor-section-height-default elementor-section-height-default\" data-id=\"1312128\" data-element_type=\"section\" data-settings=\"{&quot;jet_parallax_layout_list&quot;:[]}\">\n\t\t\t\t\t\t<div class=\"elementor-container elementor-column-gap-extended\">\n\t\t\t\t\t<div class=\"elementor-column elementor-col-50 elementor-top-column elementor-element elementor-element-b09f2fe\" data-id=\"b09f2fe\" data-element_type=\"column\">\n\t\t\t<div class=\"elementor-widget-wrap elementor-element-populated\">\n\t\t\t\t\t\t<section data-particle_enable=\"false\" data-particle-mobile-disabled=\"false\" class=\"elementor-section elementor-inner-section elementor-element elementor-element-5e73fd7 elementor-section-boxed elementor-section-height-default elementor-section-height-default\" data-id=\"5e73fd7\" data-element_type=\"section\" data-settings=\"{&quot;jet_parallax_layout_list&quot;:[]}\">\n\t\t\t\t\t\t<div class=\"elementor-container elementor-column-gap-default\">\n\t\t\t\t\t<div class=\"elementor-column elementor-col-50 elementor-inner-column elementor-element elementor-element-b4fda97\" data-id=\"b4fda97\" data-element_type=\"column\">\n\t\t\t<div class=\"elementor-widget-wrap elementor-element-populated\">\n\t\t\t\t\t\t<div class=\"elementor-element elementor-element-15ed70d elementor-widget elementor-widget-image\" data-id=\"15ed70d\" data-element_type=\"widget\" data-widget_type=\"image.default\">\n\t\t\t\t<div class=\"elementor-widget-container\">\n\t\t\t\t\t\t\t\t\t\t\t\t\t<img loading=\"lazy\" decoding=\"async\" width=\"388\" height=\"570\" src=\"https:\/\/igpsm.uek.krakow.pl\/khgs\/wp-content\/uploads\/sites\/5\/2023\/10\/kulturotropia.png\" class=\"attachment-full size-full wp-image-2104\" alt=\"\" srcset=\"https:\/\/igpsm.uek.krakow.pl\/khgs\/wp-content\/uploads\/sites\/5\/2023\/10\/kulturotropia.png 388w, https:\/\/igpsm.uek.krakow.pl\/khgs\/wp-content\/uploads\/sites\/5\/2023\/10\/kulturotropia-204x300.png 204w\" sizes=\"(max-width: 388px) 100vw, 388px\" \/>\t\t\t\t\t\t\t\t\t\t\t\t\t<\/div>\n\t\t\t\t<\/div>\n\t\t\t\t\t<\/div>\n\t\t<\/div>\n\t\t\t\t<div class=\"elementor-column elementor-col-50 elementor-inner-column elementor-element elementor-element-1f909b9\" data-id=\"1f909b9\" data-element_type=\"column\">\n\t\t\t<div class=\"elementor-widget-wrap elementor-element-populated\">\n\t\t\t\t\t\t<div class=\"elementor-element elementor-element-55dc77b elementor-widget elementor-widget-heading\" data-id=\"55dc77b\" data-element_type=\"widget\" data-widget_type=\"heading.default\">\n\t\t\t\t<div class=\"elementor-widget-container\">\n\t\t\t<h2 class=\"elementor-heading-title elementor-size-default\">Kulturotropia. Znaczenie kultury w rozwoju wsp\u00f3\u0142czesnych miast<\/h2>\t\t<\/div>\n\t\t\t\t<\/div>\n\t\t\t\t<div class=\"elementor-element elementor-element-63f82a7 elementor-widget elementor-widget-text-editor\" data-id=\"63f82a7\" data-element_type=\"widget\" data-widget_type=\"text-editor.default\">\n\t\t\t\t<div class=\"elementor-widget-container\">\n\t\t\t\t\t\t\t<p>Joanna Sanetra-Szeliga<br>2021<\/p>\t\t\t\t\t\t<\/div>\n\t\t\t\t<\/div>\n\t\t\t\t\t<\/div>\n\t\t<\/div>\n\t\t\t\t\t<\/div>\n\t\t<\/section>\n\t\t\t\t<div class=\"elementor-element elementor-element-2def3bd elementor-widget elementor-widget-text-editor\" data-id=\"2def3bd\" data-element_type=\"widget\" data-widget_type=\"text-editor.default\">\n\t\t\t\t<div class=\"elementor-widget-container\">\n\t\t\t\t\t\t\t<p>Autorka z jednej strony zwraca uwag\u0119 na rol\u0119, jak\u0105 kultura mo\u017ce odgrywa\u0107 w teoriach i modelach rozwoju lokalnego, z drugiej za\u015b wprowadza czytelnika w realia miast kreatywnych, miast event\u00f3w. Pokazuje zagraniczne i polskie przyk\u0142ady tworzenia dzielnic kulturalnych i klastr\u00f3w kreatywnych, a tak\u017ce wykorzystywania kultury w projektach zwi\u0105zanych z rewitalizacj\u0105 obszar\u00f3w zdegradowanych oraz budowaniu jako\u015bci \u017cycia w mie\u015bcie.<\/p>\t\t\t\t\t\t<\/div>\n\t\t\t\t<\/div>\n\t\t\t\t<div class=\"elementor-element elementor-element-eed3c6f elementor-align-right elementor-mobile-align-right elementor-widget elementor-widget-button\" data-id=\"eed3c6f\" data-element_type=\"widget\" data-widget_type=\"button.default\">\n\t\t\t\t<div class=\"elementor-widget-container\">\n\t\t\t\t\t<div class=\"elementor-button-wrapper\">\n\t\t\t<a class=\"elementor-button elementor-button-link elementor-size-sm\" href=\"https:\/\/scholar.com.pl\/pl\/glowna\/4143-kulturotropia.html\" target=\"_blank\">\n\t\t\t\t\t\t<span class=\"elementor-button-content-wrapper\">\n\t\t\t\t\t\t\t\t\t<span class=\"elementor-button-text\">Kup  teraz<\/span>\n\t\t\t\t\t<\/span>\n\t\t\t\t\t<\/a>\n\t\t<\/div>\n\t\t\t\t<\/div>\n\t\t\t\t<\/div>\n\t\t\t\t<div class=\"elementor-element elementor-element-aff6b28 elementor-widget-divider--view-line elementor-widget elementor-widget-divider\" data-id=\"aff6b28\" data-element_type=\"widget\" data-widget_type=\"divider.default\">\n\t\t\t\t<div class=\"elementor-widget-container\">\n\t\t\t\t\t<div class=\"elementor-divider\">\n\t\t\t<span class=\"elementor-divider-separator\">\n\t\t\t\t\t\t<\/span>\n\t\t<\/div>\n\t\t\t\t<\/div>\n\t\t\t\t<\/div>\n\t\t\t\t\t<\/div>\n\t\t<\/div>\n\t\t\t\t<div class=\"elementor-column elementor-col-50 elementor-top-column elementor-element elementor-element-41573cb\" data-id=\"41573cb\" data-element_type=\"column\">\n\t\t\t<div class=\"elementor-widget-wrap elementor-element-populated\">\n\t\t\t\t\t\t<section data-particle_enable=\"false\" data-particle-mobile-disabled=\"false\" class=\"elementor-section elementor-inner-section elementor-element elementor-element-d2bfbf8 elementor-section-boxed elementor-section-height-default elementor-section-height-default\" data-id=\"d2bfbf8\" data-element_type=\"section\" data-settings=\"{&quot;jet_parallax_layout_list&quot;:[]}\">\n\t\t\t\t\t\t<div class=\"elementor-container elementor-column-gap-default\">\n\t\t\t\t\t<div class=\"elementor-column elementor-col-50 elementor-inner-column elementor-element elementor-element-afc4921\" data-id=\"afc4921\" data-element_type=\"column\">\n\t\t\t<div class=\"elementor-widget-wrap elementor-element-populated\">\n\t\t\t\t\t\t<div class=\"elementor-element elementor-element-95d5f47 elementor-widget__width-initial elementor-widget elementor-widget-image\" data-id=\"95d5f47\" data-element_type=\"widget\" data-widget_type=\"image.default\">\n\t\t\t\t<div class=\"elementor-widget-container\">\n\t\t\t\t\t\t\t\t\t\t\t\t\t<img loading=\"lazy\" decoding=\"async\" width=\"600\" height=\"600\" src=\"https:\/\/igpsm.uek.krakow.pl\/khgs\/wp-content\/uploads\/sites\/5\/2023\/10\/samorzad-krakowa-wobec-wyzwan-metropolitalnosci.jpg\" class=\"attachment-full size-full wp-image-2123\" alt=\"\" srcset=\"https:\/\/igpsm.uek.krakow.pl\/khgs\/wp-content\/uploads\/sites\/5\/2023\/10\/samorzad-krakowa-wobec-wyzwan-metropolitalnosci.jpg 600w, https:\/\/igpsm.uek.krakow.pl\/khgs\/wp-content\/uploads\/sites\/5\/2023\/10\/samorzad-krakowa-wobec-wyzwan-metropolitalnosci-300x300.jpg 300w, https:\/\/igpsm.uek.krakow.pl\/khgs\/wp-content\/uploads\/sites\/5\/2023\/10\/samorzad-krakowa-wobec-wyzwan-metropolitalnosci-150x150.jpg 150w, https:\/\/igpsm.uek.krakow.pl\/khgs\/wp-content\/uploads\/sites\/5\/2023\/10\/samorzad-krakowa-wobec-wyzwan-metropolitalnosci-75x75.jpg 75w\" sizes=\"(max-width: 600px) 100vw, 600px\" \/>\t\t\t\t\t\t\t\t\t\t\t\t\t<\/div>\n\t\t\t\t<\/div>\n\t\t\t\t\t<\/div>\n\t\t<\/div>\n\t\t\t\t<div class=\"elementor-column elementor-col-50 elementor-inner-column elementor-element elementor-element-178220c\" data-id=\"178220c\" data-element_type=\"column\">\n\t\t\t<div class=\"elementor-widget-wrap elementor-element-populated\">\n\t\t\t\t\t\t<div class=\"elementor-element elementor-element-c109257 elementor-widget elementor-widget-heading\" data-id=\"c109257\" data-element_type=\"widget\" data-widget_type=\"heading.default\">\n\t\t\t\t<div class=\"elementor-widget-container\">\n\t\t\t<h2 class=\"elementor-heading-title elementor-size-default\">Samorz\u0105d Krakowa wobec wyzwa\u0144 metropolitalno\u015bci <\/h2>\t\t<\/div>\n\t\t\t\t<\/div>\n\t\t\t\t<div class=\"elementor-element elementor-element-c7e5399 elementor-widget elementor-widget-text-editor\" data-id=\"c7e5399\" data-element_type=\"widget\" data-widget_type=\"text-editor.default\">\n\t\t\t\t<div class=\"elementor-widget-container\">\n\t\t\t\t\t\t\t<p>Dominika Ho\u0142uj<br \/>2015<\/p>\t\t\t\t\t\t<\/div>\n\t\t\t\t<\/div>\n\t\t\t\t\t<\/div>\n\t\t<\/div>\n\t\t\t\t\t<\/div>\n\t\t<\/section>\n\t\t\t\t<div class=\"elementor-element elementor-element-ba94026 elementor-widget elementor-widget-text-editor\" data-id=\"ba94026\" data-element_type=\"widget\" data-widget_type=\"text-editor.default\">\n\t\t\t\t<div class=\"elementor-widget-container\">\n\t\t\t\t\t\t\t<p>Monografia stanowi studium przypadku Krakowa b\u0119d\u0105ce wieloczynnikow\u0105 analiz\u0105 uwarunkowa\u0144 funkcjonowania samorz\u0105du lokalnego tej metropolii po 1990 roku. Obejmuj\u0105ca ponad dwudziestoletni okres praca ukazuje zmienno\u015b\u0107 lokalnej polityki rozwojowej, jej intensywno\u015bci i skuteczno\u015bci. Uk\u0142ad monografii pozwala skupi\u0107 uwag\u0119 czytelnika na najwa\u017cniejszych aspektach dzia\u0142a\u0144 Krakowa. Przeprowadzono w niej analiz\u0119 kondycji finans\u00f3w lokalnych, jako\u015bci procesu planowania i zagospodarowania przestrzeni, zagadnie\u0144 promocji i kszta\u0142towania wizerunku o\u015brodka, a tak\u017ce pogrupowano rodzajowo dzia\u0142ania dotycz\u0105ce poszczeg\u00f3lnych funkcji metropolitalnych miasta.<\/p>\t\t\t\t\t\t<\/div>\n\t\t\t\t<\/div>\n\t\t\t\t<div class=\"elementor-element elementor-element-ae9a8ec elementor-align-right elementor-mobile-align-right elementor-widget elementor-widget-button\" data-id=\"ae9a8ec\" data-element_type=\"widget\" data-widget_type=\"button.default\">\n\t\t\t\t<div class=\"elementor-widget-container\">\n\t\t\t\t\t<div class=\"elementor-button-wrapper\">\n\t\t\t<a class=\"elementor-button elementor-button-link elementor-size-sm\" href=\"https:\/\/ksiegarnia.uek.krakow.pl\/ekonomia\/246-samorzad-krakowa-wobec-wyzwan-metropolitalnosci.html\" target=\"_blank\">\n\t\t\t\t\t\t<span class=\"elementor-button-content-wrapper\">\n\t\t\t\t\t\t\t\t\t<span class=\"elementor-button-text\">Kup teraz<\/span>\n\t\t\t\t\t<\/span>\n\t\t\t\t\t<\/a>\n\t\t<\/div>\n\t\t\t\t<\/div>\n\t\t\t\t<\/div>\n\t\t\t\t<div class=\"elementor-element elementor-element-3a4bf9a elementor-widget-divider--view-line elementor-widget elementor-widget-divider\" data-id=\"3a4bf9a\" data-element_type=\"widget\" data-widget_type=\"divider.default\">\n\t\t\t\t<div class=\"elementor-widget-container\">\n\t\t\t\t\t<div class=\"elementor-divider\">\n\t\t\t<span class=\"elementor-divider-separator\">\n\t\t\t\t\t\t<\/span>\n\t\t<\/div>\n\t\t\t\t<\/div>\n\t\t\t\t<\/div>\n\t\t\t\t\t<\/div>\n\t\t<\/div>\n\t\t\t\t\t<\/div>\n\t\t<\/section>\n\t\t\t\t<section data-particle_enable=\"false\" data-particle-mobile-disabled=\"false\" class=\"elementor-section elementor-top-section elementor-element elementor-element-a8bd82d elementor-section-boxed elementor-section-height-default elementor-section-height-default\" data-id=\"a8bd82d\" data-element_type=\"section\" data-settings=\"{&quot;jet_parallax_layout_list&quot;:[]}\">\n\t\t\t\t\t\t<div class=\"elementor-container elementor-column-gap-extended\">\n\t\t\t\t\t<div class=\"elementor-column elementor-col-50 elementor-top-column elementor-element elementor-element-d5a5f2b\" data-id=\"d5a5f2b\" data-element_type=\"column\">\n\t\t\t<div class=\"elementor-widget-wrap elementor-element-populated\">\n\t\t\t\t\t\t<section data-particle_enable=\"false\" data-particle-mobile-disabled=\"false\" class=\"elementor-section elementor-inner-section elementor-element elementor-element-b66e87e elementor-section-boxed elementor-section-height-default elementor-section-height-default\" data-id=\"b66e87e\" data-element_type=\"section\" data-settings=\"{&quot;jet_parallax_layout_list&quot;:[]}\">\n\t\t\t\t\t\t<div class=\"elementor-container elementor-column-gap-default\">\n\t\t\t\t\t<div class=\"elementor-column elementor-col-50 elementor-inner-column elementor-element elementor-element-0259dd4\" data-id=\"0259dd4\" data-element_type=\"column\">\n\t\t\t<div class=\"elementor-widget-wrap elementor-element-populated\">\n\t\t\t\t\t\t<div class=\"elementor-element elementor-element-4ebc21c elementor-widget__width-initial elementor-widget elementor-widget-image\" data-id=\"4ebc21c\" data-element_type=\"widget\" data-widget_type=\"image.default\">\n\t\t\t\t<div class=\"elementor-widget-container\">\n\t\t\t\t\t\t\t\t\t\t\t\t\t<img loading=\"lazy\" decoding=\"async\" width=\"765\" height=\"1080\" src=\"https:\/\/igpsm.uek.krakow.pl\/khgs\/wp-content\/uploads\/sites\/5\/2023\/12\/metropolie.jpg\" class=\"attachment-full size-full wp-image-2403\" alt=\"\" srcset=\"https:\/\/igpsm.uek.krakow.pl\/khgs\/wp-content\/uploads\/sites\/5\/2023\/12\/metropolie.jpg 765w, https:\/\/igpsm.uek.krakow.pl\/khgs\/wp-content\/uploads\/sites\/5\/2023\/12\/metropolie-213x300.jpg 213w, https:\/\/igpsm.uek.krakow.pl\/khgs\/wp-content\/uploads\/sites\/5\/2023\/12\/metropolie-725x1024.jpg 725w\" sizes=\"(max-width: 765px) 100vw, 765px\" \/>\t\t\t\t\t\t\t\t\t\t\t\t\t<\/div>\n\t\t\t\t<\/div>\n\t\t\t\t\t<\/div>\n\t\t<\/div>\n\t\t\t\t<div class=\"elementor-column elementor-col-50 elementor-inner-column elementor-element elementor-element-e679d7a\" data-id=\"e679d7a\" data-element_type=\"column\">\n\t\t\t<div class=\"elementor-widget-wrap elementor-element-populated\">\n\t\t\t\t\t\t<div class=\"elementor-element elementor-element-c1c9cef elementor-widget elementor-widget-heading\" data-id=\"c1c9cef\" data-element_type=\"widget\" data-widget_type=\"heading.default\">\n\t\t\t\t<div class=\"elementor-widget-container\">\n\t\t\t<h2 class=\"elementor-heading-title elementor-size-default\">Metropolie w przestrzeni politycznej\ni administracyjnej Polski<\/h2>\t\t<\/div>\n\t\t\t\t<\/div>\n\t\t\t\t<div class=\"elementor-element elementor-element-81093df elementor-widget elementor-widget-text-editor\" data-id=\"81093df\" data-element_type=\"widget\" data-widget_type=\"text-editor.default\">\n\t\t\t\t<div class=\"elementor-widget-container\">\n\t\t\t\t\t\t\t<p>Rafa\u0142 Matyja, Kinga Wojtas-Jarentowska<br \/>2023<\/p>\t\t\t\t\t\t<\/div>\n\t\t\t\t<\/div>\n\t\t\t\t\t<\/div>\n\t\t<\/div>\n\t\t\t\t\t<\/div>\n\t\t<\/section>\n\t\t\t\t<div class=\"elementor-element elementor-element-4b9a158 elementor-widget elementor-widget-text-editor\" data-id=\"4b9a158\" data-element_type=\"widget\" data-widget_type=\"text-editor.default\">\n\t\t\t\t<div class=\"elementor-widget-container\">\n\t\t\t\t\t\t\t<p>Niniejsza praca zmierza do ustalenia odpowiedzi na nast\u0119puj\u0105ce<br \/>pytania:<br \/>Po pierwsze: dlaczego \u2013 mimo up\u0142ywu ponad 30 lat od wprowadze-<br \/>nia samorz\u0105du terytorialnego \u2013 nie wprowadzono regulacji umo\u017cliwia-<br \/>j\u0105cych utworzenie zwi\u0105zk\u00f3w metropolitalnych?<br \/>Po drugie: w jaki spos\u00f3b dotychczasowe prace legislacyjne,<br \/>planistyczne i eksperckie warunkuj\u0105 przysz\u0142y kszta\u0142t rozwi\u0105za\u0144<br \/>metropolitalnych?<br \/>Po trzecie: na czym polega obecna funkcja metropolii w systemie<br \/>administracyjnym i politycznym kraju? W jakich pozaekonomicznych<br \/>obszarach ich rola jest dominuj\u0105ca?<br \/>Po czwarte: czy zachowania wyborcze ich obywateli s\u0105 odmienne<br \/>od zachowa\u0144 og\u00f3\u0142u wyborc\u00f3w? Je\u017celi tak, to w jakim stopniu podobne<br \/>do miast metropolitalnych s\u0105 postawy mieszka\u0144c\u00f3w ich aglomeracji?<\/p><p>\u00a0<\/p>\t\t\t\t\t\t<\/div>\n\t\t\t\t<\/div>\n\t\t\t\t<div class=\"elementor-element elementor-element-c6a96c7 elementor-align-right elementor-mobile-align-right elementor-widget elementor-widget-button\" data-id=\"c6a96c7\" data-element_type=\"widget\" data-widget_type=\"button.default\">\n\t\t\t\t<div class=\"elementor-widget-container\">\n\t\t\t\t\t<div class=\"elementor-button-wrapper\">\n\t\t\t<a class=\"elementor-button elementor-button-link elementor-size-sm\" href=\"https:\/\/www.senat.gov.pl\/gfx\/senat\/userfiles\/_public\/k11\/kancelaria\/wydawnictwo\/pdf\/metropolie_w_przestrzeni_politycznej_i_administracyjnej_polski.pdf\" target=\"_blank\">\n\t\t\t\t\t\t<span class=\"elementor-button-content-wrapper\">\n\t\t\t\t\t\t\t\t\t<span class=\"elementor-button-text\">Pobierz<\/span>\n\t\t\t\t\t<\/span>\n\t\t\t\t\t<\/a>\n\t\t<\/div>\n\t\t\t\t<\/div>\n\t\t\t\t<\/div>\n\t\t\t\t<div class=\"elementor-element elementor-element-3f1ed6e elementor-widget-divider--view-line elementor-widget elementor-widget-divider\" data-id=\"3f1ed6e\" data-element_type=\"widget\" data-widget_type=\"divider.default\">\n\t\t\t\t<div class=\"elementor-widget-container\">\n\t\t\t\t\t<div class=\"elementor-divider\">\n\t\t\t<span class=\"elementor-divider-separator\">\n\t\t\t\t\t\t<\/span>\n\t\t<\/div>\n\t\t\t\t<\/div>\n\t\t\t\t<\/div>\n\t\t\t\t\t<\/div>\n\t\t<\/div>\n\t\t\t\t<div class=\"elementor-column elementor-col-50 elementor-top-column elementor-element elementor-element-b97d877\" data-id=\"b97d877\" data-element_type=\"column\">\n\t\t\t<div class=\"elementor-widget-wrap elementor-element-populated\">\n\t\t\t\t\t\t<section data-particle_enable=\"false\" data-particle-mobile-disabled=\"false\" class=\"elementor-section elementor-inner-section elementor-element elementor-element-8142338 elementor-section-boxed elementor-section-height-default elementor-section-height-default\" data-id=\"8142338\" data-element_type=\"section\" data-settings=\"{&quot;jet_parallax_layout_list&quot;:[]}\">\n\t\t\t\t\t\t<div class=\"elementor-container elementor-column-gap-default\">\n\t\t\t\t\t<div class=\"elementor-column elementor-col-50 elementor-inner-column elementor-element elementor-element-fc4c777\" data-id=\"fc4c777\" data-element_type=\"column\">\n\t\t\t<div class=\"elementor-widget-wrap elementor-element-populated\">\n\t\t\t\t\t\t<div class=\"elementor-element elementor-element-be1d062 elementor-widget__width-initial elementor-widget elementor-widget-image\" data-id=\"be1d062\" data-element_type=\"widget\" data-widget_type=\"image.default\">\n\t\t\t\t<div class=\"elementor-widget-container\">\n\t\t\t\t\t\t\t\t\t\t\t\t\t<img loading=\"lazy\" decoding=\"async\" width=\"352\" height=\"500\" src=\"https:\/\/igpsm.uek.krakow.pl\/khgs\/wp-content\/uploads\/sites\/5\/2024\/01\/1001601-352x500-1.jpg\" class=\"attachment-full size-full wp-image-2429\" alt=\"\" srcset=\"https:\/\/igpsm.uek.krakow.pl\/khgs\/wp-content\/uploads\/sites\/5\/2024\/01\/1001601-352x500-1.jpg 352w, https:\/\/igpsm.uek.krakow.pl\/khgs\/wp-content\/uploads\/sites\/5\/2024\/01\/1001601-352x500-1-211x300.jpg 211w\" sizes=\"(max-width: 352px) 100vw, 352px\" \/>\t\t\t\t\t\t\t\t\t\t\t\t\t<\/div>\n\t\t\t\t<\/div>\n\t\t\t\t\t<\/div>\n\t\t<\/div>\n\t\t\t\t<div class=\"elementor-column elementor-col-50 elementor-inner-column elementor-element elementor-element-8a13088\" data-id=\"8a13088\" data-element_type=\"column\">\n\t\t\t<div class=\"elementor-widget-wrap elementor-element-populated\">\n\t\t\t\t\t\t<div class=\"elementor-element elementor-element-a1b5876 elementor-widget elementor-widget-heading\" data-id=\"a1b5876\" data-element_type=\"widget\" data-widget_type=\"heading.default\">\n\t\t\t\t<div class=\"elementor-widget-container\">\n\t\t\t<h2 class=\"elementor-heading-title elementor-size-default\">Budowanie \u015bwiata: wok\u00f3\u0142 tw\u00f3rczo\u015bci Tomasza Ma\u0144kowskiego<\/h2>\t\t<\/div>\n\t\t\t\t<\/div>\n\t\t\t\t<div class=\"elementor-element elementor-element-5284858 elementor-widget elementor-widget-text-editor\" data-id=\"5284858\" data-element_type=\"widget\" data-widget_type=\"text-editor.default\">\n\t\t\t\t<div class=\"elementor-widget-container\">\n\t\t\t\t\t\t\t<p>Micha\u0142 Wi\u015bniewski <br \/>2022<\/p>\t\t\t\t\t\t<\/div>\n\t\t\t\t<\/div>\n\t\t\t\t\t<\/div>\n\t\t<\/div>\n\t\t\t\t\t<\/div>\n\t\t<\/section>\n\t\t\t\t<div class=\"elementor-element elementor-element-425f283 elementor-widget elementor-widget-text-editor\" data-id=\"425f283\" data-element_type=\"widget\" data-widget_type=\"text-editor.default\">\n\t\t\t\t<div class=\"elementor-widget-container\">\n\t\t\t\t\t\t\t<p>Historia Tomasza Ma\u0144kowskiego to alternatywna historia polskiej architektury, kt\u00f3ra zdarzy\u0142a\u00a0si\u0119 naprawd\u0119. Zaczyna\u0142 w\u00a0Krakowie w\u00a0epoce Nowej Huty, ale omin\u0105\u0142 go socrealizm. Uczy\u0142 architektury mieszkaniowej, lecz nie budowa\u0142 blokowisk, ale wr\u0119cz promowa\u0142 domki jednorodzinne. By\u0142 zza \u017celaznej kurtyny, ale studiowa\u0142 u\u00a0Louisa Kahna. Wcze\u015bnie odkry\u0142 postmodernizm, ale nigdy nie wyrzek\u0142 si\u0119 modernizmu. A\u00a0kiedy upad\u0142 PRL i\u00a0wszyscy rzucili si\u0119 w\u00a0biznes, zaprosi\u0142 przyjaci\u00f3\u0142 z\u00a0Polski i\u00a0zagranicy do projektu eksperymentalnego o\u015brodka opieku\u0144czego \u2013 Wioski Dzieci\u0119cej. Fascynuj\u0105cy dorobek i\u00a0postawa tw\u00f3rcy, kt\u00f3ry w\u00a0ka\u017cdych okoliczno\u015bciach tworzy\u0142 architektur\u0119 g\u0142\u0119boko humanistyczn\u0105 i\u00a0najlepsz\u0105 mo\u017cliw\u0105 w\u00a0danych warunkach\u201d.<\/p><p>Grzegorz Pi\u0105tek<\/p><p>\u00a0<\/p>\t\t\t\t\t\t<\/div>\n\t\t\t\t<\/div>\n\t\t\t\t<div class=\"elementor-element elementor-element-421101f elementor-align-right elementor-mobile-align-right elementor-widget elementor-widget-button\" data-id=\"421101f\" data-element_type=\"widget\" data-widget_type=\"button.default\">\n\t\t\t\t<div class=\"elementor-widget-container\">\n\t\t\t\t\t<div class=\"elementor-button-wrapper\">\n\t\t\t<a class=\"elementor-button elementor-button-link elementor-size-sm\" href=\"#\" target=\"_blank\">\n\t\t\t\t\t\t<span class=\"elementor-button-content-wrapper\">\n\t\t\t\t\t\t\t\t\t<span class=\"elementor-button-text\">Kuo teraz<\/span>\n\t\t\t\t\t<\/span>\n\t\t\t\t\t<\/a>\n\t\t<\/div>\n\t\t\t\t<\/div>\n\t\t\t\t<\/div>\n\t\t\t\t<div class=\"elementor-element elementor-element-95fec87 elementor-widget-divider--view-line elementor-widget elementor-widget-divider\" data-id=\"95fec87\" data-element_type=\"widget\" data-widget_type=\"divider.default\">\n\t\t\t\t<div class=\"elementor-widget-container\">\n\t\t\t\t\t<div class=\"elementor-divider\">\n\t\t\t<span class=\"elementor-divider-separator\">\n\t\t\t\t\t\t<\/span>\n\t\t<\/div>\n\t\t\t\t<\/div>\n\t\t\t\t<\/div>\n\t\t\t\t\t<\/div>\n\t\t<\/div>\n\t\t\t\t\t<\/div>\n\t\t<\/section>\n\t\t\t\t<\/div>\n\t\t","protected":false},"excerpt":{"rendered":"<p>Publikacje Katedra Szablon Ch\u0142opi po\u0142udniowej Ma\u0142opolski wobec kryzys\u00f3w \u017cywno\u015bciowych od XVII do po\u0142. XIX wieku Piotr Miodunka2024 Nieurodzaje, braki \u017cywno\u015bci, wreszcie kl\u0119ski g\u0142odu by\u0142y zjawiskiem powszechnym w przednowoczesnej Europie, ale s\u0142abo zbadanym w przypadku ziem polskich. Dzi\u0119ki wykorzystaniu wielu r\u00f3\u017cnorodnych materia\u0142\u00f3w archiwalnych, w tym ksi\u0105g metrykalnych, uda\u0142o si\u0119 ustali\u0107, \u017ce dla po\u0142udniowej Ma\u0142opolski nie tylko katastrofa roku 1847, b\u0119d\u0105ca efektem zarazy ziemniaczanej, ale te\u017c kl\u0119ski g\u0142odu z XVIII wieku skutkowa\u0142y ogromn\u0105 umieralno\u015bci\u0105 i spadkiem urodze\u0144. Ich skutki demograficzne i gospodarcze by\u0142y por\u00f3wnywalne co najmniej z epidemiami i bardziej dotkliwe ni\u017c zniszczenia wojenne. Paradoksem by\u0142o, \u017ce to ch\u0142opi, czyli producenci \u017cywno\u015bci, byli jednocze\u015bnie g\u0142\u00f3wnymi poszkodowanymi, mimo podejmowanych pr\u00f3b zwi\u0119kszenia bezpiecze\u0144stwa \u017cywno\u015bciowego. Kup teraz Krak\u00f3w z bliska i z oddali. Studia i szkice ofiarowane Profesorowi Jackowi Purchli z okazji 70. rocznicy urodzin Redakcja Dominika Ho\u0142uj i Andrzej Laskowski2024 \u201eIntencj\u0105 ka\u017cdego z autor\u00f3w tekst\u00f3w stanowi\u0105cych niniejszy zbi\u00f3r by\u0142o ukazanie Krakowa przez pryzmat zagadnie\u0144 podejmowanych w swej dzia\u0142alno\u015bci naukowej. Portretem tak postrzeganego Krakowa jest zbi\u00f3r artyku\u0142\u00f3w, z kt\u00f3rych ka\u017cdy stanowi nie tylko osobisty podarunek dla Jubilata i cegie\u0142k\u0119 do\u0142o\u017con\u0105 do bada\u0144 nad \u201eMatecznikiem Polski\u201d i jego relacjami z otoczeniem, ale te\u017c emanacj\u0119 samego Profesora, kt\u00f3ry \u2013 autorsko i konsekwentnie formuj\u0105c przez lata nasz zesp\u00f3\u0142 \u2013 inspirowa\u0142 i motywowa\u0142 partycypuj\u0105cych tu autor\u00f3w do podejmowania r\u00f3\u017cnorodnych temat\u00f3w i zg\u0142\u0119biania intryguj\u0105cych ka\u017cdego z nich obszar\u00f3w badawczych\u201d. (z Wprowadzenia) Kup teraz URBAN CHANGE IN CENTRAL EUROPE Redakcja Jacek Purchla2022 Zmiany, jakie zasz\u0142y w miastach Europy \u015arodkowej po 1989 roku, zas\u0142uguj\u0105 na kompleksow\u0105, interdyscyplinarn\u0105 analiz\u0119, kt\u00f3ra oferuje g\u0142\u0119boki wgl\u0105d w specyfik\u0119 i charakter przemian zachodz\u0105cych w tym regionie. Niniejsza ksi\u0105\u017cka prezentuje wielowymiarowe i interdyscyplinarne studium przypadku Krakowa, skupiaj\u0105c si\u0119 na zmianach zachodz\u0105cych w Europie \u015arodkowej w ci\u0105gu ostatnich trzech dekad. \u00a0 Kup teraz Krak\u00f3w &#8211; Matropolia T. I Redakcja Jacek Purchla2016 Poszukiwanie odpowiedzi na pytanie o miejsce Krakowa w sieci osadniczej Europy \u015arodkowej pobudza do wielow\u0105tkowej refleksji. Wi\u0105\u017ce si\u0119 ona zar\u00f3wno z konieczno\u015bci\u0105 spojrzenia na miasto w szerokiej perspektywie historycznej, jak i przez pryzmat dylemat\u00f3w jego wsp\u00f3\u0142czesnego rozwoju. Jedn\u0105 z kluczowych kwestii w obu przypadkach staje si\u0119 pytanie o metropolitalno\u015b\u0107 Krakowa. Ten w\u0142a\u015bnie problem sta\u0142 si\u0119 tematem seminarium naukowego zorganizowanego w lipcu 2015 r. przez Katedr\u0119 Historii Gospodarczej i Spo\u0142ecznej Uniwersytetu Ekonomicznego w Krakowie. Wyb\u00f3r tematu nie by\u0142 przypadkowy. Od ponad p\u00f3\u0142 wieku badania nad dziejami i rozwojem miast zajmuj\u0105 szczeg\u00f3lne miejsce w kierunkach badawczych podejmowanych przez pracownik\u00f3w Katedry. Miasto jako z\u0142o\u017cony proces wymaga dzisiaj nie tylko umiej\u0119tno\u015bci analizy zjawisk d\u0142ugiego trwania, ale te\u017c podej\u015bcia interdyscyplinarnego. Ze wst\u0119pu prof. dr. Jacka Purchli \u00a0 Kup teraz Krak\u00f3w &#8211; Metropolia T. II Redakcja Jacek Purchla2017 \u00a0 Niniejsza ksi\u0105\u017cka stanowi zbi\u00f3r interesuj\u0105cych studi\u00f3w na\u015bwietlaj\u0105cychtemat rozwoju Krakowa z uwzgl\u0119dnieniem zar\u00f3wno perspektywy historycznej, jak te\u017c wyzwa\u0144 wsp\u00f3\u0142czesno\u015bci. Ka\u017cdy z tekst\u00f3w powsta\u0142 na podstawie ambitnych i bardzo zaawansowanych bada\u0144 naukowych. Dzi\u0119ki temu czytelnik otrzymuje spor\u0105 dawk\u0119 nowej wiedzy na temat Krakowa, a dotycz\u0105cej przede wszystkim takich zagadnie\u0144 jak rozw\u00f3j gospodarczy i terytorialny miasta oraz kszta\u0142towanie si\u0119 jego spo\u0142ecze\u0144stwa obywatelskiego.Z recenzji profesora \u0141ukasza Tomasza Sroki \u00a0 Kup teraz Krak\u00f3w &#8211; Metropolia T. III Redakcja Jacek Purchla2018 \u00a0 Ksi\u0105\u017cka stanowi interesuj\u0105cy zbi\u00f3r nowoczesnych i interdyscyplinarnych studi\u00f3w. W ka\u017cdym z nich podj\u0119ta zosta\u0142a odr\u0119bna tematyka z zakresu historii, dziedzictwa kulturowego, kwestii spo\u0142ecznych i samorz\u0105dowych oraz innych dziedzin. Motywem spajaj\u0105cym ca\u0142o\u015b\u0107 s\u0105 metropolitalne funkcje i ambicje Krakowa w epokach dawnych i wsp\u00f3\u0142cze\u015bnie. Rzecz nie tylko w tym, \u017ce autorki i autorzy dostarczyli nam spor\u0105 dawk\u0119 nowej wiedzy na temat Krakowa. Donios\u0142\u0105 spraw\u0105 jest to, \u017ce zwie\u0144czona przez t\u0119 ksi\u0105\u017ck\u0119 trzytomowa seria tworzy now\u0105 jako\u015b\u0107 w polskiej nauce i mo\u017cemy zdefiniowa\u0107 j\u0105 jako urbanologiczn\u0105. To wpisuje ten tryptyk w najnowsze \u015bwiatowe trendy badania miast z wykorzystaniem narz\u0119dzi proponowanych przez r\u00f3\u017cne dyscypliny naukowe. Z recenzji profesora \u0141ukasza Tomasza Sroki \u00a0 Kup teraz Miasto i Polityka Jacek Purchla2018 Zawarte w ksi\u0105\u017cce refleksje dotycz\u0105 fenomenu Krakowa w ci\u0105gu ostatnich dw\u00f3ch stuleci. Trwa\u0142o\u015b\u0107 i si\u0142a stygmatu sto\u0142eczno\u015bci Krakowa to intryguj\u0105cy dla urbanologa przyk\u0142ad znaczenia dziedzictwa materialnego i niematerialnego jako czynnika rozwoju miasta. Tego niezwyk\u0142ego zjawiska nie mo\u017cna oderwa\u0107 od kontekstu politycznego. Relacja pomi\u0119dzy miastem a polityk\u0105 to w przypadku Krakowa nie tylko funkcja polskiego losu! Krak\u00f3w to tak\u017ce Europa \u015arodka, w kt\u00f3rej przez dwie\u015bcie ostatnich lat wiele razy zmienia\u0142y si\u0119 granice i systemy polityczne. Kup teraz Miejski grunt. 250 lat polskiej gry z nowoczesno\u015bci\u0105 Rafa\u0142 Matyja2022 Rozwa\u017cania Autora cechuje rzadko spotykana szeroko\u015b\u0107 spojrzenia. Przedstawiaj\u0105c rozw\u00f3j sieci miejskiej nawi\u0105zuje do ustale\u0144 z dziedziny historii gospodarczej i spo\u0142ecznej, wykorzystuje ustalenia dotycz\u0105ce dziej\u00f3w urbanistyki, architektury i techniki. Jego analizy dokonywane s\u0105 nie tylko w perspektywie historycznej, ale tak\u017ce socjologicznej ipolitologicznej. Na ich tle pojawiaj\u0105 si\u0119 interesuj\u0105ce refleksje uog\u00f3lniaj\u0105ce. Kup teraz Spo\u0142eczno\u015b\u0107 ma\u0142ych miast po\u0142udniowej Ma\u0142opolski od ko\u0144ca XVI do ko\u0144ca XVIII wieku Piotr Miodunka2021 &#8222;Ksi\u0105\u017cka jest pozycj\u0105 ze wszech miar warto\u015bciow\u0105 [\u2026]. Otrzymujemy bowiem monografi\u0119 maksymalnie \u2013 co podkre\u015blam z naciskiem \u2013 wielostronnie \u017ar\u00f3d\u0142ow\u0105, podejmuj\u0105c\u0105 istotne i ci\u0105gle aktualne problemy funkcjonowania spo\u0142eczno\u015bci ma\u0142ych organizm\u00f3w miejskich, kt\u00f3re, jak dobrze wiemy, dominowa\u0142y w pejza\u017cu urbanizacyjnym dawnej Rzeczypospolitej szlacheckiej. prof. zw. dr hab. Cezary Kuklo Kup teraz Buduj\u0105c system. Ochrona zabytk\u00f3w sakralnych w diecezji tarnowskiej na prze\u0142omie XIX i XX wieku Andrzej Laskowski2020 Ksi\u0105\u017cka stanowi zwie\u0144czenie wieloletnich bada\u0144 autora prowadzonych na obszarze diecezji tarnowskiej, obejmuj\u0105cych zar\u00f3wno badania archiwalne i biblioteczne, jak i prace terenowe. Om\u00f3wiono w niej nie tylko zagadnienia zwi\u0105zane z ochron\u0105 zabytk\u00f3w sakralnych diecezji u schy\u0142ku XIX i na pocz\u0105tku XX wieku, ale tak\u017ce pokazano szerokie t\u0142o historyczne, spo\u0142eczne i ekonomiczne omawianego terenu oraz dzia\u0142alno\u015b\u0107 najwybitniejszych jednostek Ko\u015bcio\u0142a tarnowskiego tego czasu, poczynaj\u0105c od postaci dw\u00f3ch rz\u0105dz\u0105cych w\u00f3wczas diecezj\u0105 hierarch\u00f3w: Ignacego \u0141obosa i Leona Wa\u0142\u0119gi. Kup teraz Kulturotropia. Znaczenie kultury w rozwoju wsp\u00f3\u0142czesnych miast Joanna Sanetra-Szeliga2021 Autorka z jednej strony zwraca uwag\u0119 na rol\u0119, jak\u0105 kultura mo\u017ce odgrywa\u0107 w teoriach i modelach rozwoju lokalnego, z drugiej za\u015b wprowadza czytelnika w realia miast kreatywnych, miast event\u00f3w. Pokazuje zagraniczne i polskie przyk\u0142ady tworzenia dzielnic kulturalnych i klastr\u00f3w kreatywnych, a tak\u017ce wykorzystywania kultury w projektach zwi\u0105zanych z rewitalizacj\u0105 obszar\u00f3w zdegradowanych oraz budowaniu jako\u015bci \u017cycia w mie\u015bcie. Kup teraz Samorz\u0105d Krakowa wobec wyzwa\u0144 metropolitalno\u015bci Dominika Ho\u0142uj2015 Monografia stanowi studium przypadku Krakowa b\u0119d\u0105ce wieloczynnikow\u0105 analiz\u0105 uwarunkowa\u0144 funkcjonowania samorz\u0105du lokalnego tej metropolii po 1990 roku. Obejmuj\u0105ca ponad dwudziestoletni okres praca ukazuje zmienno\u015b\u0107 lokalnej polityki rozwojowej, jej intensywno\u015bci i skuteczno\u015bci. Uk\u0142ad monografii pozwala skupi\u0107 uwag\u0119 czytelnika na najwa\u017cniejszych aspektach dzia\u0142a\u0144 Krakowa. Przeprowadzono w niej analiz\u0119 kondycji finans\u00f3w lokalnych, jako\u015bci procesu planowania i zagospodarowania przestrzeni, zagadnie\u0144 promocji i kszta\u0142towania wizerunku o\u015brodka, a tak\u017ce pogrupowano rodzajowo dzia\u0142ania dotycz\u0105ce poszczeg\u00f3lnych funkcji metropolitalnych miasta. Kup teraz Metropolie w przestrzeni politycznej i administracyjnej Polski Rafa\u0142 Matyja, Kinga Wojtas-Jarentowska2023 Niniejsza praca zmierza do ustalenia odpowiedzi na nast\u0119puj\u0105cepytania:Po pierwsze: dlaczego \u2013 mimo up\u0142ywu ponad 30 lat od wprowadze-nia samorz\u0105du terytorialnego \u2013 nie wprowadzono regulacji umo\u017cliwia-j\u0105cych utworzenie zwi\u0105zk\u00f3w metropolitalnych?Po drugie: w jaki spos\u00f3b dotychczasowe prace legislacyjne,planistyczne i eksperckie warunkuj\u0105 przysz\u0142y kszta\u0142t rozwi\u0105za\u0144metropolitalnych?Po trzecie: na czym polega obecna funkcja metropolii w systemieadministracyjnym i politycznym kraju? W jakich pozaekonomicznychobszarach ich rola jest dominuj\u0105ca?Po czwarte: czy zachowania wyborcze ich obywateli s\u0105 odmienneod zachowa\u0144 og\u00f3\u0142u wyborc\u00f3w? Je\u017celi tak, to w jakim stopniu podobnedo miast metropolitalnych s\u0105 postawy mieszka\u0144c\u00f3w ich aglomeracji? \u00a0 Pobierz Budowanie \u015bwiata: wok\u00f3\u0142 tw\u00f3rczo\u015bci Tomasza Ma\u0144kowskiego Micha\u0142 Wi\u015bniewski 2022 Historia Tomasza Ma\u0144kowskiego to alternatywna historia polskiej architektury, kt\u00f3ra zdarzy\u0142a\u00a0si\u0119 naprawd\u0119. Zaczyna\u0142 w\u00a0Krakowie w\u00a0epoce Nowej Huty, ale omin\u0105\u0142 go socrealizm. Uczy\u0142 architektury mieszkaniowej, lecz nie budowa\u0142 blokowisk, ale wr\u0119cz promowa\u0142 domki jednorodzinne. By\u0142 zza \u017celaznej kurtyny, ale studiowa\u0142 u\u00a0Louisa Kahna. Wcze\u015bnie odkry\u0142 postmodernizm, ale nigdy nie wyrzek\u0142 si\u0119 modernizmu. A\u00a0kiedy upad\u0142 PRL i\u00a0wszyscy rzucili si\u0119 w\u00a0biznes, zaprosi\u0142 przyjaci\u00f3\u0142 z\u00a0Polski i\u00a0zagranicy do projektu eksperymentalnego o\u015brodka opieku\u0144czego \u2013 Wioski Dzieci\u0119cej. Fascynuj\u0105cy dorobek i\u00a0postawa tw\u00f3rcy, kt\u00f3ry w\u00a0ka\u017cdych okoliczno\u015bciach tworzy\u0142 architektur\u0119 g\u0142\u0119boko humanistyczn\u0105 i\u00a0najlepsz\u0105 mo\u017cliw\u0105 w\u00a0danych warunkach\u201d. Grzegorz Pi\u0105tek \u00a0 Kuo teraz<\/p>\n","protected":false},"author":1,"featured_media":0,"parent":0,"menu_order":0,"comment_status":"closed","ping_status":"closed","template":"elementor_header_footer","meta":{"footnotes":""},"class_list":["post-137","page","type-page","status-publish","hentry"],"_links":{"self":[{"href":"https:\/\/igpsm.uek.krakow.pl\/khgs\/wp-json\/wp\/v2\/pages\/137"}],"collection":[{"href":"https:\/\/igpsm.uek.krakow.pl\/khgs\/wp-json\/wp\/v2\/pages"}],"about":[{"href":"https:\/\/igpsm.uek.krakow.pl\/khgs\/wp-json\/wp\/v2\/types\/page"}],"author":[{"embeddable":true,"href":"https:\/\/igpsm.uek.krakow.pl\/khgs\/wp-json\/wp\/v2\/users\/1"}],"replies":[{"embeddable":true,"href":"https:\/\/igpsm.uek.krakow.pl\/khgs\/wp-json\/wp\/v2\/comments?post=137"}],"version-history":[{"count":129,"href":"https:\/\/igpsm.uek.krakow.pl\/khgs\/wp-json\/wp\/v2\/pages\/137\/revisions"}],"predecessor-version":[{"id":2811,"href":"https:\/\/igpsm.uek.krakow.pl\/khgs\/wp-json\/wp\/v2\/pages\/137\/revisions\/2811"}],"wp:attachment":[{"href":"https:\/\/igpsm.uek.krakow.pl\/khgs\/wp-json\/wp\/v2\/media?parent=137"}],"curies":[{"name":"wp","href":"https:\/\/api.w.org\/{rel}","templated":true}]}}